{"id":1134,"date":"2024-02-05T15:51:14","date_gmt":"2024-02-05T14:51:14","guid":{"rendered":"https:\/\/wp.unil.ch\/digiweek-fdca\/?page_id=1134"},"modified":"2024-02-28T14:18:56","modified_gmt":"2024-02-28T13:18:56","slug":"photos","status":"publish","type":"page","link":"https:\/\/wp.unil.ch\/digiweek-fdca\/editions-precedentes\/edition-2024\/photos\/","title":{"rendered":"Photos 2024"},"content":{"rendered":"\n<p>Jour 1:<\/p>\n\n\n\n<p>Prof. Glassey Olivier : \u00ab\u00a0Les usages ordinaires de l&rsquo;IA g\u00e9n\u00e9rative\u00a0\u00bb<\/p>\n\n\n\n<figure class=\"wp-block-image size-large is-resized\"><img alt=\"\" loading=\"lazy\" decoding=\"async\" width=\"1024\" height=\"768\" src=\"https:\/\/wp.unil.ch\/digiweek-fdca\/files\/2024\/02\/IMG_3519-1024x768.jpg\" alt=\"\" class=\"wp-image-1136\" style=\"width:506px;height:auto\" srcset=\"https:\/\/wp.unil.ch\/digiweek-fdca\/files\/2024\/02\/IMG_3519-1024x768.jpg 1024w, https:\/\/wp.unil.ch\/digiweek-fdca\/files\/2024\/02\/IMG_3519-300x225.jpg 300w, https:\/\/wp.unil.ch\/digiweek-fdca\/files\/2024\/02\/IMG_3519-768x576.jpg 768w, https:\/\/wp.unil.ch\/digiweek-fdca\/files\/2024\/02\/IMG_3519-1536x1152.jpg 1536w, https:\/\/wp.unil.ch\/digiweek-fdca\/files\/2024\/02\/IMG_3519.jpg 1600w\" sizes=\"auto, (max-width: 1024px) 100vw, 1024px\" \/><\/figure>\n\n\n\n<p>M. Charlet Fran\u00e7ois : \u00ab\u00a0Data protection officer, qu\u00e9saco?\u00a0\u00bb<\/p>\n\n\n\n<figure class=\"wp-block-image size-large is-resized\"><img alt=\"\" loading=\"lazy\" decoding=\"async\" width=\"768\" height=\"1024\" src=\"https:\/\/wp.unil.ch\/digiweek-fdca\/files\/2024\/02\/IMG_3520-768x1024.jpg\" alt=\"\" class=\"wp-image-1137\" style=\"width:504px;height:auto\" srcset=\"https:\/\/wp.unil.ch\/digiweek-fdca\/files\/2024\/02\/IMG_3520-768x1024.jpg 768w, https:\/\/wp.unil.ch\/digiweek-fdca\/files\/2024\/02\/IMG_3520-225x300.jpg 225w, https:\/\/wp.unil.ch\/digiweek-fdca\/files\/2024\/02\/IMG_3520.jpg 900w\" sizes=\"auto, (max-width: 768px) 100vw, 768px\" \/><\/figure>\n\n\n\n<p>Mme Pedron Lennig : \u00ab\u00a0Digitalisation and trust\u00a0\u00bb<\/p>\n\n\n\n<figure class=\"wp-block-image size-large is-resized\"><img alt=\"\" loading=\"lazy\" decoding=\"async\" width=\"729\" height=\"1024\" src=\"https:\/\/wp.unil.ch\/digiweek-fdca\/files\/2024\/02\/IMG_3524-1-729x1024.jpg\" alt=\"\" class=\"wp-image-1148\" style=\"width:493px;height:auto\" srcset=\"https:\/\/wp.unil.ch\/digiweek-fdca\/files\/2024\/02\/IMG_3524-1-729x1024.jpg 729w, https:\/\/wp.unil.ch\/digiweek-fdca\/files\/2024\/02\/IMG_3524-1-214x300.jpg 214w, https:\/\/wp.unil.ch\/digiweek-fdca\/files\/2024\/02\/IMG_3524-1-768x1079.jpg 768w, https:\/\/wp.unil.ch\/digiweek-fdca\/files\/2024\/02\/IMG_3524-1.jpg 854w\" sizes=\"auto, (max-width: 729px) 100vw, 729px\" \/><\/figure>\n\n\n\n<p>Jour 2 :<\/p>\n\n\n\n<p>Mme Sotiria Kechagia : \u00ab\u00a0Cybersecurities issues\u00a0\u00bb<\/p>\n\n\n\n<figure class=\"wp-block-image size-large is-resized\"><img alt=\"\" loading=\"lazy\" decoding=\"async\" width=\"768\" height=\"1024\" src=\"https:\/\/wp.unil.ch\/digiweek-fdca\/files\/2024\/02\/IMG_3541-768x1024.jpg\" alt=\"\" class=\"wp-image-1151\" style=\"width:488px;height:auto\" srcset=\"https:\/\/wp.unil.ch\/digiweek-fdca\/files\/2024\/02\/IMG_3541-768x1024.jpg 768w, https:\/\/wp.unil.ch\/digiweek-fdca\/files\/2024\/02\/IMG_3541-225x300.jpg 225w, https:\/\/wp.unil.ch\/digiweek-fdca\/files\/2024\/02\/IMG_3541.jpg 900w\" sizes=\"auto, (max-width: 768px) 100vw, 768px\" \/><\/figure>\n\n\n\n<p>Jour 3:<\/p>\n\n\n\n<p>Prof. Eleni Kaprou : \u00ab\u00a0Vulnerabilities\u00a0\u00bb<\/p>\n\n\n\n<figure class=\"wp-block-image size-large is-resized\"><img alt=\"\" loading=\"lazy\" decoding=\"async\" width=\"768\" height=\"1024\" src=\"https:\/\/wp.unil.ch\/digiweek-fdca\/files\/2024\/02\/IMG_3553-768x1024.jpg\" alt=\"\" class=\"wp-image-1153\" style=\"width:480px;height:auto\" srcset=\"https:\/\/wp.unil.ch\/digiweek-fdca\/files\/2024\/02\/IMG_3553-768x1024.jpg 768w, https:\/\/wp.unil.ch\/digiweek-fdca\/files\/2024\/02\/IMG_3553-225x300.jpg 225w, https:\/\/wp.unil.ch\/digiweek-fdca\/files\/2024\/02\/IMG_3553.jpg 900w\" sizes=\"auto, (max-width: 768px) 100vw, 768px\" \/><\/figure>\n\n\n\n<p>Prof. Etienne Verg\u00e8s et MC G\u00e9raldine Vial : \u00ab\u00a0Comment les algorithmes transforment le travail des juristes?\u00a0\u00bb<\/p>\n\n\n\n<figure class=\"wp-block-image size-large is-resized\"><img alt=\"\" loading=\"lazy\" decoding=\"async\" width=\"816\" height=\"1024\" src=\"https:\/\/wp.unil.ch\/digiweek-fdca\/files\/2024\/02\/IMG_3559-816x1024.jpg\" alt=\"\" class=\"wp-image-1155\" style=\"width:480px;height:auto\" srcset=\"https:\/\/wp.unil.ch\/digiweek-fdca\/files\/2024\/02\/IMG_3559-816x1024.jpg 816w, https:\/\/wp.unil.ch\/digiweek-fdca\/files\/2024\/02\/IMG_3559-239x300.jpg 239w, https:\/\/wp.unil.ch\/digiweek-fdca\/files\/2024\/02\/IMG_3559-768x964.jpg 768w, https:\/\/wp.unil.ch\/digiweek-fdca\/files\/2024\/02\/IMG_3559.jpg 956w\" sizes=\"auto, (max-width: 816px) 100vw, 816px\" \/><\/figure>\n\n\n\n<p>Prof. Michel Cannarsa : \u00ab\u00a0Metaverse and Law\u00a0\u00bb<\/p>\n\n\n\n<figure class=\"wp-block-image size-large is-resized\"><img alt=\"\" loading=\"lazy\" decoding=\"async\" width=\"1024\" height=\"768\" src=\"https:\/\/wp.unil.ch\/digiweek-fdca\/files\/2024\/02\/IMG_3568-1024x768.jpg\" alt=\"\" class=\"wp-image-1158\" style=\"width:482px;height:auto\" srcset=\"https:\/\/wp.unil.ch\/digiweek-fdca\/files\/2024\/02\/IMG_3568-1024x768.jpg 1024w, https:\/\/wp.unil.ch\/digiweek-fdca\/files\/2024\/02\/IMG_3568-300x225.jpg 300w, https:\/\/wp.unil.ch\/digiweek-fdca\/files\/2024\/02\/IMG_3568-768x576.jpg 768w, https:\/\/wp.unil.ch\/digiweek-fdca\/files\/2024\/02\/IMG_3568-1536x1152.jpg 1536w, https:\/\/wp.unil.ch\/digiweek-fdca\/files\/2024\/02\/IMG_3568.jpg 1600w\" sizes=\"auto, (max-width: 1024px) 100vw, 1024px\" \/><\/figure>\n\n\n\n<p>Jour 4 : La Rencontre entre la Science et le Droit dans le Num\u00e9rique<\/p>\n\n\n\n<p>Profs. Spyros Maniatis, Ho-Dac Marion, Pellegrini C\u00e9cile, Cannarsa Michel : \u00ab\u00a0Les nouveaut\u00e9s l\u00e9gislatives \/ Recent legislative developments\u00a0\u00bb<\/p>\n\n\n\n<figure class=\"wp-block-image size-large is-resized\"><img alt=\"\" loading=\"lazy\" decoding=\"async\" width=\"1024\" height=\"802\" src=\"https:\/\/wp.unil.ch\/digiweek-fdca\/files\/2024\/02\/IMG_3576-1024x802.jpg\" alt=\"\" class=\"wp-image-1172\" style=\"width:478px;height:auto\" srcset=\"https:\/\/wp.unil.ch\/digiweek-fdca\/files\/2024\/02\/IMG_3576-1024x802.jpg 1024w, https:\/\/wp.unil.ch\/digiweek-fdca\/files\/2024\/02\/IMG_3576-300x235.jpg 300w, https:\/\/wp.unil.ch\/digiweek-fdca\/files\/2024\/02\/IMG_3576-768x601.jpg 768w, https:\/\/wp.unil.ch\/digiweek-fdca\/files\/2024\/02\/IMG_3576.jpg 1533w\" sizes=\"auto, (max-width: 1024px) 100vw, 1024px\" \/><\/figure>\n\n\n\n<p>Prof. Fr\u00e9d\u00e9ric Erard, Prof. Etienne Verg\u00e8s, Prof. M\u00e9tille Sylvain, M. Barraud Jer\u00f4me : \u00ab\u00a0La perspective suisse\u00a0\u00bb<\/p>\n\n\n\n<figure class=\"wp-block-image size-large is-resized\"><img alt=\"\" loading=\"lazy\" decoding=\"async\" width=\"1024\" height=\"768\" src=\"https:\/\/wp.unil.ch\/digiweek-fdca\/files\/2024\/02\/IMG_3581-1024x768.jpg\" alt=\"\" class=\"wp-image-1175\" style=\"width:477px;height:auto\" srcset=\"https:\/\/wp.unil.ch\/digiweek-fdca\/files\/2024\/02\/IMG_3581-1024x768.jpg 1024w, https:\/\/wp.unil.ch\/digiweek-fdca\/files\/2024\/02\/IMG_3581-300x225.jpg 300w, https:\/\/wp.unil.ch\/digiweek-fdca\/files\/2024\/02\/IMG_3581-768x576.jpg 768w, https:\/\/wp.unil.ch\/digiweek-fdca\/files\/2024\/02\/IMG_3581-1536x1152.jpg 1536w, https:\/\/wp.unil.ch\/digiweek-fdca\/files\/2024\/02\/IMG_3581.jpg 1600w\" sizes=\"auto, (max-width: 1024px) 100vw, 1024px\" \/><\/figure>\n\n\n\n<p>Profs. Anne-Christine Fornage, Gr\u00e9goire Loiseau, Emmanuel Netter et Thibault Douville : \u00ab\u00a0De la Compliance \u00e0 la conformit\u00e9 dans le num\u00e9rique\u00a0\u00bb<\/p>\n\n\n\n<figure class=\"wp-block-image size-large is-resized\"><img alt=\"\" loading=\"lazy\" decoding=\"async\" width=\"768\" height=\"1024\" src=\"https:\/\/wp.unil.ch\/digiweek-fdca\/files\/2024\/02\/a496935e-a433-415c-9ecc-dc030e935277-768x1024.jpg\" alt=\"\" class=\"wp-image-1166\" style=\"width:482px;height:auto\" srcset=\"https:\/\/wp.unil.ch\/digiweek-fdca\/files\/2024\/02\/a496935e-a433-415c-9ecc-dc030e935277-768x1024.jpg 768w, https:\/\/wp.unil.ch\/digiweek-fdca\/files\/2024\/02\/a496935e-a433-415c-9ecc-dc030e935277-225x300.jpg 225w, https:\/\/wp.unil.ch\/digiweek-fdca\/files\/2024\/02\/a496935e-a433-415c-9ecc-dc030e935277.jpg 900w\" sizes=\"auto, (max-width: 768px) 100vw, 768px\" \/><\/figure>\n","protected":false},"excerpt":{"rendered":"<p>Jour 1: Prof. Glassey Olivier : \u00ab\u00a0Les usages ordinaires de l&rsquo;IA g\u00e9n\u00e9rative\u00a0\u00bb M. Charlet Fran\u00e7ois : \u00ab\u00a0Data protection officer, qu\u00e9saco?\u00a0\u00bb Mme Pedron Lennig : \u00ab\u00a0Digitalisation and trust\u00a0\u00bb Jour 2 : Mme Sotiria Kechagia : \u00ab\u00a0Cybersecurities issues\u00a0\u00bb Jour 3: Prof. Eleni<\/p>\n","protected":false},"author":1002503,"featured_media":0,"parent":1183,"menu_order":3,"comment_status":"closed","ping_status":"closed","template":"","meta":{"_seopress_robots_primary_cat":"","_seopress_titles_title":"","_seopress_titles_desc":"","_seopress_robots_index":"","footnotes":""},"class_list":["post-1134","page","type-page","status-publish"],"_links":{"self":[{"href":"https:\/\/wp.unil.ch\/digiweek-fdca\/wp-json\/wp\/v2\/pages\/1134","targetHints":{"allow":["GET"]}}],"collection":[{"href":"https:\/\/wp.unil.ch\/digiweek-fdca\/wp-json\/wp\/v2\/pages"}],"about":[{"href":"https:\/\/wp.unil.ch\/digiweek-fdca\/wp-json\/wp\/v2\/types\/page"}],"author":[{"embeddable":true,"href":"https:\/\/wp.unil.ch\/digiweek-fdca\/wp-json\/wp\/v2\/users\/1002503"}],"replies":[{"embeddable":true,"href":"https:\/\/wp.unil.ch\/digiweek-fdca\/wp-json\/wp\/v2\/comments?post=1134"}],"version-history":[{"count":5,"href":"https:\/\/wp.unil.ch\/digiweek-fdca\/wp-json\/wp\/v2\/pages\/1134\/revisions"}],"predecessor-version":[{"id":1191,"href":"https:\/\/wp.unil.ch\/digiweek-fdca\/wp-json\/wp\/v2\/pages\/1134\/revisions\/1191"}],"up":[{"embeddable":true,"href":"https:\/\/wp.unil.ch\/digiweek-fdca\/wp-json\/wp\/v2\/pages\/1183"}],"wp:attachment":[{"href":"https:\/\/wp.unil.ch\/digiweek-fdca\/wp-json\/wp\/v2\/media?parent=1134"}],"curies":[{"name":"wp","href":"https:\/\/api.w.org\/{rel}","templated":true}]}}