{"id":6473,"date":"2015-08-17T08:50:25","date_gmt":"2015-08-17T06:50:25","guid":{"rendered":"http:\/\/wp.unil.ch\/connaissance3\/?page_id=6473"},"modified":"2024-07-23T09:51:50","modified_gmt":"2024-07-23T07:51:50","slug":"conferences-dans-le-nord-vaudois","status":"publish","type":"page","link":"https:\/\/wp.unil.ch\/connaissance3\/conferences\/saisons-regionales\/conferences-dans-le-nord-vaudois\/","title":{"rendered":"Conf\u00e9rences dans le Nord vaudois"},"content":{"rendered":"\n<p class=\"wp-block-paragraph\">Le comit\u00e9 r\u00e9gional de Connaissance 3 \u2013 Nord vaudois vous propose des conf\u00e9rences \u00e0 Yverdon-les-Bains.<br>Adresse des salles, voir: <a href=\"https:\/\/wp.unil.ch\/connaissance3\/conferences\/lieux-et-acces\/\">Lieux et acc\u00e8s<\/a><\/p>\n\n\n\n<h2 class=\"wp-block-heading\">Saison 2026-2027<\/h2>\n\n\n<div class=\"simcal-calendar simcal-default-calendar simcal-default-calendar-list simcal-default-calendar-light\" data-calendar-id=\"6474\" data-timezone=\"Europe\/Paris\" data-offset=\"7200\" data-week-start=\"1\" data-calendar-start=\"1787608800\" data-calendar-end=\"1805727600\" data-events-first=\"1791808200\" data-events-last=\"1805727600\"><div class=\"simcal-calendar-list \"><dl class=\"simcal-events-list-container\" data-prev=\"1761692400\" data-next=\"1813528800\" data-heading-small=\"2026 - 2027\" data-heading-large=\"2026 - 2027\">\t<dt class=\"simcal-day-label\" style=\"border-bottom: 1px solid #00acc8;\" ><span style=\"background-color: #00acc8; color: #ffffff;\"><span class=\"simcal-date-format\" data-date-format=\"j F Y\">12 octobre 2026<\/span> <\/span><\/dt>\n<dd class=\"simcal-weekday-1 simcal-past simcal-day simcal-day-has-events simcal-day-has-1-events simcal-events-calendar-6474\" data-events-count=\"1\">\n\t<ul class=\"simcal-events\">\n\t<li class=\"simcal-event simcal-event-has-location simcal-events-calendar-6474\" style=\"\" itemscope itemtype=\"http:\/\/schema.org\/Event\" data-start=\"1791808200\">\n\t\t<div class=\"simcal-event-details\"><p class=\"gce-list-event event-title\"><span style=\"color: #00acc8\"><em><span class=\"simcal-event-start simcal-event-start-time\" data-event-start=\"1791808200\" data-event-format=\"H:i\" itemprop=\"startDate\" content=\"2026-10-12T14:30:00+02:00\">14:30<\/span> - <span class=\"simcal-event-address simcal-event-start-location\" itemprop=\"location\" itemscope itemtype=\"http:\/\/schema.org\/Place\"><meta itemprop=\"name\" content=\"Yverdon-les-Bains - Aula Magna du ch\u00e2teau, place Pestalozzi\" \/><meta itemprop=\"address\" content=\"Yverdon-les-Bains - Aula Magna du ch\u00e2teau, place Pestalozzi\" \/>Yverdon-les-Bains - Aula Magna du ch\u00e2teau, place Pestalozzi<\/span><\/em><\/span><\/p>\r\n<p class=\"gce-list-event event-title\"><strong><span class=\"simcal-event-title\" itemprop=\"name\">\u00c0 quoi ressembleront les cimeti\u00e8res et les rites fun\u00e9raires de demain?<\/span><\/strong><\/p>\r\n<div class=\"simcal-event-description\" itemprop=\"description\"><p>Vincent Varlet, professeur, Unil, responsable de l'unit\u00e9 de taphonomie, Centre universitaire romand de m\u00e9decine l\u00e9gale<\/p>\n<\/div>\r\n\r\n&nbsp;\r\n<div><\/div><\/div>\n\t<\/li>\n<\/ul>\n\n<\/dd>\n\t<dt class=\"simcal-day-label\" style=\"border-bottom: 1px solid #00acc8;\" ><span style=\"background-color: #00acc8; color: #ffffff;\"><span class=\"simcal-date-format\" data-date-format=\"j F Y\">26 octobre 2026<\/span> <\/span><\/dt>\n<dd class=\"simcal-weekday-1 simcal-past simcal-day simcal-day-has-events simcal-day-has-1-events simcal-events-calendar-6474\" data-events-count=\"1\">\n\t<ul class=\"simcal-events\">\n\t<li class=\"simcal-event simcal-event-has-location simcal-events-calendar-6474\" style=\"\" itemscope itemtype=\"http:\/\/schema.org\/Event\" data-start=\"1793021400\">\n\t\t<div class=\"simcal-event-details\"><p class=\"gce-list-event event-title\"><span style=\"color: #00acc8\"><em><span class=\"simcal-event-start simcal-event-start-time\" data-event-start=\"1793021400\" data-event-format=\"H:i\" itemprop=\"startDate\" content=\"2026-10-26T14:30:00+01:00\">14:30<\/span> - <span class=\"simcal-event-address simcal-event-start-location\" itemprop=\"location\" itemscope itemtype=\"http:\/\/schema.org\/Place\"><meta itemprop=\"name\" content=\"Yverdon-les-Bains - Aula Magna du ch\u00e2teau, place Pestalozzi\" \/><meta itemprop=\"address\" content=\"Yverdon-les-Bains - Aula Magna du ch\u00e2teau, place Pestalozzi\" \/>Yverdon-les-Bains - Aula Magna du ch\u00e2teau, place Pestalozzi<\/span><\/em><\/span><\/p>\r\n<p class=\"gce-list-event event-title\"><strong><span class=\"simcal-event-title\" itemprop=\"name\">Le populisme, pire menace pour la d\u00e9mocratie<\/span><\/strong><\/p>\r\n<div class=\"simcal-event-description\" itemprop=\"description\"><p>Yves Rossier, ancien secr\u00e9taire d\u2019\u00c9tat et ambassadeur de Suisse \u00e0 Moscou<\/p>\n<\/div>\r\n\r\n&nbsp;\r\n<div><\/div><\/div>\n\t<\/li>\n<\/ul>\n\n<\/dd>\n\t<dt class=\"simcal-day-label\" style=\"border-bottom: 1px solid #00acc8;\" ><span style=\"background-color: #00acc8; color: #ffffff;\"><span class=\"simcal-date-format\" data-date-format=\"j F Y\">9 novembre 2026<\/span> <\/span><\/dt>\n<dd class=\"simcal-weekday-1 simcal-past simcal-day simcal-day-has-events simcal-day-has-1-events simcal-events-calendar-6474\" data-events-count=\"1\">\n\t<ul class=\"simcal-events\">\n\t<li class=\"simcal-event simcal-event-has-location simcal-events-calendar-6474\" style=\"\" itemscope itemtype=\"http:\/\/schema.org\/Event\" data-start=\"1794231000\">\n\t\t<div class=\"simcal-event-details\"><p class=\"gce-list-event event-title\"><span style=\"color: #00acc8\"><em><span class=\"simcal-event-start simcal-event-start-time\" data-event-start=\"1794231000\" data-event-format=\"H:i\" itemprop=\"startDate\" content=\"2026-11-09T14:30:00+01:00\">14:30<\/span> - <span class=\"simcal-event-address simcal-event-start-location\" itemprop=\"location\" itemscope itemtype=\"http:\/\/schema.org\/Place\"><meta itemprop=\"name\" content=\"Yverdon-les-Bains - Aula Magna du ch\u00e2teau, place Pestalozzi\" \/><meta itemprop=\"address\" content=\"Yverdon-les-Bains - Aula Magna du ch\u00e2teau, place Pestalozzi\" \/>Yverdon-les-Bains - Aula Magna du ch\u00e2teau, place Pestalozzi<\/span><\/em><\/span><\/p>\r\n<p class=\"gce-list-event event-title\"><strong><span class=\"simcal-event-title\" itemprop=\"name\">La r\u00e9volte des cigari\u00e8res<\/span><\/strong><\/p>\r\n<div class=\"simcal-event-description\" itemprop=\"description\"><p>Eric Burnand, journaliste et sc\u00e9nariste de BD<br \/>\nFanny Vaucher, illustratrice et autrice de BD<\/p>\n<\/div>\r\n\r\n&nbsp;\r\n<div><\/div><\/div>\n\t<\/li>\n<\/ul>\n\n<\/dd>\n\t<dt class=\"simcal-day-label\" style=\"border-bottom: 1px solid #00acc8;\" ><span style=\"background-color: #00acc8; color: #ffffff;\"><span class=\"simcal-date-format\" data-date-format=\"j F Y\">16 novembre 2026<\/span> <\/span><\/dt>\n<dd class=\"simcal-weekday-1 simcal-past simcal-day simcal-day-has-events simcal-day-has-1-events simcal-events-calendar-6474\" data-events-count=\"1\">\n\t<ul class=\"simcal-events\">\n\t<li class=\"simcal-event simcal-event-has-location simcal-events-calendar-6474\" style=\"\" itemscope itemtype=\"http:\/\/schema.org\/Event\" data-start=\"1794835800\">\n\t\t<div class=\"simcal-event-details\"><p class=\"gce-list-event event-title\"><span style=\"color: #00acc8\"><em><span class=\"simcal-event-start simcal-event-start-time\" data-event-start=\"1794835800\" data-event-format=\"H:i\" itemprop=\"startDate\" content=\"2026-11-16T14:30:00+01:00\">14:30<\/span> - <span class=\"simcal-event-address simcal-event-start-location\" itemprop=\"location\" itemscope itemtype=\"http:\/\/schema.org\/Place\"><meta itemprop=\"name\" content=\"Yverdon-les-Bains - Aula Magna du ch\u00e2teau, place Pestalozzi\" \/><meta itemprop=\"address\" content=\"Yverdon-les-Bains - Aula Magna du ch\u00e2teau, place Pestalozzi\" \/>Yverdon-les-Bains - Aula Magna du ch\u00e2teau, place Pestalozzi<\/span><\/em><\/span><\/p>\r\n<p class=\"gce-list-event event-title\"><strong><span class=\"simcal-event-title\" itemprop=\"name\">Pestalozzi, le retour: un p\u00e9dagogue hors du temps<\/span><\/strong><\/p>\r\n<div class=\"simcal-event-description\" itemprop=\"description\"><p>Jean-Louis Vial et Ren\u00e9 Blind, membres du Centre de documentation et de recherche Pestalozzi<\/p>\n<\/div>\r\n\r\n&nbsp;\r\n<div><\/div><\/div>\n\t<\/li>\n<\/ul>\n\n<\/dd>\n\t<dt class=\"simcal-day-label\" style=\"border-bottom: 1px solid #00acc8;\" ><span style=\"background-color: #00acc8; color: #ffffff;\"><span class=\"simcal-date-format\" data-date-format=\"j F Y\">11 janvier 2027<\/span> <\/span><\/dt>\n<dd class=\"simcal-weekday-1 simcal-past simcal-day simcal-day-has-events simcal-day-has-1-events simcal-events-calendar-6474\" data-events-count=\"1\">\n\t<ul class=\"simcal-events\">\n\t<li class=\"simcal-event simcal-event-has-location simcal-events-calendar-6474\" style=\"\" itemscope itemtype=\"http:\/\/schema.org\/Event\" data-start=\"1799674200\">\n\t\t<div class=\"simcal-event-details\"><p class=\"gce-list-event event-title\"><span style=\"color: #00acc8\"><em><span class=\"simcal-event-start simcal-event-start-time\" data-event-start=\"1799674200\" data-event-format=\"H:i\" itemprop=\"startDate\" content=\"2027-01-11T14:30:00+01:00\">14:30<\/span> - <span class=\"simcal-event-address simcal-event-start-location\" itemprop=\"location\" itemscope itemtype=\"http:\/\/schema.org\/Place\"><meta itemprop=\"name\" content=\"Yverdon-les-Bains - Aula Magna du ch\u00e2teau, place Pestalozzi\" \/><meta itemprop=\"address\" content=\"Yverdon-les-Bains - Aula Magna du ch\u00e2teau, place Pestalozzi\" \/>Yverdon-les-Bains - Aula Magna du ch\u00e2teau, place Pestalozzi<\/span><\/em><\/span><\/p>\r\n<p class=\"gce-list-event event-title\"><strong><span class=\"simcal-event-title\" itemprop=\"name\">Trois si\u00e8cles d&#039;art \u00e0 Vevey : le pari du Mus\u00e9e Jenisch<\/span><\/strong><\/p>\r\n<div class=\"simcal-event-description\" itemprop=\"description\"><p>Nathalie Chaix, historienne de l\u2019art, directrice du Mus\u00e9e Jenisch<\/p>\n<\/div>\r\n\r\n&nbsp;\r\n<div><\/div><\/div>\n\t<\/li>\n<\/ul>\n\n<\/dd>\n\t<dt class=\"simcal-day-label\" style=\"border-bottom: 1px solid #00acc8;\" ><span style=\"background-color: #00acc8; color: #ffffff;\"><span class=\"simcal-date-format\" data-date-format=\"j F Y\">25 janvier 2027<\/span> <\/span><\/dt>\n<dd class=\"simcal-weekday-1 simcal-past simcal-day simcal-day-has-events simcal-day-has-1-events simcal-events-calendar-6474\" data-events-count=\"1\">\n\t<ul class=\"simcal-events\">\n\t<li class=\"simcal-event simcal-event-has-location simcal-events-calendar-6474\" style=\"\" itemscope itemtype=\"http:\/\/schema.org\/Event\" data-start=\"1800883800\">\n\t\t<div class=\"simcal-event-details\"><p class=\"gce-list-event event-title\"><span style=\"color: #00acc8\"><em><span class=\"simcal-event-start simcal-event-start-time\" data-event-start=\"1800883800\" data-event-format=\"H:i\" itemprop=\"startDate\" content=\"2027-01-25T14:30:00+01:00\">14:30<\/span> - <span class=\"simcal-event-address simcal-event-start-location\" itemprop=\"location\" itemscope itemtype=\"http:\/\/schema.org\/Place\"><meta itemprop=\"name\" content=\"Yverdon-les-Bains - Aula Magna du ch\u00e2teau, place Pestalozzi\" \/><meta itemprop=\"address\" content=\"Yverdon-les-Bains - Aula Magna du ch\u00e2teau, place Pestalozzi\" \/>Yverdon-les-Bains - Aula Magna du ch\u00e2teau, place Pestalozzi<\/span><\/em><\/span><\/p>\r\n<p class=\"gce-list-event event-title\"><strong><span class=\"simcal-event-title\" itemprop=\"name\">Temp\u00eate sur la Suisse romande : la bataille de Grandson et les guerres de Bourgogne<\/span><\/strong><\/p>\r\n<div class=\"simcal-event-description\" itemprop=\"description\"><p>Lo\u00efc Chollet, docteur en histoire m\u00e9di\u00e9vale, conservateur adjoint du Mus\u00e9e de St-Imier<\/p>\n<\/div>\r\n\r\n&nbsp;\r\n<div><\/div><\/div>\n\t<\/li>\n<\/ul>\n\n<\/dd>\n\t<dt class=\"simcal-day-label\" style=\"border-bottom: 1px solid #00acc8;\" ><span style=\"background-color: #00acc8; color: #ffffff;\"><span class=\"simcal-date-format\" data-date-format=\"j F Y\">8 f\u00e9vrier 2027<\/span> <\/span><\/dt>\n<dd class=\"simcal-weekday-1 simcal-past simcal-day simcal-day-has-events simcal-day-has-1-events simcal-events-calendar-6474\" data-events-count=\"1\">\n\t<ul class=\"simcal-events\">\n\t<li class=\"simcal-event simcal-event-has-location simcal-events-calendar-6474\" style=\"\" itemscope itemtype=\"http:\/\/schema.org\/Event\" data-start=\"1802093400\">\n\t\t<div class=\"simcal-event-details\"><p class=\"gce-list-event event-title\"><span style=\"color: #00acc8\"><em><span class=\"simcal-event-start simcal-event-start-time\" data-event-start=\"1802093400\" data-event-format=\"H:i\" itemprop=\"startDate\" content=\"2027-02-08T14:30:00+01:00\">14:30<\/span> - <span class=\"simcal-event-address simcal-event-start-location\" itemprop=\"location\" itemscope itemtype=\"http:\/\/schema.org\/Place\"><meta itemprop=\"name\" content=\"Yverdon-les-Bains - Aula Magna du ch\u00e2teau, place Pestalozzi\" \/><meta itemprop=\"address\" content=\"Yverdon-les-Bains - Aula Magna du ch\u00e2teau, place Pestalozzi\" \/>Yverdon-les-Bains - Aula Magna du ch\u00e2teau, place Pestalozzi<\/span><\/em><\/span><\/p>\r\n<p class=\"gce-list-event event-title\"><strong><span class=\"simcal-event-title\" itemprop=\"name\">Dictionnaire biographique suisse<\/span><\/strong><\/p>\r\n<div class=\"simcal-event-description\" itemprop=\"description\"><p>Isaline Del\u00e9derray-Oguey, historienne de l\u2019art, collaboratrice scientifique aupr\u00e8s de SIKART, dictionnaire sur l\u2019art en Suisse (SIK-ISEA)<\/p>\n<\/div>\r\n\r\n&nbsp;\r\n<div><\/div><\/div>\n\t<\/li>\n<\/ul>\n\n<\/dd>\n\t<dt class=\"simcal-day-label\" style=\"border-bottom: 1px solid #00acc8;\" ><span style=\"background-color: #00acc8; color: #ffffff;\"><span class=\"simcal-date-format\" data-date-format=\"j F Y\">22 f\u00e9vrier 2027<\/span> <\/span><\/dt>\n<dd class=\"simcal-weekday-1 simcal-past simcal-day simcal-day-has-events simcal-day-has-1-events simcal-events-calendar-6474\" data-events-count=\"1\">\n\t<ul class=\"simcal-events\">\n\t<li class=\"simcal-event simcal-event-has-location simcal-events-calendar-6474\" style=\"\" itemscope itemtype=\"http:\/\/schema.org\/Event\" data-start=\"1803303000\">\n\t\t<div class=\"simcal-event-details\"><p class=\"gce-list-event event-title\"><span style=\"color: #00acc8\"><em><span class=\"simcal-event-start simcal-event-start-time\" data-event-start=\"1803303000\" data-event-format=\"H:i\" itemprop=\"startDate\" content=\"2027-02-22T14:30:00+01:00\">14:30<\/span> - <span class=\"simcal-event-address simcal-event-start-location\" itemprop=\"location\" itemscope itemtype=\"http:\/\/schema.org\/Place\"><meta itemprop=\"name\" content=\"Yverdon-les-Bains - Aula Magna du ch\u00e2teau, place Pestalozzi\" \/><meta itemprop=\"address\" content=\"Yverdon-les-Bains - Aula Magna du ch\u00e2teau, place Pestalozzi\" \/>Yverdon-les-Bains - Aula Magna du ch\u00e2teau, place Pestalozzi<\/span><\/em><\/span><\/p>\r\n<p class=\"gce-list-event event-title\"><strong><span class=\"simcal-event-title\" itemprop=\"name\">Ver de ville et ver des champs, si diff\u00e9rents?<\/span><\/strong><\/p>\r\n<div class=\"simcal-event-description\" itemprop=\"description\"><p>Claire Le Bayon, professeure \u00e0 l'Institut de biologie, Unine<\/p>\n<\/div>\r\n\r\n&nbsp;\r\n<div><\/div><\/div>\n\t<\/li>\n<\/ul>\n\n<\/dd>\n\t<dt class=\"simcal-day-label\" style=\"border-bottom: 1px solid #00acc8;\" ><span style=\"background-color: #00acc8; color: #ffffff;\"><span class=\"simcal-date-format\" data-date-format=\"j F Y\">8 mars 2027<\/span> <\/span><\/dt>\n<dd class=\"simcal-weekday-1 simcal-past simcal-day simcal-day-has-events simcal-day-has-1-events simcal-events-calendar-6474\" data-events-count=\"1\">\n\t<ul class=\"simcal-events\">\n\t<li class=\"simcal-event simcal-event-has-location simcal-events-calendar-6474\" style=\"\" itemscope itemtype=\"http:\/\/schema.org\/Event\" data-start=\"1804512600\">\n\t\t<div class=\"simcal-event-details\"><p class=\"gce-list-event event-title\"><span style=\"color: #00acc8\"><em><span class=\"simcal-event-start simcal-event-start-time\" data-event-start=\"1804512600\" data-event-format=\"H:i\" itemprop=\"startDate\" content=\"2027-03-08T14:30:00+01:00\">14:30<\/span> - <span class=\"simcal-event-address simcal-event-start-location\" itemprop=\"location\" itemscope itemtype=\"http:\/\/schema.org\/Place\"><meta itemprop=\"name\" content=\"Yverdon-les-Bains - Aula Magna du ch\u00e2teau, place Pestalozzi\" \/><meta itemprop=\"address\" content=\"Yverdon-les-Bains - Aula Magna du ch\u00e2teau, place Pestalozzi\" \/>Yverdon-les-Bains - Aula Magna du ch\u00e2teau, place Pestalozzi<\/span><\/em><\/span><\/p>\r\n<p class=\"gce-list-event event-title\"><strong><span class=\"simcal-event-title\" itemprop=\"name\">J.S. Bach selon la vision d&#039;Albert Schweitzer<\/span><\/strong><\/p>\r\n<div class=\"simcal-event-description\" itemprop=\"description\"><p>Daniel Meylan, musicien, chef de ch\u0153urs, organiste<\/p>\n<\/div>\r\n\r\n&nbsp;\r\n<div><\/div><\/div>\n\t<\/li>\n<\/ul>\n\n<\/dd>\n\t<dt class=\"simcal-day-label\" style=\"border-bottom: 1px solid #00acc8;\" ><span style=\"background-color: #00acc8; color: #ffffff;\"><span class=\"simcal-date-format\" data-date-format=\"j F Y\">22 mars 2027<\/span> <\/span><\/dt>\n<dd class=\"simcal-weekday-1 simcal-past simcal-day simcal-day-has-events simcal-day-has-1-events simcal-events-calendar-6474\" data-events-count=\"1\">\n\t<ul class=\"simcal-events\">\n\t<li class=\"simcal-event simcal-event-has-location simcal-events-calendar-6474\" style=\"\" itemscope itemtype=\"http:\/\/schema.org\/Event\" data-start=\"1805722200\">\n\t\t<div class=\"simcal-event-details\"><p class=\"gce-list-event event-title\"><span style=\"color: #00acc8\"><em><span class=\"simcal-event-start simcal-event-start-time\" data-event-start=\"1805722200\" data-event-format=\"H:i\" itemprop=\"startDate\" content=\"2027-03-22T14:30:00+01:00\">14:30<\/span> - <span class=\"simcal-event-address simcal-event-start-location\" itemprop=\"location\" itemscope itemtype=\"http:\/\/schema.org\/Place\"><meta itemprop=\"name\" content=\"Yverdon-les-Bains - Aula Magna du ch\u00e2teau, place Pestalozzi\" \/><meta itemprop=\"address\" content=\"Yverdon-les-Bains - Aula Magna du ch\u00e2teau, place Pestalozzi\" \/>Yverdon-les-Bains - Aula Magna du ch\u00e2teau, place Pestalozzi<\/span><\/em><\/span><\/p>\r\n<p class=\"gce-list-event event-title\"><strong><span class=\"simcal-event-title\" itemprop=\"name\">Exp\u00e9riences de mort imminente : que nous apprennent-elles sur la mort?<\/span><\/strong><\/p>\r\n<div class=\"simcal-event-description\" itemprop=\"description\"><p>Sylvie Dethiollaz, docteure en biologie mol\u00e9culaire, directrice de l\u2019Institut suisse des sciences no\u00e9tiques<\/p>\n<\/div>\r\n\r\n&nbsp;\r\n<div><\/div><\/div>\n\t<\/li>\n<\/ul>\n\n<\/dd>\n<\/dl><div class=\"simcal-ajax-loader simcal-spinner-top\" style=\"display: none;\"><i class=\"simcal-icon-spinner simcal-icon-spin\"><\/i><\/div><\/div><\/div>\n\n\n\n<hr class=\"wp-block-separator has-alpha-channel-opacity is-style-wide\" \/>\n\n\n\n<p class=\"has-text-align-left is-style-default has-white-color has-text-color has-background has-link-color wp-elements-1 wp-block-paragraph\" style=\"background-color:#00acc8;font-size:16px\"><strong><a href=\"https:\/\/wp.unil.ch\/connaissance3\/tarifs-et-conditions\/\">Prix des entr\u00e9es:<\/a>\u00a0 15 fr. | avec adh\u00e9sion: 10 fr. | avec abonnement: entr\u00e9e libre<br>\u00c0 r\u00e9gler sur place. Pas d\u2019inscription.<\/strong><br><br>Entr\u00e9e libre pour les membres de l\u2019Unil, de l\u2019EPFL, de la HEIG-VD et de la HES-La Source ainsi que des autres Universit\u00e9s des seniors, sur pr\u00e9sentation d\u2019une carte de l\u00e9gitimation (<a href=\"https:\/\/wp.unil.ch\/connaissance3\/adherer\/tarifs-et-conditions-generales\/\" data-type=\"link\" data-id=\"https:\/\/wp.unil.ch\/connaissance3\/adherer\/tarifs-et-conditions-generales\/\" target=\"_blank\" rel=\"noreferrer noopener\">voir conditions<\/a>).<\/p>\n","protected":false},"excerpt":{"rendered":"<p>Le comit\u00e9 r\u00e9gional de Connaissance 3 \u2013 Nord vaudois vous propose des conf\u00e9rences \u00e0 Yverdon-les-Bains.Adresse des salles, voir: Lieux et acc\u00e8s<\/p>\n","protected":false},"author":1136,"featured_media":0,"parent":8679,"menu_order":0,"comment_status":"closed","ping_status":"closed","template":"","meta":{"_seopress_titles_title":"","_seopress_titles_desc":"","_seopress_robots_index":"","_seopress_robots_follow":"","_seopress_robots_imageindex":"","_seopress_robots_snippet":"","_seopress_robots_primary_cat":"","_seopress_robots_breadcrumbs":"","_seopress_robots_freeze_modified_date":"","_seopress_robots_custom_modified_date":"","_seopress_robots_canonical":"","_seopress_social_fb_title":"","_seopress_social_fb_desc":"","_seopress_social_fb_img":"","_seopress_social_fb_img_attachment_id":0,"_seopress_social_fb_img_width":0,"_seopress_social_fb_img_height":0,"_seopress_social_twitter_title":"","_seopress_social_twitter_desc":"","_seopress_social_twitter_img":"","_seopress_social_twitter_img_attachment_id":0,"_seopress_social_twitter_img_width":0,"_seopress_social_twitter_img_height":0,"_seopress_redirections_value":"","_seopress_redirections_enabled":"","_seopress_redirections_enabled_regex":"","_seopress_redirections_logged_status":"","_seopress_redirections_param":"","_seopress_redirections_type":0,"_seopress_analysis_target_kw":"","_seopress_news_disabled":"","_seopress_video_disabled":"","_seopress_video":[],"_seopress_pro_schemas_manual":[],"_seopress_pro_rich_snippets_disable_all":"","_seopress_pro_rich_snippets_disable":[],"_seopress_pro_schemas":[],"footnotes":""},"class_list":["post-6473","page","type-page","status-publish"],"_links":{"self":[{"href":"https:\/\/wp.unil.ch\/connaissance3\/wp-json\/wp\/v2\/pages\/6473","targetHints":{"allow":["GET"]}}],"collection":[{"href":"https:\/\/wp.unil.ch\/connaissance3\/wp-json\/wp\/v2\/pages"}],"about":[{"href":"https:\/\/wp.unil.ch\/connaissance3\/wp-json\/wp\/v2\/types\/page"}],"author":[{"embeddable":true,"href":"https:\/\/wp.unil.ch\/connaissance3\/wp-json\/wp\/v2\/users\/1136"}],"replies":[{"embeddable":true,"href":"https:\/\/wp.unil.ch\/connaissance3\/wp-json\/wp\/v2\/comments?post=6473"}],"version-history":[{"count":5,"href":"https:\/\/wp.unil.ch\/connaissance3\/wp-json\/wp\/v2\/pages\/6473\/revisions"}],"predecessor-version":[{"id":28779,"href":"https:\/\/wp.unil.ch\/connaissance3\/wp-json\/wp\/v2\/pages\/6473\/revisions\/28779"}],"up":[{"embeddable":true,"href":"https:\/\/wp.unil.ch\/connaissance3\/wp-json\/wp\/v2\/pages\/8679"}],"wp:attachment":[{"href":"https:\/\/wp.unil.ch\/connaissance3\/wp-json\/wp\/v2\/media?parent=6473"}],"curies":[{"name":"wp","href":"https:\/\/api.w.org\/{rel}","templated":true}]}}