{"id":6459,"date":"2015-08-17T08:51:22","date_gmt":"2015-08-17T06:51:22","guid":{"rendered":"http:\/\/wp.unil.ch\/connaissance3\/?page_id=6459"},"modified":"2024-07-23T09:52:43","modified_gmt":"2024-07-23T07:52:43","slug":"conferences-au-pied-du-jura","status":"publish","type":"page","link":"https:\/\/wp.unil.ch\/connaissance3\/conferences\/saisons-regionales\/conferences-au-pied-du-jura\/","title":{"rendered":"Conf\u00e9rences au Pied du Jura"},"content":{"rendered":"\n<p class=\"wp-block-paragraph\">Le comit\u00e9 r\u00e9gional de Connaissance 3 \u2013 Pied du Jura vous propose des conf\u00e9rences \u00e0 Cossonay, \u00e0 Penthalaz et \u00e0 Orbe.<br>Adresse des salles, voir: <a href=\"https:\/\/wp.unil.ch\/connaissance3\/conferences\/lieux-et-acces\/\">Lieux et acc\u00e8s<\/a><\/p>\n\n\n\n<h2 class=\"wp-block-heading\">Saison 2026-2027<\/h2>\n\n\n<div class=\"simcal-calendar simcal-default-calendar simcal-default-calendar-list simcal-default-calendar-light\" data-calendar-id=\"6460\" data-timezone=\"Europe\/Paris\" data-offset=\"7200\" data-week-start=\"1\" data-calendar-start=\"1787608800\" data-calendar-end=\"1805382000\" data-events-first=\"1791462600\" data-events-last=\"1805382000\"><div class=\"simcal-calendar-list \"><dl class=\"simcal-events-list-container\" data-prev=\"1761692400\" data-next=\"1813528800\" data-heading-small=\"2026 - 2027\" data-heading-large=\"2026 - 2027\">\t<dt class=\"simcal-day-label\" style=\"border-bottom: 1px solid #00acc8;\" ><span style=\"background-color: #00acc8; color: #ffffff;\"><span class=\"simcal-date-format\" data-date-format=\"j F Y\">8 octobre 2026<\/span> <\/span><\/dt>\n<dd class=\"simcal-weekday-4 simcal-past simcal-day simcal-day-has-events simcal-day-has-1-events simcal-events-calendar-6460\" data-events-count=\"1\">\n\t<ul class=\"simcal-events\">\n\t<li class=\"simcal-event simcal-event-has-location simcal-events-calendar-6460\" style=\"\" itemscope itemtype=\"http:\/\/schema.org\/Event\" data-start=\"1791462600\">\n\t\t<div class=\"simcal-event-details\"><p class=\"gce-list-event event-title\"><span style=\"color: #00acc8\"><em><span class=\"simcal-event-start simcal-event-start-time\" data-event-start=\"1791462600\" data-event-format=\"H:i\" itemprop=\"startDate\" content=\"2026-10-08T14:30:00+02:00\">14:30<\/span> - <span class=\"simcal-event-address simcal-event-start-location\" itemprop=\"location\" itemscope itemtype=\"http:\/\/schema.org\/Place\"><meta itemprop=\"name\" content=\"Penthalaz - Grande Salle, Centre communal du Verger, place Centrale 4\" \/><meta itemprop=\"address\" content=\"Penthalaz - Grande Salle, Centre communal du Verger, place Centrale 4\" \/>Penthalaz - Grande Salle, Centre communal du Verger, place Centrale 4<\/span><\/em><\/span><\/p>\r\n<p class=\"gce-list-event event-title\"><strong><span class=\"simcal-event-title\" itemprop=\"name\">Les sites clunisiens en Suisse<\/span><\/strong><\/p>\r\n<div class=\"simcal-event-description\" itemprop=\"description\"><p>Michel Gaudard, pr\u00e9sident d\u2019honneur de la F\u00e9d\u00e9ration europ\u00e9enne des sites clunisiens<\/p>\n<\/div><\/div>\n\t<\/li>\n<\/ul>\n\n<\/dd>\n\t<dt class=\"simcal-day-label\" style=\"border-bottom: 1px solid #00acc8;\" ><span style=\"background-color: #00acc8; color: #ffffff;\"><span class=\"simcal-date-format\" data-date-format=\"j F Y\">29 octobre 2026<\/span> <\/span><\/dt>\n<dd class=\"simcal-weekday-4 simcal-past simcal-day simcal-day-has-events simcal-day-has-1-events simcal-events-calendar-6460\" data-events-count=\"1\">\n\t<ul class=\"simcal-events\">\n\t<li class=\"simcal-event simcal-event-has-location simcal-events-calendar-6460\" style=\"\" itemscope itemtype=\"http:\/\/schema.org\/Event\" data-start=\"1793280600\">\n\t\t<div class=\"simcal-event-details\"><p class=\"gce-list-event event-title\"><span style=\"color: #00acc8\"><em><span class=\"simcal-event-start simcal-event-start-time\" data-event-start=\"1793280600\" data-event-format=\"H:i\" itemprop=\"startDate\" content=\"2026-10-29T14:30:00+01:00\">14:30<\/span> - <span class=\"simcal-event-address simcal-event-start-location\" itemprop=\"location\" itemscope itemtype=\"http:\/\/schema.org\/Place\"><meta itemprop=\"name\" content=\"Cossonay - Salle du Conseil communal, place du Temple 9\" \/><meta itemprop=\"address\" content=\"Cossonay - Salle du Conseil communal, place du Temple 9\" \/>Cossonay - Salle du Conseil communal, place du Temple 9<\/span><\/em><\/span><\/p>\r\n<p class=\"gce-list-event event-title\"><strong><span class=\"simcal-event-title\" itemprop=\"name\">Techniques d\u2019influence \u00e0 l\u2019heure de l\u2019intelligence artificielle<\/span><\/strong><\/p>\r\n<div class=\"simcal-event-description\" itemprop=\"description\"><p>Ray Lancaster, sp\u00e9cialiste et formateur en communication<\/p>\n<\/div><\/div>\n\t<\/li>\n<\/ul>\n\n<\/dd>\n\t<dt class=\"simcal-day-label\" style=\"border-bottom: 1px solid #00acc8;\" ><span style=\"background-color: #00acc8; color: #ffffff;\"><span class=\"simcal-date-format\" data-date-format=\"j F Y\">19 novembre 2026<\/span> <\/span><\/dt>\n<dd class=\"simcal-weekday-4 simcal-past simcal-day simcal-day-has-events simcal-day-has-1-events simcal-events-calendar-6460\" data-events-count=\"1\">\n\t<ul class=\"simcal-events\">\n\t<li class=\"simcal-event simcal-event-has-location simcal-events-calendar-6460\" style=\"\" itemscope itemtype=\"http:\/\/schema.org\/Event\" data-start=\"1795095000\">\n\t\t<div class=\"simcal-event-details\"><p class=\"gce-list-event event-title\"><span style=\"color: #00acc8\"><em><span class=\"simcal-event-start simcal-event-start-time\" data-event-start=\"1795095000\" data-event-format=\"H:i\" itemprop=\"startDate\" content=\"2026-11-19T14:30:00+01:00\">14:30<\/span> - <span class=\"simcal-event-address simcal-event-start-location\" itemprop=\"location\" itemscope itemtype=\"http:\/\/schema.org\/Place\"><meta itemprop=\"name\" content=\"Orbe \u2013 Salle de paroisse, rue Davall 5\" \/><meta itemprop=\"address\" content=\"Orbe \u2013 Salle de paroisse, rue Davall 5\" \/>Orbe \u2013 Salle de paroisse, rue Davall 5<\/span><\/em><\/span><\/p>\r\n<p class=\"gce-list-event event-title\"><strong><span class=\"simcal-event-title\" itemprop=\"name\">Le castor, ing\u00e9nieur de nos rivi\u00e8res<\/span><\/strong><\/p>\r\n<div class=\"simcal-event-description\" itemprop=\"description\"><p>Benno Strimer, vice-pr\u00e9sident de Beaverwatch Suisse<\/p>\n<\/div><\/div>\n\t<\/li>\n<\/ul>\n\n<\/dd>\n\t<dt class=\"simcal-day-label\" style=\"border-bottom: 1px solid #00acc8;\" ><span style=\"background-color: #00acc8; color: #ffffff;\"><span class=\"simcal-date-format\" data-date-format=\"j F Y\">10 d\u00e9cembre 2026<\/span> <\/span><\/dt>\n<dd class=\"simcal-weekday-4 simcal-past simcal-day simcal-day-has-events simcal-day-has-1-events simcal-events-calendar-6460\" data-events-count=\"1\">\n\t<ul class=\"simcal-events\">\n\t<li class=\"simcal-event simcal-event-has-location simcal-events-calendar-6460\" style=\"\" itemscope itemtype=\"http:\/\/schema.org\/Event\" data-start=\"1796909400\">\n\t\t<div class=\"simcal-event-details\"><p class=\"gce-list-event event-title\"><span style=\"color: #00acc8\"><em><span class=\"simcal-event-start simcal-event-start-time\" data-event-start=\"1796909400\" data-event-format=\"H:i\" itemprop=\"startDate\" content=\"2026-12-10T14:30:00+01:00\">14:30<\/span> - <span class=\"simcal-event-address simcal-event-start-location\" itemprop=\"location\" itemscope itemtype=\"http:\/\/schema.org\/Place\"><meta itemprop=\"name\" content=\"Penthalaz - Grande Salle, Centre communal du Verger, place Centrale 4\" \/><meta itemprop=\"address\" content=\"Penthalaz - Grande Salle, Centre communal du Verger, place Centrale 4\" \/>Penthalaz - Grande Salle, Centre communal du Verger, place Centrale 4<\/span><\/em><\/span><\/p>\r\n<p class=\"gce-list-event event-title\"><strong><span class=\"simcal-event-title\" itemprop=\"name\">Esclavagisme, une Suisse impliqu\u00e9e<\/span><\/strong><\/p>\r\n<div class=\"simcal-event-description\" itemprop=\"description\"><p>Cyril D\u00e9praz journaliste et auteur, r\u00e9alisateur du podcast de la RTS \u00abNos esclaves\u00bb\u00a0<\/p>\n<\/div><\/div>\n\t<\/li>\n<\/ul>\n\n<\/dd>\n\t<dt class=\"simcal-day-label\" style=\"border-bottom: 1px solid #00acc8;\" ><span style=\"background-color: #00acc8; color: #ffffff;\"><span class=\"simcal-date-format\" data-date-format=\"j F Y\">14 janvier 2027<\/span> <\/span><\/dt>\n<dd class=\"simcal-weekday-4 simcal-past simcal-day simcal-day-has-events simcal-day-has-1-events simcal-events-calendar-6460\" data-events-count=\"1\">\n\t<ul class=\"simcal-events\">\n\t<li class=\"simcal-event simcal-event-has-location simcal-events-calendar-6460\" style=\"\" itemscope itemtype=\"http:\/\/schema.org\/Event\" data-start=\"1799933400\">\n\t\t<div class=\"simcal-event-details\"><p class=\"gce-list-event event-title\"><span style=\"color: #00acc8\"><em><span class=\"simcal-event-start simcal-event-start-time\" data-event-start=\"1799933400\" data-event-format=\"H:i\" itemprop=\"startDate\" content=\"2027-01-14T14:30:00+01:00\">14:30<\/span> - <span class=\"simcal-event-address simcal-event-start-location\" itemprop=\"location\" itemscope itemtype=\"http:\/\/schema.org\/Place\"><meta itemprop=\"name\" content=\"Cossonay - Salle du Conseil communal, place du Temple 9\" \/><meta itemprop=\"address\" content=\"Cossonay - Salle du Conseil communal, place du Temple 9\" \/>Cossonay - Salle du Conseil communal, place du Temple 9<\/span><\/em><\/span><\/p>\r\n<p class=\"gce-list-event event-title\"><strong><span class=\"simcal-event-title\" itemprop=\"name\">Balade en toponymie : des lieux-dits locaux aux noms des cantons<\/span><\/strong><\/p>\r\n<div class=\"simcal-event-description\" itemprop=\"description\"><p>Michiel de Vaan, linguiste, charg\u00e9 de cours aux universit\u00e9s de B\u00e2le et de Gen\u00e8ve<\/p>\n<\/div><\/div>\n\t<\/li>\n<\/ul>\n\n<\/dd>\n\t<dt class=\"simcal-day-label\" style=\"border-bottom: 1px solid #00acc8;\" ><span style=\"background-color: #00acc8; color: #ffffff;\"><span class=\"simcal-date-format\" data-date-format=\"j F Y\">4 f\u00e9vrier 2027<\/span> <\/span><\/dt>\n<dd class=\"simcal-weekday-4 simcal-past simcal-day simcal-day-has-events simcal-day-has-1-events simcal-events-calendar-6460\" data-events-count=\"1\">\n\t<ul class=\"simcal-events\">\n\t<li class=\"simcal-event simcal-event-has-location simcal-events-calendar-6460\" style=\"\" itemscope itemtype=\"http:\/\/schema.org\/Event\" data-start=\"1801747800\">\n\t\t<div class=\"simcal-event-details\"><p class=\"gce-list-event event-title\"><span style=\"color: #00acc8\"><em><span class=\"simcal-event-start simcal-event-start-time\" data-event-start=\"1801747800\" data-event-format=\"H:i\" itemprop=\"startDate\" content=\"2027-02-04T14:30:00+01:00\">14:30<\/span> - <span class=\"simcal-event-address simcal-event-start-location\" itemprop=\"location\" itemscope itemtype=\"http:\/\/schema.org\/Place\"><meta itemprop=\"name\" content=\"Orbe \u2013 Salle de paroisse, rue Davall 5\" \/><meta itemprop=\"address\" content=\"Orbe \u2013 Salle de paroisse, rue Davall 5\" \/>Orbe \u2013 Salle de paroisse, rue Davall 5<\/span><\/em><\/span><\/p>\r\n<p class=\"gce-list-event event-title\"><strong><span class=\"simcal-event-title\" itemprop=\"name\">Schumann: le romantique, l&#039;amoureux fou<\/span><\/strong><\/p>\r\n<div class=\"simcal-event-description\" itemprop=\"description\"><p>Luc Baghdassarian, musicien et chef d\u2019orchestre<\/p>\n<\/div><\/div>\n\t<\/li>\n<\/ul>\n\n<\/dd>\n\t<dt class=\"simcal-day-label\" style=\"border-bottom: 1px solid #00acc8;\" ><span style=\"background-color: #00acc8; color: #ffffff;\"><span class=\"simcal-date-format\" data-date-format=\"j F Y\">18 f\u00e9vrier 2027<\/span> <\/span><\/dt>\n<dd class=\"simcal-weekday-4 simcal-past simcal-day simcal-day-has-events simcal-day-has-1-events simcal-events-calendar-6460\" data-events-count=\"1\">\n\t<ul class=\"simcal-events\">\n\t<li class=\"simcal-event simcal-event-has-location simcal-events-calendar-6460\" style=\"\" itemscope itemtype=\"http:\/\/schema.org\/Event\" data-start=\"1802957400\">\n\t\t<div class=\"simcal-event-details\"><p class=\"gce-list-event event-title\"><span style=\"color: #00acc8\"><em><span class=\"simcal-event-start simcal-event-start-time\" data-event-start=\"1802957400\" data-event-format=\"H:i\" itemprop=\"startDate\" content=\"2027-02-18T14:30:00+01:00\">14:30<\/span> - <span class=\"simcal-event-address simcal-event-start-location\" itemprop=\"location\" itemscope itemtype=\"http:\/\/schema.org\/Place\"><meta itemprop=\"name\" content=\"Penthalaz - Grande Salle, Centre communal du Verger, place Centrale 4\" \/><meta itemprop=\"address\" content=\"Penthalaz - Grande Salle, Centre communal du Verger, place Centrale 4\" \/>Penthalaz - Grande Salle, Centre communal du Verger, place Centrale 4<\/span><\/em><\/span><\/p>\r\n<p class=\"gce-list-event event-title\"><strong><span class=\"simcal-event-title\" itemprop=\"name\">La g\u00e9othermie dans la r\u00e9gion de la Venoge<\/span><\/strong><\/p>\r\n<div class=\"simcal-event-description\" itemprop=\"description\"><p>Rodolphe Lathion, g\u00e9ologue et chef de projet, Swiss Geo Energy<\/p>\n<\/div><\/div>\n\t<\/li>\n<\/ul>\n\n<\/dd>\n\t<dt class=\"simcal-day-label\" style=\"border-bottom: 1px solid #00acc8;\" ><span style=\"background-color: #00acc8; color: #ffffff;\"><span class=\"simcal-date-format\" data-date-format=\"j F Y\">4 mars 2027<\/span> <\/span><\/dt>\n<dd class=\"simcal-weekday-4 simcal-past simcal-day simcal-day-has-events simcal-day-has-1-events simcal-events-calendar-6460\" data-events-count=\"1\">\n\t<ul class=\"simcal-events\">\n\t<li class=\"simcal-event simcal-event-has-location simcal-events-calendar-6460\" style=\"\" itemscope itemtype=\"http:\/\/schema.org\/Event\" data-start=\"1804167000\">\n\t\t<div class=\"simcal-event-details\"><p class=\"gce-list-event event-title\"><span style=\"color: #00acc8\"><em><span class=\"simcal-event-start simcal-event-start-time\" data-event-start=\"1804167000\" data-event-format=\"H:i\" itemprop=\"startDate\" content=\"2027-03-04T14:30:00+01:00\">14:30<\/span> - <span class=\"simcal-event-address simcal-event-start-location\" itemprop=\"location\" itemscope itemtype=\"http:\/\/schema.org\/Place\"><meta itemprop=\"name\" content=\"Cossonay - Salle du Conseil communal, place du Temple 9\" \/><meta itemprop=\"address\" content=\"Cossonay - Salle du Conseil communal, place du Temple 9\" \/>Cossonay - Salle du Conseil communal, place du Temple 9<\/span><\/em><\/span><\/p>\r\n<p class=\"gce-list-event event-title\"><strong><span class=\"simcal-event-title\" itemprop=\"name\">Les empires de retour. Et nos d\u00e9mocraties?<\/span><\/strong><\/p>\r\n<div class=\"simcal-event-description\" itemprop=\"description\"><p>Beno\u00eet Girardin, diplomate retrait\u00e9, charg\u00e9 de cours en \u00e9thique politique, Geneva School of Diplomacy<\/p>\n<\/div><\/div>\n\t<\/li>\n<\/ul>\n\n<\/dd>\n\t<dt class=\"simcal-day-label\" style=\"border-bottom: 1px solid #00acc8;\" ><span style=\"background-color: #00acc8; color: #ffffff;\"><span class=\"simcal-date-format\" data-date-format=\"j F Y\">18 mars 2027<\/span> <\/span><\/dt>\n<dd class=\"simcal-weekday-4 simcal-past simcal-day simcal-day-has-events simcal-day-has-1-events simcal-events-calendar-6460\" data-events-count=\"1\">\n\t<ul class=\"simcal-events\">\n\t<li class=\"simcal-event simcal-event-has-location simcal-events-calendar-6460\" style=\"\" itemscope itemtype=\"http:\/\/schema.org\/Event\" data-start=\"1805376600\">\n\t\t<div class=\"simcal-event-details\"><p class=\"gce-list-event event-title\"><span style=\"color: #00acc8\"><em><span class=\"simcal-event-start simcal-event-start-time\" data-event-start=\"1805376600\" data-event-format=\"H:i\" itemprop=\"startDate\" content=\"2027-03-18T14:30:00+01:00\">14:30<\/span> - <span class=\"simcal-event-address simcal-event-start-location\" itemprop=\"location\" itemscope itemtype=\"http:\/\/schema.org\/Place\"><meta itemprop=\"name\" content=\"Orbe \u2013 Salle de paroisse, rue Davall 5\" \/><meta itemprop=\"address\" content=\"Orbe \u2013 Salle de paroisse, rue Davall 5\" \/>Orbe \u2013 Salle de paroisse, rue Davall 5<\/span><\/em><\/span><\/p>\r\n<p class=\"gce-list-event event-title\"><strong><span class=\"simcal-event-title\" itemprop=\"name\">Charles Gleyre : un peintre vaudois \u00e0 Paris<\/span><\/strong><\/p>\r\n<div class=\"simcal-event-description\" itemprop=\"description\"><p>Marie Bagi, enseignante en histoire de l'art, commissaire d'exposition ind\u00e9pendante, directrice du nouveau Mus\u00e9e Artistes Femmes<\/p>\n<\/div><\/div>\n\t<\/li>\n<\/ul>\n\n<\/dd>\n<\/dl><div class=\"simcal-ajax-loader simcal-spinner-top\" style=\"display: none;\"><i class=\"simcal-icon-spinner simcal-icon-spin\"><\/i><\/div><\/div><\/div>\n\n\n\n<hr class=\"wp-block-separator has-alpha-channel-opacity is-style-wide\" \/>\n\n\n\n<p class=\"has-text-align-left is-style-default has-white-color has-text-color has-background has-link-color wp-elements-1 wp-block-paragraph\" style=\"background-color:#00acc8;font-size:16px\"><strong><a href=\"https:\/\/wp.unil.ch\/connaissance3\/tarifs-et-conditions\/\">Prix des entr\u00e9es:<\/a>\u00a0 15 fr. | avec adh\u00e9sion: 10 fr. | avec abonnement: entr\u00e9e libre<br>\u00c0 r\u00e9gler sur place. Pas d\u2019inscription.<\/strong><br><br>Entr\u00e9e libre pour les membres de l\u2019Unil, de l\u2019EPFL, de la HEIG-VD et de la HES-La Source ainsi que des autres Universit\u00e9s des seniors, sur pr\u00e9sentation d\u2019une carte de l\u00e9gitimation (<a href=\"https:\/\/wp.unil.ch\/connaissance3\/adherer\/tarifs-et-conditions-generales\/\" data-type=\"link\" data-id=\"https:\/\/wp.unil.ch\/connaissance3\/adherer\/tarifs-et-conditions-generales\/\" target=\"_blank\" rel=\"noreferrer noopener\">voir conditions<\/a>).<\/p>\n\n\n\n<p class=\"wp-block-paragraph\"><\/p>\n","protected":false},"excerpt":{"rendered":"<p>Le comit\u00e9 r\u00e9gional de Connaissance 3 \u2013 Pied du Jura vous propose des conf\u00e9rences \u00e0 Cossonay, \u00e0 Penthalaz et \u00e0 Orbe.Adresse des salles, voir: Lieux et acc\u00e8s<\/p>\n","protected":false},"author":1136,"featured_media":0,"parent":8679,"menu_order":0,"comment_status":"closed","ping_status":"closed","template":"","meta":{"_seopress_titles_title":"","_seopress_titles_desc":"","_seopress_robots_index":"","_seopress_robots_follow":"","_seopress_robots_imageindex":"","_seopress_robots_snippet":"","_seopress_robots_primary_cat":"","_seopress_robots_breadcrumbs":"","_seopress_robots_freeze_modified_date":"","_seopress_robots_custom_modified_date":"","_seopress_robots_canonical":"","_seopress_social_fb_title":"","_seopress_social_fb_desc":"","_seopress_social_fb_img":"","_seopress_social_fb_img_attachment_id":0,"_seopress_social_fb_img_width":0,"_seopress_social_fb_img_height":0,"_seopress_social_twitter_title":"","_seopress_social_twitter_desc":"","_seopress_social_twitter_img":"","_seopress_social_twitter_img_attachment_id":0,"_seopress_social_twitter_img_width":0,"_seopress_social_twitter_img_height":0,"_seopress_redirections_value":"","_seopress_redirections_enabled":"","_seopress_redirections_enabled_regex":"","_seopress_redirections_logged_status":"","_seopress_redirections_param":"","_seopress_redirections_type":0,"_seopress_analysis_target_kw":"","_seopress_news_disabled":"","_seopress_video_disabled":"","_seopress_video":[],"_seopress_pro_schemas_manual":[],"_seopress_pro_rich_snippets_disable_all":"","_seopress_pro_rich_snippets_disable":[],"_seopress_pro_schemas":[],"footnotes":""},"class_list":["post-6459","page","type-page","status-publish"],"_links":{"self":[{"href":"https:\/\/wp.unil.ch\/connaissance3\/wp-json\/wp\/v2\/pages\/6459","targetHints":{"allow":["GET"]}}],"collection":[{"href":"https:\/\/wp.unil.ch\/connaissance3\/wp-json\/wp\/v2\/pages"}],"about":[{"href":"https:\/\/wp.unil.ch\/connaissance3\/wp-json\/wp\/v2\/types\/page"}],"author":[{"embeddable":true,"href":"https:\/\/wp.unil.ch\/connaissance3\/wp-json\/wp\/v2\/users\/1136"}],"replies":[{"embeddable":true,"href":"https:\/\/wp.unil.ch\/connaissance3\/wp-json\/wp\/v2\/comments?post=6459"}],"version-history":[{"count":5,"href":"https:\/\/wp.unil.ch\/connaissance3\/wp-json\/wp\/v2\/pages\/6459\/revisions"}],"predecessor-version":[{"id":28782,"href":"https:\/\/wp.unil.ch\/connaissance3\/wp-json\/wp\/v2\/pages\/6459\/revisions\/28782"}],"up":[{"embeddable":true,"href":"https:\/\/wp.unil.ch\/connaissance3\/wp-json\/wp\/v2\/pages\/8679"}],"wp:attachment":[{"href":"https:\/\/wp.unil.ch\/connaissance3\/wp-json\/wp\/v2\/media?parent=6459"}],"curies":[{"name":"wp","href":"https:\/\/api.w.org\/{rel}","templated":true}]}}