{"id":6449,"date":"2015-08-17T08:50:48","date_gmt":"2015-08-17T06:50:48","guid":{"rendered":"http:\/\/wp.unil.ch\/connaissance3\/?page_id=6449"},"modified":"2025-04-30T11:48:10","modified_gmt":"2025-04-30T09:48:10","slug":"conferences-de-nyon","status":"publish","type":"page","link":"https:\/\/wp.unil.ch\/connaissance3\/conferences\/saisons-regionales\/conferences-de-nyon\/","title":{"rendered":"Conf\u00e9rences de Nyon"},"content":{"rendered":"\n<p class=\"wp-block-paragraph\">Le comit\u00e9 r\u00e9gional de Connaissance 3 \u2013 Nyon vous propose des conf\u00e9rences \u00e0 Nyon.<br>Adresse des salles, voir: <a href=\"https:\/\/wp.unil.ch\/connaissance3\/conferences\/lieux-et-acces\/\">Lieux et acc\u00e8s<\/a><\/p>\n\n\n\n<h2 class=\"wp-block-heading\"><\/h2>\n\n\n\n<h2 class=\"wp-block-heading\">Saison 2026-2027<\/h2>\n\n\n<div class=\"simcal-calendar simcal-default-calendar simcal-default-calendar-list simcal-default-calendar-light\" data-calendar-id=\"6448\" data-timezone=\"Europe\/Paris\" data-offset=\"7200\" data-week-start=\"1\" data-calendar-start=\"1787608800\" data-calendar-end=\"1807797600\" data-events-first=\"1791462600\" data-events-last=\"1807797600\"><div class=\"simcal-calendar-list \"><dl class=\"simcal-events-list-container\" data-prev=\"1761692400\" data-next=\"1813528800\" data-heading-small=\"2026 - 2027\" data-heading-large=\"2026 - 2027\">\t<dt class=\"simcal-day-label\" style=\"border-bottom: 1px solid #00acc8;\" ><span style=\"background-color: #00acc8; color: #ffffff;\"><span class=\"simcal-date-format\" data-date-format=\"j F Y\">8 octobre 2026<\/span> <\/span><\/dt>\n<dd class=\"simcal-weekday-4 simcal-past simcal-day simcal-day-has-events simcal-day-has-1-events simcal-events-calendar-6448\" data-events-count=\"1\">\n\t<ul class=\"simcal-events\">\n\t<li class=\"simcal-event simcal-event-has-location simcal-events-calendar-6448\" style=\"\" itemscope itemtype=\"http:\/\/schema.org\/Event\" data-start=\"1791462600\">\n\t\t<div class=\"simcal-event-details\"><p class=\"gce-list-event event-title\"><span style=\"color: #00acc8\"><em><span class=\"simcal-event-start simcal-event-start-time\" data-event-start=\"1791462600\" data-event-format=\"H:i\" itemprop=\"startDate\" content=\"2026-10-08T14:30:00+02:00\">14:30<\/span> - <span class=\"simcal-event-address simcal-event-start-location\" itemprop=\"location\" itemscope itemtype=\"http:\/\/schema.org\/Place\"><meta itemprop=\"name\" content=\"Nyon \u2013 Salle du Conseil communal, Ferme du Manoir, Rue Maupertuis 1\" \/><meta itemprop=\"address\" content=\"Nyon \u2013 Salle du Conseil communal, Ferme du Manoir, Rue Maupertuis 1\" \/>Nyon \u2013 Salle du Conseil communal, Ferme du Manoir, Rue Maupertuis 1<\/span><\/em><\/span><\/p>\r\n<p class=\"gce-list-event event-title\"><strong><span class=\"simcal-event-title\" itemprop=\"name\">Sur le fil, de Lutry au Cap Nord \u00e0 v\u00e9lo pour se reconstruire<\/span><\/strong><\/p>\r\n<div class=\"simcal-event-description\" itemprop=\"description\"><p>Patrick Sumi, ancien cadre sup\u00e9rieur dans une multinationale commerciale, grand sportif, accompagnateur en montagne<\/p>\n<\/div>\r\n\r\n&nbsp;\r\n<div><\/div><\/div>\n\t<\/li>\n<\/ul>\n\n<\/dd>\n\t<dt class=\"simcal-day-label\" style=\"border-bottom: 1px solid #00acc8;\" ><span style=\"background-color: #00acc8; color: #ffffff;\"><span class=\"simcal-date-format\" data-date-format=\"j F Y\">29 octobre 2026<\/span> <\/span><\/dt>\n<dd class=\"simcal-weekday-4 simcal-past simcal-day simcal-day-has-events simcal-day-has-1-events simcal-events-calendar-6448\" data-events-count=\"1\">\n\t<ul class=\"simcal-events\">\n\t<li class=\"simcal-event simcal-event-has-location simcal-events-calendar-6448\" style=\"\" itemscope itemtype=\"http:\/\/schema.org\/Event\" data-start=\"1793280600\">\n\t\t<div class=\"simcal-event-details\"><p class=\"gce-list-event event-title\"><span style=\"color: #00acc8\"><em><span class=\"simcal-event-start simcal-event-start-time\" data-event-start=\"1793280600\" data-event-format=\"H:i\" itemprop=\"startDate\" content=\"2026-10-29T14:30:00+01:00\">14:30<\/span> - <span class=\"simcal-event-address simcal-event-start-location\" itemprop=\"location\" itemscope itemtype=\"http:\/\/schema.org\/Place\"><meta itemprop=\"name\" content=\"Nyon \u2013 Salle du Conseil communal, Ferme du Manoir, Rue Maupertuis 1\" \/><meta itemprop=\"address\" content=\"Nyon \u2013 Salle du Conseil communal, Ferme du Manoir, Rue Maupertuis 1\" \/>Nyon \u2013 Salle du Conseil communal, Ferme du Manoir, Rue Maupertuis 1<\/span><\/em><\/span><\/p>\r\n<p class=\"gce-list-event event-title\"><strong><span class=\"simcal-event-title\" itemprop=\"name\">Marguerite Burnat-Provins: oser la libert\u00e9<\/span><\/strong><\/p>\r\n<div class=\"simcal-event-description\" itemprop=\"description\"><p>Anne Murray-Robertson, historienne de l\u2019art<\/p>\n<\/div>\r\n\r\n&nbsp;\r\n<div><\/div><\/div>\n\t<\/li>\n<\/ul>\n\n<\/dd>\n\t<dt class=\"simcal-day-label\" style=\"border-bottom: 1px solid #00acc8;\" ><span style=\"background-color: #00acc8; color: #ffffff;\"><span class=\"simcal-date-format\" data-date-format=\"j F Y\">12 novembre 2026<\/span> <\/span><\/dt>\n<dd class=\"simcal-weekday-4 simcal-past simcal-day simcal-day-has-events simcal-day-has-1-events simcal-events-calendar-6448\" data-events-count=\"1\">\n\t<ul class=\"simcal-events\">\n\t<li class=\"simcal-event simcal-event-has-location simcal-events-calendar-6448\" style=\"\" itemscope itemtype=\"http:\/\/schema.org\/Event\" data-start=\"1794490200\">\n\t\t<div class=\"simcal-event-details\"><p class=\"gce-list-event event-title\"><span style=\"color: #00acc8\"><em><span class=\"simcal-event-start simcal-event-start-time\" data-event-start=\"1794490200\" data-event-format=\"H:i\" itemprop=\"startDate\" content=\"2026-11-12T14:30:00+01:00\">14:30<\/span> - <span class=\"simcal-event-address simcal-event-start-location\" itemprop=\"location\" itemscope itemtype=\"http:\/\/schema.org\/Place\"><meta itemprop=\"name\" content=\"Nyon \u2013 Salle du Conseil communal, Ferme du Manoir, Rue Maupertuis 1\" \/><meta itemprop=\"address\" content=\"Nyon \u2013 Salle du Conseil communal, Ferme du Manoir, Rue Maupertuis 1\" \/>Nyon \u2013 Salle du Conseil communal, Ferme du Manoir, Rue Maupertuis 1<\/span><\/em><\/span><\/p>\r\n<p class=\"gce-list-event event-title\"><strong><span class=\"simcal-event-title\" itemprop=\"name\">Les pierres de construction des villes suisses<\/span><\/strong><\/p>\r\n<div class=\"simcal-event-description\" itemprop=\"description\"><p>Walter Wildi, g\u00e9ologue, professeur honoraire, Unige<\/p>\n<\/div>\r\n\r\n&nbsp;\r\n<div><\/div><\/div>\n\t<\/li>\n<\/ul>\n\n<\/dd>\n\t<dt class=\"simcal-day-label\" style=\"border-bottom: 1px solid #00acc8;\" ><span style=\"background-color: #00acc8; color: #ffffff;\"><span class=\"simcal-date-format\" data-date-format=\"j F Y\">19 novembre 2026<\/span> <\/span><\/dt>\n<dd class=\"simcal-weekday-4 simcal-past simcal-day simcal-day-has-events simcal-day-has-1-events simcal-events-calendar-6448\" data-events-count=\"1\">\n\t<ul class=\"simcal-events\">\n\t<li class=\"simcal-event simcal-event-has-location simcal-events-calendar-6448\" style=\"\" itemscope itemtype=\"http:\/\/schema.org\/Event\" data-start=\"1795095000\">\n\t\t<div class=\"simcal-event-details\"><p class=\"gce-list-event event-title\"><span style=\"color: #00acc8\"><em><span class=\"simcal-event-start simcal-event-start-time\" data-event-start=\"1795095000\" data-event-format=\"H:i\" itemprop=\"startDate\" content=\"2026-11-19T14:30:00+01:00\">14:30<\/span> - <span class=\"simcal-event-address simcal-event-start-location\" itemprop=\"location\" itemscope itemtype=\"http:\/\/schema.org\/Place\"><meta itemprop=\"name\" content=\"Nyon \u2013 Salle du Conseil communal, Ferme du Manoir, Rue Maupertuis 1\" \/><meta itemprop=\"address\" content=\"Nyon \u2013 Salle du Conseil communal, Ferme du Manoir, Rue Maupertuis 1\" \/>Nyon \u2013 Salle du Conseil communal, Ferme du Manoir, Rue Maupertuis 1<\/span><\/em><\/span><\/p>\r\n<p class=\"gce-list-event event-title\"><strong><span class=\"simcal-event-title\" itemprop=\"name\">La th\u00e9orie du big bang \u00e0 la lumi\u00e8re des derni\u00e8res d\u00e9couvertes<\/span><\/strong><\/p>\r\n<div class=\"simcal-event-description\" itemprop=\"description\"><p>Georges Meynet, astrophysicien \u00e0 l'Observatoire de Gen\u00e8ve, professeur au d\u00e9partement d'astronomie, Unige<\/p>\n<\/div>\r\n\r\n&nbsp;\r\n<div><\/div><\/div>\n\t<\/li>\n<\/ul>\n\n<\/dd>\n\t<dt class=\"simcal-day-label\" style=\"border-bottom: 1px solid #00acc8;\" ><span style=\"background-color: #00acc8; color: #ffffff;\"><span class=\"simcal-date-format\" data-date-format=\"j F Y\">3 d\u00e9cembre 2026<\/span> <\/span><\/dt>\n<dd class=\"simcal-weekday-4 simcal-past simcal-day simcal-day-has-events simcal-day-has-1-events simcal-events-calendar-6448\" data-events-count=\"1\">\n\t<ul class=\"simcal-events\">\n\t<li class=\"simcal-event simcal-event-has-location simcal-events-calendar-6448\" style=\"\" itemscope itemtype=\"http:\/\/schema.org\/Event\" data-start=\"1796304600\">\n\t\t<div class=\"simcal-event-details\"><p class=\"gce-list-event event-title\"><span style=\"color: #00acc8\"><em><span class=\"simcal-event-start simcal-event-start-time\" data-event-start=\"1796304600\" data-event-format=\"H:i\" itemprop=\"startDate\" content=\"2026-12-03T14:30:00+01:00\">14:30<\/span> - <span class=\"simcal-event-address simcal-event-start-location\" itemprop=\"location\" itemscope itemtype=\"http:\/\/schema.org\/Place\"><meta itemprop=\"name\" content=\"Nyon \u2013 Salle du Conseil communal, Ferme du Manoir, Rue Maupertuis 1\" \/><meta itemprop=\"address\" content=\"Nyon \u2013 Salle du Conseil communal, Ferme du Manoir, Rue Maupertuis 1\" \/>Nyon \u2013 Salle du Conseil communal, Ferme du Manoir, Rue Maupertuis 1<\/span><\/em><\/span><\/p>\r\n<p class=\"gce-list-event event-title\"><strong><span class=\"simcal-event-title\" itemprop=\"name\">Le castor: atout de la biodiversit\u00e9<\/span><\/strong><\/p>\r\n<div class=\"simcal-event-description\" itemprop=\"description\"><p>C\u00e9cile Auberson, biologiste, collaboratrice scientifique au service conseil castor, info fauna<\/p>\n<\/div>\r\n\r\n&nbsp;\r\n<div><\/div><\/div>\n\t<\/li>\n<\/ul>\n\n<\/dd>\n\t<dt class=\"simcal-day-label\" style=\"border-bottom: 1px solid #00acc8;\" ><span style=\"background-color: #00acc8; color: #ffffff;\"><span class=\"simcal-date-format\" data-date-format=\"j F Y\">17 d\u00e9cembre 2026<\/span> <\/span><\/dt>\n<dd class=\"simcal-weekday-4 simcal-past simcal-day simcal-day-has-events simcal-day-has-1-events simcal-events-calendar-6448\" data-events-count=\"1\">\n\t<ul class=\"simcal-events\">\n\t<li class=\"simcal-event simcal-event-has-location simcal-events-calendar-6448\" style=\"\" itemscope itemtype=\"http:\/\/schema.org\/Event\" data-start=\"1797514200\">\n\t\t<div class=\"simcal-event-details\"><p class=\"gce-list-event event-title\"><span style=\"color: #00acc8\"><em><span class=\"simcal-event-start simcal-event-start-time\" data-event-start=\"1797514200\" data-event-format=\"H:i\" itemprop=\"startDate\" content=\"2026-12-17T14:30:00+01:00\">14:30<\/span> - <span class=\"simcal-event-address simcal-event-start-location\" itemprop=\"location\" itemscope itemtype=\"http:\/\/schema.org\/Place\"><meta itemprop=\"name\" content=\"Nyon \u2013 Salle du Conseil communal, Ferme du Manoir, Rue Maupertuis 1\" \/><meta itemprop=\"address\" content=\"Nyon \u2013 Salle du Conseil communal, Ferme du Manoir, Rue Maupertuis 1\" \/>Nyon \u2013 Salle du Conseil communal, Ferme du Manoir, Rue Maupertuis 1<\/span><\/em><\/span><\/p>\r\n<p class=\"gce-list-event event-title\"><strong><span class=\"simcal-event-title\" itemprop=\"name\">Les universit\u00e9s : la plus grande invention du Moyen \u00c2ge?<\/span><\/strong><\/p>\r\n<div class=\"simcal-event-description\" itemprop=\"description\"><p>Jo\u00ebl Chandelier professeur en histoire m\u00e9di\u00e9vale, Unil<\/p>\n<\/div>\r\n\r\n&nbsp;\r\n<div><\/div><\/div>\n\t<\/li>\n<\/ul>\n\n<\/dd>\n\t<dt class=\"simcal-day-label\" style=\"border-bottom: 1px solid #00acc8;\" ><span style=\"background-color: #00acc8; color: #ffffff;\"><span class=\"simcal-date-format\" data-date-format=\"j F Y\">14 janvier 2027<\/span> <\/span><\/dt>\n<dd class=\"simcal-weekday-4 simcal-past simcal-day simcal-day-has-events simcal-day-has-1-events simcal-events-calendar-6448\" data-events-count=\"1\">\n\t<ul class=\"simcal-events\">\n\t<li class=\"simcal-event simcal-event-has-location simcal-events-calendar-6448\" style=\"\" itemscope itemtype=\"http:\/\/schema.org\/Event\" data-start=\"1799933400\">\n\t\t<div class=\"simcal-event-details\"><p class=\"gce-list-event event-title\"><span style=\"color: #00acc8\"><em><span class=\"simcal-event-start simcal-event-start-time\" data-event-start=\"1799933400\" data-event-format=\"H:i\" itemprop=\"startDate\" content=\"2027-01-14T14:30:00+01:00\">14:30<\/span> - <span class=\"simcal-event-address simcal-event-start-location\" itemprop=\"location\" itemscope itemtype=\"http:\/\/schema.org\/Place\"><meta itemprop=\"name\" content=\"Nyon \u2013 Salle du Conseil communal, Ferme du Manoir, Rue Maupertuis 1\" \/><meta itemprop=\"address\" content=\"Nyon \u2013 Salle du Conseil communal, Ferme du Manoir, Rue Maupertuis 1\" \/>Nyon \u2013 Salle du Conseil communal, Ferme du Manoir, Rue Maupertuis 1<\/span><\/em><\/span><\/p>\r\n<p class=\"gce-list-event event-title\"><strong><span class=\"simcal-event-title\" itemprop=\"name\">Repr\u00e9senter la m\u00e8re<\/span><\/strong><\/p>\r\n<div class=\"simcal-event-description\" itemprop=\"description\"><p>Marie-Pierre Cravedi, artiste photographe, enseignante au CEPV<\/p>\n<\/div>\r\n\r\n&nbsp;\r\n<div><\/div><\/div>\n\t<\/li>\n<\/ul>\n\n<\/dd>\n\t<dt class=\"simcal-day-label\" style=\"border-bottom: 1px solid #00acc8;\" ><span style=\"background-color: #00acc8; color: #ffffff;\"><span class=\"simcal-date-format\" data-date-format=\"j F Y\">28 janvier 2027<\/span> <\/span><\/dt>\n<dd class=\"simcal-weekday-4 simcal-past simcal-day simcal-day-has-events simcal-day-has-1-events simcal-events-calendar-6448\" data-events-count=\"1\">\n\t<ul class=\"simcal-events\">\n\t<li class=\"simcal-event simcal-event-has-location simcal-events-calendar-6448\" style=\"\" itemscope itemtype=\"http:\/\/schema.org\/Event\" data-start=\"1801143000\">\n\t\t<div class=\"simcal-event-details\"><p class=\"gce-list-event event-title\"><span style=\"color: #00acc8\"><em><span class=\"simcal-event-start simcal-event-start-time\" data-event-start=\"1801143000\" data-event-format=\"H:i\" itemprop=\"startDate\" content=\"2027-01-28T14:30:00+01:00\">14:30<\/span> - <span class=\"simcal-event-address simcal-event-start-location\" itemprop=\"location\" itemscope itemtype=\"http:\/\/schema.org\/Place\"><meta itemprop=\"name\" content=\"Nyon \u2013 Salle du Conseil communal, Ferme du Manoir, Rue Maupertuis 1\" \/><meta itemprop=\"address\" content=\"Nyon \u2013 Salle du Conseil communal, Ferme du Manoir, Rue Maupertuis 1\" \/>Nyon \u2013 Salle du Conseil communal, Ferme du Manoir, Rue Maupertuis 1<\/span><\/em><\/span><\/p>\r\n<p class=\"gce-list-event event-title\"><strong><span class=\"simcal-event-title\" itemprop=\"name\">Impressionnisme au f\u00e9minin : \u00e9crire son nom dans l\u2019histoire de l\u2019art<\/span><\/strong><\/p>\r\n<div class=\"simcal-event-description\" itemprop=\"description\"><p>Marie Bagi, enseignante en histoire de l'art, commissaire d'exposition ind\u00e9pendante, directrice du nouveau Mus\u00e9e Artistes Femmes<\/p>\n<\/div>\r\n\r\n&nbsp;\r\n<div><\/div><\/div>\n\t<\/li>\n<\/ul>\n\n<\/dd>\n\t<dt class=\"simcal-day-label\" style=\"border-bottom: 1px solid #00acc8;\" ><span style=\"background-color: #00acc8; color: #ffffff;\"><span class=\"simcal-date-format\" data-date-format=\"j F Y\">18 f\u00e9vrier 2027<\/span> <\/span><\/dt>\n<dd class=\"simcal-weekday-4 simcal-past simcal-day simcal-day-has-events simcal-day-has-1-events simcal-events-calendar-6448\" data-events-count=\"1\">\n\t<ul class=\"simcal-events\">\n\t<li class=\"simcal-event simcal-event-has-location simcal-events-calendar-6448\" style=\"\" itemscope itemtype=\"http:\/\/schema.org\/Event\" data-start=\"1802957400\">\n\t\t<div class=\"simcal-event-details\"><p class=\"gce-list-event event-title\"><span style=\"color: #00acc8\"><em><span class=\"simcal-event-start simcal-event-start-time\" data-event-start=\"1802957400\" data-event-format=\"H:i\" itemprop=\"startDate\" content=\"2027-02-18T14:30:00+01:00\">14:30<\/span> - <span class=\"simcal-event-address simcal-event-start-location\" itemprop=\"location\" itemscope itemtype=\"http:\/\/schema.org\/Place\"><meta itemprop=\"name\" content=\"Nyon \u2013 Salle du Conseil communal, Ferme du Manoir, Rue Maupertuis 1\" \/><meta itemprop=\"address\" content=\"Nyon \u2013 Salle du Conseil communal, Ferme du Manoir, Rue Maupertuis 1\" \/>Nyon \u2013 Salle du Conseil communal, Ferme du Manoir, Rue Maupertuis 1<\/span><\/em><\/span><\/p>\r\n<p class=\"gce-list-event event-title\"><strong><span class=\"simcal-event-title\" itemprop=\"name\">Petits gestes, grands effets<\/span><\/strong><\/p>\r\n<div class=\"simcal-event-description\" itemprop=\"description\"><p>David Kohler, docteur en sciences<\/p>\n<\/div>\r\n\r\n&nbsp;\r\n<div><\/div><\/div>\n\t<\/li>\n<\/ul>\n\n<\/dd>\n\t<dt class=\"simcal-day-label\" style=\"border-bottom: 1px solid #00acc8;\" ><span style=\"background-color: #00acc8; color: #ffffff;\"><span class=\"simcal-date-format\" data-date-format=\"j F Y\">4 mars 2027<\/span> <\/span><\/dt>\n<dd class=\"simcal-weekday-4 simcal-past simcal-day simcal-day-has-events simcal-day-has-1-events simcal-events-calendar-6448\" data-events-count=\"1\">\n\t<ul class=\"simcal-events\">\n\t<li class=\"simcal-event simcal-event-has-location simcal-events-calendar-6448\" style=\"\" itemscope itemtype=\"http:\/\/schema.org\/Event\" data-start=\"1804167000\">\n\t\t<div class=\"simcal-event-details\"><p class=\"gce-list-event event-title\"><span style=\"color: #00acc8\"><em><span class=\"simcal-event-start simcal-event-start-time\" data-event-start=\"1804167000\" data-event-format=\"H:i\" itemprop=\"startDate\" content=\"2027-03-04T14:30:00+01:00\">14:30<\/span> - <span class=\"simcal-event-address simcal-event-start-location\" itemprop=\"location\" itemscope itemtype=\"http:\/\/schema.org\/Place\"><meta itemprop=\"name\" content=\"Nyon \u2013 Salle du Conseil communal, Ferme du Manoir, Rue Maupertuis 1\" \/><meta itemprop=\"address\" content=\"Nyon \u2013 Salle du Conseil communal, Ferme du Manoir, Rue Maupertuis 1\" \/>Nyon \u2013 Salle du Conseil communal, Ferme du Manoir, Rue Maupertuis 1<\/span><\/em><\/span><\/p>\r\n<p class=\"gce-list-event event-title\"><strong><span class=\"simcal-event-title\" itemprop=\"name\">Antonin Dvorak : inventivit\u00e9 et charme m\u00e9lodique<\/span><\/strong><\/p>\r\n<div class=\"simcal-event-description\" itemprop=\"description\"><p>Eric Chaillier, musicologue<\/p>\n<\/div>\r\n\r\n&nbsp;\r\n<div><\/div><\/div>\n\t<\/li>\n<\/ul>\n\n<\/dd>\n\t<dt class=\"simcal-day-label\" style=\"border-bottom: 1px solid #00acc8;\" ><span style=\"background-color: #00acc8; color: #ffffff;\"><span class=\"simcal-date-format\" data-date-format=\"j F Y\">18 mars 2027<\/span> <\/span><\/dt>\n<dd class=\"simcal-weekday-4 simcal-past simcal-day simcal-day-has-events simcal-day-has-1-events simcal-events-calendar-6448\" data-events-count=\"1\">\n\t<ul class=\"simcal-events\">\n\t<li class=\"simcal-event simcal-event-has-location simcal-events-calendar-6448\" style=\"\" itemscope itemtype=\"http:\/\/schema.org\/Event\" data-start=\"1805376600\">\n\t\t<div class=\"simcal-event-details\"><p class=\"gce-list-event event-title\"><span style=\"color: #00acc8\"><em><span class=\"simcal-event-start simcal-event-start-time\" data-event-start=\"1805376600\" data-event-format=\"H:i\" itemprop=\"startDate\" content=\"2027-03-18T14:30:00+01:00\">14:30<\/span> - <span class=\"simcal-event-address simcal-event-start-location\" itemprop=\"location\" itemscope itemtype=\"http:\/\/schema.org\/Place\"><meta itemprop=\"name\" content=\"Nyon \u2013 Salle du Conseil communal, Ferme du Manoir, Rue Maupertuis 1\" \/><meta itemprop=\"address\" content=\"Nyon \u2013 Salle du Conseil communal, Ferme du Manoir, Rue Maupertuis 1\" \/>Nyon \u2013 Salle du Conseil communal, Ferme du Manoir, Rue Maupertuis 1<\/span><\/em><\/span><\/p>\r\n<p class=\"gce-list-event event-title\"><strong><span class=\"simcal-event-title\" itemprop=\"name\">L\u2019importance de faire la lecture aux petits enfants<\/span><\/strong><\/p>\r\n<div class=\"simcal-event-description\" itemprop=\"description\"><p>Pac\u00f4me Baleydier, enseignant, collaborateur HEP Vaud<\/p>\n<\/div>\r\n\r\n&nbsp;\r\n<div><\/div><\/div>\n\t<\/li>\n<\/ul>\n\n<\/dd>\n\t<dt class=\"simcal-day-label\" style=\"border-bottom: 1px solid #00acc8;\" ><span style=\"background-color: #00acc8; color: #ffffff;\"><span class=\"simcal-date-format\" data-date-format=\"j F Y\">15 avril 2027<\/span> <\/span><\/dt>\n<dd class=\"simcal-weekday-4 simcal-past simcal-day simcal-day-has-events simcal-day-has-1-events simcal-events-calendar-6448\" data-events-count=\"1\">\n\t<ul class=\"simcal-events\">\n\t<li class=\"simcal-event simcal-event-has-location simcal-events-calendar-6448\" style=\"\" itemscope itemtype=\"http:\/\/schema.org\/Event\" data-start=\"1807792200\">\n\t\t<div class=\"simcal-event-details\"><p class=\"gce-list-event event-title\"><span style=\"color: #00acc8\"><em><span class=\"simcal-event-start simcal-event-start-time\" data-event-start=\"1807792200\" data-event-format=\"H:i\" itemprop=\"startDate\" content=\"2027-04-15T14:30:00+02:00\">14:30<\/span> - <span class=\"simcal-event-address simcal-event-start-location\" itemprop=\"location\" itemscope itemtype=\"http:\/\/schema.org\/Place\"><meta itemprop=\"name\" content=\"Nyon \u2013 Salle du Conseil communal, Ferme du Manoir, Rue Maupertuis 1\" \/><meta itemprop=\"address\" content=\"Nyon \u2013 Salle du Conseil communal, Ferme du Manoir, Rue Maupertuis 1\" \/>Nyon \u2013 Salle du Conseil communal, Ferme du Manoir, Rue Maupertuis 1<\/span><\/em><\/span><\/p>\r\n<p class=\"gce-list-event event-title\"><strong><span class=\"simcal-event-title\" itemprop=\"name\">Victor Hugo plus fort que les drames de sa vie<\/span><\/strong><\/p>\r\n<div class=\"simcal-event-description\" itemprop=\"description\"><p>Pierre-Henri B\u00e9guin, enseignant retrait\u00e9 de langue et de litt\u00e9rature fran\u00e7aise<\/p>\n<\/div>\r\n\r\n&nbsp;\r\n<div><\/div><\/div>\n\t<\/li>\n<\/ul>\n\n<\/dd>\n<\/dl><div class=\"simcal-ajax-loader simcal-spinner-top\" style=\"display: none;\"><i class=\"simcal-icon-spinner simcal-icon-spin\"><\/i><\/div><\/div><\/div>\n\n\n\n<hr class=\"wp-block-separator has-alpha-channel-opacity is-style-wide\" \/>\n\n\n\n<p class=\"has-text-align-left is-style-default has-white-color has-text-color has-background has-link-color wp-elements-1 wp-block-paragraph\" style=\"background-color:#00acc8;font-size:16px\"><strong><a href=\"https:\/\/wp.unil.ch\/connaissance3\/tarifs-et-conditions\/\">Prix des entr\u00e9es:<\/a>\u00a0 15 fr. | avec adh\u00e9sion: 10 fr. | avec abonnement: entr\u00e9e libre<br>\u00c0 r\u00e9gler sur place. Pas d\u2019inscription.<\/strong><br><br>Entr\u00e9e libre pour les membres de l\u2019Unil, de l\u2019EPFL, de la HEIG-VD et de la HES-La Source ainsi que des autres Universit\u00e9s des seniors, sur pr\u00e9sentation d\u2019une carte de l\u00e9gitimation (<a href=\"https:\/\/wp.unil.ch\/connaissance3\/adherer\/tarifs-et-conditions-generales\/\" data-type=\"link\" data-id=\"https:\/\/wp.unil.ch\/connaissance3\/adherer\/tarifs-et-conditions-generales\/\" target=\"_blank\" rel=\"noreferrer noopener\">voir conditions<\/a>).<\/p>\n","protected":false},"excerpt":{"rendered":"<p>Le comit\u00e9 r\u00e9gional de Connaissance 3 \u2013 Nyon vous propose des conf\u00e9rences \u00e0 Nyon.Adresse des salles, voir: Lieux et acc\u00e8s<\/p>\n","protected":false},"author":1136,"featured_media":0,"parent":8679,"menu_order":0,"comment_status":"closed","ping_status":"closed","template":"","meta":{"_seopress_titles_title":"","_seopress_titles_desc":"","_seopress_robots_index":"","_seopress_robots_follow":"","_seopress_robots_imageindex":"","_seopress_robots_snippet":"","_seopress_robots_primary_cat":"","_seopress_robots_breadcrumbs":"","_seopress_robots_freeze_modified_date":"","_seopress_robots_custom_modified_date":"","_seopress_robots_canonical":"","_seopress_social_fb_title":"","_seopress_social_fb_desc":"","_seopress_social_fb_img":"","_seopress_social_fb_img_attachment_id":0,"_seopress_social_fb_img_width":0,"_seopress_social_fb_img_height":0,"_seopress_social_twitter_title":"","_seopress_social_twitter_desc":"","_seopress_social_twitter_img":"","_seopress_social_twitter_img_attachment_id":0,"_seopress_social_twitter_img_width":0,"_seopress_social_twitter_img_height":0,"_seopress_redirections_value":"","_seopress_redirections_enabled":"","_seopress_redirections_enabled_regex":"","_seopress_redirections_logged_status":"","_seopress_redirections_param":"","_seopress_redirections_type":0,"_seopress_analysis_target_kw":"","_seopress_news_disabled":"","_seopress_video_disabled":"","_seopress_video":[],"_seopress_pro_schemas_manual":[],"_seopress_pro_rich_snippets_disable_all":"","_seopress_pro_rich_snippets_disable":[],"_seopress_pro_schemas":[],"footnotes":""},"class_list":["post-6449","page","type-page","status-publish"],"_links":{"self":[{"href":"https:\/\/wp.unil.ch\/connaissance3\/wp-json\/wp\/v2\/pages\/6449","targetHints":{"allow":["GET"]}}],"collection":[{"href":"https:\/\/wp.unil.ch\/connaissance3\/wp-json\/wp\/v2\/pages"}],"about":[{"href":"https:\/\/wp.unil.ch\/connaissance3\/wp-json\/wp\/v2\/types\/page"}],"author":[{"embeddable":true,"href":"https:\/\/wp.unil.ch\/connaissance3\/wp-json\/wp\/v2\/users\/1136"}],"replies":[{"embeddable":true,"href":"https:\/\/wp.unil.ch\/connaissance3\/wp-json\/wp\/v2\/comments?post=6449"}],"version-history":[{"count":5,"href":"https:\/\/wp.unil.ch\/connaissance3\/wp-json\/wp\/v2\/pages\/6449\/revisions"}],"predecessor-version":[{"id":30550,"href":"https:\/\/wp.unil.ch\/connaissance3\/wp-json\/wp\/v2\/pages\/6449\/revisions\/30550"}],"up":[{"embeddable":true,"href":"https:\/\/wp.unil.ch\/connaissance3\/wp-json\/wp\/v2\/pages\/8679"}],"wp:attachment":[{"href":"https:\/\/wp.unil.ch\/connaissance3\/wp-json\/wp\/v2\/media?parent=6449"}],"curies":[{"name":"wp","href":"https:\/\/api.w.org\/{rel}","templated":true}]}}