{"id":3528,"date":"2014-08-11T13:46:53","date_gmt":"2014-08-11T11:46:53","guid":{"rendered":"http:\/\/wp.unil.ch\/connaissance3\/?page_id=3528"},"modified":"2026-08-25T08:18:35","modified_gmt":"2026-08-25T06:18:35","slug":"visites-culturelles","status":"publish","type":"page","link":"https:\/\/wp.unil.ch\/connaissance3\/visites-culturelles\/","title":{"rendered":"Visites culturelles"},"content":{"rendered":"\n<h2 id=\"apprendre-sur-le-terrain-en-compagnie-d-experts\" class=\"wp-block-heading\">Apprendre sur le terrain en compagnie d&rsquo;expert\u00b7es<\/h2>\n\n\n\n<p class=\"wp-block-paragraph\">Nos visites s\u2019attachent en priorit\u00e9 \u00e0 faire d\u00e9couvrir aux participant\u00b7es des lieux et des activit\u00e9s auxquels peu de personnes peuvent acc\u00e9der individuellement. En compagnie d\u2019experts et expertes averties, les participant\u00b7es d\u00e9couvriront les fleurons scientifiques, culturels et \u00e9conomique de la Suisse: instituts de recherches, entreprises, industries, th\u00e9\u00e2tres ou mus\u00e9es. Connaissance 3 collabore \u00e9galement avec le magazine G\u00e9n\u00e9rations pour la mise en place de voyages.<\/p>\n\n\n\n<figure class=\"wp-block-pullquote is-style-default has-border-color has-white-color has-text-color\" style=\"border-color:#00aece\"><blockquote><p>Le nombre de participant\u00b7es aux visites est limit\u00e9, <a href=\"https:\/\/wp.unil.ch\/connaissance3\/visites-culturelles\/inscriptions\/\" data-type=\"URL\" data-id=\"https:\/\/wp.unil.ch\/connaissance3\/visites-culturelles\/inscriptions\/\" target=\"_blank\" rel=\"noreferrer noopener\">inscrivez-vous<\/a> au plus vite!<br><br>Paiement \u00e0 r\u00e9ception de la facture. Les d\u00e9sistements sans raison m\u00e9dicale engendrent des frais. Lire nos <a href=\"https:\/\/wp.unil.ch\/connaissance3\/adherer\/tarifs-et-conditions-generales\/#conditions\" target=\"_blank\" rel=\"noreferrer noopener\">conditions g\u00e9n\u00e9rales et d&rsquo;annulation<\/a>.<\/p><\/blockquote><\/figure>\n\n\n\n<hr class=\"wp-block-separator has-css-opacity is-style-wide\" \/>\n\n\n\n<h2 class=\"wp-block-heading\"><mark style=\"background-color:#ffffff;color:#00acc8\" class=\"has-inline-color\">Programme Automne\/hiver 2026-2027<\/mark><\/h2>\n\n\n\n<h2 class=\"wp-block-heading\"><br><\/h2>\n\n\n\n\n<div class=\"su-posts su-posts-default-loop \">\n\n\t\n\t\t\t\t\t\n\t\t\t\n\t\t\t<div id=\"su-post-32116\" class=\"su-post \">\n\n\t\t\t\t\t\t\t\t\t<a class=\"su-post-thumbnail\" href=\"https:\/\/wp.unil.ch\/connaissance3\/2026\/07\/roche-le-musee-suisse-de-lorgue\/\"><img loading=\"lazy\" decoding=\"async\" width=\"1080\" height=\"1080\" src=\"https:\/\/wp.unil.ch\/connaissance3\/files\/2026\/07\/1.-orgue.jpg\" class=\"attachment-post-thumbnail size-post-thumbnail wp-post-image\" alt=\"1. orgue\" srcset=\"https:\/\/wp.unil.ch\/connaissance3\/files\/2026\/07\/1.-orgue.jpg 1080w, https:\/\/wp.unil.ch\/connaissance3\/files\/2026\/07\/1.-orgue-300x300.jpg 300w, https:\/\/wp.unil.ch\/connaissance3\/files\/2026\/07\/1.-orgue-1024x1024.jpg 1024w, https:\/\/wp.unil.ch\/connaissance3\/files\/2026\/07\/1.-orgue-180x180.jpg 180w, https:\/\/wp.unil.ch\/connaissance3\/files\/2026\/07\/1.-orgue-768x768.jpg 768w, https:\/\/wp.unil.ch\/connaissance3\/files\/2026\/07\/1.-orgue-230x230.jpg 230w, https:\/\/wp.unil.ch\/connaissance3\/files\/2026\/07\/1.-orgue-365x365.jpg 365w\" sizes=\"auto, (max-width: 1080px) 100vw, 1080px\" \/><\/a>\n\t\t\t\t\n\t\t\t\t<h2 class=\"su-post-title\"><a href=\"https:\/\/wp.unil.ch\/connaissance3\/2026\/07\/roche-le-musee-suisse-de-lorgue\/\">Roche, le Mus\u00e9e suisse de l&rsquo;orgue<\/a><\/h2>\n\n\t\t\t\t<div class=\"su-post-meta\">\n\t\t\t\t\tPosted: 25 juillet 2026\t\t\t\t<\/div>\n\n\t\t\t\t<div class=\"su-post-excerpt\">\n\t\t\t\t\t<p>Cette visite vous fera d\u00e9couvrir vingt-trois si\u00e8cles d&rsquo;histoire et de technique de la musique au Mus\u00e9e suisse de l&rsquo;orgue, install\u00e9 dans une ancienne grange du XVe si\u00e8cle, avec des tr\u00e9sors tels que l&rsquo;hydraule et le grand orgue Tschanun. La visite se terminera par un petit ap\u00e9ritif servi dans le mus\u00e9e.<br \/>\nJeudi 17 septembre 2026<\/p>\n\t\t\t\t<\/div>\n\n\t\t\t\t\n\t\t\t<\/div>\n\n\t\t\t\t\t\n\t\t\t\n\t\t\t<div id=\"su-post-32119\" class=\"su-post \">\n\n\t\t\t\t\t\t\t\t\t<a class=\"su-post-thumbnail\" href=\"https:\/\/wp.unil.ch\/connaissance3\/2026\/07\/aigle-son-histoire-ses-cornichons\/\"><img loading=\"lazy\" decoding=\"async\" width=\"1080\" height=\"1080\" src=\"https:\/\/wp.unil.ch\/connaissance3\/files\/2026\/07\/2.-aigle.jpg\" class=\"attachment-post-thumbnail size-post-thumbnail wp-post-image\" alt=\"2. aigle\" srcset=\"https:\/\/wp.unil.ch\/connaissance3\/files\/2026\/07\/2.-aigle.jpg 1080w, https:\/\/wp.unil.ch\/connaissance3\/files\/2026\/07\/2.-aigle-300x300.jpg 300w, https:\/\/wp.unil.ch\/connaissance3\/files\/2026\/07\/2.-aigle-1024x1024.jpg 1024w, https:\/\/wp.unil.ch\/connaissance3\/files\/2026\/07\/2.-aigle-180x180.jpg 180w, https:\/\/wp.unil.ch\/connaissance3\/files\/2026\/07\/2.-aigle-768x768.jpg 768w, https:\/\/wp.unil.ch\/connaissance3\/files\/2026\/07\/2.-aigle-230x230.jpg 230w, https:\/\/wp.unil.ch\/connaissance3\/files\/2026\/07\/2.-aigle-365x365.jpg 365w\" sizes=\"auto, (max-width: 1080px) 100vw, 1080px\" \/><\/a>\n\t\t\t\t\n\t\t\t\t<h2 class=\"su-post-title\"><a href=\"https:\/\/wp.unil.ch\/connaissance3\/2026\/07\/aigle-son-histoire-ses-cornichons\/\">Aigle: son histoire, ses cornichons<\/a><\/h2>\n\n\t\t\t\t<div class=\"su-post-meta\">\n\t\t\t\t\tPosted: 25 juillet 2026\t\t\t\t<\/div>\n\n\t\t\t\t<div class=\"su-post-excerpt\">\n\t\t\t\t\t<p>Rendez-vous \u00e0 la fabrique Hugo Reitzel, sp\u00e9cialiste suisse des l\u00e9gumes au vinaigre depuis 1909 et indissociable de l\u2019histoire d\u2019Aigle. Apr\u00e8s le repas de midi, la visite se poursuivra \u00e0 pied \u00e0 travers le centre historique de la ville jusqu&rsquo;aux abords de son ch\u00e2teau entour\u00e9 de vignes.<br \/>\nMardi 29 septembre 2026<\/p>\n\t\t\t\t<\/div>\n\n\t\t\t\t\n\t\t\t<\/div>\n\n\t\t\t\t\t\n\t\t\t\n\t\t\t<div id=\"su-post-32122\" class=\"su-post \">\n\n\t\t\t\t\t\t\t\t\t<a class=\"su-post-thumbnail\" href=\"https:\/\/wp.unil.ch\/connaissance3\/2026\/07\/alpiq-un-acteur-cle-de-lenergie\/\"><img loading=\"lazy\" decoding=\"async\" width=\"1080\" height=\"1080\" src=\"https:\/\/wp.unil.ch\/connaissance3\/files\/2026\/07\/3.-alpiq.jpg\" class=\"attachment-post-thumbnail size-post-thumbnail wp-post-image\" alt=\"3. alpiq\" srcset=\"https:\/\/wp.unil.ch\/connaissance3\/files\/2026\/07\/3.-alpiq.jpg 1080w, https:\/\/wp.unil.ch\/connaissance3\/files\/2026\/07\/3.-alpiq-300x300.jpg 300w, https:\/\/wp.unil.ch\/connaissance3\/files\/2026\/07\/3.-alpiq-1024x1024.jpg 1024w, https:\/\/wp.unil.ch\/connaissance3\/files\/2026\/07\/3.-alpiq-180x180.jpg 180w, https:\/\/wp.unil.ch\/connaissance3\/files\/2026\/07\/3.-alpiq-768x768.jpg 768w, https:\/\/wp.unil.ch\/connaissance3\/files\/2026\/07\/3.-alpiq-230x230.jpg 230w, https:\/\/wp.unil.ch\/connaissance3\/files\/2026\/07\/3.-alpiq-365x365.jpg 365w\" sizes=\"auto, (max-width: 1080px) 100vw, 1080px\" \/><\/a>\n\t\t\t\t\n\t\t\t\t<h2 class=\"su-post-title\"><a href=\"https:\/\/wp.unil.ch\/connaissance3\/2026\/07\/alpiq-un-acteur-cle-de-lenergie\/\">Alpiq, un acteur-cl\u00e9 de l&rsquo;\u00e9nergie<\/a><\/h2>\n\n\t\t\t\t<div class=\"su-post-meta\">\n\t\t\t\t\tPosted: 25 juillet 2026\t\t\t\t<\/div>\n\n\t\t\t\t<div class=\"su-post-excerpt\">\n\t\t\t\t\t<p>D\u00e9couvrez Alpiq, deuxi\u00e8me producteur d&rsquo;\u00e9lectricit\u00e9 de Suisse, \u00e0 travers une pr\u00e9sentation du groupe puis de son Centre d&rsquo;exploitation et de gestion de la production, reposant sur un mix \u00e9nerg\u00e9tique diversifi\u00e9. Ses projets de revitalisation des cours d\u2019eau et de pr\u00e9servation de la biodiversit\u00e9 vous seront \u00e9galement pr\u00e9sent\u00e9s.<br \/>\nJeudi 8 octobre 2026 | COMPLET<\/p>\n\t\t\t\t<\/div>\n\n\t\t\t\t\n\t\t\t<\/div>\n\n\t\t\t\t\t\n\t\t\t\n\t\t\t<div id=\"su-post-32125\" class=\"su-post \">\n\n\t\t\t\t\t\t\t\t\t<a class=\"su-post-thumbnail\" href=\"https:\/\/wp.unil.ch\/connaissance3\/2026\/07\/une-immersion-au-coeur-des-sciences-du-sport\/\"><img loading=\"lazy\" decoding=\"async\" width=\"1080\" height=\"1080\" src=\"https:\/\/wp.unil.ch\/connaissance3\/files\/2026\/07\/4.-issul.jpg\" class=\"attachment-post-thumbnail size-post-thumbnail wp-post-image\" alt=\"4. issul\" srcset=\"https:\/\/wp.unil.ch\/connaissance3\/files\/2026\/07\/4.-issul.jpg 1080w, https:\/\/wp.unil.ch\/connaissance3\/files\/2026\/07\/4.-issul-300x300.jpg 300w, https:\/\/wp.unil.ch\/connaissance3\/files\/2026\/07\/4.-issul-1024x1024.jpg 1024w, https:\/\/wp.unil.ch\/connaissance3\/files\/2026\/07\/4.-issul-180x180.jpg 180w, https:\/\/wp.unil.ch\/connaissance3\/files\/2026\/07\/4.-issul-768x768.jpg 768w, https:\/\/wp.unil.ch\/connaissance3\/files\/2026\/07\/4.-issul-230x230.jpg 230w, https:\/\/wp.unil.ch\/connaissance3\/files\/2026\/07\/4.-issul-365x365.jpg 365w\" sizes=\"auto, (max-width: 1080px) 100vw, 1080px\" \/><\/a>\n\t\t\t\t\n\t\t\t\t<h2 class=\"su-post-title\"><a href=\"https:\/\/wp.unil.ch\/connaissance3\/2026\/07\/une-immersion-au-coeur-des-sciences-du-sport\/\">Une immersion au c\u0153ur des sciences du sport<\/a><\/h2>\n\n\t\t\t\t<div class=\"su-post-meta\">\n\t\t\t\t\tPosted: 25 juillet 2026\t\t\t\t<\/div>\n\n\t\t\t\t<div class=\"su-post-excerpt\">\n\t\t\t\t\t<p>Cette visite de l&rsquo;Institut des sciences du sport de l\u2019Unil vous fera d\u00e9couvrir la richesse de ses formations et recherches, ainsi que les laboratoires du Synathlon et du Centre Sport Sant\u00e9 \u00e0 travers des ateliers actifs sur la fonction neuromusculaire et la biom\u00e9canique. L\u2019apr\u00e8s-midi se terminera par un moment convivial autour d\u2019un verre de l\u2019amiti\u00e9.<br \/>\nJeudi 15 octobre 2026<\/p>\n\t\t\t\t<\/div>\n\n\t\t\t\t\n\t\t\t<\/div>\n\n\t\t\t\t\t\n\t\t\t\n\t\t\t<div id=\"su-post-32129\" class=\"su-post \">\n\n\t\t\t\t\t\t\t\t\t<a class=\"su-post-thumbnail\" href=\"https:\/\/wp.unil.ch\/connaissance3\/2026\/07\/de-la-ville-romaine-a-lart-moderne\/\"><img loading=\"lazy\" decoding=\"async\" width=\"1080\" height=\"1080\" src=\"https:\/\/wp.unil.ch\/connaissance3\/files\/2026\/07\/5.-martigny.jpg\" class=\"attachment-post-thumbnail size-post-thumbnail wp-post-image\" alt=\"5. martigny\" srcset=\"https:\/\/wp.unil.ch\/connaissance3\/files\/2026\/07\/5.-martigny.jpg 1080w, https:\/\/wp.unil.ch\/connaissance3\/files\/2026\/07\/5.-martigny-300x300.jpg 300w, https:\/\/wp.unil.ch\/connaissance3\/files\/2026\/07\/5.-martigny-1024x1024.jpg 1024w, https:\/\/wp.unil.ch\/connaissance3\/files\/2026\/07\/5.-martigny-180x180.jpg 180w, https:\/\/wp.unil.ch\/connaissance3\/files\/2026\/07\/5.-martigny-768x768.jpg 768w, https:\/\/wp.unil.ch\/connaissance3\/files\/2026\/07\/5.-martigny-230x230.jpg 230w, https:\/\/wp.unil.ch\/connaissance3\/files\/2026\/07\/5.-martigny-365x365.jpg 365w\" sizes=\"auto, (max-width: 1080px) 100vw, 1080px\" \/><\/a>\n\t\t\t\t\n\t\t\t\t<h2 class=\"su-post-title\"><a href=\"https:\/\/wp.unil.ch\/connaissance3\/2026\/07\/de-la-ville-romaine-a-lart-moderne\/\">De la ville romaine \u00e0 l&rsquo;art moderne<\/a><\/h2>\n\n\t\t\t\t<div class=\"su-post-meta\">\n\t\t\t\t\tPosted: 25 juillet 2026\t\t\t\t<\/div>\n\n\t\t\t\t<div class=\"su-post-excerpt\">\n\t\t\t\t\t<p>Un voyage dans le temps \u00e0 Martigny vous m\u00e8nera de la Fondation Gianadda aux vestiges romains, puis \u00e0 la d\u00e9couverte de trois vitraux modernes exceptionnels, dont ceux de Hans Erni. Le trajet se fera en petit train touristique privatis\u00e9 pour l&rsquo;occasion.<br \/>\nJeudi 22 octobre 2026 | Complet, liste d&rsquo;attente<\/p>\n\t\t\t\t<\/div>\n\n\t\t\t\t\n\t\t\t<\/div>\n\n\t\t\t\t\t\n\t\t\t\n\t\t\t<div id=\"su-post-32132\" class=\"su-post \">\n\n\t\t\t\t\t\t\t\t\t<a class=\"su-post-thumbnail\" href=\"https:\/\/wp.unil.ch\/connaissance3\/2026\/07\/chateau-de-morges-espionnage-et-resistance-en-suisse-et-en-europe\/\"><img loading=\"lazy\" decoding=\"async\" width=\"1080\" height=\"1080\" src=\"https:\/\/wp.unil.ch\/connaissance3\/files\/2026\/07\/6.-morges.jpg\" class=\"attachment-post-thumbnail size-post-thumbnail wp-post-image\" alt=\"6. morges\" srcset=\"https:\/\/wp.unil.ch\/connaissance3\/files\/2026\/07\/6.-morges.jpg 1080w, https:\/\/wp.unil.ch\/connaissance3\/files\/2026\/07\/6.-morges-300x300.jpg 300w, https:\/\/wp.unil.ch\/connaissance3\/files\/2026\/07\/6.-morges-1024x1024.jpg 1024w, https:\/\/wp.unil.ch\/connaissance3\/files\/2026\/07\/6.-morges-180x180.jpg 180w, https:\/\/wp.unil.ch\/connaissance3\/files\/2026\/07\/6.-morges-768x768.jpg 768w, https:\/\/wp.unil.ch\/connaissance3\/files\/2026\/07\/6.-morges-230x230.jpg 230w, https:\/\/wp.unil.ch\/connaissance3\/files\/2026\/07\/6.-morges-365x365.jpg 365w\" sizes=\"auto, (max-width: 1080px) 100vw, 1080px\" \/><\/a>\n\t\t\t\t\n\t\t\t\t<h2 class=\"su-post-title\"><a href=\"https:\/\/wp.unil.ch\/connaissance3\/2026\/07\/chateau-de-morges-espionnage-et-resistance-en-suisse-et-en-europe\/\">Ch\u00e2teau de Morges: espionnage et r\u00e9sistance en Suisse et en Europe<\/a><\/h2>\n\n\t\t\t\t<div class=\"su-post-meta\">\n\t\t\t\t\tPosted: 25 juillet 2026\t\t\t\t<\/div>\n\n\t\t\t\t<div class=\"su-post-excerpt\">\n\t\t\t\t\t<p>En compagnie d\u2019Ad\u00e9la\u00efde Zeyer, directrice du ch\u00e2teau de Morges et de ses mus\u00e9es, d\u00e9couvrez l\u2019exposition \u00ab\u00a0Top secret \u2013 Espionnage et r\u00e9sistance en Suisse et en Europe 1939-1945\u00a0\u00bb, consacr\u00e9e aux liens complexes entre services de renseignements suisses, alli\u00e9s et mouvements de r\u00e9sistance \u00e0 travers l\u2019Europe.<br \/>\nMardi 10 novembre 2026<\/p>\n\t\t\t\t<\/div>\n\n\t\t\t\t\n\t\t\t<\/div>\n\n\t\t\t\t\t\n\t\t\t\n\t\t\t<div id=\"su-post-32135\" class=\"su-post \">\n\n\t\t\t\t\t\t\t\t\t<a class=\"su-post-thumbnail\" href=\"https:\/\/wp.unil.ch\/connaissance3\/2026\/07\/lhopital-de-cery-un-miroir-des-transformations-de-la-psychiatrie\/\"><img loading=\"lazy\" decoding=\"async\" width=\"1080\" height=\"1080\" src=\"https:\/\/wp.unil.ch\/connaissance3\/files\/2026\/07\/7.hopital-cery.jpg\" class=\"attachment-post-thumbnail size-post-thumbnail wp-post-image\" alt=\"7.h\u00f4pital cery\" srcset=\"https:\/\/wp.unil.ch\/connaissance3\/files\/2026\/07\/7.hopital-cery.jpg 1080w, https:\/\/wp.unil.ch\/connaissance3\/files\/2026\/07\/7.hopital-cery-300x300.jpg 300w, https:\/\/wp.unil.ch\/connaissance3\/files\/2026\/07\/7.hopital-cery-1024x1024.jpg 1024w, https:\/\/wp.unil.ch\/connaissance3\/files\/2026\/07\/7.hopital-cery-180x180.jpg 180w, https:\/\/wp.unil.ch\/connaissance3\/files\/2026\/07\/7.hopital-cery-768x768.jpg 768w, https:\/\/wp.unil.ch\/connaissance3\/files\/2026\/07\/7.hopital-cery-230x230.jpg 230w, https:\/\/wp.unil.ch\/connaissance3\/files\/2026\/07\/7.hopital-cery-365x365.jpg 365w\" sizes=\"auto, (max-width: 1080px) 100vw, 1080px\" \/><\/a>\n\t\t\t\t\n\t\t\t\t<h2 class=\"su-post-title\"><a href=\"https:\/\/wp.unil.ch\/connaissance3\/2026\/07\/lhopital-de-cery-un-miroir-des-transformations-de-la-psychiatrie\/\">L&rsquo;h\u00f4pital de Cery: un miroir des transformations de la psychiatrie<\/a><\/h2>\n\n\t\t\t\t<div class=\"su-post-meta\">\n\t\t\t\t\tPosted: 25 juillet 2026\t\t\t\t<\/div>\n\n\t\t\t\t<div class=\"su-post-excerpt\">\n\t\t\t\t\t<p>Guid\u00e9 par Philippe Conus, chef du Service de psychiatrie g\u00e9n\u00e9rale du CHUV, d\u00e9couvrez l&rsquo;\u00e9volution de l&rsquo;h\u00f4pital de Cery, de l&rsquo;ancien mod\u00e8le asilaire aux infrastructures r\u00e9centes, int\u00e9gr\u00e9es dans un vaste r\u00e9seau de soins ouvert sur la communaut\u00e9. Les d\u00e9fis actuels du domaine ainsi que certains projets de recherche innovants vous seront \u00e9galement pr\u00e9sent\u00e9s.<br \/>\nMardi 17 novembre 2026<\/p>\n\t\t\t\t<\/div>\n\n\t\t\t\t\n\t\t\t<\/div>\n\n\t\t\t\t\t\n\t\t\t\n\t\t\t<div id=\"su-post-32138\" class=\"su-post \">\n\n\t\t\t\t\t\t\t\t\t<a class=\"su-post-thumbnail\" href=\"https:\/\/wp.unil.ch\/connaissance3\/2026\/07\/archeologie-vaudoise-remonter-le-temps-de-2026-a-1798\/\"><img loading=\"lazy\" decoding=\"async\" width=\"1080\" height=\"1080\" src=\"https:\/\/wp.unil.ch\/connaissance3\/files\/2026\/07\/8.-archeo.jpg\" class=\"attachment-post-thumbnail size-post-thumbnail wp-post-image\" alt=\"8. arch\u00e9o\" srcset=\"https:\/\/wp.unil.ch\/connaissance3\/files\/2026\/07\/8.-archeo.jpg 1080w, https:\/\/wp.unil.ch\/connaissance3\/files\/2026\/07\/8.-archeo-300x300.jpg 300w, https:\/\/wp.unil.ch\/connaissance3\/files\/2026\/07\/8.-archeo-1024x1024.jpg 1024w, https:\/\/wp.unil.ch\/connaissance3\/files\/2026\/07\/8.-archeo-180x180.jpg 180w, https:\/\/wp.unil.ch\/connaissance3\/files\/2026\/07\/8.-archeo-768x768.jpg 768w, https:\/\/wp.unil.ch\/connaissance3\/files\/2026\/07\/8.-archeo-230x230.jpg 230w, https:\/\/wp.unil.ch\/connaissance3\/files\/2026\/07\/8.-archeo-365x365.jpg 365w\" sizes=\"auto, (max-width: 1080px) 100vw, 1080px\" \/><\/a>\n\t\t\t\t\n\t\t\t\t<h2 class=\"su-post-title\"><a href=\"https:\/\/wp.unil.ch\/connaissance3\/2026\/07\/archeologie-vaudoise-remonter-le-temps-de-2026-a-1798\/\">Arch\u00e9ologie vaudoise, remonter le temps de 2026 \u00e0 1798<\/a><\/h2>\n\n\t\t\t\t<div class=\"su-post-meta\">\n\t\t\t\t\tPosted: 25 juillet 2026\t\t\t\t<\/div>\n\n\t\t\t\t<div class=\"su-post-excerpt\">\n\t\t\t\t\t<p>Cette visite guid\u00e9e explorera l&rsquo;exposition \u00ab\u00a0Destination arch\u00e9ologie\u00a0\u00bb, qui remonte le temps des premi\u00e8res d\u00e9couvertes arch\u00e9ologiques sur sol vaudois jusqu&rsquo;\u00e0 l&rsquo;\u00e9volution des sciences qui les ont interpr\u00e9t\u00e9es, si\u00e8cle apr\u00e8s si\u00e8cle, sous la conduite de Lionel Pernet, arch\u00e9ologue et directeur du mus\u00e9e.<br \/>\nMardi 24 novembre 2026<\/p>\n\t\t\t\t<\/div>\n\n\t\t\t\t\n\t\t\t<\/div>\n\n\t\t\t\t\t\n\t\t\t\n\t\t\t<div id=\"su-post-32141\" class=\"su-post \">\n\n\t\t\t\t\t\t\t\t\t<a class=\"su-post-thumbnail\" href=\"https:\/\/wp.unil.ch\/connaissance3\/2026\/07\/de-lopera-aux-percussions-la-musique-sous-differentes-coutures\/\"><img loading=\"lazy\" decoding=\"async\" width=\"1080\" height=\"1080\" src=\"https:\/\/wp.unil.ch\/connaissance3\/files\/2026\/07\/9.-opera.jpg\" class=\"attachment-post-thumbnail size-post-thumbnail wp-post-image\" alt=\"9. op\u00e9ra\" srcset=\"https:\/\/wp.unil.ch\/connaissance3\/files\/2026\/07\/9.-opera.jpg 1080w, https:\/\/wp.unil.ch\/connaissance3\/files\/2026\/07\/9.-opera-300x300.jpg 300w, https:\/\/wp.unil.ch\/connaissance3\/files\/2026\/07\/9.-opera-1024x1024.jpg 1024w, https:\/\/wp.unil.ch\/connaissance3\/files\/2026\/07\/9.-opera-180x180.jpg 180w, https:\/\/wp.unil.ch\/connaissance3\/files\/2026\/07\/9.-opera-768x768.jpg 768w, https:\/\/wp.unil.ch\/connaissance3\/files\/2026\/07\/9.-opera-230x230.jpg 230w, https:\/\/wp.unil.ch\/connaissance3\/files\/2026\/07\/9.-opera-365x365.jpg 365w\" sizes=\"auto, (max-width: 1080px) 100vw, 1080px\" \/><\/a>\n\t\t\t\t\n\t\t\t\t<h2 class=\"su-post-title\"><a href=\"https:\/\/wp.unil.ch\/connaissance3\/2026\/07\/de-lopera-aux-percussions-la-musique-sous-differentes-coutures\/\">De l&rsquo;op\u00e9ra aux percussions, la musique sous diff\u00e9rentes coutures<\/a><\/h2>\n\n\t\t\t\t<div class=\"su-post-meta\">\n\t\t\t\t\tPosted: 25 juillet 2026\t\t\t\t<\/div>\n\n\t\t\t\t<div class=\"su-post-excerpt\">\n\t\t\t\t\t<p>Durant une apr\u00e8s-midi, d\u00e9couvrez l&rsquo;atelier des d\u00e9cors de l&rsquo;Op\u00e9ra de Lausanne o\u00f9 sont \u00e9labor\u00e9s tous les accessoires et costumes que l\u2019on retrouve ensuite sur sc\u00e8ne. Apr\u00e8s un caf\u00e9, la visite vous emm\u00e8nera \u00e0 l&rsquo;\u00c9cole de musique d&rsquo;\u00c9palinges pour d\u00e9couvrir le monde m\u00e9connu des percussions, instruments rarement mis en lumi\u00e8re mais pourtant essentiels.<br \/>\nJeudi 28 janvier 2027<\/p>\n\t\t\t\t<\/div>\n\n\t\t\t\t\n\t\t\t<\/div>\n\n\t\t\t\t\t\n\t\t\t\n\t\t\t<div id=\"su-post-32263\" class=\"su-post \">\n\n\t\t\t\t\t\t\t\t\t<a class=\"su-post-thumbnail\" href=\"https:\/\/wp.unil.ch\/connaissance3\/2026\/07\/voyage-musical-a-vienne\/\"><img loading=\"lazy\" decoding=\"async\" width=\"1080\" height=\"1080\" src=\"https:\/\/wp.unil.ch\/connaissance3\/files\/2026\/07\/10.voyage-musical.jpg\" class=\"attachment-post-thumbnail size-post-thumbnail wp-post-image\" alt=\"10.voyage musical\" srcset=\"https:\/\/wp.unil.ch\/connaissance3\/files\/2026\/07\/10.voyage-musical.jpg 1080w, https:\/\/wp.unil.ch\/connaissance3\/files\/2026\/07\/10.voyage-musical-300x300.jpg 300w, https:\/\/wp.unil.ch\/connaissance3\/files\/2026\/07\/10.voyage-musical-1024x1024.jpg 1024w, https:\/\/wp.unil.ch\/connaissance3\/files\/2026\/07\/10.voyage-musical-180x180.jpg 180w, https:\/\/wp.unil.ch\/connaissance3\/files\/2026\/07\/10.voyage-musical-768x768.jpg 768w, https:\/\/wp.unil.ch\/connaissance3\/files\/2026\/07\/10.voyage-musical-230x230.jpg 230w, https:\/\/wp.unil.ch\/connaissance3\/files\/2026\/07\/10.voyage-musical-365x365.jpg 365w\" sizes=\"auto, (max-width: 1080px) 100vw, 1080px\" \/><\/a>\n\t\t\t\t\n\t\t\t\t<h2 class=\"su-post-title\"><a href=\"https:\/\/wp.unil.ch\/connaissance3\/2026\/07\/voyage-musical-a-vienne\/\">Voyage musical \u00e0 Vienne<\/a><\/h2>\n\n\t\t\t\t<div class=\"su-post-meta\">\n\t\t\t\t\tPosted: 25 juillet 2026\t\t\t\t<\/div>\n\n\t\t\t\t<div class=\"su-post-excerpt\">\n\t\t\t\t\t<p>En compagnie de Jean-Marc Grob, musicien retrait\u00e9, vous pourrez d\u00e9couvrir (ou red\u00e9couvrir) Vienne, capitale musicale par excellence: concert symphonique au Konzerthaus, op\u00e9ra Madama Butterfly, visite des collections du Kunsthistorisches Museum et du ch\u00e2teau de Sch\u00f6nbrunn seront au programme de ce voyage.<br \/>\nDu vendredi 13 au mardi 17 novembre 2026<\/p>\n\t\t\t\t<\/div>\n\n\t\t\t\t\n\t\t\t<\/div>\n\n\t\t\n\t\n<\/div>\n\n\n\n\n<div style=\"height:41px\" aria-hidden=\"true\" class=\"wp-block-spacer\"><\/div>\n","protected":false},"excerpt":{"rendered":"<p>Apprendre sur le terrain en compagnie d&rsquo;expert\u00b7es Nos visites s\u2019attachent en priorit\u00e9 \u00e0 faire d\u00e9couvrir aux participant\u00b7es des lieux et des activit\u00e9s auxquels peu de personnes peuvent acc\u00e9der individuellement. En compagnie d\u2019experts et expertes averties, les participant\u00b7es d\u00e9couvriront les fleurons<\/p>\n","protected":false},"author":1136,"featured_media":27206,"parent":0,"menu_order":0,"comment_status":"closed","ping_status":"closed","template":"","meta":{"_seopress_titles_title":"","_seopress_titles_desc":"","_seopress_robots_index":"","_seopress_robots_follow":"","_seopress_robots_imageindex":"","_seopress_robots_snippet":"","_seopress_robots_primary_cat":"","_seopress_robots_breadcrumbs":"","_seopress_robots_freeze_modified_date":"","_seopress_robots_custom_modified_date":"","_seopress_robots_canonical":"","_seopress_social_fb_title":"","_seopress_social_fb_desc":"","_seopress_social_fb_img":"","_seopress_social_fb_img_attachment_id":0,"_seopress_social_fb_img_width":0,"_seopress_social_fb_img_height":0,"_seopress_social_twitter_title":"","_seopress_social_twitter_desc":"","_seopress_social_twitter_img":"","_seopress_social_twitter_img_attachment_id":0,"_seopress_social_twitter_img_width":0,"_seopress_social_twitter_img_height":0,"_seopress_redirections_value":"","_seopress_redirections_enabled":"","_seopress_redirections_enabled_regex":"","_seopress_redirections_logged_status":"","_seopress_redirections_param":"","_seopress_redirections_type":0,"_seopress_analysis_target_kw":"","_seopress_news_disabled":"","_seopress_video_disabled":"","_seopress_video":[],"_seopress_pro_schemas_manual":[],"_seopress_pro_rich_snippets_disable_all":"","_seopress_pro_rich_snippets_disable":[],"_seopress_pro_schemas":[],"footnotes":""},"class_list":["post-3528","page","type-page","status-publish","has-post-thumbnail"],"_links":{"self":[{"href":"https:\/\/wp.unil.ch\/connaissance3\/wp-json\/wp\/v2\/pages\/3528","targetHints":{"allow":["GET"]}}],"collection":[{"href":"https:\/\/wp.unil.ch\/connaissance3\/wp-json\/wp\/v2\/pages"}],"about":[{"href":"https:\/\/wp.unil.ch\/connaissance3\/wp-json\/wp\/v2\/types\/page"}],"author":[{"embeddable":true,"href":"https:\/\/wp.unil.ch\/connaissance3\/wp-json\/wp\/v2\/users\/1136"}],"replies":[{"embeddable":true,"href":"https:\/\/wp.unil.ch\/connaissance3\/wp-json\/wp\/v2\/comments?post=3528"}],"version-history":[{"count":4,"href":"https:\/\/wp.unil.ch\/connaissance3\/wp-json\/wp\/v2\/pages\/3528\/revisions"}],"predecessor-version":[{"id":32365,"href":"https:\/\/wp.unil.ch\/connaissance3\/wp-json\/wp\/v2\/pages\/3528\/revisions\/32365"}],"wp:featuredmedia":[{"embeddable":true,"href":"https:\/\/wp.unil.ch\/connaissance3\/wp-json\/wp\/v2\/media\/27206"}],"wp:attachment":[{"href":"https:\/\/wp.unil.ch\/connaissance3\/wp-json\/wp\/v2\/media?parent=3528"}],"curies":[{"name":"wp","href":"https:\/\/api.w.org\/{rel}","templated":true}]}}