{"id":6,"date":"2017-10-11T10:32:19","date_gmt":"2017-10-11T08:32:19","guid":{"rendered":"http:\/\/wp.unil.ch\/colesfran\/?page_id=6"},"modified":"2020-09-17T10:23:06","modified_gmt":"2020-09-17T08:23:06","slug":"home","status":"publish","type":"page","link":"https:\/\/wp.unil.ch\/colesfran\/","title":{"rendered":"Inicio"},"content":{"rendered":"<p>Los hispanohablantes representan desde finales de los a\u00f1os 1960 una minor\u00eda ling\u00fc\u00edstica importante de la sociedad suiza. A lo largo de estos sesenta a\u00f1os, a la primera generaci\u00f3n se han sumado la segunda y tercera generaciones, que tienen el espa\u00f1ol como lengua de herencia. Por otra parte, la comunidad hispanohablante se ha diversificado dialectalmente: de origen sobre todo peninsular en d\u00e9cadas pasadas, hoy es en gran parte hispanoamericana. Esta \u00faltima d\u00e9cada, adem\u00e1s, se ha producido un nuevo movimiento migratorio que ha incrementado de nuevo el n\u00famero de hispanohablantes en este pa\u00eds.<\/p>\n<p><strong>El proyecto \u00ab\u00a0El espa\u00f1ol en la Suiza franc\u00f3fona\u00a0\u00bb<\/strong> aspira, gracias al <strong>corpus COLESfran<\/strong>, a conocer los aspectos socioling\u00fc\u00edsticos de esta comunidad hispanohablante en la Suiza franc\u00f3fona, mediante la recogida de testimonios ling\u00fc\u00edsticos de los locutores espa\u00f1oles y americanos de las diversas generaciones afincados en esta regi\u00f3n suiza.<\/p>\n<p><strong>Bienvenidos a esta web,<\/strong> en la que encontrar\u00e1n diversos contenidos asociados a nuestro proyecto.<\/p>\n","protected":false},"excerpt":{"rendered":"<p>Los hispanohablantes representan desde finales de los a\u00f1os 1960 una minor\u00eda ling\u00fc\u00edstica importante de la sociedad suiza. A lo largo de estos sesenta a\u00f1os, a la primera generaci\u00f3n se han sumado la segunda y tercera generaciones, que tienen el espa\u00f1ol como lengua de herencia. Por otra parte, la comunidad hispanohablante se ha diversificado dialectalmente: de &hellip; <\/p>\n<p class=\"link-more\"><a href=\"https:\/\/wp.unil.ch\/colesfran\/\" class=\"more-link\">Continuer la lecture<span class=\"screen-reader-text\"> de &laquo;&nbsp;Inicio&nbsp;&raquo;<\/span><\/a><\/p>\n","protected":false},"author":108,"featured_media":0,"parent":0,"menu_order":0,"comment_status":"closed","ping_status":"closed","template":"","meta":{"_seopress_robots_primary_cat":"","_seopress_titles_title":"","_seopress_titles_desc":"","_seopress_robots_index":"","footnotes":""},"class_list":["post-6","page","type-page","status-publish"],"_links":{"self":[{"href":"https:\/\/wp.unil.ch\/colesfran\/wp-json\/wp\/v2\/pages\/6","targetHints":{"allow":["GET"]}}],"collection":[{"href":"https:\/\/wp.unil.ch\/colesfran\/wp-json\/wp\/v2\/pages"}],"about":[{"href":"https:\/\/wp.unil.ch\/colesfran\/wp-json\/wp\/v2\/types\/page"}],"author":[{"embeddable":true,"href":"https:\/\/wp.unil.ch\/colesfran\/wp-json\/wp\/v2\/users\/108"}],"replies":[{"embeddable":true,"href":"https:\/\/wp.unil.ch\/colesfran\/wp-json\/wp\/v2\/comments?post=6"}],"version-history":[{"count":0,"href":"https:\/\/wp.unil.ch\/colesfran\/wp-json\/wp\/v2\/pages\/6\/revisions"}],"wp:attachment":[{"href":"https:\/\/wp.unil.ch\/colesfran\/wp-json\/wp\/v2\/media?parent=6"}],"curies":[{"name":"wp","href":"https:\/\/api.w.org\/{rel}","templated":true}]}}