{"id":7816,"date":"2024-09-19T15:22:49","date_gmt":"2024-09-19T13:22:49","guid":{"rendered":"https:\/\/wp.unil.ch\/cinematheque-unil\/?page_id=7816"},"modified":"2024-09-19T16:28:19","modified_gmt":"2024-09-19T14:28:19","slug":"recit-et-scenario-dans-le-cinema-dauteur-1959-1989","status":"publish","type":"page","link":"https:\/\/wp.unil.ch\/cinematheque-unil\/tanner-et-le-scenario\/recit-et-scenario-dans-le-cinema-dauteur-1959-1989\/","title":{"rendered":"R\u00e9cit et sc\u00e9nario dans le \u201ccin\u00e9ma d\u2019auteur\u201d (1959-1989)"},"content":{"rendered":"\n<h5>R\u00e9cit et sc\u00e9nario dans le \u201ccin\u00e9ma d\u2019auteur\u201d (1959-1989), 3-4 octobre 2024<\/h5>\n<p style=\"text-align: justify\">Universit\u00e9 de Lausanne<br \/>\nColloque international organis\u00e9 par Vincent Annen, Alain Boillat et Jeanne Modoux<\/p>\n<p style=\"text-align: center;font-size: medium\"><img loading=\"lazy\" decoding=\"async\" class=\"alignnone wp-image-3733 size-large\" src=\"https:\/\/wp.unil.ch\/cinematheque-unil\/files\/2024\/09\/FLYER_COLLOQUE_TANNER.jpeg\" alt=\"FLYER_COLLOQUE_TANNER\" width=\"923\" height=\"519\" \/><\/p>\n<p style=\"text-align: justify\">Organis\u00e9 dans le cadre du projet FNS <a href=\"https:\/\/wp.unil.ch\/cinematheque-unil\/tanner-et-le-scenario\/\">\u00ab Le sc\u00e9nario chez Alain Tanner : discours et pratiques. Une approche g\u00e9n\u00e9tique du r\u00e9cit filmique et des repr\u00e9sentations de genre \u00bb<\/a>, ce colloque international vise \u00e0 interroger et \u00e0 construire comme objet th\u00e9orique certaines singularit\u00e9s narratives de films associ\u00e9s au \u00ab cin\u00e9ma d\u2019auteur \u00bb \u2013 concept qu\u2019il sera pr\u00e9cis\u00e9ment productif d\u2019interroger dans cette perspective. En lien avec cet \u00e9v\u00e9nement, le vernissage de l\u2019ouvrage de Vincent Annen et Jeanne Modoux, <em>Revoir Tanner (TV\/cin\u00e9ma) \u2013 Questions d\u2019espace, rapports de genre<\/em> (Infolio, 2024) se tiendra le jeudi 3 octobre \u00e0 18:30 au Capitole.<\/p>\n<p style=\"text-align: center\"><strong>Communications des membres du projet \u00ab Le sc\u00e9nario chez Alain Tanner \u00bb<\/strong><\/p>\n<div style=\"background-color: #b0c4de\">\n<p style=\"text-align: justify;font-size: small\"><strong>Vincent Annen, \u00ab \u201cOn sent que \u00e7a n\u2019est pas encore le match !\u201d La d\u00e9construction de l\u2019exposition narrative dans les sc\u00e9narios des premiers films de Michel Soutter\u00a0\u00bb.<\/strong><\/p>\n<\/div>\n<div style=\"background-color: #b0c4de\">\n<p style=\"text-align: justify;font-size: small\"><strong>Alain Boillat, \u00ab Statut narratif du motif de l\u2019arme dans les sc\u00e9narios et films d\u2019Alain Tanner, de <em>La Salamandre<\/em> (1971) \u00e0 <em>La Femme de Rose Hill<\/em> (1989) : une strat\u00e9gie de d\u00e9samor\u00e7age du \u201cconflit central\u201d ? \u00bb.<\/strong><\/p>\n<\/div>\n<div style=\"background-color: #b0c4de\">\n<p style=\"text-align: justify;font-size: small\"><strong>Jeanne Modoux, \u00ab La gen\u00e8se en \u201cpuzzle\u201d de <em>Parti sans laisser d\u2019adresse<\/em> (1982), premier long m\u00e9trage de fiction de Jacqueline Veuve \u00bb.<\/strong><\/p>\n<\/div>\n<p style=\"font-size: small;text-align: center\"><strong>Programme<\/strong><\/p>\n<p style=\"font-size: small;text-align: center\"><a href=\"https:\/\/wp.unil.ch\/cinematheque-unil\/files\/2024\/09\/Flyer_Final.pdf\">T\u00e9l\u00e9charger.<\/a><\/p>\n<p style=\"font-size: small;text-align: center\"><strong>Extrait du bulletin de la Cin\u00e9math\u00e8que suisse<\/strong><\/p>\n<p style=\"font-size: small;text-align: center\"><a href=\"https:\/\/wp.unil.ch\/cinematheque-unil\/files\/2024\/09\/CS_Bulletin_Revoir-Tanner.pdf\">T\u00e9l\u00e9charger.<\/a><\/p>\n<p style=\"font-size: small;text-align: center\"><em>Voir aussi la\u00a0<a href=\"https:\/\/www.unil.ch\/cin\/home\/menuinst\/les-evenements\/2016\/colloque-des-livres-aux-scenarios---approches-interdisciplinaire.html\">page<\/a> de la Section d\u2019histoire et esth\u00e9tique du cin\u00e9ma.<\/em><\/p>\n\n\n\n<p><\/p>\n","protected":false},"excerpt":{"rendered":"<p>R\u00e9cit et sc\u00e9nario dans le \u201ccin\u00e9ma d\u2019auteur\u201d (1959-1989), 3-4 octobre 2024 Universit\u00e9 de Lausanne Colloque international organis\u00e9 par Vincent Annen, Alain Boillat et Jeanne Modoux Organis\u00e9 dans le cadre du projet FNS \u00ab Le sc\u00e9nario chez Alain Tanner : discours<\/p>\n","protected":false},"author":1469,"featured_media":0,"parent":6062,"menu_order":0,"comment_status":"closed","ping_status":"closed","template":"","meta":{"_seopress_robots_primary_cat":"","_seopress_titles_title":"","_seopress_titles_desc":"","_seopress_robots_index":"","footnotes":""},"class_list":["post-7816","page","type-page","status-publish"],"_links":{"self":[{"href":"https:\/\/wp.unil.ch\/cinematheque-unil\/wp-json\/wp\/v2\/pages\/7816","targetHints":{"allow":["GET"]}}],"collection":[{"href":"https:\/\/wp.unil.ch\/cinematheque-unil\/wp-json\/wp\/v2\/pages"}],"about":[{"href":"https:\/\/wp.unil.ch\/cinematheque-unil\/wp-json\/wp\/v2\/types\/page"}],"author":[{"embeddable":true,"href":"https:\/\/wp.unil.ch\/cinematheque-unil\/wp-json\/wp\/v2\/users\/1469"}],"replies":[{"embeddable":true,"href":"https:\/\/wp.unil.ch\/cinematheque-unil\/wp-json\/wp\/v2\/comments?post=7816"}],"version-history":[{"count":6,"href":"https:\/\/wp.unil.ch\/cinematheque-unil\/wp-json\/wp\/v2\/pages\/7816\/revisions"}],"predecessor-version":[{"id":7843,"href":"https:\/\/wp.unil.ch\/cinematheque-unil\/wp-json\/wp\/v2\/pages\/7816\/revisions\/7843"}],"up":[{"embeddable":true,"href":"https:\/\/wp.unil.ch\/cinematheque-unil\/wp-json\/wp\/v2\/pages\/6062"}],"wp:attachment":[{"href":"https:\/\/wp.unil.ch\/cinematheque-unil\/wp-json\/wp\/v2\/media?parent=7816"}],"curies":[{"name":"wp","href":"https:\/\/api.w.org\/{rel}","templated":true}]}}