{"id":190,"date":"2024-02-28T10:45:11","date_gmt":"2024-02-28T09:45:11","guid":{"rendered":"https:\/\/wp.unil.ch\/cercle-anthropo\/?page_id=190"},"modified":"2024-10-07T14:30:41","modified_gmt":"2024-10-07T12:30:41","slug":"evenements","status":"publish","type":"page","link":"https:\/\/wp.unil.ch\/cercle-anthropo\/evenements\/","title":{"rendered":"\u00c9v\u00e9nements"},"content":{"rendered":"\n<h2 class=\"wp-block-heading has-primary-color has-text-color has-link-color has-large-font-size wp-elements-5a144194635c2f7a96c25a88af7cb542\"><strong>Atelier du cercle des anthropologues (automne 2024)<\/strong><\/h2>\n\n\n\n<figure class=\"wp-block-image size-full\"><img alt=\"\" loading=\"lazy\" decoding=\"async\" width=\"849\" height=\"1200\" src=\"https:\/\/wp.unil.ch\/cercle-anthropo\/files\/2024\/10\/affiche_cercleAnthropo_beige-1_page-0001.jpg\" alt=\"\" class=\"wp-image-353\" srcset=\"https:\/\/wp.unil.ch\/cercle-anthropo\/files\/2024\/10\/affiche_cercleAnthropo_beige-1_page-0001.jpg 849w, https:\/\/wp.unil.ch\/cercle-anthropo\/files\/2024\/10\/affiche_cercleAnthropo_beige-1_page-0001-212x300.jpg 212w, https:\/\/wp.unil.ch\/cercle-anthropo\/files\/2024\/10\/affiche_cercleAnthropo_beige-1_page-0001-724x1024.jpg 724w, https:\/\/wp.unil.ch\/cercle-anthropo\/files\/2024\/10\/affiche_cercleAnthropo_beige-1_page-0001-768x1086.jpg 768w, https:\/\/wp.unil.ch\/cercle-anthropo\/files\/2024\/10\/affiche_cercleAnthropo_beige-1_page-0001-540x763.jpg 540w\" sizes=\"auto, (max-width: 849px) 100vw, 849px\" \/><\/figure>\n\n\n\n<p><strong>2 octobre<\/strong>, 12:30-14:00, salle&nbsp;<strong>5313<\/strong>, G\u00e9opolis.&nbsp;<em>\u00catre engag\u00e9.e, impliqu\u00e9.e, concern\u00e9.e. Comment traverser le parcours de th\u00e8se avec nos affects et vuln\u00e9rabilit\u00e9s?<\/em><\/p>\n\n\n\n<p><strong>16 octobre<\/strong>, 12:30-14:00, salle&nbsp;<strong>5313<\/strong>, G\u00e9opolis. Pr\u00e9sentation de&nbsp;<strong>David Schr\u00f6ter<\/strong>.&nbsp;<em>\u00ab&nbsp;Mining for the Future? Confronting Risk and Uncertainty in R\u00edo Grande, Bolivia&nbsp;\u00bb.<\/em>&nbsp;Discutant: Lucas Gatignol.<\/p>\n\n\n\n<p><strong>30 octobre<\/strong>, 12:30-14:00, salle&nbsp;<strong>5313<\/strong>, G\u00e9opolis. Pr\u00e9sentation d\u2019<strong>Amelia Veitch<\/strong>.&nbsp;<em>\u00ab&nbsp;Environmentalism and the redistribution of Power around farmland in Brittany, France&nbsp;\u00bb<\/em>. Discutante: Mathilde Kr\u00e4henb\u00fchl.<\/p>\n\n\n\n<p><strong>13 novembre<\/strong>, 12:30-14:00, salle&nbsp;<strong>5313<\/strong>, G\u00e9opolis. Pr\u00e9sentation de&nbsp;<strong>Paola Juan<\/strong>.&nbsp;<em>\u00ab&nbsp;The arts centre of a psychiatric hospital as a \u2018space of freedom\u2019. On artistic relations, interdependence, and ecologies of care&nbsp;\u00bb.&nbsp;<\/em>Discutante: M\u00e9lisande Nicolet.<\/p>\n\n\n\n<p><strong>27 novembre<\/strong>, 12:30-14:00, salle&nbsp;<strong>5313<\/strong>, G\u00e9opolis. Pr\u00e9sentation de&nbsp;<strong>Mathilde Kr\u00e4henb\u00fchl<\/strong>.&nbsp;<em>\u00ab&nbsp;Quels arrangements pour enfanter&nbsp;malgr\u00e9 les futurs environnementaux&nbsp;? Mobilit\u00e9s vers la campagne et \u2018coparentalit\u00e9s&rsquo;&nbsp;\u00bb.<\/em>&nbsp;Discutante: Amelia Veitch.<\/p>\n\n\n\n<h2 class=\"wp-block-heading has-primary-color has-text-color has-link-color has-large-font-size wp-elements-582ccca8e707d0d029ca480fbea09efe\"><strong>Conf\u00e9rence<\/strong><\/h2>\n\n\n\n<h2 class=\"wp-block-heading has-primary-color has-text-color has-link-color has-large-font-size wp-elements-40fb6ca10e2b96b77ad31bcdc0e0b00f\"><strong>Workshop<\/strong><\/h2>\n\n\n\n<p class=\"has-large-font-size\"><\/p>\n","protected":false},"excerpt":{"rendered":"<p>Atelier du cercle des anthropologues (automne 2024) 2 octobre, 12:30-14:00, salle&nbsp;5313, G\u00e9opolis.&nbsp;\u00catre engag\u00e9.e, impliqu\u00e9.e, concern\u00e9.e. Comment traverser le parcours de th\u00e8se avec nos affects et vuln\u00e9rabilit\u00e9s? 16 octobre,&hellip;<\/p>\n","protected":false},"author":1002588,"featured_media":0,"parent":0,"menu_order":0,"comment_status":"closed","ping_status":"closed","template":"","meta":{"_seopress_robots_primary_cat":"","_seopress_titles_title":"","_seopress_titles_desc":"","_seopress_robots_index":"","footnotes":""},"class_list":["post-190","page","type-page","status-publish","has-post-thumbnail"],"_links":{"self":[{"href":"https:\/\/wp.unil.ch\/cercle-anthropo\/wp-json\/wp\/v2\/pages\/190","targetHints":{"allow":["GET"]}}],"collection":[{"href":"https:\/\/wp.unil.ch\/cercle-anthropo\/wp-json\/wp\/v2\/pages"}],"about":[{"href":"https:\/\/wp.unil.ch\/cercle-anthropo\/wp-json\/wp\/v2\/types\/page"}],"author":[{"embeddable":true,"href":"https:\/\/wp.unil.ch\/cercle-anthropo\/wp-json\/wp\/v2\/users\/1002588"}],"replies":[{"embeddable":true,"href":"https:\/\/wp.unil.ch\/cercle-anthropo\/wp-json\/wp\/v2\/comments?post=190"}],"version-history":[{"count":5,"href":"https:\/\/wp.unil.ch\/cercle-anthropo\/wp-json\/wp\/v2\/pages\/190\/revisions"}],"predecessor-version":[{"id":354,"href":"https:\/\/wp.unil.ch\/cercle-anthropo\/wp-json\/wp\/v2\/pages\/190\/revisions\/354"}],"wp:attachment":[{"href":"https:\/\/wp.unil.ch\/cercle-anthropo\/wp-json\/wp\/v2\/media?parent=190"}],"curies":[{"name":"wp","href":"https:\/\/api.w.org\/{rel}","templated":true}]}}