{"id":687,"date":"2024-05-01T16:02:51","date_gmt":"2024-05-01T14:02:51","guid":{"rendered":"https:\/\/wp.unil.ch\/captographies\/?page_id=687"},"modified":"2024-05-02T11:38:01","modified_gmt":"2024-05-02T09:38:01","slug":"materiel","status":"publish","type":"page","link":"https:\/\/wp.unil.ch\/captographies\/participer\/materiel\/","title":{"rendered":"Mat\u00e9riel"},"content":{"rendered":"\n<h2 class=\"wp-block-heading\">O\u00f9 se procurer le mat\u00e9riel si vous souhaitez construire le capteur par vous-m\u00eame ?<\/h2>\n\n\n\n<p>Le capteur est compos\u00e9 de&nbsp;:<\/p>\n\n\n\n<div class=\"wp-block-columns is-layout-flex wp-container-core-columns-is-layout-9d6595d7 wp-block-columns-is-layout-flex\">\n<div class=\"wp-block-column is-layout-flow wp-block-column-is-layout-flow\">\n<figure class=\"wp-block-image size-full is-resized wp-duotone-unset-1\"><img alt=\"\" loading=\"lazy\" decoding=\"async\" width=\"300\" height=\"297\" src=\"https:\/\/wp.unil.ch\/captographies\/files\/2024\/05\/SPS30web.png\" alt=\"\" class=\"wp-image-705\" style=\"width:400px\" srcset=\"https:\/\/wp.unil.ch\/captographies\/files\/2024\/05\/SPS30web.png 300w, https:\/\/wp.unil.ch\/captographies\/files\/2024\/05\/SPS30web-150x150.png 150w\" sizes=\"auto, (max-width: 300px) 100vw, 300px\" \/><\/figure>\n\n\n\n<p>Un&nbsp;capteur de particules fines&nbsp;Sensirion SPS30 (<a href=\"https:\/\/www.digikey.ch\/fr\/products\/detail\/sensirion-ag\/SPS30\/9598990\">Digikey<\/a> ref. 1649-1106-ND ou <a href=\"https:\/\/www.soselectronic.de\/products\/sensirion\/sps30-2-304234\">SOSElectronic<\/a> ref. 304234)<\/p>\n<\/div>\n\n\n\n<div class=\"wp-block-column is-layout-flow wp-block-column-is-layout-flow\">\n<figure class=\"wp-block-image size-full is-resized\"><img alt=\"\" loading=\"lazy\" decoding=\"async\" width=\"300\" height=\"241\" src=\"https:\/\/wp.unil.ch\/captographies\/files\/2024\/05\/Micro-processeur_web.png\" alt=\"\" class=\"wp-image-703\" style=\"width:400px\" \/><\/figure>\n\n\n\n<p>Un microprocesseur ESP8266 permettant d\u2019envoyer les donn\u00e9es par&nbsp;Wi-Fi (<a href=\"https:\/\/www.makershop.de\/en\/plattformen\/d1-mini\/esp8266-mini-board\/\">Makershop<\/a> ref. 509140 ou sur Amazon) ou par ondes radio LoRaWAN (nous contacter).<\/p>\n<\/div>\n\n\n\n<div class=\"wp-block-column is-layout-flow wp-block-column-is-layout-flow\">\n<figure class=\"wp-block-image size-full is-resized\"><img alt=\"\" loading=\"lazy\" decoding=\"async\" width=\"426\" height=\"404\" src=\"https:\/\/wp.unil.ch\/captographies\/files\/2024\/05\/BME280.png\" alt=\"\" class=\"wp-image-688\" style=\"width:400px\" srcset=\"https:\/\/wp.unil.ch\/captographies\/files\/2024\/05\/BME280.png 426w, https:\/\/wp.unil.ch\/captographies\/files\/2024\/05\/BME280-300x285.png 300w\" sizes=\"auto, (max-width: 426px) 100vw, 426px\" \/><\/figure>\n\n\n\n<p>Un capteur de temp\u00e9rature, humidit\u00e9, pression atmosph\u00e9rique BME280 (<a href=\"https:\/\/www.digikey.ch\/fr\/products\/detail\/pimoroni-ltd\/PIM472\/10329004\">Digikey<\/a> ref. 1778-PIM472-ND)<\/p>\n<\/div>\n<\/div>\n\n\n\n<div class=\"wp-block-columns is-layout-flex wp-container-core-columns-is-layout-9d6595d7 wp-block-columns-is-layout-flex\">\n<div class=\"wp-block-column is-layout-flow wp-block-column-is-layout-flow\">\n<figure class=\"wp-block-image size-full is-resized\"><img alt=\"\" loading=\"lazy\" decoding=\"async\" width=\"597\" height=\"1200\" src=\"https:\/\/wp.unil.ch\/captographies\/files\/2024\/05\/Connecteur_web.jpg\" alt=\"\" class=\"wp-image-736\" style=\"width:400px\" srcset=\"https:\/\/wp.unil.ch\/captographies\/files\/2024\/05\/Connecteur_web.jpg 597w, https:\/\/wp.unil.ch\/captographies\/files\/2024\/05\/Connecteur_web-149x300.jpg 149w, https:\/\/wp.unil.ch\/captographies\/files\/2024\/05\/Connecteur_web-509x1024.jpg 509w, https:\/\/wp.unil.ch\/captographies\/files\/2024\/05\/Connecteur_web-540x1085.jpg 540w\" sizes=\"auto, (max-width: 597px) 100vw, 597px\" \/><\/figure>\n\n\n\n<p>C\u00e2bles \u00e0 souder entre eux : connecteur \u00e0 extr\u00e9mit\u00e9 verte \u00e0 couper en deux (<a href=\"https:\/\/www.digikey.ch\/fr\/products\/detail\/jst-sales-america-inc\/A05ZR05ZR28H102A\/9972177\">Digikey<\/a> ref. 455-4306-ND) \u00e0 souder aux c\u00e2bles m\u00e2le-m\u00e2les \u00e0 couper en deux (<a href=\"https:\/\/www.digikey.ch\/fr\/products\/detail\/sparkfun-electronics\/PRT-12795\/5993860\">Digikey<\/a> ref. 1568-1512-ND)<\/p>\n<\/div>\n\n\n\n<div class=\"wp-block-column is-layout-flow wp-block-column-is-layout-flow\">\n<figure class=\"wp-block-image size-full is-resized\"><img alt=\"\" loading=\"lazy\" decoding=\"async\" width=\"300\" height=\"386\" src=\"https:\/\/wp.unil.ch\/captographies\/files\/2024\/05\/Platine_web.png\" alt=\"\" class=\"wp-image-704\" style=\"width:400px\" srcset=\"https:\/\/wp.unil.ch\/captographies\/files\/2024\/05\/Platine_web.png 300w, https:\/\/wp.unil.ch\/captographies\/files\/2024\/05\/Platine_web-233x300.png 233w\" sizes=\"auto, (max-width: 300px) 100vw, 300px\" \/><\/figure>\n\n\n\n<p>Platine (<a href=\"https:\/\/www.bastelgarage.ch\/syb-170-mini-breadboard-transparent-170-pins?search=breadboard%20170\">Bastelgarage<\/a> ref. ou <a href=\"https:\/\/www.makershop.de\/en\/zubehoer\/breadboard\/breadboard-170-transparent\/\">Makershop<\/a> ref. 3778)<\/p>\n<\/div>\n\n\n\n<div class=\"wp-block-column is-layout-flow wp-block-column-is-layout-flow\">\n<figure class=\"wp-block-image size-full is-resized\"><img alt=\"\" loading=\"lazy\" decoding=\"async\" width=\"819\" height=\"1080\" src=\"https:\/\/wp.unil.ch\/captographies\/files\/2024\/05\/Cables_web-1.jpg\" alt=\"\" class=\"wp-image-737\" style=\"width:389px;height:auto\" srcset=\"https:\/\/wp.unil.ch\/captographies\/files\/2024\/05\/Cables_web-1.jpg 819w, https:\/\/wp.unil.ch\/captographies\/files\/2024\/05\/Cables_web-1-228x300.jpg 228w, https:\/\/wp.unil.ch\/captographies\/files\/2024\/05\/Cables_web-1-777x1024.jpg 777w, https:\/\/wp.unil.ch\/captographies\/files\/2024\/05\/Cables_web-1-768x1013.jpg 768w, https:\/\/wp.unil.ch\/captographies\/files\/2024\/05\/Cables_web-1-540x712.jpg 540w\" sizes=\"auto, (max-width: 819px) 100vw, 819px\" \/><\/figure>\n\n\n\n<p>C\u00e2bles de 4 couleurs  (<a href=\"https:\/\/www.bastelgarage.ch\/draht-sortiment-22awg-sparkfun?search=420289\">Bastelgarage<\/a> ref. 420289)<\/p>\n<\/div>\n<\/div>\n\n\n\n<div class=\"wp-block-columns is-layout-flex wp-container-core-columns-is-layout-9d6595d7 wp-block-columns-is-layout-flex\">\n<div class=\"wp-block-column is-layout-flow wp-block-column-is-layout-flow\">\n<figure class=\"wp-block-image size-full is-resized\"><img alt=\"\" loading=\"lazy\" decoding=\"async\" width=\"271\" height=\"403\" src=\"https:\/\/wp.unil.ch\/captographies\/files\/2024\/05\/Boitier_meteo.jpg\" alt=\"\" class=\"wp-image-689\" style=\"aspect-ratio:2\/3;object-fit:cover;width:400px\" srcset=\"https:\/\/wp.unil.ch\/captographies\/files\/2024\/05\/Boitier_meteo.jpg 271w, https:\/\/wp.unil.ch\/captographies\/files\/2024\/05\/Boitier_meteo-202x300.jpg 202w\" sizes=\"auto, (max-width: 271px) 100vw, 271px\" \/><\/figure>\n\n\n\n<p>Un bo\u00eetier m\u00e9t\u00e9o de protection contre les intemp\u00e9ries (Fournisseur : <a href=\"https:\/\/ch.elv.com\/technoline-schutzhuelleschutzabdeckung-fuer-thermo-hygrosensoren-innenmasse-oe-x-h-74-x-140-mm-251643?fs=3515328602\">ELV<\/a> &#8211; ref. 251643)<\/p>\n<\/div>\n\n\n\n<div class=\"wp-block-column is-layout-flow wp-block-column-is-layout-flow\">\n<figure class=\"wp-block-image size-full is-resized\"><img alt=\"\" loading=\"lazy\" decoding=\"async\" width=\"183\" height=\"265\" src=\"https:\/\/wp.unil.ch\/captographies\/files\/2024\/05\/Chargeur.jpg\" alt=\"\" class=\"wp-image-695\" style=\"aspect-ratio:0.6666666666666666;object-fit:cover;width:321px;height:auto\" \/><\/figure>\n\n\n\n<p>Une alimentation&nbsp;\u00e9lectrique \u00e0 recycler dans vos vieux chargeurs de t\u00e9l\u00e9phone ou appareil photo avec embout micro-usb (voir plus loin)<\/p>\n<\/div>\n\n\n\n<div class=\"wp-block-column is-layout-flow wp-block-column-is-layout-flow\">\n<figure class=\"wp-block-image size-full is-resized\"><img alt=\"\" loading=\"lazy\" decoding=\"async\" width=\"795\" height=\"801\" src=\"https:\/\/wp.unil.ch\/captographies\/files\/2024\/05\/micro-usb.png\" alt=\"\" class=\"wp-image-683\" style=\"aspect-ratio:2\/3;object-fit:cover;width:400px\" srcset=\"https:\/\/wp.unil.ch\/captographies\/files\/2024\/05\/micro-usb.png 795w, https:\/\/wp.unil.ch\/captographies\/files\/2024\/05\/micro-usb-298x300.png 298w, https:\/\/wp.unil.ch\/captographies\/files\/2024\/05\/micro-usb-150x150.png 150w, https:\/\/wp.unil.ch\/captographies\/files\/2024\/05\/micro-usb-768x774.png 768w, https:\/\/wp.unil.ch\/captographies\/files\/2024\/05\/micro-usb-540x544.png 540w\" sizes=\"auto, (max-width: 795px) 100vw, 795px\" \/><\/figure>\n\n\n\n<p>OU\/ET un c\u00e2ble de 3m <a href=\"https:\/\/www.digitec.ch\/fr\/s1\/product\/inline-cable-plat-micro-usb-20-de-3-m-usb-a-a-micro-b-3-m-usb-20-cable-usb-12860437\">Digitec<\/a> ref. 12860437 ou 1m <a href=\"https:\/\/mobilemania.ch\/samsung-galaxy-s7\/31-132-cable-plat-1mt-usb-microusb.html#\/11-couleur-noir\">Mobilemania<\/a> ref. 4381-G12M-Bx12)<\/p>\n<\/div>\n<\/div>\n","protected":false},"excerpt":{"rendered":"<p>O\u00f9 se procurer le mat\u00e9riel si vous souhaitez construire le capteur par vous-m\u00eame ? Le capteur est compos\u00e9 de&nbsp;: Un&nbsp;capteur de particules fines&nbsp;Sensirion SPS30 (Digikey ref. 1649-1106-ND ou&hellip;<\/p>\n","protected":false},"author":1118,"featured_media":629,"parent":210,"menu_order":0,"comment_status":"closed","ping_status":"closed","template":"template-full-width-cover.php","meta":{"_seopress_robots_primary_cat":"","_seopress_titles_title":"","_seopress_titles_desc":"","_seopress_robots_index":"","footnotes":""},"class_list":["post-687","page","type-page","status-publish","has-post-thumbnail"],"_links":{"self":[{"href":"https:\/\/wp.unil.ch\/captographies\/wp-json\/wp\/v2\/pages\/687","targetHints":{"allow":["GET"]}}],"collection":[{"href":"https:\/\/wp.unil.ch\/captographies\/wp-json\/wp\/v2\/pages"}],"about":[{"href":"https:\/\/wp.unil.ch\/captographies\/wp-json\/wp\/v2\/types\/page"}],"author":[{"embeddable":true,"href":"https:\/\/wp.unil.ch\/captographies\/wp-json\/wp\/v2\/users\/1118"}],"replies":[{"embeddable":true,"href":"https:\/\/wp.unil.ch\/captographies\/wp-json\/wp\/v2\/comments?post=687"}],"version-history":[{"count":6,"href":"https:\/\/wp.unil.ch\/captographies\/wp-json\/wp\/v2\/pages\/687\/revisions"}],"predecessor-version":[{"id":743,"href":"https:\/\/wp.unil.ch\/captographies\/wp-json\/wp\/v2\/pages\/687\/revisions\/743"}],"up":[{"embeddable":true,"href":"https:\/\/wp.unil.ch\/captographies\/wp-json\/wp\/v2\/pages\/210"}],"wp:featuredmedia":[{"embeddable":true,"href":"https:\/\/wp.unil.ch\/captographies\/wp-json\/wp\/v2\/media\/629"}],"wp:attachment":[{"href":"https:\/\/wp.unil.ch\/captographies\/wp-json\/wp\/v2\/media?parent=687"}],"curies":[{"name":"wp","href":"https:\/\/api.w.org\/{rel}","templated":true}]}}