{"id":247,"date":"2023-12-19T16:53:02","date_gmt":"2023-12-19T15:53:02","guid":{"rendered":"https:\/\/wp.unil.ch\/captographies\/?page_id=247"},"modified":"2024-05-02T11:00:38","modified_gmt":"2024-05-02T09:00:38","slug":"les-normes","status":"publish","type":"page","link":"https:\/\/wp.unil.ch\/captographies\/captair\/les-normes\/","title":{"rendered":"Les normes et la situation en Suisse"},"content":{"rendered":"\n<p>Les normes sont les suivantes&nbsp;:<\/p>\n\n\n\n<figure class=\"wp-block-table\"><table class=\"has-fixed-layout\"><tbody><tr><td>&nbsp;<\/td><td>&nbsp;<\/td><td>OMS<\/td><td>Conf\u00e9d\u00e9ration<\/td><\/tr><tr><td rowspan=\"2\">PM2.5\u00a0(\u00b5g\/m3)<\/td><td>Moyenne sur l\u2019ann\u00e9e&nbsp;<\/td><td>5<\/td><td>10<\/td><\/tr><tr><td>Moyenne sur 24h&nbsp;<\/td><td>15<\/td><td>&nbsp;<\/td><\/tr><tr><td rowspan=\"2\">PM10\u00a0(\u00b5g\/m3)<\/td><td>Moyenne sur l\u2019ann\u00e9e&nbsp;<\/td><td>15<\/td><td>20<\/td><\/tr><tr><td>Moyenne sur 24h&nbsp;<\/td><td>45<\/td><td>50 \u2013 ne doit en aucun cas \u00eatre d\u00e9pass\u00e9e plus d\u2019une fois par ann\u00e9e<\/td><\/tr><\/tbody><\/table><\/figure>\n\n\n\n<p>Les mesures effectu\u00e9es en 2022 dans le canton de Vaud indiquent&nbsp;:<\/p>\n\n\n\n<figure data-wp-context=\"{&quot;imageId&quot;:&quot;69f28b9d24184&quot;}\" data-wp-interactive=\"core\/image\" data-wp-key=\"69f28b9d24184\" class=\"wp-block-image size-full is-resized wp-lightbox-container\"><img alt=\"\" loading=\"lazy\" decoding=\"async\" width=\"908\" height=\"542\" data-wp-class--hide=\"state.isContentHidden\" data-wp-class--show=\"state.isContentVisible\" data-wp-init=\"callbacks.setButtonStyles\" data-wp-on--click=\"actions.showLightbox\" data-wp-on--load=\"callbacks.setButtonStyles\" data-wp-on-window--resize=\"callbacks.setButtonStyles\" src=\"https:\/\/wp.unil.ch\/captographies\/files\/2023\/12\/Valeurs-limites-OPair-1.png\" alt=\"\" class=\"wp-image-249\" style=\"width:811px\" srcset=\"https:\/\/wp.unil.ch\/captographies\/files\/2023\/12\/Valeurs-limites-OPair-1.png 908w, https:\/\/wp.unil.ch\/captographies\/files\/2023\/12\/Valeurs-limites-OPair-1-300x179.png 300w, https:\/\/wp.unil.ch\/captographies\/files\/2023\/12\/Valeurs-limites-OPair-1-768x458.png 768w, https:\/\/wp.unil.ch\/captographies\/files\/2023\/12\/Valeurs-limites-OPair-1-540x322.png 540w\" sizes=\"auto, (max-width: 908px) 100vw, 908px\" \/><button\n\t\t\tclass=\"lightbox-trigger\"\n\t\t\ttype=\"button\"\n\t\t\taria-haspopup=\"dialog\"\n\t\t\taria-label=\"Agrandir\"\n\t\t\tdata-wp-init=\"callbacks.initTriggerButton\"\n\t\t\tdata-wp-on--click=\"actions.showLightbox\"\n\t\t\tdata-wp-style--right=\"state.imageButtonRight\"\n\t\t\tdata-wp-style--top=\"state.imageButtonTop\"\n\t\t>\n\t\t\t<svg xmlns=\"http:\/\/www.w3.org\/2000\/svg\" width=\"12\" height=\"12\" fill=\"none\" viewBox=\"0 0 12 12\">\n\t\t\t\t<path fill=\"#fff\" d=\"M2 0a2 2 0 0 0-2 2v2h1.5V2a.5.5 0 0 1 .5-.5h2V0H2Zm2 10.5H2a.5.5 0 0 1-.5-.5V8H0v2a2 2 0 0 0 2 2h2v-1.5ZM8 12v-1.5h2a.5.5 0 0 0 .5-.5V8H12v2a2 2 0 0 1-2 2H8Zm2-12a2 2 0 0 1 2 2v2h-1.5V2a.5.5 0 0 0-.5-.5H8V0h2Z\" \/>\n\t\t\t<\/svg>\n\t\t<\/button><figcaption class=\"wp-element-caption\"><a href=\"https:\/\/www.bafu.admin.ch\/dam\/bafu\/fr\/dokumente\/luft\/uz-umwelt-zustand\/nabel-luftqualitaet-2022.pdf.download.pdf\/jahrbuch-nabel-f-2022.pdf\" target=\"_blank\" rel=\"noreferrer noopener\">Image extraite de <\/a><a href=\"https:\/\/www.vd.ch\/fileadmin\/user_upload\/themes\/environnement\/air\/fichiers_pdf\/Bilan-Qualite-Air-17-22-web.pdf\" target=\"_blank\" rel=\"noreferrer noopener\">INFO AIR 2023 Qualit\u00e9 de l\u2019air : bilan et perspectives \u2013 Canton de Vaud. <\/a><\/figcaption><\/figure>\n\n\n\n<p>La bonne nouvelle, c\u2019est que la situation s\u2019am\u00e9liore. La mauvaise, c\u2019est que cela n\u2019est pas encore assez\u202f!&nbsp;<\/p>\n\n\n\n<h3 class=\"wp-block-heading\"><strong>La qualit\u00e9 de l\u2019air en Suisse\u2026<\/strong>&nbsp;<\/h3>\n\n\n\n<figure data-wp-context=\"{&quot;imageId&quot;:&quot;69f28b9d24754&quot;}\" data-wp-interactive=\"core\/image\" data-wp-key=\"69f28b9d24754\" class=\"wp-block-image size-large is-resized wp-lightbox-container\"><img alt=\"\" loading=\"lazy\" decoding=\"async\" width=\"1024\" height=\"449\" data-wp-class--hide=\"state.isContentHidden\" data-wp-class--show=\"state.isContentVisible\" data-wp-init=\"callbacks.setButtonStyles\" data-wp-on--click=\"actions.showLightbox\" data-wp-on--load=\"callbacks.setButtonStyles\" data-wp-on-window--resize=\"callbacks.setButtonStyles\" src=\"https:\/\/wp.unil.ch\/captographies\/files\/2024\/02\/Courbe_PM2.5_canton-vaud-1024x449.jpg\" alt=\"\" class=\"wp-image-552\" style=\"width:811px\" srcset=\"https:\/\/wp.unil.ch\/captographies\/files\/2024\/02\/Courbe_PM2.5_canton-vaud-1024x449.jpg 1024w, https:\/\/wp.unil.ch\/captographies\/files\/2024\/02\/Courbe_PM2.5_canton-vaud-300x131.jpg 300w, https:\/\/wp.unil.ch\/captographies\/files\/2024\/02\/Courbe_PM2.5_canton-vaud-768x336.jpg 768w, https:\/\/wp.unil.ch\/captographies\/files\/2024\/02\/Courbe_PM2.5_canton-vaud-1536x673.jpg 1536w, https:\/\/wp.unil.ch\/captographies\/files\/2024\/02\/Courbe_PM2.5_canton-vaud-540x237.jpg 540w, https:\/\/wp.unil.ch\/captographies\/files\/2024\/02\/Courbe_PM2.5_canton-vaud-1080x473.jpg 1080w, https:\/\/wp.unil.ch\/captographies\/files\/2024\/02\/Courbe_PM2.5_canton-vaud.jpg 1920w\" sizes=\"auto, (max-width: 1024px) 100vw, 1024px\" \/><button\n\t\t\tclass=\"lightbox-trigger\"\n\t\t\ttype=\"button\"\n\t\t\taria-haspopup=\"dialog\"\n\t\t\taria-label=\"Agrandir\"\n\t\t\tdata-wp-init=\"callbacks.initTriggerButton\"\n\t\t\tdata-wp-on--click=\"actions.showLightbox\"\n\t\t\tdata-wp-style--right=\"state.imageButtonRight\"\n\t\t\tdata-wp-style--top=\"state.imageButtonTop\"\n\t\t>\n\t\t\t<svg xmlns=\"http:\/\/www.w3.org\/2000\/svg\" width=\"12\" height=\"12\" fill=\"none\" viewBox=\"0 0 12 12\">\n\t\t\t\t<path fill=\"#fff\" d=\"M2 0a2 2 0 0 0-2 2v2h1.5V2a.5.5 0 0 1 .5-.5h2V0H2Zm2 10.5H2a.5.5 0 0 1-.5-.5V8H0v2a2 2 0 0 0 2 2h2v-1.5ZM8 12v-1.5h2a.5.5 0 0 0 .5-.5V8H12v2a2 2 0 0 1-2 2H8Zm2-12a2 2 0 0 1 2 2v2h-1.5V2a.5.5 0 0 0-.5-.5H8V0h2Z\" \/>\n\t\t\t<\/svg>\n\t\t<\/button><figcaption class=\"wp-element-caption\"><a href=\"https:\/\/www.bafu.admin.ch\/dam\/bafu\/fr\/dokumente\/luft\/uz-umwelt-zustand\/nabel-luftqualitaet-2022.pdf.download.pdf\/jahrbuch-nabel-f-2022.pdf\" target=\"_blank\" rel=\"noreferrer noopener\">Image extraite de La qualit\u00e9 de l\u2019air en 2022 &#8211; R\u00e9sultats du r\u00e9seau national d\u2019observation des polluants atmosph\u00e9riques (NABEL)<\/a><\/figcaption><\/figure>\n\n\n\n<blockquote class=\"wp-block-quote is-layout-flow wp-block-quote-is-layout-flow\">\n<p>La qualit\u00e9 de l&rsquo;air en Suisse s&rsquo;am\u00e9liore r\u00e9guli\u00e8rement depuis le milieu des ann\u00e9es 1980. N\u00e9anmoins, les concentrations d&rsquo;ozone (O<sub>3<\/sub>) d\u00e9passent les valeurs limites d&rsquo;immission sur de vastes \u00e9tendues, celles des particules PM10 et PM2.5 en plusieurs endroits, et celles du dioxyde d&rsquo;azote (NO<sub>2<\/sub>) en certains endroits proches du trafic routier. L&rsquo;ammoniac (NH<sub>3<\/sub>) pollue \u00e9galement l&rsquo;environnement dans une mesure qui d\u00e9passe largement les valeurs des charges critiques. <a href=\"https:\/\/www.bafu.admin.ch\/bafu\/fr\/home\/themes\/air\/info-specialistes\/qualite-de-l-air-en-suisse.html\">https:\/\/www.bafu.admin.ch\/bafu\/fr\/home\/themes\/air\/info-specialistes\/qualite-de-l-air-en-suisse.html<\/a><\/p>\n<\/blockquote>\n\n\n\n<p><strong>\u2026et dans le canton de Vaud<\/strong>&nbsp;<\/p>\n\n\n\n<figure class=\"wp-block-image size-large is-resized\"><img alt=\"\" loading=\"lazy\" decoding=\"async\" width=\"1024\" height=\"761\" src=\"https:\/\/wp.unil.ch\/captographies\/files\/2023\/12\/image-2-1024x761.png\" alt=\"\" class=\"wp-image-332\" style=\"width:811px\" srcset=\"https:\/\/wp.unil.ch\/captographies\/files\/2023\/12\/image-2-1024x761.png 1024w, https:\/\/wp.unil.ch\/captographies\/files\/2023\/12\/image-2-300x223.png 300w, https:\/\/wp.unil.ch\/captographies\/files\/2023\/12\/image-2-768x571.png 768w, https:\/\/wp.unil.ch\/captographies\/files\/2023\/12\/image-2-540x401.png 540w, https:\/\/wp.unil.ch\/captographies\/files\/2023\/12\/image-2-1080x803.png 1080w, https:\/\/wp.unil.ch\/captographies\/files\/2023\/12\/image-2.png 1216w\" sizes=\"auto, (max-width: 1024px) 100vw, 1024px\" \/><figcaption class=\"wp-element-caption\"><a href=\"https:\/\/www.vd.ch\/fileadmin\/user_upload\/themes\/environnement\/air\/fichiers_pdf\/Bilan-Qualite-Air-17-22-web.pdf\" target=\"_blank\" rel=\"noreferrer noopener\">INFO AIR 2023 Qualit\u00e9 de l\u2019air : bilan et perspectives \u2013 Canton de Vaud<\/a>. <\/figcaption><\/figure>\n\n\n\n<figure class=\"wp-block-image size-full is-resized\"><img alt=\"\" loading=\"lazy\" decoding=\"async\" width=\"689\" height=\"544\" src=\"https:\/\/wp.unil.ch\/captographies\/files\/2023\/12\/image.png\" alt=\"\" class=\"wp-image-331\" style=\"width:811px\" srcset=\"https:\/\/wp.unil.ch\/captographies\/files\/2023\/12\/image.png 689w, https:\/\/wp.unil.ch\/captographies\/files\/2023\/12\/image-300x237.png 300w, https:\/\/wp.unil.ch\/captographies\/files\/2023\/12\/image-540x426.png 540w\" sizes=\"auto, (max-width: 689px) 100vw, 689px\" \/><figcaption class=\"wp-element-caption\"><em><a href=\"https:\/\/www.vd.ch\/fileadmin\/user_upload\/themes\/environnement\/air\/fichiers_pdf\/Info_Air_2017.pdf\">Info Air 2017<\/a><\/em> &#8211; <em>Bilan du r\u00e9seau de surveillance<\/em> <em>de la qualit\u00e9 de l\u2019air \u2013 Canton de Vaud \u2013 D\u00e9partement du territoire et de l\u2019environnement<\/em> <em>DGE \u2013 Direction de l\u2019environnement industriel, urbain et rural<\/em> <em>\u2013<\/em> <em>Air, climat et risques technologiques \u2013 Protection de l\u2019air<\/em>.<\/figcaption><\/figure>\n\n\n\n<figure class=\"wp-block-image size-large is-resized\"><img alt=\"\" loading=\"lazy\" decoding=\"async\" width=\"1024\" height=\"644\" src=\"https:\/\/wp.unil.ch\/captographies\/files\/2023\/12\/image-4-1024x644.png\" alt=\"\" class=\"wp-image-334\" style=\"width:811px\" srcset=\"https:\/\/wp.unil.ch\/captographies\/files\/2023\/12\/image-4-1024x644.png 1024w, https:\/\/wp.unil.ch\/captographies\/files\/2023\/12\/image-4-300x189.png 300w, https:\/\/wp.unil.ch\/captographies\/files\/2023\/12\/image-4-768x483.png 768w, https:\/\/wp.unil.ch\/captographies\/files\/2023\/12\/image-4-540x339.png 540w, https:\/\/wp.unil.ch\/captographies\/files\/2023\/12\/image-4-1080x679.png 1080w, https:\/\/wp.unil.ch\/captographies\/files\/2023\/12\/image-4.png 1101w\" sizes=\"auto, (max-width: 1024px) 100vw, 1024px\" \/><figcaption class=\"wp-element-caption\"><em><a href=\"https:\/\/www.vd.ch\/fileadmin\/user_upload\/themes\/environnement\/air\/fichiers_pdf\/Info_Air_2017.pdf\">Info Air 2017<\/a><\/em> &#8211; <em>Bilan du r\u00e9seau de surveillance<\/em> <em>de la qualit\u00e9 de l\u2019air \u2013 Canton de Vaud \u2013 D\u00e9partement du territoire et de l\u2019environnement<\/em> <em>DGE \u2013 Direction de l\u2019environnement industriel, urbain et rural<\/em> <em>\u2013<\/em> <em>Air, climat et risques technologiques \u2013 Protection de l\u2019air<\/em> \/\/ \u00c9tude de l\u2019Institut Suisse de M\u00e9decine Publique et Tropicale (Swiss TPH) et de l\u2019Universit\u00e9 de Z\u00fcrich, 2015.&nbsp;<\/figcaption><\/figure>\n\n\n\n<figure class=\"wp-block-image size-full is-resized\"><img alt=\"\" loading=\"lazy\" decoding=\"async\" width=\"1008\" height=\"692\" src=\"https:\/\/wp.unil.ch\/captographies\/files\/2023\/12\/image-1.png\" alt=\"\" class=\"wp-image-330\" style=\"width:811px\" srcset=\"https:\/\/wp.unil.ch\/captographies\/files\/2023\/12\/image-1.png 1008w, https:\/\/wp.unil.ch\/captographies\/files\/2023\/12\/image-1-300x206.png 300w, https:\/\/wp.unil.ch\/captographies\/files\/2023\/12\/image-1-768x527.png 768w, https:\/\/wp.unil.ch\/captographies\/files\/2023\/12\/image-1-540x371.png 540w\" sizes=\"auto, (max-width: 1008px) 100vw, 1008px\" \/><figcaption class=\"wp-element-caption\"><em><a href=\"https:\/\/www.vd.ch\/fileadmin\/user_upload\/themes\/environnement\/air\/fichiers_pdf\/Info_Air_2017.pdf\">Info Air 2017<\/a><\/em> &#8211; <em>Bilan du r\u00e9seau de surveillance<\/em> <em>de la qualit\u00e9 de l\u2019air \u2013 Canton de Vaud \u2013 D\u00e9partement du territoire et de l\u2019environnement<\/em> <em>DGE \u2013 Direction de l\u2019environnement industriel, urbain et rural<\/em> <em>\u2013<\/em> <em>Air, climat et risques technologiques \u2013 Protection de l\u2019air<\/em>.<\/figcaption><\/figure>\n\n\n\n<h3 class=\"wp-block-heading\">Les donn\u00e9es actuelles en Suisse et dans le canton de Vaud\u202f<\/h3>\n\n\n\n<ul class=\"wp-block-list\">\n<li>OFEV \u2013 qualit\u00e9 de l\u2019air\u202f: <a href=\"https:\/\/www.bafu.admin.ch\/bafu\/fr\/home\/themes\/air\/etat\/donnees\/pollution-atmospherique--donnees-actuelles.html\" target=\"_blank\" rel=\"noreferrer noopener\">Qualit\u00e9 de l&rsquo;air en Suisse (admin.ch)<\/a><br><\/li>\n\n\n\n<li>Canton de Vaud \u2013 qualit\u00e9 de l\u2019air\u202f: <a href=\"https:\/\/www.vd.ch\/themes\/environnement\/air\/qualite-de-lair\" target=\"_blank\" rel=\"noreferrer noopener\">Qualit\u00e9 de l&rsquo;air | \u00c9tat de Vaud (vd.ch)<\/a>&nbsp;<br><\/li>\n\n\n\n<li>Lausanne.ch\/air\u202f: <a href=\"https:\/\/www.lausanne.ch\/portrait\/carte-identite\/environnement\/qualite-de-l-air.html\" target=\"_blank\" rel=\"noreferrer noopener\">Qualit\u00e9 de l&rsquo;air \u2013 Ville de Lausanne<\/a>&nbsp;<br><\/li>\n\n\n\n<li><a href=\"https:\/\/opensensemap.org\/\" target=\"_blank\" rel=\"noreferrer noopener\">Notre carte<\/a><br><\/li>\n\n\n\n<li>IQAir \u00e0 Lausanne\u202f: <a href=\"https:\/\/www.iqair.com\/fr\/switzerland\/vaud\/lausanne\" target=\"_blank\" rel=\"noreferrer noopener\">Indice de Qualit\u00e9 de l&rsquo;Air (IQA) \u00e0 Lausanne et Pollution de l&rsquo;Air en Suisse | IQAir<\/a>&nbsp;<br><\/li>\n\n\n\n<li><a href=\"https:\/\/cerclair.ch\/fr\/aircheck\" target=\"_blank\" rel=\"noreferrer noopener\">airCHeck\u202f(Lien externe)<\/a>, une application avec les donn\u00e9es officielles sur la qualit\u00e9 de l\u2019air en Suisse&nbsp;<\/li>\n<\/ul>\n\n\n\n<h3 class=\"wp-block-heading\"><strong>Pour en savoir plus<\/strong><\/h3>\n\n\n\n<ul class=\"wp-block-list\">\n<li><a href=\"https:\/\/feinstaub.ch\/fr\/was-ist-feinstaub\" target=\"_blank\" rel=\"noreferrer noopener\">Les particules fines, c\u2019est quoi ?<\/a><br><\/li>\n\n\n\n<li><a href=\"https:\/\/www.airparif.fr\">Air Parif<\/a> et sa rubrique <em>Comprendre la pollution<\/em><br><\/li>\n\n\n\n<li><a href=\"https:\/\/www.bafu.admin.ch\/dam\/bafu\/fr\/dokumente\/luft\/fachinfo-daten\/feinstaub_fragenundantworten.pdf.download.pdf\/poussieres_finesquestionsetreponses.pdf\" target=\"_blank\" rel=\"noreferrer noopener\">Poussi\u00e8res fines PM2.5 &#8211; Questions et r\u00e9ponses concernant les propri\u00e9t\u00e9s, les \u00e9missions, les immissions, les effets sur la sant\u00e9 et les mesures<\/a> \u2013 Conf\u00e9d\u00e9ration suisse, Office f\u00e9d\u00e9ral de l&rsquo;environnement OFEV \u2013 11.01.2019&nbsp;<br><\/li>\n\n\n\n<li>OMS \u2013 qualit\u00e9 de l\u2019air\u202f: <a href=\"https:\/\/www.who.int\/fr\/news-room\/fact-sheets\/detail\/ambient-(outdoor)-air-quality-and-health\" target=\"_blank\" rel=\"noreferrer noopener\">Principaux rep\u00e8res sur la qualit\u00e9 de l\u2019air (who.int)<\/a>&nbsp;<br><\/li>\n\n\n\n<li>OMS \u2013 CP \u2013 Les nouvelles lignes directrices mondiales de l\u2019OMS sur la qualit\u00e9 de l\u2019air\u202f: <a href=\"https:\/\/www.who.int\/fr\/news\/item\/22-09-2021-new-who-global-air-quality-guidelines-aim-to-save-millions-of-lives-from-air-pollution\" target=\"_blank\" rel=\"noreferrer noopener\">les nouvelles lignes directrices mondiales de l\u2019OMS sur la qualit\u00e9 de l\u2019air visent \u00e0 \u00e9viter des millions de d\u00e9c\u00e8s dus \u00e0 la pollution atmosph\u00e9rique (who.int)<\/a>&nbsp;<br><\/li>\n\n\n\n<li>OFEV \u2013 NABEL\u202f: <a href=\"https:\/\/www.bafu.admin.ch\/bafu\/fr\/home\/themes\/air\/etat\/donnees\/reseau-national-d-observation-des-polluants-atmospheriques--nabe.html#:~:text=Le%20r%C3%A9seau%20NABEL%20a%20%C3%A9t%C3%A9%20mis%20en%20service,la%20pollution%20atmosph%C3%A9rique%20sur%20l%27ensemble%20du%20territoire%20suisse.\" target=\"_blank\" rel=\"noreferrer noopener\">R\u00e9seau national d&rsquo;observation des polluants atmosph\u00e9riques (NABEL) (admin.ch)<\/a>&nbsp;<br><\/li>\n\n\n\n<li><a href=\"https:\/\/www.vd.ch\/fileadmin\/user_upload\/themes\/environnement\/air\/fichiers_pdf\/Bilan-Qualite-Air-17-22-web.pdf\" target=\"_blank\" rel=\"noreferrer noopener\">Info Air 2023<\/a><em> &#8211; <\/em>INFO AIR 2023 Qualit\u00e9 de l\u2019air : bilan et perspectives \u2013 Canton de Vaud&nbsp;<br><\/li>\n\n\n\n<li><a href=\"https:\/\/www.vd.ch\/fileadmin\/user_upload\/themes\/environnement\/air\/fichiers_pdf\/Plan-OPair-2018.pdf\">Plan des Mesures OPair de l&rsquo;agglom\u00e9ration Lausanne-Morges 2018<\/a>, adopt\u00e9 par le conseil d&rsquo;\u00e9tat le 06.02.2019<br><\/li>\n\n\n\n<li><a href=\"https:\/\/www.vd.ch\/fileadmin\/user_upload\/themes\/environnement\/air\/fichiers_pdf\/Info_Air_2017.pdf\" target=\"_blank\" rel=\"noreferrer noopener\">Info Air 2017<\/a> \u2013 Bilan du r\u00e9seau de surveillance de la qualit\u00e9 de l\u2019air du Canton de Vaud, ces dix derni\u00e8res ann\u00e9es &#8211; D\u00e9partement du territoire et de l\u2019environnement &#8211; DGE &#8211; Direction de l\u2019environnement industriel, urbain et rural Air, climat et risques technologiques &#8211; <em>Protection de l\u2019air<\/em>&nbsp;<br><\/li>\n<\/ul>\n","protected":false},"excerpt":{"rendered":"<p>Les normes sont les suivantes&nbsp;: &nbsp; &nbsp; OMS Conf\u00e9d\u00e9ration PM2.5\u00a0(\u00b5g\/m3) Moyenne sur l\u2019ann\u00e9e&nbsp; 5 10 Moyenne sur 24h&nbsp; 15 &nbsp; PM10\u00a0(\u00b5g\/m3) Moyenne sur l\u2019ann\u00e9e&nbsp; 15 20 Moyenne sur&hellip;<\/p>\n","protected":false},"author":1002661,"featured_media":532,"parent":194,"menu_order":0,"comment_status":"closed","ping_status":"closed","template":"template-full-width-cover.php","meta":{"_seopress_robots_primary_cat":"","_seopress_titles_title":"","_seopress_titles_desc":"","_seopress_robots_index":"","footnotes":""},"class_list":["post-247","page","type-page","status-publish","has-post-thumbnail"],"_links":{"self":[{"href":"https:\/\/wp.unil.ch\/captographies\/wp-json\/wp\/v2\/pages\/247","targetHints":{"allow":["GET"]}}],"collection":[{"href":"https:\/\/wp.unil.ch\/captographies\/wp-json\/wp\/v2\/pages"}],"about":[{"href":"https:\/\/wp.unil.ch\/captographies\/wp-json\/wp\/v2\/types\/page"}],"author":[{"embeddable":true,"href":"https:\/\/wp.unil.ch\/captographies\/wp-json\/wp\/v2\/users\/1002661"}],"replies":[{"embeddable":true,"href":"https:\/\/wp.unil.ch\/captographies\/wp-json\/wp\/v2\/comments?post=247"}],"version-history":[{"count":5,"href":"https:\/\/wp.unil.ch\/captographies\/wp-json\/wp\/v2\/pages\/247\/revisions"}],"predecessor-version":[{"id":733,"href":"https:\/\/wp.unil.ch\/captographies\/wp-json\/wp\/v2\/pages\/247\/revisions\/733"}],"up":[{"embeddable":true,"href":"https:\/\/wp.unil.ch\/captographies\/wp-json\/wp\/v2\/pages\/194"}],"wp:featuredmedia":[{"embeddable":true,"href":"https:\/\/wp.unil.ch\/captographies\/wp-json\/wp\/v2\/media\/532"}],"wp:attachment":[{"href":"https:\/\/wp.unil.ch\/captographies\/wp-json\/wp\/v2\/media?parent=247"}],"curies":[{"name":"wp","href":"https:\/\/api.w.org\/{rel}","templated":true}]}}