{"id":727,"date":"2012-10-31T18:38:22","date_gmt":"2012-10-31T17:38:22","guid":{"rendered":"http:\/\/wp.unil.ch\/avml\/?page_id=727"},"modified":"2021-12-01T12:47:30","modified_gmt":"2021-12-01T11:47:30","slug":"prestations-aux-laborantins-apprentis-et-futurs-apprentis","status":"publish","type":"page","link":"https:\/\/wp.unil.ch\/avml\/prestations-aux-laborantins-apprentis-et-futurs-apprentis\/","title":{"rendered":"PRESTATIONS AUX LABORANTINS, APPRENTIS ET FUTURS APPRENTIS"},"content":{"rendered":"<h3>Info-M\u00e9tiers<\/h3>\n<p>Chaque Ann\u00e9e, en octobre, en collaboration avec le DFJC (d\u00e9partement de la formation, de la jeunesse et de la culture), les repr\u00e9sentants d\u2019entreprises membres de l\u2019AVML pr\u00e9sentent aux jeunes domicili\u00e9s dans le canton de Vaud, d\u00e8s la 10\u00e8me ann\u00e9e de la scolarit\u00e9 obligatoire, ainsi qu\u2019\u00e0 leurs parents les diff\u00e9rentes formations des m\u00e9tiers de laboratoire ainsi que les perspectives d\u2019emploi et de formations sup\u00e9rieures dans ces domaines. Cette journ\u00e9e vous permet de d\u00e9couvrir les m\u00e9tiers et les formations de laborantins en chimie, en biologie et en physique.<\/p>\n<h3>Engagement group\u00e9<\/h3>\n<p>Vous souhaitez d\u00e9buter un apprentissage\u00a0et vous engager dans cette formation pour une dur\u00e9e de trois ans?<\/p>\n<p>Chaque ann\u00e9e en automne, \u00a0l&rsquo;AVML proc\u00e8de au recrutement group\u00e9 des apprentis. Cette prestation r\u00e9pond \u00e0 la demande des entreprises qui souhaitent \u00eatre d\u00e9charg\u00e9es d&rsquo;une grande partie de leur travail administratif.<\/p>\n<p>Il vous suffit de remplir les formulaires d\u2019inscription pour participer aux tests th\u00e9oriques d&rsquo;aptitudes ouverts \u00e0 tous (math\u00e9matiques, \u00a0fran\u00e7ais et culture g\u00e9n\u00e9rale). Le niveau de difficult\u00e9 des questions correspond \u00e0 celui de la fin de la scolarit\u00e9 obligatoire. Si vous obtenez suffisamment de points, vous participez \u00e0 une \u00e9valuation pratique et votre dossier sera transmis directement aux entreprises. <a href=\"https:\/\/wp.unil.ch\/avml\/files\/2021\/12\/infos-tests-2022.pdf\">Informations relatives aux tests<\/a>\u00a0(L&rsquo;AVML ne transmet aucune copie des \u00e9preuves des derni\u00e8res ann\u00e9es).<\/p>\n<p>Chaque ann\u00e9e, plus d\u2019une vingtaine de candidats sont ainsi retenus pour une place d\u2019apprentissage.<\/p>\n<p>Les \u00e9preuves et les dossiers des candidats sont la propri\u00e9t\u00e9 exclusive de l&rsquo;AVML, ceux-ci seront d\u00e9truits apr\u00e8s une ann\u00e9e, leur utilisation \u00e9tant r\u00e9serv\u00e9e uniquement \u00e0 l&rsquo;engagement group\u00e9.<\/p>\n<h3>Examen pratique interm\u00e9diaire<\/h3>\n<p>Aux printemps, nous organisons un examen pratique interm\u00e9diaire pour les apprentis de 2\u00e8me\u00a0 ann\u00e9e option chimie, qui a pour objectif principal de vous permettre d&rsquo;\u00eatre confront\u00e9 aux techniques de base de laboratoire, et cela, dans des conditions proches de celles de l&rsquo;examen pratique de fin d&rsquo;apprentissage.<\/p>\n<h3>Remise des CFC<\/h3>\n<p>Chaque ann\u00e9e, l\u2019AVML a le plaisir de remettre les CFC\u00a0des m\u00e9tiers du laboratoire\u00a0aux nouveaux laur\u00e9ats, ainsi que des prix sp\u00e9ciaux offerts par diff\u00e9rentes entreprises engag\u00e9es dans ces diff\u00e9rentes formations.<\/p>\n","protected":false},"excerpt":{"rendered":"<p>Info-M\u00e9tiers Chaque Ann\u00e9e, en octobre, en collaboration avec le DFJC (d\u00e9partement de la formation, de la jeunesse et de la culture), les repr\u00e9sentants d\u2019entreprises membres de l\u2019AVML pr\u00e9sentent aux jeunes domicili\u00e9s dans le canton&#46;&#46;&#46;<\/p>\n","protected":false},"author":274,"featured_media":0,"parent":0,"menu_order":30,"comment_status":"closed","ping_status":"closed","template":"","meta":{"_seopress_robots_primary_cat":"","_seopress_titles_title":"","_seopress_titles_desc":"","_seopress_robots_index":"","footnotes":""},"class_list":["post-727","page","type-page","status-publish"],"_links":{"self":[{"href":"https:\/\/wp.unil.ch\/avml\/wp-json\/wp\/v2\/pages\/727","targetHints":{"allow":["GET"]}}],"collection":[{"href":"https:\/\/wp.unil.ch\/avml\/wp-json\/wp\/v2\/pages"}],"about":[{"href":"https:\/\/wp.unil.ch\/avml\/wp-json\/wp\/v2\/types\/page"}],"author":[{"embeddable":true,"href":"https:\/\/wp.unil.ch\/avml\/wp-json\/wp\/v2\/users\/274"}],"replies":[{"embeddable":true,"href":"https:\/\/wp.unil.ch\/avml\/wp-json\/wp\/v2\/comments?post=727"}],"version-history":[{"count":0,"href":"https:\/\/wp.unil.ch\/avml\/wp-json\/wp\/v2\/pages\/727\/revisions"}],"wp:attachment":[{"href":"https:\/\/wp.unil.ch\/avml\/wp-json\/wp\/v2\/media?parent=727"}],"curies":[{"name":"wp","href":"https:\/\/api.w.org\/{rel}","templated":true}]}}