{"id":481,"date":"2012-10-14T21:57:23","date_gmt":"2012-10-14T19:57:23","guid":{"rendered":"http:\/\/wp.unil.ch\/avml\/?page_id=481"},"modified":"2025-12-19T05:52:45","modified_gmt":"2025-12-19T04:52:45","slug":"bienvenue","status":"publish","type":"page","link":"https:\/\/wp.unil.ch\/avml\/","title":{"rendered":""},"content":{"rendered":"\n<figure class=\"wp-block-image size-full is-resized\"><a href=\"https:\/\/wp.unil.ch\/avml\/entreprises-2026\/\"><img loading=\"lazy\" decoding=\"async\" width=\"1302\" height=\"1276\" src=\"https:\/\/wp.unil.ch\/avml\/files\/2025\/12\/capture-decran-2025-12-15-a-02.30.24.png\" alt=\"capture d\u2019e\u0301cran 2025 12 15 a\u0300 02.30.24\" class=\"wp-image-5495\" style=\"width:686px;height:auto\" srcset=\"https:\/\/wp.unil.ch\/avml\/files\/2025\/12\/capture-decran-2025-12-15-a-02.30.24.png 1302w, https:\/\/wp.unil.ch\/avml\/files\/2025\/12\/capture-decran-2025-12-15-a-02.30.24-300x294.png 300w, https:\/\/wp.unil.ch\/avml\/files\/2025\/12\/capture-decran-2025-12-15-a-02.30.24-1024x1004.png 1024w, https:\/\/wp.unil.ch\/avml\/files\/2025\/12\/capture-decran-2025-12-15-a-02.30.24-150x147.png 150w, https:\/\/wp.unil.ch\/avml\/files\/2025\/12\/capture-decran-2025-12-15-a-02.30.24-768x753.png 768w\" sizes=\"auto, (max-width: 1302px) 100vw, 1302px\" \/><\/a><\/figure>\n\n\n\n<div class=\"wp-block-group is-content-justification-center is-nowrap is-layout-flex wp-container-core-group-is-layout-94bc23d7 wp-block-group-is-layout-flex\">\n<p class=\"has-text-align-center\"><\/p>\n\n\n\n<div class=\"wp-block-group is-vertical is-layout-flex wp-container-core-group-is-layout-8cf370e7 wp-block-group-is-layout-flex\">\n<div class=\"wp-block-group is-vertical is-layout-flex wp-container-core-group-is-layout-8cf370e7 wp-block-group-is-layout-flex\">\n<p class=\"has-text-align-center has-vivid-red-color has-text-color has-link-color wp-elements-0d7f1096b5f90ae321e90adae6baee29 wp-container-content-9cfa9a5a\" style=\"font-size:23px\"><strong>ENGAGEMENT GROUP\u00c9 DES APPRENTIS 2026 : INSCRIPTIONS CLOSES<\/strong><\/p>\n\n\n\n<p class=\"has-text-align-left has-black-color has-text-color has-link-color wp-elements-778619d4d38b93cef26e82c1c16a7542\"><a href=\"https:\/\/wp.unil.ch\/avml\/entreprises-2026\/\">Liste des entreprises qui participent \u00e0 l&rsquo;engagement group\u00e9 2026<\/a><br><br><br>&#8212;&#8212;&#8212;&#8212;&#8212;&#8212;&#8212;&#8212;&#8212;&#8212;&#8212;&#8212;&#8212;&#8212;&#8212;&#8212;&#8212;&#8212;&#8212;&#8212;&#8212;&#8212;&#8212;&#8212;&#8212;&#8212;&#8212;&#8212;-<br><\/p>\n<\/div>\n\n\n\n<div class=\"wp-block-group is-vertical is-layout-flex wp-container-core-group-is-layout-8cf370e7 wp-block-group-is-layout-flex\">\n<div class=\"wp-block-group is-vertical is-layout-flex wp-container-core-group-is-layout-8cf370e7 wp-block-group-is-layout-flex\">\n<figure class=\"wp-block-image size-large is-resized\"><img loading=\"lazy\" decoding=\"async\" width=\"1024\" height=\"682\" src=\"https:\/\/wp.unil.ch\/avml\/files\/2025\/08\/lab-cfc_2025-3465-1024x682.jpg\" alt=\"cfc de laborantins 2025\" class=\"wp-image-5299\" style=\"width:269px;height:auto\" srcset=\"https:\/\/wp.unil.ch\/avml\/files\/2025\/08\/lab-cfc_2025-3465-1024x682.jpg 1024w, https:\/\/wp.unil.ch\/avml\/files\/2025\/08\/lab-cfc_2025-3465-300x200.jpg 300w, https:\/\/wp.unil.ch\/avml\/files\/2025\/08\/lab-cfc_2025-3465-150x100.jpg 150w, https:\/\/wp.unil.ch\/avml\/files\/2025\/08\/lab-cfc_2025-3465-768x511.jpg 768w, https:\/\/wp.unil.ch\/avml\/files\/2025\/08\/lab-cfc_2025-3465.jpg 1200w\" sizes=\"auto, (max-width: 1024px) 100vw, 1024px\" \/><figcaption class=\"wp-element-caption\">L&rsquo;AVML f\u00e9licite les laur\u00e9ats des maturit\u00e9s professionnelles et CFC 2025<\/figcaption><\/figure>\n<\/div>\n<\/div>\n\n\n\n<div class=\"wp-block-group is-vertical is-layout-flex wp-container-core-group-is-layout-8cf370e7 wp-block-group-is-layout-flex\">\n<div class=\"wp-block-group is-vertical is-layout-flex wp-container-core-group-is-layout-8cf370e7 wp-block-group-is-layout-flex\">\n<p class=\"has-text-align-left\"><\/p>\n<\/div>\n<\/div>\n<\/div>\n\n\n\n<p class=\"has-text-color\" style=\"color:#655252;font-size:15px\"><\/p>\n<\/div>\n\n\n\n<div class=\"wp-block-group is-nowrap is-layout-flex wp-container-core-group-is-layout-ad2f72ca wp-block-group-is-layout-flex\">\n<div class=\"wp-block-group is-content-justification-center is-nowrap is-layout-flex wp-container-core-group-is-layout-94bc23d7 wp-block-group-is-layout-flex\">\n<div class=\"wp-block-columns is-layout-flex wp-container-core-columns-is-layout-9d6595d7 wp-block-columns-is-layout-flex\">\n<div class=\"wp-block-column is-layout-flow wp-block-column-is-layout-flow\" style=\"flex-basis:100%\">\n<div class=\"wp-block-group is-nowrap is-layout-flex wp-container-core-group-is-layout-ad2f72ca wp-block-group-is-layout-flex\">\n<div class=\"wp-block-group is-vertical is-layout-flex wp-container-core-group-is-layout-8cf370e7 wp-block-group-is-layout-flex\">\n<div class=\"wp-block-group has-small-font-size\"><div class=\"wp-block-group__inner-container is-layout-flow wp-block-group-is-layout-flow\">\n<div class=\"wp-block-columns is-layout-flex wp-container-core-columns-is-layout-9d6595d7 wp-block-columns-is-layout-flex\">\n<div class=\"wp-block-column is-layout-flow wp-block-column-is-layout-flow\" style=\"flex-basis:25%\"><\/div>\n\n\n\n<div class=\"wp-block-column is-layout-flow wp-block-column-is-layout-flow\" style=\"flex-basis:50%\"><\/div>\n\n\n\n<div class=\"wp-block-column is-layout-flow wp-block-column-is-layout-flow\" style=\"flex-basis:25%\"><\/div>\n<\/div>\n<\/div><\/div>\n<\/div>\n<\/div>\n<\/div>\n<\/div>\n<\/div>\n<\/div>\n\n\n\n<p><\/p>\n","protected":false},"excerpt":{"rendered":"<p>ENGAGEMENT GROUP\u00c9 DES APPRENTIS 2026 : INSCRIPTIONS CLOSES Liste des entreprises qui participent \u00e0 l&rsquo;engagement group\u00e9 2026 &#8212;&#8212;&#8212;&#8212;&#8212;&#8212;&#8212;&#8212;&#8212;&#8212;&#8212;&#8212;&#8212;&#8212;&#8212;&#8212;&#8212;&#8212;&#8212;&#8212;&#8212;&#8212;&#8212;&#8212;&#8212;&#8212;&#8212;&#8212;-<\/p>\n","protected":false},"author":274,"featured_media":0,"parent":0,"menu_order":1,"comment_status":"closed","ping_status":"closed","template":"","meta":{"_seopress_robots_primary_cat":"","_seopress_titles_title":"","_seopress_titles_desc":"","_seopress_robots_index":"","footnotes":""},"class_list":["post-481","page","type-page","status-publish"],"_links":{"self":[{"href":"https:\/\/wp.unil.ch\/avml\/wp-json\/wp\/v2\/pages\/481","targetHints":{"allow":["GET"]}}],"collection":[{"href":"https:\/\/wp.unil.ch\/avml\/wp-json\/wp\/v2\/pages"}],"about":[{"href":"https:\/\/wp.unil.ch\/avml\/wp-json\/wp\/v2\/types\/page"}],"author":[{"embeddable":true,"href":"https:\/\/wp.unil.ch\/avml\/wp-json\/wp\/v2\/users\/274"}],"replies":[{"embeddable":true,"href":"https:\/\/wp.unil.ch\/avml\/wp-json\/wp\/v2\/comments?post=481"}],"version-history":[{"count":4,"href":"https:\/\/wp.unil.ch\/avml\/wp-json\/wp\/v2\/pages\/481\/revisions"}],"predecessor-version":[{"id":5504,"href":"https:\/\/wp.unil.ch\/avml\/wp-json\/wp\/v2\/pages\/481\/revisions\/5504"}],"wp:attachment":[{"href":"https:\/\/wp.unil.ch\/avml\/wp-json\/wp\/v2\/media?parent=481"}],"curies":[{"name":"wp","href":"https:\/\/api.w.org\/{rel}","templated":true}]}}