{"id":7792,"date":"2016-02-04T22:34:13","date_gmt":"2016-02-04T21:34:13","guid":{"rendered":"http:\/\/wp.unil.ch\/ateliercritique\/?page_id=7792"},"modified":"2026-02-13T16:32:41","modified_gmt":"2026-02-13T15:32:41","slug":"le-reflet-vevey","status":"publish","type":"page","link":"https:\/\/wp.unil.ch\/ateliercritique\/theatres-partenaires\/le-reflet-vevey\/","title":{"rendered":"Le Reflet (Vevey)"},"content":{"rendered":"\n<figure class=\"wp-block-image size-full\"><a href=\"https:\/\/lereflet.ch\/\"><img loading=\"lazy\" decoding=\"async\" width=\"224\" height=\"224\" src=\"https:\/\/wp.unil.ch\/ateliercritique\/files\/2026\/02\/reflet-logo.png\" alt=\"reflet logo\" class=\"wp-image-23443\" srcset=\"https:\/\/wp.unil.ch\/ateliercritique\/files\/2026\/02\/reflet-logo.png 224w, https:\/\/wp.unil.ch\/ateliercritique\/files\/2026\/02\/reflet-logo-200x200.png 200w, https:\/\/wp.unil.ch\/ateliercritique\/files\/2026\/02\/reflet-logo-170x170.png 170w\" sizes=\"auto, (max-width: 224px) 100vw, 224px\" \/><\/a><\/figure>\n\n\n\n<h4 class=\"wp-block-heading\">Critiques par spectacles jou\u00e9s dans ce th\u00e9\u00e2tre :<\/h4>\n\n\n\n<div class=\"wp-block-query is-layout-flow wp-block-query-is-layout-flow\"><ul class=\"wp-block-post-template is-layout-flow wp-block-post-template-is-layout-flow\"><li class=\"wp-block-post post-23140 post type-post status-publish format-standard has-post-thumbnail category-critique category-expired category-le-reflet category-spectacle tag-hadrien-halter\">\n<h6 class=\"liensouligne wp-block-post-title\"><a href=\"https:\/\/wp.unil.ch\/ateliercritique\/2025\/05\/pandax\/\" target=\"_self\" >Pandax<\/a><\/h6>\n\n<div class=\"wp-block-post-excerpt\"><p class=\"wp-block-post-excerpt__excerpt\">Conception et mise en sc\u00e8ne par Nicole Lagarde et Cirque La Compagnie \/ Th\u00e9\u00e2tre Le Reflet (Vevey) \/ Du 3 au 4 mai 2025 \/ Critique par Hadrien Halter . <\/p><\/div>\n\n\n<div style=\"height:1px\" aria-hidden=\"true\" class=\"wp-block-spacer\"><\/div>\n\n<\/li><li class=\"wp-block-post post-17775 post type-post status-publish format-standard has-post-thumbnail category-critique category-expired category-theatre-comedie category-le-reflet category-spectacle category-spot-sion tag-marguerite-thery\">\n<h6 class=\"liensouligne wp-block-post-title\"><a href=\"https:\/\/wp.unil.ch\/ateliercritique\/2024\/04\/pile-ou-face\/\" target=\"_self\" >Pile ou face<\/a><\/h6>\n\n<div class=\"wp-block-post-excerpt\"><p class=\"wp-block-post-excerpt__excerpt\">D&rsquo;apr\u00e8s Catherine Colomb \/ adaptation et mise en sc\u00e8ne par le collectif CLAR \/ Le Reflet (Vevey) \/ du 16 au 17 avril 2024 \/ La Com\u00e9die (Gen\u00e8ve) \/ du 19 au 28 avril \/ critique par Marguerite Thery. <\/p><\/div>\n\n\n<div style=\"height:1px\" aria-hidden=\"true\" class=\"wp-block-spacer\"><\/div>\n\n<\/li><li class=\"wp-block-post post-13280 post type-post status-publish format-standard has-post-thumbnail category-critique category-expired category-le-reflet category-spectacle tag-jade-lambelet tag-sarah-juilland\">\n<h6 class=\"liensouligne wp-block-post-title\"><a href=\"https:\/\/wp.unil.ch\/ateliercritique\/2019\/03\/le-cabaret-des-realites\/\" target=\"_self\" >Le Cabaret des r\u00e9alit\u00e9s<\/a><\/h6>\n\n<div class=\"wp-block-post-excerpt\"><p class=\"wp-block-post-excerpt__excerpt\">D\u2019apr\u00e8s l\u2019\u0153uvre d\u2019Alejandro Jodorowsky \/ Texte et mise en sc\u00e8ne de Sandra Gaudin \/ Th\u00e9\u00e2tre du Reflet \/ 14 mars 2019 \/ Critiques par Sarah Juilland et Jade Lambelet. <\/p><\/div>\n\n\n<div style=\"height:1px\" aria-hidden=\"true\" class=\"wp-block-spacer\"><\/div>\n\n<\/li><li class=\"wp-block-post post-13107 post type-post status-publish format-standard has-post-thumbnail category-critique category-expired category-le-reflet category-spectacle tag-amina-gudzevic tag-melanie-scyboz\">\n<h6 class=\"liensouligne wp-block-post-title\"><a href=\"https:\/\/wp.unil.ch\/ateliercritique\/2018\/12\/digressions-et-autres-detours-avant-de-jouer\/\" target=\"_self\" >Digressions et autres d\u00e9tours avant de jouer<\/a><\/h6>\n\n<div class=\"wp-block-post-excerpt\"><p class=\"wp-block-post-excerpt__excerpt\">\u00c8ve Bonfanti &amp; Yves Hunstad \/ Le Reflet Th\u00e9\u00e2tre de Vevey \/ du 13 au 14 d\u00e9cembre 2018 \/ Critiques par Amina Gudzevic et M\u00e9lanie Scyboz.\u00a0 <\/p><\/div>\n\n\n<div style=\"height:1px\" aria-hidden=\"true\" class=\"wp-block-spacer\"><\/div>\n\n<\/li><li class=\"wp-block-post post-12696 post type-post status-publish format-standard has-post-thumbnail category-critique category-expired category-le-reflet category-spectacle tag-louis-vodoz tag-sarah-juilland\">\n<h6 class=\"liensouligne wp-block-post-title\"><a href=\"https:\/\/wp.unil.ch\/ateliercritique\/2018\/05\/infideles\/\" target=\"_self\" >Infid\u00e8les<\/a><\/h6>\n\n<div class=\"wp-block-post-excerpt\"><p class=\"wp-block-post-excerpt__excerpt\">D\u2019apr\u00e8s Ingmar Bergman \/ Par les collectifs tg STAN et de Roovers \/ Le Reflet \/ du 17 au 18 mai 2018 \/ Critiques par Sarah Juilland et Louis Vodoz. <\/p><\/div>\n\n\n<div style=\"height:1px\" aria-hidden=\"true\" class=\"wp-block-spacer\"><\/div>\n\n<\/li><li class=\"wp-block-post post-12370 post type-post status-publish format-standard has-post-thumbnail category-critique category-expired category-le-reflet category-spectacle tag-aurelien-maignant\">\n<h6 class=\"liensouligne wp-block-post-title\"><a href=\"https:\/\/wp.unil.ch\/ateliercritique\/2018\/01\/monsieur-de-pourceaugnac\/\" target=\"_self\" >Monsieur de Pourceaugnac<\/a><\/h6>\n\n<div class=\"wp-block-post-excerpt\"><p class=\"wp-block-post-excerpt__excerpt\">D\u2019apr\u00e8s Moli\u00e8re (texte) et Lully (musique) \/ Mise en sc\u00e8ne de\u00a0Cl\u00e9ment Hervieu-L\u00e9ger \/ Conception musicale de William Christie \/ Th\u00e9\u00e2tre du Reflet \/ le 16 janvier 2018 \/ Critique par Aur\u00e9lien Maignant. <\/p><\/div>\n\n\n<div style=\"height:1px\" aria-hidden=\"true\" class=\"wp-block-spacer\"><\/div>\n\n<\/li><li class=\"wp-block-post post-11129 post type-post status-publish format-standard has-post-thumbnail category-critique category-expired category-le-reflet category-spectacle tag-nadia-hachemi\">\n<h6 class=\"liensouligne wp-block-post-title\"><a href=\"https:\/\/wp.unil.ch\/ateliercritique\/2017\/03\/38-sequences\/\" target=\"_self\" >38 s\u00e9quences<\/a><\/h6>\n\n<div class=\"wp-block-post-excerpt\"><p class=\"wp-block-post-excerpt__excerpt\">De Marie Fourquet \/ Mise en sc\u00e8ne Marie Fourquet \/ Cie Ad-apte \/ Le Reflet Th\u00e9\u00e2tre de Vevey \/ du 3 au 5 mars 2017 \/ Critique par Nadia Hachemi. <\/p><\/div>\n\n\n<div style=\"height:1px\" aria-hidden=\"true\" class=\"wp-block-spacer\"><\/div>\n\n<\/li><li class=\"wp-block-post post-11075 post type-post status-publish format-standard has-post-thumbnail category-critique category-expired category-le-reflet category-spectacle tag-kendra-simons\">\n<h6 class=\"liensouligne wp-block-post-title\"><a href=\"https:\/\/wp.unil.ch\/ateliercritique\/2017\/02\/la-petite-casserole-danatole\/\" target=\"_self\" >La petite casserole d\u2019Anatole<\/a><\/h6>\n\n<div class=\"wp-block-post-excerpt\"><p class=\"wp-block-post-excerpt__excerpt\">D\u2019apr\u00e8s l\u2019album d\u2019Isabelle Carrier, adaptation et mise en sc\u00e8ne par Cyrille Louge, conception des marionnettes par Francesca Testi \/ Le Reflet, th\u00e9\u00e2tre de Vevey \/ 12 f\u00e9vrier 2017 \/ Critique par Kendra Simons. <\/p><\/div>\n\n\n<div style=\"height:1px\" aria-hidden=\"true\" class=\"wp-block-spacer\"><\/div>\n\n<\/li><li class=\"wp-block-post post-8149 post type-post status-publish format-standard has-post-thumbnail category-critique category-expired category-le-reflet category-spectacle tag-deborah-strebel tag-valmir-rexhepi\">\n<h6 class=\"liensouligne wp-block-post-title\"><a href=\"https:\/\/wp.unil.ch\/ateliercritique\/2016\/05\/black-out\/\" target=\"_self\" >Black out<\/a><\/h6>\n\n<div class=\"wp-block-post-excerpt\"><p class=\"wp-block-post-excerpt__excerpt\">Par la compagnie Philippe Saire \/ Le Reflet \/ du 12 au 15 mai 2016 \/ Critiques par Deborah Strebel et Valmir Rexhepi. <\/p><\/div>\n\n\n<div style=\"height:1px\" aria-hidden=\"true\" class=\"wp-block-spacer\"><\/div>\n\n<\/li><li class=\"wp-block-post post-7975 post type-post status-publish format-standard has-post-thumbnail category-critique category-expired category-le-reflet category-spectacle tag-amandine-rosset tag-deborah-strebel\">\n<h6 class=\"liensouligne wp-block-post-title\"><a href=\"https:\/\/wp.unil.ch\/ateliercritique\/2016\/03\/george-dandin-et-la-jalousie-du-barbouille\/\" target=\"_self\" >George Dandin et La Jalousie du Barbouill\u00e9<\/a><\/h6>\n\n<div class=\"wp-block-post-excerpt\"><p class=\"wp-block-post-excerpt__excerpt\">De Moli\u00e8re \/ mise en sc\u00e8ne Herv\u00e9 Pierre \/ par la troupe de la Com\u00e9die-Fran\u00e7aise \/ Le Reflet \/ le 20 mars 2016 \/ Critiques par Deborah Strebel et Amandine Rosset. <\/p><\/div>\n\n\n<div style=\"height:1px\" aria-hidden=\"true\" class=\"wp-block-spacer\"><\/div>\n\n<\/li><li class=\"wp-block-post post-7822 post type-post status-publish format-standard has-post-thumbnail category-critique category-expired category-le-reflet category-spectacle tag-amandine-rosset\">\n<h6 class=\"liensouligne wp-block-post-title\"><a href=\"https:\/\/wp.unil.ch\/ateliercritique\/2016\/02\/piccoli-sentimenti\/\" target=\"_self\" >Piccoli Sentimenti<\/a><\/h6>\n\n<div class=\"wp-block-post-excerpt\"><p class=\"wp-block-post-excerpt__excerpt\">Conception Antonio Catalano et Alain Moreau \/ \u00e9criture, marionnette et mise en sc\u00e8ne Alain Moreau \/ Le Reflet (Vevey) \/ du 13 au 14 f\u00e9vrier 2016 \/ Critique par Amandine Rosset. <\/p><\/div>\n\n\n<div style=\"height:1px\" aria-hidden=\"true\" class=\"wp-block-spacer\"><\/div>\n\n<\/li><li class=\"wp-block-post post-7511 post type-post status-publish format-standard has-post-thumbnail category-critique category-expired category-le-reflet category-spectacle tag-marie-reymond tag-waqas-mirza\">\n<h6 class=\"liensouligne wp-block-post-title\"><a href=\"https:\/\/wp.unil.ch\/ateliercritique\/2015\/11\/le-nozze-di-figaro\/\" target=\"_self\" >Le nozze di Figaro<\/a><\/h6>\n\n<div class=\"wp-block-post-excerpt\"><p class=\"wp-block-post-excerpt__excerpt\">De Wolfgang Amadeus Mozart, \u00e0 partir du livret de Lorenzo da Ponte \/ mise en sc\u00e8ne Galin Stoev \/ direction musicale Alexis Kossenko \/ Th\u00e9\u00e2tre du Reflet (Vevey) \/ 24 novembre 2015 \/ Critiques par Waqas Mirza et Marie Reymond. <\/p><\/div>\n\n\n<div style=\"height:1px\" aria-hidden=\"true\" class=\"wp-block-spacer\"><\/div>\n\n<\/li><li class=\"wp-block-post post-7349 post type-post status-publish format-standard has-post-thumbnail category-critique category-expired category-le-reflet category-spectacle tag-camille-logoz tag-emilie-roch\">\n<h6 class=\"liensouligne wp-block-post-title\"><a href=\"https:\/\/wp.unil.ch\/ateliercritique\/2015\/11\/lhistoire-du-soldat\/\" target=\"_self\" >L\u2019Histoire du soldat<\/a><\/h6>\n\n<div class=\"wp-block-post-excerpt\"><p class=\"wp-block-post-excerpt__excerpt\">De Charles-Ferdinand Ramuz \/ musique d\u2019Igor Stravinsky \/ par le Teatro Malandro \/ mise en sc\u00e8ne Omar Porras\u00a0\/ Th\u00e9\u00e2tre Le Reflet (Vevey) \/ du 7 au 8 novembre 2015 \/ Critiques par Emilie Roch et Camille Logoz. <\/p><\/div>\n\n\n<div style=\"height:1px\" aria-hidden=\"true\" class=\"wp-block-spacer\"><\/div>\n\n<\/li><\/ul><\/div>\n","protected":false},"excerpt":{"rendered":"<p>Critiques par spectacles jou\u00e9s dans ce th\u00e9\u00e2tre :<\/p>\n","protected":false},"author":1001220,"featured_media":0,"parent":2713,"menu_order":2,"comment_status":"closed","ping_status":"closed","template":"","meta":{"_seopress_robots_primary_cat":"","_seopress_titles_title":"","_seopress_titles_desc":"","_seopress_robots_index":"","footnotes":""},"class_list":["post-7792","page","type-page","status-publish"],"_links":{"self":[{"href":"https:\/\/wp.unil.ch\/ateliercritique\/wp-json\/wp\/v2\/pages\/7792","targetHints":{"allow":["GET"]}}],"collection":[{"href":"https:\/\/wp.unil.ch\/ateliercritique\/wp-json\/wp\/v2\/pages"}],"about":[{"href":"https:\/\/wp.unil.ch\/ateliercritique\/wp-json\/wp\/v2\/types\/page"}],"author":[{"embeddable":true,"href":"https:\/\/wp.unil.ch\/ateliercritique\/wp-json\/wp\/v2\/users\/1001220"}],"replies":[{"embeddable":true,"href":"https:\/\/wp.unil.ch\/ateliercritique\/wp-json\/wp\/v2\/comments?post=7792"}],"version-history":[{"count":3,"href":"https:\/\/wp.unil.ch\/ateliercritique\/wp-json\/wp\/v2\/pages\/7792\/revisions"}],"predecessor-version":[{"id":23444,"href":"https:\/\/wp.unil.ch\/ateliercritique\/wp-json\/wp\/v2\/pages\/7792\/revisions\/23444"}],"up":[{"embeddable":true,"href":"https:\/\/wp.unil.ch\/ateliercritique\/wp-json\/wp\/v2\/pages\/2713"}],"wp:attachment":[{"href":"https:\/\/wp.unil.ch\/ateliercritique\/wp-json\/wp\/v2\/media?parent=7792"}],"curies":[{"name":"wp","href":"https:\/\/api.w.org\/{rel}","templated":true}]}}