{"id":3286,"date":"2014-02-26T06:58:13","date_gmt":"2014-02-26T05:58:13","guid":{"rendered":"http:\/\/wp.unil.ch\/ateliercritique\/?page_id=3286"},"modified":"2026-02-12T14:07:23","modified_gmt":"2026-02-12T13:07:23","slug":"spot-sion","status":"publish","type":"page","link":"https:\/\/wp.unil.ch\/ateliercritique\/theatres-partenaires\/spot-sion\/","title":{"rendered":"Le Spot (Sion)"},"content":{"rendered":"\n<figure class=\"wp-block-image size-full is-resized\"><a href=\"https:\/\/spot-sion.ch\/\"><img alt=\"\" loading=\"lazy\" decoding=\"async\" width=\"480\" height=\"200\" src=\"https:\/\/wp.unil.ch\/ateliercritique\/files\/2021\/09\/logo_spot_Sion.png\" alt=\"\" class=\"wp-image-15461\" style=\"width:240px;height:100px\" srcset=\"https:\/\/wp.unil.ch\/ateliercritique\/files\/2021\/09\/logo_spot_Sion.png 480w, https:\/\/wp.unil.ch\/ateliercritique\/files\/2021\/09\/logo_spot_Sion-300x125.png 300w, https:\/\/wp.unil.ch\/ateliercritique\/files\/2021\/09\/logo_spot_Sion-250x104.png 250w\" sizes=\"auto, (max-width: 480px) 100vw, 480px\" \/><\/a><\/figure>\n\n\n\n<h4 class=\"wp-block-heading\">Critiques par spectacles jou\u00e9s dans ce th\u00e9\u00e2tre :<\/h4>\n\n\n\n<div class=\"wp-block-query is-layout-flow wp-block-query-is-layout-flow\"><ul class=\"wp-block-post-template is-layout-flow wp-block-post-template-is-layout-flow\"><li class=\"wp-block-post post-23341 post type-post status-publish format-standard has-post-thumbnail category-critique category-expired category-spectacle category-spot-sion tag-mathys-lonfat\">\n<h6 class=\"liensouligne wp-block-post-title\"><a href=\"https:\/\/wp.unil.ch\/ateliercritique\/2025\/11\/stek\/\" target=\"_self\" >Stek<\/a><\/h6>\n\n<div class=\"wp-block-post-excerpt\"><p class=\"wp-block-post-excerpt__excerpt\">Conception et mise en sc\u00e8ne par la compagnie Intrepidus \/ Le Spot (Sion) \/ Du 15 au 16 novembre 2025 \/ Critique par Mathys Lonfat . <\/p><\/div>\n\n\n<div style=\"height:1px\" aria-hidden=\"true\" class=\"wp-block-spacer\"><\/div>\n\n<\/li><li class=\"wp-block-post post-23150 post type-post status-publish format-standard has-post-thumbnail category-critique category-expired category-spectacle category-spot-sion tag-killian-lachat\">\n<h6 class=\"liensouligne wp-block-post-title\"><a href=\"https:\/\/wp.unil.ch\/ateliercritique\/2025\/05\/ocean-mer\/\" target=\"_self\" >Oc\u00e9an mer<\/a><\/h6>\n\n<div class=\"wp-block-post-excerpt\"><p class=\"wp-block-post-excerpt__excerpt\">D&rsquo;apr\u00e8s le roman d&rsquo;Alessandro Baricco et la traduction de Fran\u00e7oise Brun \/ Mise en sc\u00e8ne par Lionel Fournier \/ Th\u00e9\u00e2tre Le Spot (Sion) \/ Du 7 au 10 mai 2025 \/ Critique par Killian Lachat . <\/p><\/div>\n\n\n<div style=\"height:1px\" aria-hidden=\"true\" class=\"wp-block-spacer\"><\/div>\n\n<\/li><li class=\"wp-block-post post-18834 post type-post status-publish format-standard has-post-thumbnail category-critique category-expired category-spectacle category-spot-sion tag-piera-biondina\">\n<h6 class=\"liensouligne wp-block-post-title\"><a href=\"https:\/\/wp.unil.ch\/ateliercritique\/2024\/06\/test\/\" target=\"_self\" >We run the world, girls !<\/a><\/h6>\n\n<div class=\"wp-block-post-excerpt\"><p class=\"wp-block-post-excerpt__excerpt\">Mise en sc\u00e8ne par Pauline Epinay \/ Compagnie Push-Up \/ Le Spot (Sion) \/ du 14 au 24 mai 2024 \/ Critique par Piera Biondina . <\/p><\/div>\n\n\n<div style=\"height:1px\" aria-hidden=\"true\" class=\"wp-block-spacer\"><\/div>\n\n<\/li><li class=\"wp-block-post post-17775 post type-post status-publish format-standard has-post-thumbnail category-critique category-expired category-theatre-comedie category-le-reflet category-spectacle category-spot-sion tag-marguerite-thery\">\n<h6 class=\"liensouligne wp-block-post-title\"><a href=\"https:\/\/wp.unil.ch\/ateliercritique\/2024\/04\/pile-ou-face\/\" target=\"_self\" >Pile ou face<\/a><\/h6>\n\n<div class=\"wp-block-post-excerpt\"><p class=\"wp-block-post-excerpt__excerpt\">D&rsquo;apr\u00e8s Catherine Colomb \/ adaptation et mise en sc\u00e8ne par le collectif CLAR \/ Le Reflet (Vevey) \/ du 16 au 17 avril 2024 \/ La Com\u00e9die (Gen\u00e8ve) \/ du 19 au 28 avril \/ critique par Marguerite Thery. <\/p><\/div>\n\n\n<div style=\"height:1px\" aria-hidden=\"true\" class=\"wp-block-spacer\"><\/div>\n\n<\/li><li class=\"wp-block-post post-15964 post type-post status-publish format-standard has-post-thumbnail category-critique category-expired category-spectacle category-spot-sion\">\n<h6 class=\"liensouligne wp-block-post-title\"><a href=\"https:\/\/wp.unil.ch\/ateliercritique\/2022\/01\/hiver-a-sokcho\/\" target=\"_self\" >Hiver \u00e0 Sokcho<\/a><\/h6>\n\n<div class=\"wp-block-post-excerpt\"><p class=\"wp-block-post-excerpt__excerpt\">D\u2019apr\u00e8s le roman de Elisa Shua Dusapin\/ Mise en sc\u00e8ne par Frank Semelet \/ Le Spot Sion \/ mardi 25 janvier 2022 \/ Critique par Antoine Klotz . <\/p><\/div>\n\n\n<div style=\"height:1px\" aria-hidden=\"true\" class=\"wp-block-spacer\"><\/div>\n\n<\/li><li class=\"wp-block-post post-15880 post type-post status-publish format-standard has-post-thumbnail category-critique category-expired category-spectacle category-spot-sion tag-ariane-mariot\">\n<h6 class=\"liensouligne wp-block-post-title\"><a href=\"https:\/\/wp.unil.ch\/ateliercritique\/2021\/12\/voodoo-sandwich\/\" target=\"_self\" >Voodoo Sandwich<\/a><\/h6>\n\n<div class=\"wp-block-post-excerpt\"><p class=\"wp-block-post-excerpt__excerpt\">Voodoo Sandwich \/ Cr\u00e9ation et mise en sc\u00e8ne d\u2019Augustin Rebetez et Niklas Blomberg \/ Th\u00e9\u00e2tre Spot \u00e0 Sion \/ du 12 au 11 novembre 2021. <\/p><\/div>\n\n\n<div style=\"height:1px\" aria-hidden=\"true\" class=\"wp-block-spacer\"><\/div>\n\n<\/li><\/ul><\/div>\n","protected":false},"excerpt":{"rendered":"<p>Critiques par spectacles jou\u00e9s dans ce th\u00e9\u00e2tre :<\/p>\n","protected":false},"author":1420,"featured_media":0,"parent":2713,"menu_order":0,"comment_status":"closed","ping_status":"closed","template":"","meta":{"_seopress_robots_primary_cat":"","_seopress_titles_title":"","_seopress_titles_desc":"","_seopress_robots_index":"","footnotes":""},"class_list":["post-3286","page","type-page","status-publish"],"_links":{"self":[{"href":"https:\/\/wp.unil.ch\/ateliercritique\/wp-json\/wp\/v2\/pages\/3286","targetHints":{"allow":["GET"]}}],"collection":[{"href":"https:\/\/wp.unil.ch\/ateliercritique\/wp-json\/wp\/v2\/pages"}],"about":[{"href":"https:\/\/wp.unil.ch\/ateliercritique\/wp-json\/wp\/v2\/types\/page"}],"author":[{"embeddable":true,"href":"https:\/\/wp.unil.ch\/ateliercritique\/wp-json\/wp\/v2\/users\/1420"}],"replies":[{"embeddable":true,"href":"https:\/\/wp.unil.ch\/ateliercritique\/wp-json\/wp\/v2\/comments?post=3286"}],"version-history":[{"count":2,"href":"https:\/\/wp.unil.ch\/ateliercritique\/wp-json\/wp\/v2\/pages\/3286\/revisions"}],"predecessor-version":[{"id":22828,"href":"https:\/\/wp.unil.ch\/ateliercritique\/wp-json\/wp\/v2\/pages\/3286\/revisions\/22828"}],"up":[{"embeddable":true,"href":"https:\/\/wp.unil.ch\/ateliercritique\/wp-json\/wp\/v2\/pages\/2713"}],"wp:attachment":[{"href":"https:\/\/wp.unil.ch\/ateliercritique\/wp-json\/wp\/v2\/media?parent=3286"}],"curies":[{"name":"wp","href":"https:\/\/api.w.org\/{rel}","templated":true}]}}