{"id":2786,"date":"2014-02-18T09:10:08","date_gmt":"2014-02-18T08:10:08","guid":{"rendered":"http:\/\/wp.unil.ch\/ateliercritique\/?page_id=2786"},"modified":"2026-02-12T15:06:53","modified_gmt":"2026-02-12T14:06:53","slug":"carouge","status":"publish","type":"page","link":"https:\/\/wp.unil.ch\/ateliercritique\/theatres-partenaires\/carouge\/","title":{"rendered":"Th\u00e9\u00e2tre de Carouge (Gen\u00e8ve)"},"content":{"rendered":"\n<figure class=\"wp-block-image size-full is-resized\"><a href=\"https:\/\/theatredecarouge.ch\/\" target=\"_blank\" rel=\"noopener\"><img loading=\"lazy\" decoding=\"async\" width=\"608\" height=\"205\" src=\"https:\/\/wp.unil.ch\/ateliercritique\/files\/2026\/02\/carouge-logo.jpg\" alt=\"carouge logo\" class=\"wp-image-23400\" style=\"width:300px\" srcset=\"https:\/\/wp.unil.ch\/ateliercritique\/files\/2026\/02\/carouge-logo.jpg 608w, https:\/\/wp.unil.ch\/ateliercritique\/files\/2026\/02\/carouge-logo-300x101.jpg 300w, https:\/\/wp.unil.ch\/ateliercritique\/files\/2026\/02\/carouge-logo-250x84.jpg 250w\" sizes=\"auto, (max-width: 608px) 100vw, 608px\" \/><\/a><\/figure>\n\n\n\n<h4 class=\"wp-block-heading\">Critiques par spectacles jou\u00e9s dans ce th\u00e9\u00e2tre :<\/h4>\n\n\n\n<div class=\"wp-block-query is-layout-flow wp-block-query-is-layout-flow\"><ul class=\"wp-block-post-template is-layout-flow wp-block-post-template-is-layout-flow\"><li class=\"wp-block-post post-23461 post type-post status-publish format-standard has-post-thumbnail category-critique category-onstage category-spectacle category-theatre-de-carouge tag-felix-blandin tag-mathys-lonfat\">\n<h6 class=\"liensouligne wp-block-post-title\"><a href=\"https:\/\/wp.unil.ch\/ateliercritique\/2026\/03\/le-tartuffe\/\" target=\"_self\" >Le Tartuffe<\/a><\/h6>\n\n<div class=\"wp-block-post-excerpt\"><p class=\"wp-block-post-excerpt__excerpt\">D&rsquo;apr\u00e8s Moli\u00e8re \/ Mise en sc\u00e8ne par Jean Liermier \/ Th\u00e9\u00e2tre de Carouge (Gen\u00e8ve) \/ Du 3 mars au 2 avril 2026 \/ Critiques par Mathys Lonfat et F\u00e9lix Blandin . <\/p><\/div>\n\n\n<div style=\"height:1px\" aria-hidden=\"true\" class=\"wp-block-spacer\"><\/div>\n\n<\/li><li class=\"wp-block-post post-23171 post type-post status-publish format-standard has-post-thumbnail category-critique category-onstage category-spectacle category-theatre-de-carouge tag-auxane-bolanz tag-maxime-grandjean\">\n<h6 class=\"liensouligne wp-block-post-title\"><a href=\"https:\/\/wp.unil.ch\/ateliercritique\/2025\/05\/art\/\" target=\"_self\" >Art<\/a><\/h6>\n\n<div class=\"wp-block-post-excerpt\"><p class=\"wp-block-post-excerpt__excerpt\">D&rsquo;apr\u00e8s Yasmina Reza \/ Mise en sc\u00e8ne par Fran\u00e7ois Morel \/ Th\u00e9\u00e2tre de Carouge (Gen\u00e8ve) \/ Du 21 mai au 8 juin 2025 \/ Critiques par Maxime Grandjean et Auxane Bolanz . <\/p><\/div>\n\n\n<div style=\"height:1px\" aria-hidden=\"true\" class=\"wp-block-spacer\"><\/div>\n\n<\/li><li class=\"wp-block-post post-19855 post type-post status-publish format-standard has-post-thumbnail category-critique category-expired category-spectacle category-theatre-de-carouge tag-hadrien-halter tag-loris-ferrari\">\n<h6 class=\"liensouligne wp-block-post-title\"><a href=\"https:\/\/wp.unil.ch\/ateliercritique\/2024\/10\/les-fausses-confidences\/\" target=\"_self\" >Les Fausses Confidences<\/a><\/h6>\n\n<div class=\"wp-block-post-excerpt\"><p class=\"wp-block-post-excerpt__excerpt\">Texte de Marivaux \/ Mise en sc\u00e8ne d\u2019Alain Fran\u00e7on \/ Th\u00e9\u00e2tre de Carouge (Gen\u00e8ve) \/ Du 24 septembre au 19 octobre 2024 \/ Critiques par Loris Ferrari et Hadrien Halter. <\/p><\/div>\n\n\n<div style=\"height:1px\" aria-hidden=\"true\" class=\"wp-block-spacer\"><\/div>\n\n<\/li><li class=\"wp-block-post post-17752 post type-post status-publish format-standard has-post-thumbnail category-critique category-expired category-spectacle category-theatre-de-carouge tag-mathilde-feraud\">\n<h6 class=\"liensouligne wp-block-post-title\"><a href=\"https:\/\/wp.unil.ch\/ateliercritique\/2024\/03\/le-suicide\/\" target=\"_self\" >Le Suicid\u00e9<\/a><\/h6>\n\n<div class=\"wp-block-post-excerpt\"><p class=\"wp-block-post-excerpt__excerpt\">Texte de Nicola\u00ef Erdman \/ mise en sc\u00e8ne de Jean Bellorini \/\u00a0Th\u00e9\u00e2tre de Carouge (Gen\u00e8ve) \/ du 1er\u00a0au 16 mars 2024 \/ Critique par Mathilde Feraud. <\/p><\/div>\n\n\n<div style=\"height:1px\" aria-hidden=\"true\" class=\"wp-block-spacer\"><\/div>\n\n<\/li><li class=\"wp-block-post post-16545 post type-post status-publish format-standard has-post-thumbnail category-critique category-expired category-spectacle category-theatre-de-carouge tag-claire-cornaz tag-sylvain-grangier\">\n<h6 class=\"liensouligne wp-block-post-title\"><a href=\"https:\/\/wp.unil.ch\/ateliercritique\/2022\/11\/le-malade-imaginaire-2\/\" target=\"_self\" >Le Malade Imaginaire<\/a><\/h6>\n\n<div class=\"wp-block-post-excerpt\"><p class=\"wp-block-post-excerpt__excerpt\">D&rsquo;apr\u00e8s Moli\u00e8re \/ Mise en sc\u00e8ne de Jean Liermier \/ Th\u00e9\u00e2tre de Carouge (Gen\u00e8ve) \/ Du 22 novembre au 18 d\u00e9cembre 2022 \/ critiques par Claire Cornuz et Sylvain Grangier . <\/p><\/div>\n\n\n<div style=\"height:1px\" aria-hidden=\"true\" class=\"wp-block-spacer\"><\/div>\n\n<\/li><li class=\"wp-block-post post-16026 post type-post status-publish format-standard has-post-thumbnail category-critique category-expired category-spectacle category-theatre-de-carouge tag-manon-lelievre\">\n<h6 class=\"liensouligne wp-block-post-title\"><a href=\"https:\/\/wp.unil.ch\/ateliercritique\/2022\/03\/16026\/\" target=\"_self\" >La Fausse Suivante<\/a><\/h6>\n\n<div class=\"wp-block-post-excerpt\"><p class=\"wp-block-post-excerpt__excerpt\">D\u2019apr\u00e8s Marivaux \/ Mise en sc\u00e8ne de Jean Liermier \/ Th\u00e9\u00e2tre de Carouge \/ du 22 f\u00e9vrier au 06 mars 2022 \/\u00a0critiques par Manon Leli\u00e8vre et Claire Cornaz . <\/p><\/div>\n\n\n<div style=\"height:1px\" aria-hidden=\"true\" class=\"wp-block-spacer\"><\/div>\n\n<\/li><li class=\"wp-block-post post-15912 post type-post status-publish format-standard has-post-thumbnail category-critique category-expired category-spectacle category-theatre-de-carouge tag-hugo-merzeau tag-stella-wohlers\">\n<h6 class=\"liensouligne wp-block-post-title\"><a href=\"https:\/\/wp.unil.ch\/ateliercritique\/2022\/01\/room\/\" target=\"_self\" >Room<\/a><\/h6>\n\n<div class=\"wp-block-post-excerpt\"><p class=\"wp-block-post-excerpt__excerpt\">Cr\u00e9ation et mise en sc\u00e8ne de James Thierr\u00e9e \/ Th\u00e9\u00e2tre de Carouge \/ du 12 janvier au 6 f\u00e9vrier 2022 \/ Critiques par Hugo Merzeau et Stella Wohlers . <\/p><\/div>\n\n\n<div style=\"height:1px\" aria-hidden=\"true\" class=\"wp-block-spacer\"><\/div>\n\n<\/li><li class=\"wp-block-post post-14192 post type-post status-publish format-standard has-post-thumbnail category-critique category-expired category-spectacle category-theatre-de-carouge tag-judith-marchal\">\n<h6 class=\"liensouligne wp-block-post-title\"><a href=\"https:\/\/wp.unil.ch\/ateliercritique\/2020\/03\/la-fausse-suivante\/\" target=\"_self\" >La Fausse Suivante<\/a><\/h6>\n\n<div class=\"wp-block-post-excerpt\"><p class=\"wp-block-post-excerpt__excerpt\">Texte de Pierre de Marivaux \/ Mise en sc\u00e8ne de Jean Liermier \/ Th\u00e9\u00e2tre de Carouge \/ du 3 au 29 mars 2020 \/ Critique par Judith Marchal. <\/p><\/div>\n\n\n<div style=\"height:1px\" aria-hidden=\"true\" class=\"wp-block-spacer\"><\/div>\n\n<\/li><li class=\"wp-block-post post-14016 post type-post status-publish format-standard has-post-thumbnail category-critique category-expired category-spectacle category-theatre-de-carouge tag-judith-marchal tag-manon-lelievre\">\n<h6 class=\"liensouligne wp-block-post-title\"><a href=\"https:\/\/wp.unil.ch\/ateliercritique\/2019\/12\/un-conte-de-noel\/\" target=\"_self\" >Un conte de No\u00ebl<\/a><\/h6>\n\n<div class=\"wp-block-post-excerpt\"><p class=\"wp-block-post-excerpt__excerpt\">D\u2019apr\u00e8s Charles Dickens \/ Adaptation et mise en sc\u00e8ne de Claude-Inga Barbey \/ Th\u00e9\u00e2tre de Carouge \/ du 3 au 22 d\u00e9cembre 2019\/ Critiques par Judith Marchal et Manon Leli\u00e8vre.\u00a0 <\/p><\/div>\n\n\n<div style=\"height:1px\" aria-hidden=\"true\" class=\"wp-block-spacer\"><\/div>\n\n<\/li><li class=\"wp-block-post post-13315 post type-post status-publish format-standard has-post-thumbnail category-critique category-expired category-spectacle category-theatre-de-carouge tag-ivan-garcia tag-lucas-lauth\">\n<h6 class=\"liensouligne wp-block-post-title\"><a href=\"https:\/\/wp.unil.ch\/ateliercritique\/2019\/04\/je-suis-invisible\/\" target=\"_self\" >Je suis invisible !<\/a><\/h6>\n\n<div class=\"wp-block-post-excerpt\"><p class=\"wp-block-post-excerpt__excerpt\">D\u2019apr\u00e8s\u00a0Le Songe d\u2019une nuit d\u2019\u00e9t\u00e9 de William Shakespeare \/ Mise en sc\u00e8ne de Dan Jemmett \/ Th\u00e9\u00e2tre de Carouge \/ du 26 mars au 14 avril 2019 \/ Critiques par Lucas Lauth et Ivan Garcia. <\/p><\/div>\n\n\n<div style=\"height:1px\" aria-hidden=\"true\" class=\"wp-block-spacer\"><\/div>\n\n<\/li><li class=\"wp-block-post post-13137 post type-post status-publish format-standard has-post-thumbnail category-critique category-expired category-spectacle category-theatre-de-carouge tag-amina-gudzevic tag-sacha-toupance\">\n<h6 class=\"liensouligne wp-block-post-title\"><a href=\"https:\/\/wp.unil.ch\/ateliercritique\/2019\/01\/le-misanthrope\/\" target=\"_self\" >Le Misanthrope<\/a><\/h6>\n\n<div class=\"wp-block-post-excerpt\"><p class=\"wp-block-post-excerpt__excerpt\">Texte de Moli\u00e8re \/ Mise en sc\u00e8ne d\u2019Alain Fran\u00e7on \/ Th\u00e9\u00e2tre de Carouge \/ du 9 janvier au 8 f\u00e9vrier 2019 \/ Critiques par Sacha Toupance et Amina Gudzevic.\u00a0 <\/p><\/div>\n\n\n<div style=\"height:1px\" aria-hidden=\"true\" class=\"wp-block-spacer\"><\/div>\n\n<\/li><li class=\"wp-block-post post-12162 post type-post status-publish format-standard has-post-thumbnail category-critique category-expired category-spectacle category-theatre-de-carouge tag-roberta-alberico\">\n<h6 class=\"liensouligne wp-block-post-title\"><a href=\"https:\/\/wp.unil.ch\/ateliercritique\/2018\/01\/cold-blood\/\" target=\"_self\" >Cold Blood<\/a><\/h6>\n\n<div class=\"wp-block-post-excerpt\"><p class=\"wp-block-post-excerpt__excerpt\">Cold Blood \/ Cin\u00e9matographie de Jaco Von Dormael \/ Chor\u00e9graphie de Michelle Anne De Mey \/ Texte de Thomas Gunzig \/ du 9 janvier au 3 f\u00e9vrier 2018 \/ Th\u00e9\u00e2tre de Carouge \/ Critique par Roberta Alberico.\u00a0 Cold Blood \/\u2026 <\/p><\/div>\n\n\n<div style=\"height:1px\" aria-hidden=\"true\" class=\"wp-block-spacer\"><\/div>\n\n<\/li><li class=\"wp-block-post post-11490 post type-post status-publish format-standard has-post-thumbnail category-critique category-expired category-spectacle category-theatre-de-carouge tag-thomas-cordova\">\n<h6 class=\"liensouligne wp-block-post-title\"><a href=\"https:\/\/wp.unil.ch\/ateliercritique\/2017\/05\/feu-la-mere-de-madame-et-les-boulingrin\/\" target=\"_self\" >Feu la m\u00e8re de Madame et Les Boulingrin<\/a><\/h6>\n\n<div class=\"wp-block-post-excerpt\"><p class=\"wp-block-post-excerpt__excerpt\">La premi\u00e8re de Georges Feydeau ; la seconde de Georges Courteline \/ Mise en sc\u00e8ne de Jean Liermier \/ Th\u00e9\u00e2tre de Carouge\u00a0\/ du 02\u00a0mai au 21 mai 2017 \/ Critique par Thomas Cordova. <\/p><\/div>\n\n\n<div style=\"height:1px\" aria-hidden=\"true\" class=\"wp-block-spacer\"><\/div>\n\n<\/li><li class=\"wp-block-post post-10470 post type-post status-publish format-standard has-post-thumbnail category-critique category-expired category-spectacle category-theatre-de-carouge tag-valmir-rexhepi\">\n<h6 class=\"liensouligne wp-block-post-title\"><a href=\"https:\/\/wp.unil.ch\/ateliercritique\/2016\/11\/karamazov\/\" target=\"_self\" >Karamazov<\/a><\/h6>\n\n<div class=\"wp-block-post-excerpt\"><p class=\"wp-block-post-excerpt__excerpt\">D\u2019apr\u00e8s Les Fr\u00e8res Karamazov de F\u00e9dor Dosto\u00efevski \/ mise en sc\u00e8ne de Jean Bellorini \/ Th\u00e9\u00e2tre de Carouge \/ du 1 au 13 novembre 2016 \/ Critique par Valmir Rexhepi. <\/p><\/div>\n\n\n<div style=\"height:1px\" aria-hidden=\"true\" class=\"wp-block-spacer\"><\/div>\n\n<\/li><li class=\"wp-block-post post-7999 post type-post status-publish format-standard has-post-thumbnail category-critique category-expired category-spectacle category-theatre-de-carouge tag-jehanne-denogent tag-valmir-rexhepi\">\n<h6 class=\"liensouligne wp-block-post-title\"><a href=\"https:\/\/wp.unil.ch\/ateliercritique\/2016\/04\/la-grenouille-avait-raison\/\" target=\"_self\" >La grenouille avait raison<\/a><\/h6>\n\n<div class=\"wp-block-post-excerpt\"><p class=\"wp-block-post-excerpt__excerpt\">De James Thierr\u00e9e \/ Th\u00e9\u00e2tre de Carouge \/ du 5 avril au 8 mai 2016 \/ Critiques par Valmir Rexhepi et Jehanne Denogent. <\/p><\/div>\n\n\n<div style=\"height:1px\" aria-hidden=\"true\" class=\"wp-block-spacer\"><\/div>\n\n<\/li><li class=\"wp-block-post post-7733 post type-post status-publish format-standard has-post-thumbnail category-critique category-expired category-spectacle category-theatre-de-carouge tag-jonathan-hofer\">\n<h6 class=\"liensouligne wp-block-post-title\"><a href=\"https:\/\/wp.unil.ch\/ateliercritique\/2016\/01\/la-vie-que-je-tai-donnee\/\" target=\"_self\" >La vie que je t\u2019ai donn\u00e9e<\/a><\/h6>\n\n<div class=\"wp-block-post-excerpt\"><p class=\"wp-block-post-excerpt__excerpt\">De Luigi Pirandello \/ mise en sc\u00e8ne Jean Lermier \/ Th\u00e9\u00e2tre de Carouge \/ du 26 janvier au 14 f\u00e9vrier \/ Critique par Jonathan Hofer. <\/p><\/div>\n\n\n<div style=\"height:1px\" aria-hidden=\"true\" class=\"wp-block-spacer\"><\/div>\n\n<\/li><li class=\"wp-block-post post-7244 post type-post status-publish format-standard has-post-thumbnail category-critique category-expired category-spectacle category-theatre-de-carouge tag-alice-moraz tag-elisa-picci\">\n<h6 class=\"liensouligne wp-block-post-title\"><a href=\"https:\/\/wp.unil.ch\/ateliercritique\/2015\/10\/shake\/\" target=\"_self\" >Shake<\/a><\/h6>\n\n<div class=\"wp-block-post-excerpt\"><p class=\"wp-block-post-excerpt__excerpt\">D&rsquo;apr\u00e8s La nuit des rois \/ de William Shakespeare \/ mise en sc\u00e8ne Dan Jemmett \/ Th\u00e9\u00e2tre de Carouge \/ du 27 octobre au 15 novembre \/ Critiques par Alice Moraz et Elisa Picci. <\/p><\/div>\n\n\n<div style=\"height:1px\" aria-hidden=\"true\" class=\"wp-block-spacer\"><\/div>\n\n<\/li><li class=\"wp-block-post post-6223 post type-post status-publish format-standard has-post-thumbnail category-critique category-expired category-spectacle category-theatre-de-carouge tag-camille-logoz tag-cecilia-galindo\">\n<h6 class=\"liensouligne wp-block-post-title\"><a href=\"https:\/\/wp.unil.ch\/ateliercritique\/2015\/04\/la-visite-de-la-vieille-dame\/\" target=\"_self\" >La Visite de la vieille dame<\/a><\/h6>\n\n<div class=\"wp-block-post-excerpt\"><p class=\"wp-block-post-excerpt__excerpt\">De Friedrich D\u00fcrrenmatt \/ Mise en sc\u00e8ne par Omar Porras \/ du 17 avril au 9 mai 2015 \/ Th\u00e9\u00e2tre de Carouge (Gen\u00e8ve) \/ En tourn\u00e9e jusqu\u2019au 24 mai 2015 \/ Critiques par Camille Logoz et Cecilia Galindo . <\/p><\/div>\n\n\n<div style=\"height:1px\" aria-hidden=\"true\" class=\"wp-block-spacer\"><\/div>\n\n<\/li><li class=\"wp-block-post post-5987 post type-post status-publish format-standard has-post-thumbnail category-critique category-expired category-spectacle category-theatre-de-carouge tag-frederic-guignard tag-luc-siegenthaler\">\n<h6 class=\"liensouligne wp-block-post-title\"><a href=\"https:\/\/wp.unil.ch\/ateliercritique\/2015\/03\/mademoiselle-julie\/\" target=\"_self\" >Mademoiselle Julie<\/a><\/h6>\n\n<div class=\"wp-block-post-excerpt\"><p class=\"wp-block-post-excerpt__excerpt\">d&rsquo;Auguste Strindberg \/ mise en sc\u00e8ne Gian Manuel Rau \/ du 24 f\u00e9vrier au 15 mars 2015 \/Th\u00e9\u00e2tre de Carouge \/ Critiques par Luc Siegenthaler et Fr\u00e9d\u00e9ric Guignard. <\/p><\/div>\n\n\n<div style=\"height:1px\" aria-hidden=\"true\" class=\"wp-block-spacer\"><\/div>\n\n<\/li><li class=\"wp-block-post post-5733 post type-post status-publish format-standard has-post-thumbnail category-critique category-expired category-spectacle category-theatre-de-carouge tag-cecilia-galindo\">\n<h6 class=\"liensouligne wp-block-post-title\"><a href=\"https:\/\/wp.unil.ch\/ateliercritique\/2015\/01\/lavare\/\" target=\"_self\" >L&rsquo;Avare<\/a><\/h6>\n\n<div class=\"wp-block-post-excerpt\"><p class=\"wp-block-post-excerpt__excerpt\">de Moli\u00e8re \/ mise en sc\u00e8ne Gianni Schneider \/ du 9 janvier au 1er f\u00e9vrier 2015 \/ Th\u00e9\u00e2tre de Carouge \/ Critique par Cecilia Galindo.\u00a0 <\/p><\/div>\n\n\n<div style=\"height:1px\" aria-hidden=\"true\" class=\"wp-block-spacer\"><\/div>\n\n<\/li><li class=\"wp-block-post post-5339 post type-post status-publish format-standard has-post-thumbnail category-critique category-expired category-spectacle category-theatre-de-carouge tag-lisa-tagliabue\">\n<h6 class=\"liensouligne wp-block-post-title\"><a href=\"https:\/\/wp.unil.ch\/ateliercritique\/2014\/11\/les-jumeaux-venitiens\/\" target=\"_self\" >Les jumeaux v\u00e9nitiens<\/a><\/h6>\n\n<div class=\"wp-block-post-excerpt\"><p class=\"wp-block-post-excerpt__excerpt\">de Carlo Goldoni \/ mise en sc\u00e8ne de Mathias Simons \/ du 28 octobre au 14 novembre 2014 \/ Th\u00e9\u00e2tre de Carouge \/ Critique par Lisa Tagliabue. <\/p><\/div>\n\n\n<div style=\"height:1px\" aria-hidden=\"true\" class=\"wp-block-spacer\"><\/div>\n\n<\/li><li class=\"wp-block-post post-4588 post type-post status-publish format-standard has-post-thumbnail category-critique category-expired category-spectacle category-theatre-de-carouge tag-maryke-oosterhoff tag-suzanne-balharry\">\n<h6 class=\"liensouligne wp-block-post-title\"><a href=\"https:\/\/wp.unil.ch\/ateliercritique\/2014\/05\/et-il\/\" target=\"_self\" >Et il n\u2019en resta plus aucun<\/a><\/h6>\n\n<div class=\"wp-block-post-excerpt\"><p class=\"wp-block-post-excerpt__excerpt\">\u00e0 partir de A. Christie \/ mise en sc\u00e8ne Robert Sandoz \/ Th\u00e9\u00e2tre de Carouge \u00e0 Gen\u00e8ve \/ du 2 mai au 28 mai 2014 \/ Critique par Maryke Oosterhoff et Suzanne Balharry. <\/p><\/div>\n\n\n<div style=\"height:1px\" aria-hidden=\"true\" class=\"wp-block-spacer\"><\/div>\n\n<\/li><li class=\"wp-block-post post-2111 post type-post status-publish format-standard has-post-thumbnail category-critique category-expired category-spectacle category-theatre-de-carouge tag-alice-bottarelli tag-amandine-rosset tag-cecilia-galindo tag-suzanne-balharry\">\n<h6 class=\"liensouligne wp-block-post-title\"><a href=\"https:\/\/wp.unil.ch\/ateliercritique\/2014\/01\/malade\/\" target=\"_self\" >Le Malade imaginaire<\/a><\/h6>\n\n<div class=\"wp-block-post-excerpt\"><p class=\"wp-block-post-excerpt__excerpt\">de Moli\u00e8re \/ mise en sc\u00e8ne Jean Liermier \/ Th\u00e9\u00e2tre de Carouge \u00e0 Gen\u00e8ve \/ du 14 janvier au 9 f\u00e9vrier 2014 \/ Critique par Cecilia Galindo, Suzanne Balharry, Alice Bottarelli, Amandi Rosset. <\/p><\/div>\n\n\n<div style=\"height:1px\" aria-hidden=\"true\" class=\"wp-block-spacer\"><\/div>\n\n<\/li><li class=\"wp-block-post post-1279 post type-post status-publish format-standard has-post-thumbnail category-critique category-expired category-spectacle category-theatre-de-carouge tag-cecilia-galindo\">\n<h6 class=\"liensouligne wp-block-post-title\"><a href=\"https:\/\/wp.unil.ch\/ateliercritique\/2013\/11\/double\/\" target=\"_self\" >La Double Mort de l&rsquo;Horloger<\/a><\/h6>\n\n<div class=\"wp-block-post-excerpt\"><p class=\"wp-block-post-excerpt__excerpt\">d&rsquo;apr\u00e8s \u00d6d\u00f6n von Horv\u00e1th \/ mise en sc\u00e8ne Andr\u00e9 Engel \/ Th\u00e9\u00e2tre de Carrouge \u00e0 Gen\u00e8ve \/ du 26 novembre au 7 d\u00e9cembre 2013 \/ Critique par Cecilia Galindo. <\/p><\/div>\n\n\n<div style=\"height:1px\" aria-hidden=\"true\" class=\"wp-block-spacer\"><\/div>\n\n<\/li><\/ul><\/div>\n","protected":false},"excerpt":{"rendered":"<p>Critiques par spectacles jou\u00e9s dans ce th\u00e9\u00e2tre :<\/p>\n","protected":false},"author":1420,"featured_media":0,"parent":2713,"menu_order":0,"comment_status":"closed","ping_status":"closed","template":"","meta":{"_seopress_robots_primary_cat":"","_seopress_titles_title":"","_seopress_titles_desc":"","_seopress_robots_index":"","footnotes":""},"class_list":["post-2786","page","type-page","status-publish"],"_links":{"self":[{"href":"https:\/\/wp.unil.ch\/ateliercritique\/wp-json\/wp\/v2\/pages\/2786","targetHints":{"allow":["GET"]}}],"collection":[{"href":"https:\/\/wp.unil.ch\/ateliercritique\/wp-json\/wp\/v2\/pages"}],"about":[{"href":"https:\/\/wp.unil.ch\/ateliercritique\/wp-json\/wp\/v2\/types\/page"}],"author":[{"embeddable":true,"href":"https:\/\/wp.unil.ch\/ateliercritique\/wp-json\/wp\/v2\/users\/1420"}],"replies":[{"embeddable":true,"href":"https:\/\/wp.unil.ch\/ateliercritique\/wp-json\/wp\/v2\/comments?post=2786"}],"version-history":[{"count":4,"href":"https:\/\/wp.unil.ch\/ateliercritique\/wp-json\/wp\/v2\/pages\/2786\/revisions"}],"predecessor-version":[{"id":23402,"href":"https:\/\/wp.unil.ch\/ateliercritique\/wp-json\/wp\/v2\/pages\/2786\/revisions\/23402"}],"up":[{"embeddable":true,"href":"https:\/\/wp.unil.ch\/ateliercritique\/wp-json\/wp\/v2\/pages\/2713"}],"wp:attachment":[{"href":"https:\/\/wp.unil.ch\/ateliercritique\/wp-json\/wp\/v2\/media?parent=2786"}],"curies":[{"name":"wp","href":"https:\/\/api.w.org\/{rel}","templated":true}]}}