{"id":2778,"date":"2014-02-18T09:03:27","date_gmt":"2014-02-18T08:03:27","guid":{"rendered":"http:\/\/wp.unil.ch\/ateliercritique\/?page_id=2778"},"modified":"2026-02-12T15:08:40","modified_gmt":"2026-02-12T14:08:40","slug":"comedie","status":"publish","type":"page","link":"https:\/\/wp.unil.ch\/ateliercritique\/theatres-partenaires\/comedie\/","title":{"rendered":"La Com\u00e9die (Gen\u00e8ve)"},"content":{"rendered":"\n<figure class=\"wp-block-image size-large is-resized\"><a href=\"https:\/\/www.comedie.ch\/\" target=\"_blank\" rel=\"noopener\"><img loading=\"lazy\" decoding=\"async\" width=\"1024\" height=\"306\" src=\"https:\/\/wp.unil.ch\/ateliercritique\/files\/2026\/02\/comedie-logo-1024x306.png\" alt=\"com\u00e9die logo\" class=\"wp-image-23403\" style=\"width:300px\" srcset=\"https:\/\/wp.unil.ch\/ateliercritique\/files\/2026\/02\/comedie-logo-1024x306.png 1024w, https:\/\/wp.unil.ch\/ateliercritique\/files\/2026\/02\/comedie-logo-300x90.png 300w, https:\/\/wp.unil.ch\/ateliercritique\/files\/2026\/02\/comedie-logo-250x75.png 250w, https:\/\/wp.unil.ch\/ateliercritique\/files\/2026\/02\/comedie-logo-768x230.png 768w, https:\/\/wp.unil.ch\/ateliercritique\/files\/2026\/02\/comedie-logo-1536x460.png 1536w, https:\/\/wp.unil.ch\/ateliercritique\/files\/2026\/02\/comedie-logo.png 2015w\" sizes=\"auto, (max-width: 1024px) 100vw, 1024px\" \/><\/a><\/figure>\n\n\n\n<h4 class=\"wp-block-heading\">Critiques par spectacles jou\u00e9s dans ce th\u00e9\u00e2tre :<\/h4>\n\n\n\n<div class=\"wp-block-query is-layout-flow wp-block-query-is-layout-flow\"><ul class=\"wp-block-post-template is-layout-flow wp-block-post-template-is-layout-flow\"><li class=\"wp-block-post post-23293 post type-post status-publish format-standard has-post-thumbnail category-critique category-expired category-theatre-comedie category-spectacle tag-laurie-boissenin tag-muireann-walsh\">\n<h6 class=\"liensouligne wp-block-post-title\"><a href=\"https:\/\/wp.unil.ch\/ateliercritique\/2025\/11\/faustus-in-africa\/\" target=\"_self\" >Faustus in Africa\u00a0!<\/a><\/h6>\n\n<div class=\"wp-block-post-excerpt\"><p class=\"wp-block-post-excerpt__excerpt\">D&rsquo;apr\u00e8s Johann Wolfgang von Goethe \/ Mise en sc\u00e8ne par William Kentridge et Handspring Puppet Company\u2019s \/ Com\u00e9die de Gen\u00e8ve \/ Du 29 octobre au 1er novembre 2025 \/ Critiques par Laurie Boissenin et Muireann Walsh . <\/p><\/div>\n\n\n<div style=\"height:1px\" aria-hidden=\"true\" class=\"wp-block-spacer\"><\/div>\n\n<\/li><li class=\"wp-block-post post-23157 post type-post status-publish format-standard has-post-thumbnail category-critique category-expired category-theatre-comedie category-spectacle tag-orane-gigon\">\n<h6 class=\"liensouligne wp-block-post-title\"><a href=\"https:\/\/wp.unil.ch\/ateliercritique\/2025\/05\/nos-paysages-mineurs-en-finir-avec-leur-histoire\/\" target=\"_self\" >Nos paysages mineurs &amp; En finir avec leur histoire\u00a0<\/a><\/h6>\n\n<div class=\"wp-block-post-excerpt\"><p class=\"wp-block-post-excerpt__excerpt\">Conception et mise en sc\u00e8ne par Marc Lain\u00e9 \/ La Com\u00e9die (Gen\u00e8ve) \/ Du 9 au 11 mai 2025 \/ Critique par Orane Gigon . <\/p><\/div>\n\n\n<div style=\"height:1px\" aria-hidden=\"true\" class=\"wp-block-spacer\"><\/div>\n\n<\/li><li class=\"wp-block-post post-18850 post type-post status-publish format-standard has-post-thumbnail category-critique category-expired category-theatre-comedie category-spectacle tag-mathilde-feraud\">\n<h6 class=\"liensouligne wp-block-post-title\"><a href=\"https:\/\/wp.unil.ch\/ateliercritique\/2024\/06\/neandertal\/\" target=\"_self\" >Neandertal<\/a><\/h6>\n\n<div class=\"wp-block-post-excerpt\"><p class=\"wp-block-post-excerpt__excerpt\">Texte et mise en sc\u00e8ne par David Geselson \/ La Com\u00e9die (Gen\u00e8ve) \/ du 22 au 26 mai 2024 \/ Critique par Mathilde Feraud . <\/p><\/div>\n\n\n<div style=\"height:1px\" aria-hidden=\"true\" class=\"wp-block-spacer\"><\/div>\n\n<\/li><li class=\"wp-block-post post-17775 post type-post status-publish format-standard has-post-thumbnail category-critique category-expired category-theatre-comedie category-le-reflet category-spectacle category-spot-sion tag-marguerite-thery\">\n<h6 class=\"liensouligne wp-block-post-title\"><a href=\"https:\/\/wp.unil.ch\/ateliercritique\/2024\/04\/pile-ou-face\/\" target=\"_self\" >Pile ou face<\/a><\/h6>\n\n<div class=\"wp-block-post-excerpt\"><p class=\"wp-block-post-excerpt__excerpt\">D&rsquo;apr\u00e8s Catherine Colomb \/ adaptation et mise en sc\u00e8ne par le collectif CLAR \/ Le Reflet (Vevey) \/ du 16 au 17 avril 2024 \/ La Com\u00e9die (Gen\u00e8ve) \/ du 19 au 28 avril \/ critique par Marguerite Thery. <\/p><\/div>\n\n\n<div style=\"height:1px\" aria-hidden=\"true\" class=\"wp-block-spacer\"><\/div>\n\n<\/li><li class=\"wp-block-post post-17021 post type-post status-publish format-standard has-post-thumbnail category-critique category-expired category-theatre-comedie category-spectacle tag-joaquin-marine-pinero tag-sophie-perruchoud\">\n<h6 class=\"liensouligne wp-block-post-title\"><a href=\"https:\/\/wp.unil.ch\/ateliercritique\/2023\/10\/choeur-des-amants\/\" target=\"_self\" >Choeur des amants<\/a><\/h6>\n\n<div class=\"wp-block-post-excerpt\"><p class=\"wp-block-post-excerpt__excerpt\">Conception et mise en sc\u00e8ne par Tiago Rodrigues \/ Com\u00e9die de Gen\u00e8ve \/ du 12 au 15 octobre 2023 \/ critiques par Sophie Perruchoud et Joaquin Marin\u00e9 Pi\u00f1ero . <\/p><\/div>\n\n\n<div style=\"height:1px\" aria-hidden=\"true\" class=\"wp-block-spacer\"><\/div>\n\n<\/li><li class=\"wp-block-post post-16752 post type-post status-publish format-standard has-post-thumbnail category-critique category-expired category-theatre-comedie category-spectacle tag-sylvain-grangier\">\n<h6 class=\"liensouligne wp-block-post-title\"><a href=\"https:\/\/wp.unil.ch\/ateliercritique\/2023\/04\/une-mort-dans-la-famille\/\" target=\"_self\" >Une mort dans la famille<\/a><\/h6>\n\n<div class=\"wp-block-post-excerpt\"><p class=\"wp-block-post-excerpt__excerpt\">\u00c9crit et mis en sc\u00e8ne par Alexander Zeldin \/ Com\u00e9die de Gen\u00e8ve \/ du 31 mars au 6 avril 2023 \/ critique par Sylvain Grangier . <\/p><\/div>\n\n\n<div style=\"height:1px\" aria-hidden=\"true\" class=\"wp-block-spacer\"><\/div>\n\n<\/li><li class=\"wp-block-post post-16583 post type-post status-publish format-standard has-post-thumbnail category-critique category-expired category-theatre-comedie category-spectacle tag-claire-cornaz tag-julie-fievez\">\n<h6 class=\"liensouligne wp-block-post-title\"><a href=\"https:\/\/wp.unil.ch\/ateliercritique\/2022\/12\/diestinguished\/\" target=\"_self\" >DIEstinguished<\/a><\/h6>\n\n<div class=\"wp-block-post-excerpt\"><p class=\"wp-block-post-excerpt__excerpt\">Conception et mise en sc\u00e8ne par La Ribot \/ Com\u00e9die de Gen\u00e8ve \/ du 09 au 11 d\u00e9cembre 2022 \/ critiques par Julie Fievez et Claire Cornaz . <\/p><\/div>\n\n\n<div style=\"height:1px\" aria-hidden=\"true\" class=\"wp-block-spacer\"><\/div>\n\n<\/li><li class=\"wp-block-post post-16145 post type-post status-publish format-standard has-post-thumbnail category-critique category-expired category-theatre-comedie category-spectacle tag-celine-bignotti tag-claire-cornaz\">\n<h6 class=\"liensouligne wp-block-post-title\"><a href=\"https:\/\/wp.unil.ch\/ateliercritique\/2022\/03\/stars\/\" target=\"_self\" >STARs<\/a><\/h6>\n\n<div class=\"wp-block-post-excerpt\"><p class=\"wp-block-post-excerpt__excerpt\">\u00c9crit et mis en sc\u00e8ne par Pascal Rambert \/ Com\u00e9die de Gen\u00e8ve \/ Du 23 mars au 02 avril 2022 \/ critiques par C\u00e9line Bignotti et Claire Cornaz . <\/p><\/div>\n\n\n<div style=\"height:1px\" aria-hidden=\"true\" class=\"wp-block-spacer\"><\/div>\n\n<\/li><li class=\"wp-block-post post-15939 post type-post status-publish format-standard has-post-thumbnail category-critique category-expired category-theatre-comedie category-spectacle tag-hugo-merzeau tag-sarah-neu\">\n<h6 class=\"liensouligne wp-block-post-title\"><a href=\"https:\/\/wp.unil.ch\/ateliercritique\/2022\/01\/le-dragon-dor\/\" target=\"_self\" >Le Dragon d&rsquo;or<\/a><\/h6>\n\n<div class=\"wp-block-post-excerpt\"><p class=\"wp-block-post-excerpt__excerpt\">Compos\u00e9 par Peter E\u00f6tv\u00f6s \/ Livret de Roland Schimmelpfennig \/ Mise en sc\u00e8ne par Julien Chavaz \/ Direction Musicale Gabriella Teychenn\u00e9 \/ Com\u00e9die de Gen\u00e8ve \/ du 20 au 23 &hellip; <\/p><\/div>\n\n\n<div style=\"height:1px\" aria-hidden=\"true\" class=\"wp-block-spacer\"><\/div>\n\n<\/li><li class=\"wp-block-post post-15862 post type-post status-publish format-standard has-post-thumbnail category-critique category-expired category-theatre-comedie category-spectacle\">\n<h6 class=\"liensouligne wp-block-post-title\"><a href=\"https:\/\/wp.unil.ch\/ateliercritique\/2021\/12\/le-bruit-des-loups\/\" target=\"_self\" >Le bruit des loups<\/a><\/h6>\n\n<div class=\"wp-block-post-excerpt\"><p class=\"wp-block-post-excerpt__excerpt\">Mise en sc\u00e8ne par Etienne Saglio \/ Com\u00e9die de Gen\u00e8ve \/ du 15 au 22 d\u00e9cembre 2021 \/ Critiques par Hugo Merzeau et Brian Aubert . <\/p><\/div>\n\n\n<div style=\"height:1px\" aria-hidden=\"true\" class=\"wp-block-spacer\"><\/div>\n\n<\/li><li class=\"wp-block-post post-15488 post type-post status-publish format-standard has-post-thumbnail category-critique category-expired category-theatre-comedie category-spectacle tag-sarah-neu tag-valentine-bovey\">\n<h6 class=\"liensouligne wp-block-post-title\"><a href=\"https:\/\/wp.unil.ch\/ateliercritique\/2021\/10\/entre-chien-et-loup\/\" target=\"_self\" >Entre chien et loup<\/a><\/h6>\n\n<div class=\"wp-block-post-excerpt\"><p class=\"wp-block-post-excerpt__excerpt\">D\u2019apr\u00e8s le film\u00a0Dogville\u00a0de Lars von Trier \/ Mise en sc\u00e8ne par Christiane Jatahy \/ Com\u00e9die de Gen\u00e8ve \/ du 1er\u00a0au 13 octobre 2021 \/ Critiques par Valentine Bovey et Sarah Neu . <\/p><\/div>\n\n\n<div style=\"height:1px\" aria-hidden=\"true\" class=\"wp-block-spacer\"><\/div>\n\n<\/li><li class=\"wp-block-post post-15081 post type-post status-publish format-standard has-post-thumbnail category-critique category-expired category-theatre-comedie category-spectacle tag-michael-rolli\">\n<h6 class=\"liensouligne wp-block-post-title\"><a href=\"https:\/\/wp.unil.ch\/ateliercritique\/2021\/04\/les-trois-soeurs\/\" target=\"_self\" >Les Trois s\u0153urs<\/a><\/h6>\n\n<div class=\"wp-block-post-excerpt\"><p class=\"wp-block-post-excerpt__excerpt\">Texte d\u2019Anton Tchekhov \/ Mise en sc\u00e8ne de Timofe\u00ef Kouliabine \/ Com\u00e9die de Gen\u00e8ve \/ Janvier 2019 \/ Critique par Micha\u00ebl Rolli . <\/p><\/div>\n\n\n<div style=\"height:1px\" aria-hidden=\"true\" class=\"wp-block-spacer\"><\/div>\n\n<\/li><li class=\"wp-block-post post-14161 post type-post status-publish format-standard has-post-thumbnail category-critique category-expired category-theatre-comedie category-spectacle tag-luc-bourquin\">\n<h6 class=\"liensouligne wp-block-post-title\"><a href=\"https:\/\/wp.unil.ch\/ateliercritique\/2020\/03\/dom-juan-2\/\" target=\"_self\" >Dom Juan<\/a><\/h6>\n\n<div class=\"wp-block-post-excerpt\"><p class=\"wp-block-post-excerpt__excerpt\">Texte de Moli\u00e8re \/ Mise en sc\u00e8ne par Les Fondateurs (Julien Basler et Zo\u00e9 Cadotsch) \/ Com\u00e9die de Gen\u00e8ve \/ du 18 f\u00e9vrier au 8 mars 2020 \/ Critique par Luc Bourquin. <\/p><\/div>\n\n\n<div style=\"height:1px\" aria-hidden=\"true\" class=\"wp-block-spacer\"><\/div>\n\n<\/li><li class=\"wp-block-post post-13764 post type-post status-publish format-standard has-post-thumbnail category-critique category-expired category-theatre-comedie category-spectacle tag-emmanuel-jung tag-judith-marchal\">\n<h6 class=\"liensouligne wp-block-post-title\"><a href=\"https:\/\/wp.unil.ch\/ateliercritique\/2019\/10\/invisible\/\" target=\"_self\" >Invisible<\/a><\/h6>\n\n<div class=\"wp-block-post-excerpt\"><p class=\"wp-block-post-excerpt__excerpt\">Imagin\u00e9 par Yan Duyvendak \/ Co-\u00e9criture par 32 auteurs \/ du 9 octobre 2019 au 28 mars 2020 \/ Critique par Judith Marchal et Emmanuel Jung. <\/p><\/div>\n\n\n<div style=\"height:1px\" aria-hidden=\"true\" class=\"wp-block-spacer\"><\/div>\n\n<\/li><li class=\"wp-block-post post-13321 post type-post status-publish format-standard has-post-thumbnail category-critique category-expired category-theatre-comedie category-spectacle tag-sacha-toupance tag-thibault-hugentobler\">\n<h6 class=\"liensouligne wp-block-post-title\"><a href=\"https:\/\/wp.unil.ch\/ateliercritique\/2019\/04\/vr-i\/\" target=\"_self\" >VR-I<\/a><\/h6>\n\n<div class=\"wp-block-post-excerpt\"><p class=\"wp-block-post-excerpt__excerpt\">Chor\u00e9graphie et conception de Gilles Jobin et Artanim \/ Com\u00e9die de Gen\u00e8ve \/ du 28 mars au 14 avril 2019 \/ Critiques par Thibault Hugentobler et Sacha Toupance.\u00a0 <\/p><\/div>\n\n\n<div style=\"height:1px\" aria-hidden=\"true\" class=\"wp-block-spacer\"><\/div>\n\n<\/li><li class=\"wp-block-post post-13131 post type-post status-publish format-standard has-post-thumbnail category-critique category-expired category-theatre-comedie category-spectacle tag-noe-maggetti tag-thibault-hugentobler\">\n<h6 class=\"liensouligne wp-block-post-title\"><a href=\"https:\/\/wp.unil.ch\/ateliercritique\/2019\/01\/le-royaume\/\" target=\"_self\" >Le Royaume<\/a><\/h6>\n\n<div class=\"wp-block-post-excerpt\"><p class=\"wp-block-post-excerpt__excerpt\">D\u2019apr\u00e8s Lars Von Trier \/ Mise en sc\u00e8ne d\u2019Oscar G\u00f3mez Mata \/ Com\u00e9die de Gen\u00e8ve \/ du 22 janvier au 6 f\u00e9vrier 2019 \/\u00a0 Critiques par No\u00e9 Maggetti et Thibault Hugentobler. <\/p><\/div>\n\n\n<div style=\"height:1px\" aria-hidden=\"true\" class=\"wp-block-spacer\"><\/div>\n\n<\/li><li class=\"wp-block-post post-11507 post type-post status-publish format-standard has-post-thumbnail category-critique category-expired category-theatre-comedie category-spectacle tag-laure-elie-hoegen\">\n<h6 class=\"liensouligne wp-block-post-title\"><a href=\"https:\/\/wp.unil.ch\/ateliercritique\/2017\/05\/ca-ira-1-fin-de-louis\/\" target=\"_self\" >\u00c7a ira (1) Fin de Louis<\/a><\/h6>\n\n<div class=\"wp-block-post-excerpt\"><p class=\"wp-block-post-excerpt__excerpt\">De et mise en sc\u00e8ne Jo\u00ebl Pommerat \/ Com\u00e9die de Gen\u00e8ve (B\u00e2timent des Forces Motrices) \/ 02 au 03 mai 2017\/ Critique par Laure-Elie Hoegen. <\/p><\/div>\n\n\n<div style=\"height:1px\" aria-hidden=\"true\" class=\"wp-block-spacer\"><\/div>\n\n<\/li><li class=\"wp-block-post post-11338 post type-post status-publish format-standard has-post-thumbnail category-critique category-expired category-theatre-comedie category-spectacle tag-marek-chojecki\">\n<h6 class=\"liensouligne wp-block-post-title\"><a href=\"https:\/\/wp.unil.ch\/ateliercritique\/2017\/04\/ou-en-est-la-nuit\/\" target=\"_self\" >O\u00f9 en est la nuit ?<\/a><\/h6>\n\n<div class=\"wp-block-post-excerpt\"><p class=\"wp-block-post-excerpt__excerpt\">Mise en sc\u00e8ne de Guillaume B\u00e9guin \/ Par la Compagnie de nuit comme de jour \/ La Com\u00e9die \/ du 4 avril au 9 avril 2017 \/ Critique par Marek Chojecki. <\/p><\/div>\n\n\n<div style=\"height:1px\" aria-hidden=\"true\" class=\"wp-block-spacer\"><\/div>\n\n<\/li><li class=\"wp-block-post post-8314 post type-post status-publish format-standard has-post-thumbnail category-critique category-expired category-theatre-comedie category-spectacle tag-emilie-roch tag-ivan-garcia\">\n<h6 class=\"liensouligne wp-block-post-title\"><a href=\"https:\/\/wp.unil.ch\/ateliercritique\/2016\/10\/la-boucherie-de-job\/\" target=\"_self\" >La Boucherie de Job<\/a><\/h6>\n\n<div class=\"wp-block-post-excerpt\"><p class=\"wp-block-post-excerpt__excerpt\">De Fausto Paravidino\u00a0\/\u00a0mise en sc\u00e8ne de Herv\u00e9 Loichemol \/ du 4 au 21\u00a0octobre\u00a02016 \/ La Com\u00e9die (Gen\u00e8ve) \/ Critiques par \u00c9milie Roch et Ivan Garcia. <\/p><\/div>\n\n\n<div style=\"height:1px\" aria-hidden=\"true\" class=\"wp-block-spacer\"><\/div>\n\n<\/li><li class=\"wp-block-post post-7745 post type-post status-publish format-standard has-post-thumbnail category-critique category-expired category-theatre-comedie category-spectacle tag-julia-cela\">\n<h6 class=\"liensouligne wp-block-post-title\"><a href=\"https:\/\/wp.unil.ch\/ateliercritique\/2016\/01\/le-sorelle-macaluso\/\" target=\"_self\" >Le Sorelle Macaluso<\/a><\/h6>\n\n<div class=\"wp-block-post-excerpt\"><p class=\"wp-block-post-excerpt__excerpt\">Texte et mise en sc\u00e8ne Emma Dante \/ La Com\u00e9die (Gen\u00e8ve) \/ du 26 au 31 janvier 2016 \/ Critique par Julia Cela. <\/p><\/div>\n\n\n<div style=\"height:1px\" aria-hidden=\"true\" class=\"wp-block-spacer\"><\/div>\n\n<\/li><li class=\"wp-block-post post-7367 post type-post status-publish format-standard has-post-thumbnail category-critique category-expired category-theatre-comedie category-spectacle tag-lauriane-pointet tag-sabrina-roh\">\n<h6 class=\"liensouligne wp-block-post-title\"><a href=\"https:\/\/wp.unil.ch\/ateliercritique\/2015\/11\/lorenzaccio\/\" target=\"_self\" >Lorenzaccio<\/a><\/h6>\n\n<div class=\"wp-block-post-excerpt\"><p class=\"wp-block-post-excerpt__excerpt\">D\u2019Alfred de Musset \/ mise en sc\u00e8ne Catherine Marnas \/ La Com\u00e9die (Gen\u00e8ve) \/ du 10 au 14 novembre 2015 \/ Critiques par Sabrina Roh et Lauriane Pointet. <\/p><\/div>\n\n\n<div style=\"height:1px\" aria-hidden=\"true\" class=\"wp-block-spacer\"><\/div>\n\n<\/li><li class=\"wp-block-post post-6242 post type-post status-publish format-standard has-post-thumbnail category-critique category-expired category-theatre-comedie category-spectacle tag-laura-weber tag-lea-giotto\">\n<h6 class=\"liensouligne wp-block-post-title\"><a href=\"https:\/\/wp.unil.ch\/ateliercritique\/2015\/04\/orlando-ou-limpatience\/\" target=\"_self\" >Orlando ou l&rsquo;impatience<\/a><\/h6>\n\n<div class=\"wp-block-post-excerpt\"><p class=\"wp-block-post-excerpt__excerpt\">Mise en sc\u00e8ne et cr\u00e9ation par Olivier Py\/ du 23 au 26 avril 2015 \/ Com\u00e9die de Gen\u00e8ve \/ Critiques par L\u00e9a Giotto et Laura Weber . <\/p><\/div>\n\n\n<div style=\"height:1px\" aria-hidden=\"true\" class=\"wp-block-spacer\"><\/div>\n\n<\/li><li class=\"wp-block-post post-5918 post type-post status-publish format-standard has-post-thumbnail category-critique category-expired category-theatre-comedie category-spectacle tag-sabrina-roh\">\n<h6 class=\"liensouligne wp-block-post-title\"><a href=\"https:\/\/wp.unil.ch\/ateliercritique\/2015\/03\/une-femme\/\" target=\"_self\" >Une Femme<\/a><\/h6>\n\n<div class=\"wp-block-post-excerpt\"><p class=\"wp-block-post-excerpt__excerpt\">de Philippe Myniana \/ mise en sc\u00e8ne Marcial Di Fonzo Bo \/ du 3 au 7 mars 2015 \/ Com\u00e9die de Gen\u00e8ve \/ Critique par Sabrina Roh.\u00a0 <\/p><\/div>\n\n\n<div style=\"height:1px\" aria-hidden=\"true\" class=\"wp-block-spacer\"><\/div>\n\n<\/li><li class=\"wp-block-post post-5759 post type-post status-publish format-standard has-post-thumbnail category-critique category-expired category-theatre-comedie category-spectacle tag-deborah-strebel tag-nicolas-joray\">\n<h6 class=\"liensouligne wp-block-post-title\"><a href=\"https:\/\/wp.unil.ch\/ateliercritique\/2015\/01\/le-roi-lear\/\" target=\"_self\" >Le Roi Lear<\/a><\/h6>\n\n<div class=\"wp-block-post-excerpt\"><p class=\"wp-block-post-excerpt__excerpt\">de William Shakespeare \/ mise en sc\u00e8ne Herv\u00e9 Loichemol \/ du 20 janvier au 7 f\u00e9vrier 2015 \/ Com\u00e9die de Gen\u00e8ve \/ Critiques par Nicolas Joray et Deborah Strebel. <\/p><\/div>\n\n\n<div style=\"height:1px\" aria-hidden=\"true\" class=\"wp-block-spacer\"><\/div>\n\n<\/li><li class=\"wp-block-post post-5615 post type-post status-publish format-standard has-post-thumbnail category-critique category-expired category-theatre-comedie category-spectacle tag-jehanne-denogent\">\n<h6 class=\"liensouligne wp-block-post-title\"><a href=\"https:\/\/wp.unil.ch\/ateliercritique\/2014\/12\/faust-i\/\" target=\"_self\" >Faust I<\/a><\/h6>\n\n<div class=\"wp-block-post-excerpt\"><p class=\"wp-block-post-excerpt__excerpt\">de Johann Wolfgang von Goethe \/ mise en sc\u00e8ne Nicolas Stemann \/du 12 au 14 d\u00e9cembre 2014 \/ Com\u00e9die de Gen\u00e8ve \/ Critique par Jehanne Denogent. <\/p><\/div>\n\n\n<div style=\"height:1px\" aria-hidden=\"true\" class=\"wp-block-spacer\"><\/div>\n\n<\/li><\/ul><\/div>\n","protected":false},"excerpt":{"rendered":"<p>Critiques par spectacles jou\u00e9s dans ce th\u00e9\u00e2tre :<\/p>\n","protected":false},"author":1420,"featured_media":0,"parent":2713,"menu_order":0,"comment_status":"closed","ping_status":"closed","template":"","meta":{"_seopress_robots_primary_cat":"","_seopress_titles_title":"","_seopress_titles_desc":"","_seopress_robots_index":"","footnotes":""},"class_list":["post-2778","page","type-page","status-publish"],"_links":{"self":[{"href":"https:\/\/wp.unil.ch\/ateliercritique\/wp-json\/wp\/v2\/pages\/2778","targetHints":{"allow":["GET"]}}],"collection":[{"href":"https:\/\/wp.unil.ch\/ateliercritique\/wp-json\/wp\/v2\/pages"}],"about":[{"href":"https:\/\/wp.unil.ch\/ateliercritique\/wp-json\/wp\/v2\/types\/page"}],"author":[{"embeddable":true,"href":"https:\/\/wp.unil.ch\/ateliercritique\/wp-json\/wp\/v2\/users\/1420"}],"replies":[{"embeddable":true,"href":"https:\/\/wp.unil.ch\/ateliercritique\/wp-json\/wp\/v2\/comments?post=2778"}],"version-history":[{"count":3,"href":"https:\/\/wp.unil.ch\/ateliercritique\/wp-json\/wp\/v2\/pages\/2778\/revisions"}],"predecessor-version":[{"id":23404,"href":"https:\/\/wp.unil.ch\/ateliercritique\/wp-json\/wp\/v2\/pages\/2778\/revisions\/23404"}],"up":[{"embeddable":true,"href":"https:\/\/wp.unil.ch\/ateliercritique\/wp-json\/wp\/v2\/pages\/2713"}],"wp:attachment":[{"href":"https:\/\/wp.unil.ch\/ateliercritique\/wp-json\/wp\/v2\/media?parent=2778"}],"curies":[{"name":"wp","href":"https:\/\/api.w.org\/{rel}","templated":true}]}}