{"id":2711,"date":"2014-02-18T08:47:01","date_gmt":"2014-02-18T07:47:01","guid":{"rendered":"http:\/\/wp.unil.ch\/ateliercritique\/?page_id=2711"},"modified":"2025-02-06T16:38:45","modified_gmt":"2025-02-06T15:38:45","slug":"suzanne-balharry","status":"publish","type":"page","link":"https:\/\/wp.unil.ch\/ateliercritique\/lequipe\/suzanne-balharry\/","title":{"rendered":"Suzanne Balharry"},"content":{"rendered":"\n<p>J&rsquo;ai d\u00e9fendu mon m\u00e9moire en septembre 2014 et je suis aujourd&rsquo;hui en stage au sein de l&rsquo;unit\u00e9 Communication de la <a href=\"https:\/\/www.pmu-lausanne.ch\/\" target=\"_blank\" rel=\"noopener\">Policlinique M\u00e9dicale Universitaire<\/a> de Lausanne. Pendant mes \u00e9tudes en Anglais et en Informatique et M\u00e9thodes Math\u00e9matiques,&nbsp;j&rsquo;ai fait une sp\u00e9cialisation en <a title=\"Programme 'Dramaturgie et histoire du th\u00e9\u00e2tre'\" href=\"https:\/\/www.triangle-azur.ch\/azur-en-faculte-des-lettres\/dramaturgie\/\" target=\"_blank\" rel=\"noopener\">Dramaturgie et histoire du th\u00e9\u00e2tre<\/a>. Avant de m&rsquo;essayer \u00e0 \u00e9crire des critiques, j&rsquo;ai jou\u00e9 dans plusieurs pi\u00e8ces de th\u00e9\u00e2tre qui ont \u00e9t\u00e9 retenues pour le <a title=\"Festival F\u00e9cule\" href=\"https:\/\/wp.unil.ch\/fecule\/\" target=\"_blank\" rel=\"noopener\">Festival F\u00e9cule du Th\u00e9\u00e2tre La Grange de Dorigny<\/a>. J&rsquo;ai aussi travaill\u00e9 dans la communication, notamment pour l&rsquo;Atelier Critique et pour une association soutenant les \u00e9tudiant-e-s souhaitant monter des projets artistiques au sein de l&rsquo;Universit\u00e9, <a title=\"Association Les Ma\u00eetres de la Caverne\" href=\"https:\/\/www.asso-unil\/caverne\" target=\"_blank\" rel=\"noopener\">Les Ma\u00eetres de la Caverne<\/a>.<\/p>\n\n\n\n<h4 class=\"wp-block-heading\">Les critiques de Suzanne Balharry :<\/h4>\n\n\n\n<div class=\"wp-block-query is-layout-flow wp-block-query-is-layout-flow\"><ul class=\"wp-block-post-template is-layout-flow wp-block-post-template-is-layout-flow\"><li class=\"wp-block-post post-5541 post type-post status-publish format-standard has-post-thumbnail category-critique category-expired category-spectacle category-theatre-de-vidy tag-deborah-strebel tag-suzanne-balharry\">\n<h6 class=\"liensouligne wp-block-post-title\"><a href=\"https:\/\/wp.unil.ch\/ateliercritique\/2014\/12\/das-weisse-vom-ei\/\" target=\"_self\" >Das Weisse vom Ei (Une \u00cele flottante)<\/a><\/h6>\n\n<div class=\"wp-block-post-excerpt\"><p class=\"wp-block-post-excerpt__excerpt\">D\u2019apr\u00e8s La Poudre aux yeux d\u2019Eug\u00e8ne Labiche \/ mise en sc\u00e8ne Christoph Marthaler \/ du 28 novembre au 17 d\u00e9cembre 2014 \/ Th\u00e9\u00e2tre de Vidy \/ Critiques par Deborah Strebel et Suzanne Balharry. <\/p><\/div>\n\n\n<div style=\"height:1px\" aria-hidden=\"true\" class=\"wp-block-spacer\"><\/div>\n\n<\/li><li class=\"wp-block-post post-5318 post type-post status-publish format-standard has-post-thumbnail category-critique category-expired category-spectacle category-teatre-du-grutli tag-maryke-oosterhoff tag-suzanne-balharry\">\n<h6 class=\"liensouligne wp-block-post-title\"><a href=\"https:\/\/wp.unil.ch\/ateliercritique\/2014\/10\/laffaire-de-la-rue-de-lourcine-si-ce-nest-toi\/\" target=\"_self\" >L\u2019Affaire de la rue de Lourcine \/ Si ce n\u2019est toi<\/a><\/h6>\n\n<div class=\"wp-block-post-excerpt\"><p class=\"wp-block-post-excerpt__excerpt\">d\u2019Eug\u00e8ne Labiche et d\u2019Edward Bond \/ mise en sc\u00e8ne Eric Salama \/ du 28 octobre au 16 novembre \/ Th\u00e9\u00e2tre du Gr\u00fctli \/ Critiques par Suzanne Balharry et Maryke Oosterhoff. <\/p><\/div>\n\n\n<div style=\"height:1px\" aria-hidden=\"true\" class=\"wp-block-spacer\"><\/div>\n\n<\/li><li class=\"wp-block-post post-5278 post type-post status-publish format-standard has-post-thumbnail category-critique category-expired category-spectacle category-theatre-du-passage tag-cecilia-galindo tag-suzanne-balharry\">\n<h6 class=\"liensouligne wp-block-post-title\"><a href=\"https:\/\/wp.unil.ch\/ateliercritique\/2014\/10\/doute\/\" target=\"_self\" >Doute<\/a><\/h6>\n\n<div class=\"wp-block-post-excerpt\"><p class=\"wp-block-post-excerpt__excerpt\">de John Patrick Shanley \/ mise en sc\u00e8ne Robert Bouvier \/ 26 octobre 2014 \/ Th\u00e9\u00e2tre du Passage \/ Critiques par Cecilia Galindo et Suzanne Balharry. <\/p><\/div>\n\n\n<div style=\"height:1px\" aria-hidden=\"true\" class=\"wp-block-spacer\"><\/div>\n\n<\/li><li class=\"wp-block-post post-4588 post type-post status-publish format-standard has-post-thumbnail category-critique category-expired category-spectacle category-theatre-de-carouge tag-maryke-oosterhoff tag-suzanne-balharry\">\n<h6 class=\"liensouligne wp-block-post-title\"><a href=\"https:\/\/wp.unil.ch\/ateliercritique\/2014\/05\/et-il\/\" target=\"_self\" >Et il n\u2019en resta plus aucun<\/a><\/h6>\n\n<div class=\"wp-block-post-excerpt\"><p class=\"wp-block-post-excerpt__excerpt\">\u00e0 partir de A. Christie \/ mise en sc\u00e8ne Robert Sandoz \/ Th\u00e9\u00e2tre de Carouge \u00e0 Gen\u00e8ve \/ du 2 mai au 28 mai 2014 \/ Critique par Maryke Oosterhoff et Suzanne Balharry. <\/p><\/div>\n\n\n<div style=\"height:1px\" aria-hidden=\"true\" class=\"wp-block-spacer\"><\/div>\n\n<\/li><li class=\"wp-block-post post-4344 post type-post status-publish format-standard has-post-thumbnail category-critique category-expired category-petitheatre-sion category-spectacle tag-alice-bottarelli tag-suzanne-balharry\">\n<h6 class=\"liensouligne wp-block-post-title\"><a href=\"https:\/\/wp.unil.ch\/ateliercritique\/2014\/04\/cafe\/\" target=\"_self\" >Le Caf\u00e9 des voyageurs<\/a><\/h6>\n\n<div class=\"wp-block-post-excerpt\"><p class=\"wp-block-post-excerpt__excerpt\">inspir\u00e9 de la nouvelle de Corinna Bille \/ Cie la.la.la \/ Petith\u00e9\u00e2tre de Sion \/ du 3 au 13 avril \/ Critiques par Suzanne Balharry et Alice Bottarelli. <\/p><\/div>\n\n\n<div style=\"height:1px\" aria-hidden=\"true\" class=\"wp-block-spacer\"><\/div>\n\n<\/li><li class=\"wp-block-post post-4307 post type-post status-publish format-standard has-post-thumbnail category-critique category-expired category-spectacle category-theatre-du-loup tag-cecilia-galindo tag-suzanne-balharry\">\n<h6 class=\"liensouligne wp-block-post-title\"><a href=\"https:\/\/wp.unil.ch\/ateliercritique\/2014\/04\/puce\/\" target=\"_self\" >La Puce \u00e0 l\u2019oreille<\/a><\/h6>\n\n<div class=\"wp-block-post-excerpt\"><p class=\"wp-block-post-excerpt__excerpt\">de Georges Feydeau \/ mise en sc\u00e8ne Julien George &#8211; L&rsquo;autre compagnie \/ du 18 au 28 mars au Th\u00e9\u00e2tre Jean Arp \u00e0 Clamart \/ du 1 au 20 avril au Th\u00e9\u00e2tre du Loup \u00e0 Gen\u00e8ve \/ jeudi 24 avril\u2026 <\/p><\/div>\n\n\n<div style=\"height:1px\" aria-hidden=\"true\" class=\"wp-block-spacer\"><\/div>\n\n<\/li><li class=\"wp-block-post post-2576 post type-post status-publish format-standard has-post-thumbnail category-critique category-expired category-le-petit-theatre category-spectacle tag-cecilia-galindo tag-jonas-guyot tag-suzanne-balharry\">\n<h6 class=\"liensouligne wp-block-post-title\"><a href=\"https:\/\/wp.unil.ch\/ateliercritique\/2014\/01\/petite\/\" target=\"_self\" >La Petite Fille aux allumettes<\/a><\/h6>\n\n<div class=\"wp-block-post-excerpt\"><p class=\"wp-block-post-excerpt__excerpt\">d\u2019apr\u00e8s Hans Christian Andersen \/ mise en sc\u00e8ne Julie Annen \/ Petit Th\u00e9\u00e2tre de Lausanne \/ du 29 janvier au 16 f\u00e9vrier \/ Critiques par Cecilia Galindo, Suzanne Balharry, Jonas Guyot. <\/p><\/div>\n\n\n<div style=\"height:1px\" aria-hidden=\"true\" class=\"wp-block-spacer\"><\/div>\n\n<\/li><li class=\"wp-block-post post-2417 post type-post status-publish format-standard has-post-thumbnail category-critique category-expired category-spectacle category-theatre-du-passage tag-deborah-strebel tag-suzanne-balharry\">\n<h6 class=\"liensouligne wp-block-post-title\"><a href=\"https:\/\/wp.unil.ch\/ateliercritique\/2014\/01\/love\/\" target=\"_self\" >Love and money<\/a><\/h6>\n\n<div class=\"wp-block-post-excerpt\"><p class=\"wp-block-post-excerpt__excerpt\">de Dennis Kelly \/ mise en sc\u00e8ne Francis A\u00efqui \/ Th\u00e9\u00e2tre du Passage \u00e0 Neuch\u00e2tel \/ le 22 janvier 2014 \/ Critiques par Deborah Strebel et Suzanne Balharry. <\/p><\/div>\n\n\n<div style=\"height:1px\" aria-hidden=\"true\" class=\"wp-block-spacer\"><\/div>\n\n<\/li><li class=\"wp-block-post post-2111 post type-post status-publish format-standard has-post-thumbnail category-critique category-expired category-spectacle category-theatre-de-carouge tag-alice-bottarelli tag-amandine-rosset tag-cecilia-galindo tag-suzanne-balharry\">\n<h6 class=\"liensouligne wp-block-post-title\"><a href=\"https:\/\/wp.unil.ch\/ateliercritique\/2014\/01\/malade\/\" target=\"_self\" >Le Malade imaginaire<\/a><\/h6>\n\n<div class=\"wp-block-post-excerpt\"><p class=\"wp-block-post-excerpt__excerpt\">de Moli\u00e8re \/ mise en sc\u00e8ne Jean Liermier \/ Th\u00e9\u00e2tre de Carouge \u00e0 Gen\u00e8ve \/ du 14 janvier au 9 f\u00e9vrier 2014 \/ Critique par Cecilia Galindo, Suzanne Balharry, Alice Bottarelli, Amandi Rosset. <\/p><\/div>\n\n\n<div style=\"height:1px\" aria-hidden=\"true\" class=\"wp-block-spacer\"><\/div>\n\n<\/li><li class=\"wp-block-post post-1618 post type-post status-publish format-standard has-post-thumbnail category-critique category-expired category-theatre-des-osses category-spectacle tag-jonas-guyot tag-suzanne-balharry\">\n<h6 class=\"liensouligne wp-block-post-title\"><a href=\"https:\/\/wp.unil.ch\/ateliercritique\/2013\/12\/chantons\/\" target=\"_self\" >Chantons quand m\u00eame !<\/a><\/h6>\n\n<div class=\"wp-block-post-excerpt\"><p class=\"wp-block-post-excerpt__excerpt\">de Frank Arnaudon et Claudine Berthet \/ Th\u00e9\u00e2tre Les Osses \u00e0 Fribourg \/ du 13 au 31 d\u00e9cembre 2013 \/ Critiques par Jonas Guyot et Suzanne Balharry. <\/p><\/div>\n\n\n<div style=\"height:1px\" aria-hidden=\"true\" class=\"wp-block-spacer\"><\/div>\n\n<\/li><li class=\"wp-block-post post-1073 post type-post status-publish format-standard has-post-thumbnail category-critique category-expired category-spectacle category-theatre-du-passage tag-suzanne-balharry\">\n<h6 class=\"liensouligne wp-block-post-title\"><a href=\"https:\/\/wp.unil.ch\/ateliercritique\/2013\/11\/trois-richard\/\" target=\"_self\" >Richard III<\/a><\/h6>\n\n<div class=\"wp-block-post-excerpt\"><p class=\"wp-block-post-excerpt__excerpt\">de Shakespeare \/ mise en sc\u00e8ne le Puppentheater Magdeburg \/Th\u00e9\u00e2tre du Passage \u00e0 Neuch\u00e2tel \/ le 12 novembre \/ Critique par Suzanne Balharry. <\/p><\/div>\n\n\n<div style=\"height:1px\" aria-hidden=\"true\" class=\"wp-block-spacer\"><\/div>\n\n<\/li><li class=\"wp-block-post post-753 post type-post status-publish format-standard has-post-thumbnail category-critique category-expired category-spectacle category-theatre-de-vidy tag-cecilia-galindo tag-jehanne-denogent tag-jonas-guyot tag-suzanne-balharry\">\n<h6 class=\"liensouligne wp-block-post-title\"><a href=\"https:\/\/wp.unil.ch\/ateliercritique\/2013\/11\/quatre-femmes\/\" target=\"_self\" >Les Femmes savantes<\/a><\/h6>\n\n<div class=\"wp-block-post-excerpt\"><p class=\"wp-block-post-excerpt__excerpt\">de Moli\u00e8re \/ mise en sc\u00e8ne Denis Marleau \/ Th\u00e9\u00e2tre de Vidy \u00e0 Lausanne \/ du 29 octobre au 2 novembre 2013 \/ Critiques par Cecilia Galindo, Jonas Guyot, Jehanne Denogent et Suzanne Balharry. <\/p><\/div>\n\n\n<div style=\"height:1px\" aria-hidden=\"true\" class=\"wp-block-spacer\"><\/div>\n\n<\/li><li class=\"wp-block-post post-254 post type-post status-publish format-standard has-post-thumbnail category-critique category-expired category-le-petit-theatre category-spectacle tag-roxane-cherubini tag-suzanne-balharry\">\n<h6 class=\"liensouligne wp-block-post-title\"><a href=\"https:\/\/wp.unil.ch\/ateliercritique\/2013\/10\/deux-bleu\/\" target=\"_self\" >Le Bleu de Madeleine<\/a><\/h6>\n\n<div class=\"wp-block-post-excerpt\"><p class=\"wp-block-post-excerpt__excerpt\">d\u2019Anne Luthaud \/ mise en sc\u00e8ne Anne-Marie Marqu\u00e8s \/ Le petit th\u00e9\u00e2tre de Lausanne \/ du 9 au 13 octobre 2013 \/ Critiques par Suzanne Balharry et Roxane Cherubini. <\/p><\/div>\n\n\n<div style=\"height:1px\" aria-hidden=\"true\" class=\"wp-block-spacer\"><\/div>\n\n<\/li><li class=\"wp-block-post post-337 post type-post status-publish format-standard has-post-thumbnail category-critique category-expired category-spectacle category-theatre-du-jorat tag-aitor-gosende tag-cecilia-galindo tag-suzanne-balharry\">\n<h6 class=\"liensouligne wp-block-post-title\"><a href=\"https:\/\/wp.unil.ch\/ateliercritique\/2013\/10\/trois-monsieur\/\" target=\"_self\" >Monsieur Chasse !<\/a><\/h6>\n\n<div class=\"wp-block-post-excerpt\"><p class=\"wp-block-post-excerpt__excerpt\">de G.\u00a0Feydeau \/ mise en sc\u00e8ne Robert Sandoz \/ Th\u00e9\u00e2tre du Jorat \u00e0 M\u00e9zi\u00e8res \/ du 3 au 6 octobre 2013 \/ Critiques par Aitor Gosende, Cecilia Galindo et Suzanne Balharry. <\/p><\/div>\n\n\n<div style=\"height:1px\" aria-hidden=\"true\" class=\"wp-block-spacer\"><\/div>\n\n<\/li><\/ul><\/div>\n","protected":false},"excerpt":{"rendered":"<p>J&rsquo;ai d\u00e9fendu mon m\u00e9moire en septembre 2014 et je suis aujourd&rsquo;hui en stage au sein de l&rsquo;unit\u00e9 Communication de la Policlinique M\u00e9dicale Universitaire de Lausanne. Pendant mes \u00e9tudes en Anglais &hellip; <\/p>\n","protected":false},"author":1420,"featured_media":0,"parent":2716,"menu_order":0,"comment_status":"closed","ping_status":"closed","template":"","meta":{"_seopress_robots_primary_cat":"","_seopress_titles_title":"","_seopress_titles_desc":"","_seopress_robots_index":"","footnotes":""},"class_list":["post-2711","page","type-page","status-publish"],"_links":{"self":[{"href":"https:\/\/wp.unil.ch\/ateliercritique\/wp-json\/wp\/v2\/pages\/2711","targetHints":{"allow":["GET"]}}],"collection":[{"href":"https:\/\/wp.unil.ch\/ateliercritique\/wp-json\/wp\/v2\/pages"}],"about":[{"href":"https:\/\/wp.unil.ch\/ateliercritique\/wp-json\/wp\/v2\/types\/page"}],"author":[{"embeddable":true,"href":"https:\/\/wp.unil.ch\/ateliercritique\/wp-json\/wp\/v2\/users\/1420"}],"replies":[{"embeddable":true,"href":"https:\/\/wp.unil.ch\/ateliercritique\/wp-json\/wp\/v2\/comments?post=2711"}],"version-history":[{"count":2,"href":"https:\/\/wp.unil.ch\/ateliercritique\/wp-json\/wp\/v2\/pages\/2711\/revisions"}],"predecessor-version":[{"id":22238,"href":"https:\/\/wp.unil.ch\/ateliercritique\/wp-json\/wp\/v2\/pages\/2711\/revisions\/22238"}],"up":[{"embeddable":true,"href":"https:\/\/wp.unil.ch\/ateliercritique\/wp-json\/wp\/v2\/pages\/2716"}],"wp:attachment":[{"href":"https:\/\/wp.unil.ch\/ateliercritique\/wp-json\/wp\/v2\/media?parent=2711"}],"curies":[{"name":"wp","href":"https:\/\/api.w.org\/{rel}","templated":true}]}}