{"id":16639,"date":"2023-03-12T11:46:23","date_gmt":"2023-03-12T10:46:23","guid":{"rendered":"https:\/\/wp.unil.ch\/ateliercritique\/?page_id=16639"},"modified":"2025-02-13T09:03:00","modified_gmt":"2025-02-13T08:03:00","slug":"oriental-vevey","status":"publish","type":"page","link":"https:\/\/wp.unil.ch\/ateliercritique\/theatres-partenaires\/oriental-vevey\/","title":{"rendered":"Oriental (Vevey)"},"content":{"rendered":"<div class=\"wp-block-image\">\n<figure class=\"alignleft size-full is-resized\"><a href=\"https:\/\/www.orientalvevey.ch\/index.php?s=Accueil\"><img alt=\"\" loading=\"lazy\" decoding=\"async\" width=\"233\" height=\"202\" src=\"https:\/\/wp.unil.ch\/ateliercritique\/files\/2023\/03\/Oriental-Vevey_logo.gif\" alt=\"\" class=\"wp-image-16641\" style=\"width:175px;height:152px\" \/><\/a><\/figure>\n<\/div>\n\n\n<p><\/p>\n\n\n\n<p><\/p>\n\n\n\n<p><\/p>\n\n\n\n<p><\/p>\n\n\n\n<h4 class=\"wp-block-heading\">Critiques par spectacles jou\u00e9s dans ce th\u00e9\u00e2tre :<\/h4>\n\n\n\n<div class=\"wp-block-query is-layout-flow wp-block-query-is-layout-flow\"><ul class=\"wp-block-post-template is-layout-flow wp-block-post-template-is-layout-flow\"><li class=\"wp-block-post post-17226 post type-post status-publish format-standard has-post-thumbnail category-critique category-expired category-oriental-vevey category-spectacle tag-sophie-perruchoud\">\n<h6 class=\"liensouligne wp-block-post-title\"><a href=\"https:\/\/wp.unil.ch\/ateliercritique\/2023\/11\/la-voie-de-limperatrice\/\" target=\"_self\" >La Voie de l&rsquo;Imp\u00e9ratrice<\/a><\/h6>\n\n<div class=\"wp-block-post-excerpt\"><p class=\"wp-block-post-excerpt__excerpt\">Texte et mise en sc\u00e8ne de Jos\u00e9phine de Weck \/ Compagnie Opus 89 \/ Oriental-Vevey \/ du 17 au 19 novembre 2023 \/ critique par Sophie Perruchoud . <\/p><\/div>\n\n\n<div style=\"height:1px\" aria-hidden=\"true\" class=\"wp-block-spacer\"><\/div>\n\n<\/li><li class=\"wp-block-post post-16613 post type-post status-publish format-standard has-post-thumbnail category-critique category-expired category-oriental-vevey category-spectacle tag-manon-lelievre\">\n<h6 class=\"liensouligne wp-block-post-title\"><a href=\"https:\/\/wp.unil.ch\/ateliercritique\/2023\/03\/sainte-jeanne-des-abattoirs\/\" target=\"_self\" >Sainte Jeanne des abattoirs<\/a><\/h6>\n\n<div class=\"wp-block-post-excerpt\"><p class=\"wp-block-post-excerpt__excerpt\">De Bertolt Brecht \/ Mise en sc\u00e8ne Tibor Ockenfels \/ Par Les Trois Petits Points \/ Oriental Vevey \/ Du 1er au 5 mars \/ critique par Manon Leli\u00e8vre . <\/p><\/div>\n\n\n<div style=\"height:1px\" aria-hidden=\"true\" class=\"wp-block-spacer\"><\/div>\n\n<\/li><\/ul><\/div>\n","protected":false},"excerpt":{"rendered":"<p>Critiques par spectacles jou\u00e9s dans ce th\u00e9\u00e2tre :<\/p>\n","protected":false},"author":1002282,"featured_media":0,"parent":2713,"menu_order":0,"comment_status":"closed","ping_status":"closed","template":"","meta":{"_seopress_robots_primary_cat":"","_seopress_titles_title":"","_seopress_titles_desc":"","_seopress_robots_index":"","footnotes":""},"class_list":["post-16639","page","type-page","status-publish"],"_links":{"self":[{"href":"https:\/\/wp.unil.ch\/ateliercritique\/wp-json\/wp\/v2\/pages\/16639","targetHints":{"allow":["GET"]}}],"collection":[{"href":"https:\/\/wp.unil.ch\/ateliercritique\/wp-json\/wp\/v2\/pages"}],"about":[{"href":"https:\/\/wp.unil.ch\/ateliercritique\/wp-json\/wp\/v2\/types\/page"}],"author":[{"embeddable":true,"href":"https:\/\/wp.unil.ch\/ateliercritique\/wp-json\/wp\/v2\/users\/1002282"}],"replies":[{"embeddable":true,"href":"https:\/\/wp.unil.ch\/ateliercritique\/wp-json\/wp\/v2\/comments?post=16639"}],"version-history":[{"count":1,"href":"https:\/\/wp.unil.ch\/ateliercritique\/wp-json\/wp\/v2\/pages\/16639\/revisions"}],"predecessor-version":[{"id":22835,"href":"https:\/\/wp.unil.ch\/ateliercritique\/wp-json\/wp\/v2\/pages\/16639\/revisions\/22835"}],"up":[{"embeddable":true,"href":"https:\/\/wp.unil.ch\/ateliercritique\/wp-json\/wp\/v2\/pages\/2713"}],"wp:attachment":[{"href":"https:\/\/wp.unil.ch\/ateliercritique\/wp-json\/wp\/v2\/media?parent=16639"}],"curies":[{"name":"wp","href":"https:\/\/api.w.org\/{rel}","templated":true}]}}