{"id":6,"date":"2019-11-28T16:00:19","date_gmt":"2019-11-28T15:00:19","guid":{"rendered":"http:\/\/wp.unil.ch\/modele\/?page_id=6"},"modified":"2026-03-12T13:25:19","modified_gmt":"2026-03-12T12:25:19","slug":"accueil","status":"publish","type":"page","link":"https:\/\/wp.unil.ch\/assises-recherche-fbm\/","title":{"rendered":"Accueil"},"content":{"rendered":"\n<div class=\"wp-block-group alignfull\"><div class=\"wp-block-group__inner-container is-layout-constrained wp-block-group-is-layout-constrained\">\n<header class=\"wp-block-cover alignfull is-light has-parallax has-custom-content-position is-position-top-center header-custom header-angle\" style=\"padding-top:var(--wp--preset--spacing--30);padding-right:var(--wp--preset--spacing--30);padding-bottom:var(--wp--preset--spacing--30);padding-left:var(--wp--preset--spacing--30)\"><div class=\"wp-block-cover__image-background wp-image-325 size-large has-parallax\" style=\"background-position:50% 50%;background-image:url(https:\/\/wp.unil.ch\/assises-recherche-fbm\/files\/2026\/01\/assises-durables-header-1024x576.jpg)\"><\/div><span aria-hidden=\"true\" class=\"wp-block-cover__background has-black-background-color has-background-dim-0 has-background-dim\"><\/span><div class=\"wp-block-cover__inner-container is-layout-flow wp-block-cover-is-layout-flow\">\n<div class=\"wp-block-columns is-layout-flex wp-container-core-columns-is-layout-9d6595d7 wp-block-columns-is-layout-flex\">\n<div class=\"wp-block-column is-vertically-aligned-top is-layout-flow wp-block-column-is-layout-flow\" style=\"flex-basis:100%\">\n<div style=\"height:34px;width:0px\" aria-hidden=\"true\" class=\"wp-block-spacer\"><\/div>\n\n\n\n<div class=\"wp-block-group alignfull has-contrast-color has-text-color has-link-color wp-elements-5aff50a5f92a25601e4db205097026e2 is-content-justification-space-between is-layout-flex wp-container-core-group-is-layout-fefaeca0 wp-block-group-is-layout-flex\" style=\"padding-top:var(--wp--preset--spacing--30);padding-right:var(--wp--preset--spacing--30);padding-bottom:var(--wp--preset--spacing--30);padding-left:var(--wp--preset--spacing--30)\">\n<p class=\"logo-home-menu\" style=\"text-decoration:none\"><a href=\"https:\/\/wp.unil.ch\/assises-recherche-fbm\/\" data-type=\"page\" data-id=\"6\"><strong>Facult\u00e9 de biologie et de m\u00e9decine<br><\/strong>Assises de la recherche durable<\/a><\/p>\n\n\n<nav class=\"is-responsive items-justified-right wp-block-navigation is-content-justification-right is-layout-flex wp-container-core-navigation-is-layout-3817c3ed wp-block-navigation-is-layout-flex\" aria-label=\"Menu Fran\u00e7ais\" \n\t\t data-wp-interactive=\"core\/navigation\" data-wp-context='{\"overlayOpenedBy\":{\"click\":false,\"hover\":false,\"focus\":false},\"type\":\"overlay\",\"roleAttribute\":\"\",\"ariaLabel\":\"Menu\"}'><button aria-haspopup=\"dialog\" aria-label=\"Ouvrir le menu\" class=\"wp-block-navigation__responsive-container-open\" \n\t\t\t\tdata-wp-on--click=\"actions.openMenuOnClick\"\n\t\t\t\tdata-wp-on--keydown=\"actions.handleMenuKeydown\"\n\t\t\t><svg width=\"24\" height=\"24\" xmlns=\"http:\/\/www.w3.org\/2000\/svg\" viewBox=\"0 0 24 24\" aria-hidden=\"true\" focusable=\"false\"><path d=\"M4 7.5h16v1.5H4z\"><\/path><path d=\"M4 15h16v1.5H4z\"><\/path><\/svg><\/button>\n\t\t\t\t<div class=\"wp-block-navigation__responsive-container\"  id=\"modal-1\" \n\t\t\t\tdata-wp-class--has-modal-open=\"state.isMenuOpen\"\n\t\t\t\tdata-wp-class--is-menu-open=\"state.isMenuOpen\"\n\t\t\t\tdata-wp-watch=\"callbacks.initMenu\"\n\t\t\t\tdata-wp-on--keydown=\"actions.handleMenuKeydown\"\n\t\t\t\tdata-wp-on--focusout=\"actions.handleMenuFocusout\"\n\t\t\t\ttabindex=\"-1\"\n\t\t\t>\n\t\t\t\t\t<div class=\"wp-block-navigation__responsive-close\" tabindex=\"-1\">\n\t\t\t\t\t\t<div class=\"wp-block-navigation__responsive-dialog\" \n\t\t\t\tdata-wp-bind--aria-modal=\"state.ariaModal\"\n\t\t\t\tdata-wp-bind--aria-label=\"state.ariaLabel\"\n\t\t\t\tdata-wp-bind--role=\"state.roleAttribute\"\n\t\t\t>\n\t\t\t\t\t\t\t<button aria-label=\"Fermer le menu\" class=\"wp-block-navigation__responsive-container-close\" \n\t\t\t\tdata-wp-on--click=\"actions.closeMenuOnClick\"\n\t\t\t><svg xmlns=\"http:\/\/www.w3.org\/2000\/svg\" viewBox=\"0 0 24 24\" width=\"24\" height=\"24\" aria-hidden=\"true\" focusable=\"false\"><path d=\"m13.06 12 6.47-6.47-1.06-1.06L12 10.94 5.53 4.47 4.47 5.53 10.94 12l-6.47 6.47 1.06 1.06L12 13.06l6.47 6.47 1.06-1.06L13.06 12Z\"><\/path><\/svg><\/button>\n\t\t\t\t\t\t\t<div class=\"wp-block-navigation__responsive-container-content\" \n\t\t\t\tdata-wp-watch=\"callbacks.focusFirstElement\"\n\t\t\t id=\"modal-1-content\">\n\t\t\t\t\t\t\t\t<ul class=\"wp-block-navigation__container is-responsive items-justified-right wp-block-navigation\"><li class=\" wp-block-navigation-item wp-block-navigation-link\"><a class=\"wp-block-navigation-item__content\"  href=\"https:\/\/wp.unil.ch\/assises-recherche-fbm\/\"><span class=\"wp-block-navigation-item__label\">Accueil<\/span><\/a><\/li><li class=\" wp-block-navigation-item wp-block-navigation-link\"><a class=\"wp-block-navigation-item__content\"  href=\"https:\/\/wp.unil.ch\/assises-recherche-fbm\/les-assises\/\"><span class=\"wp-block-navigation-item__label\">Les Assises<\/span><\/a><\/li><li class=\" wp-block-navigation-item wp-block-navigation-link\"><a class=\"wp-block-navigation-item__content\"  href=\"https:\/\/wp.unil.ch\/assises-recherche-fbm\/organisation\/\"><span class=\"wp-block-navigation-item__label\">L&rsquo;organisation<\/span><\/a><\/li><li class=\" wp-block-navigation-item wp-block-navigation-link\"><a class=\"wp-block-navigation-item__content\"  href=\"https:\/\/wp.unil.ch\/assises-recherche-fbm\/actualites-infos\/\"><span class=\"wp-block-navigation-item__label\">Actualit\u00e9s<\/span><\/a><\/li><li class=\" wp-block-navigation-item wp-block-navigation-link\"><a class=\"wp-block-navigation-item__content\"  href=\"https:\/\/wp.unil.ch\/assises-recherche-fbm\/contact\/\"><span class=\"wp-block-navigation-item__label\">Contact<\/span><\/a><\/li><\/ul>\n\t\t\t\t\t\t\t<\/div>\n\t\t\t\t\t\t<\/div>\n\t\t\t\t\t<\/div>\n\t\t\t\t<\/div><\/nav><\/div>\n\n\n\n<div style=\"height:20px\" aria-hidden=\"true\" class=\"wp-block-spacer\"><\/div>\n<\/div>\n<\/div>\n\n\n\n<div style=\"height:50px\" aria-hidden=\"true\" class=\"wp-block-spacer\"><\/div>\n\n\n\n<h1 class=\"wp-block-heading has-text-color has-link-color wp-elements-35bf4048d533417dcacb507112d3ea27\" style=\"color:#fc5673\">Les Assises de la recherche durable \u00e0 la FBM<\/h1>\n\n\n\n<p>De janvier \u00e0 juin 2026, 70 participant\u00b7es travailleront ensemble pour repenser collectivement la durabilit\u00e9 de la recherche en biologie, en m\u00e9decine et en sant\u00e9 \u00e0 l\u2019horizon 2037.<\/p>\n\n\n\n<div style=\"height:30px\" aria-hidden=\"true\" class=\"wp-block-spacer\"><\/div>\n\n\n\n<div class=\"wp-block-buttons is-content-justification-left is-layout-flex wp-container-core-buttons-is-layout-fdcfc74e wp-block-buttons-is-layout-flex\">\n<div class=\"wp-block-button btn-durable is-style-fill\"><a class=\"wp-block-button__link has-background wp-element-button\" href=\"https:\/\/wp.unil.ch\/assises-recherche-fbm\/les-assises\/\" style=\"border-top-left-radius:54px;border-top-right-radius:54px;border-bottom-left-radius:54px;border-bottom-right-radius:54px;background-color:#fc5673\">D\u00e9couvrir la d\u00e9marche<\/a><\/div>\n<\/div>\n\n\n\n<div style=\"height:100px\" aria-hidden=\"true\" class=\"wp-block-spacer\"><\/div>\n\n\n\n<div style=\"height:50px\" aria-hidden=\"true\" class=\"wp-block-spacer\"><\/div>\n<\/div><\/header>\n<\/div><\/div>\n\n\n\n<div class=\"wp-block-columns is-layout-flex wp-container-core-columns-is-layout-9d6595d7 wp-block-columns-is-layout-flex\">\n<div class=\"wp-block-column is-layout-flow wp-block-column-is-layout-flow\" style=\"flex-basis:100%\">\n<div class=\"wp-block-columns is-layout-flex wp-container-core-columns-is-layout-9d6595d7 wp-block-columns-is-layout-flex\">\n<div class=\"wp-block-column is-layout-flow wp-block-column-is-layout-flow\" style=\"flex-basis:100%\">\n<div class=\"wp-block-group is-nowrap is-layout-flex wp-container-core-group-is-layout-ad2f72ca wp-block-group-is-layout-flex\">\n<p>La recherche scientifique joue un r\u00f4le majeur dans le diagnostic des crises environnementales et sociales, l\u2019identification de leurs causes, l\u2019analyse de leurs impacts et l\u2019exploration de pistes de transformation. En tant que terreau fertile d\u2019innovation, d\u2019exploration et d\u2019exp\u00e9rimentation, la recherche en biologie, en m\u00e9decine et en sant\u00e9 se doit \u00e9galement de contribuer plus efficacement au respect des limites plan\u00e9taires et des besoins humains fondamentaux, tout en garantissant de bonnes conditions de pratique de la recherche. Face \u00e0 ces constats, le D\u00e9canat de la Facult\u00e9 de biologie et de m\u00e9decine a souhait\u00e9 engager une d\u00e9marche structur\u00e9e et collective : les Assises de la recherche durable en FBM.<\/p>\n<\/div>\n<\/div>\n<\/div>\n<\/div>\n<\/div>\n\n\n\n<figure class=\"wp-block-embed is-type-video is-provider-youtube wp-block-embed-youtube wp-embed-aspect-16-9 wp-has-aspect-ratio\"><div class=\"wp-block-embed__wrapper\">\n<iframe loading=\"lazy\" title=\"D\u00e9couvrez les Assises de la recherche durable \u00e0 la FBM | Unil\" width=\"580\" height=\"326\" src=\"https:\/\/www.youtube.com\/embed\/fRneTIU3n5A?feature=oembed\" frameborder=\"0\" allow=\"accelerometer; autoplay; clipboard-write; encrypted-media; gyroscope; picture-in-picture; web-share\" referrerpolicy=\"strict-origin-when-cross-origin\" allowfullscreen><\/iframe>\n<\/div><\/figure>\n\n\n\n<div class=\"wp-block-group alignfull is-content-justification-center\" style=\"margin-top:0;margin-bottom:0\"><div class=\"wp-block-group__inner-container is-layout-constrained wp-block-group-is-layout-constrained\">\n<div class=\"wp-block-group alignwide\"><div class=\"wp-block-group__inner-container is-layout-flow wp-block-group-is-layout-flow\">\n<div class=\"wp-block-columns alignwide is-layout-flex wp-container-core-columns-is-layout-ac3ebc3b wp-block-columns-is-layout-flex\">\n<div class=\"wp-block-column is-content-justification-left is-layout-constrained wp-container-core-column-is-layout-02d07192 wp-block-column-is-layout-constrained\">\n<h2 class=\"wp-block-heading\">Un projet en r\u00e9seau<\/h2>\n<\/div>\n\n\n\n<div class=\"wp-block-column is-vertically-aligned-bottom is-layout-flow wp-block-column-is-layout-flow\" style=\"flex-basis:50%\">\n<p>La FBM est une facult\u00e9 dont les activit\u00e9s sont r\u00e9parties entre l\u2019Universit\u00e9 de Lausanne (sciences fondamentales) et trois structures cliniques universitaires : le CHUV, Unisant\u00e9 et l\u2019H\u00f4pital Ophtalmique Jules-Gonin.<\/p>\n<\/div>\n<\/div>\n\n\n\n<div class=\"wp-block-group alignwide is-layout-grid wp-container-core-group-is-layout-4d858cb8 wp-block-group-is-layout-grid\">\n<figure class=\"wp-block-image size-full\"><a href=\"https:\/\/www.unil.ch\/\" target=\"_blank\" rel=\" noreferrer noopener\"><img alt=\"\" loading=\"lazy\" decoding=\"async\" width=\"860\" height=\"400\" src=\"https:\/\/wp.unil.ch\/assises-recherche-fbm\/files\/2026\/01\/unil-logotype-blue.jpg\" alt=\"\" class=\"wp-image-980\" srcset=\"https:\/\/wp.unil.ch\/assises-recherche-fbm\/files\/2026\/01\/unil-logotype-blue.jpg 860w, https:\/\/wp.unil.ch\/assises-recherche-fbm\/files\/2026\/01\/unil-logotype-blue-300x140.jpg 300w, https:\/\/wp.unil.ch\/assises-recherche-fbm\/files\/2026\/01\/unil-logotype-blue-768x357.jpg 768w\" sizes=\"auto, (max-width: 860px) 100vw, 860px\" \/><\/a><\/figure>\n\n\n\n<figure class=\"wp-block-image size-full wp-container-content-e269605d\"><a href=\"https:\/\/www.chuv.ch\/\" target=\"_blank\" rel=\" noreferrer noopener\"><img loading=\"lazy\" decoding=\"async\" width=\"1280\" height=\"480\" src=\"https:\/\/wp.unil.ch\/assises-recherche-fbm\/files\/2026\/01\/chuv.png\" alt=\"chuv\" class=\"wp-image-700\" srcset=\"https:\/\/wp.unil.ch\/assises-recherche-fbm\/files\/2026\/01\/chuv.png 1280w, https:\/\/wp.unil.ch\/assises-recherche-fbm\/files\/2026\/01\/chuv-300x113.png 300w, https:\/\/wp.unil.ch\/assises-recherche-fbm\/files\/2026\/01\/chuv-1024x384.png 1024w, https:\/\/wp.unil.ch\/assises-recherche-fbm\/files\/2026\/01\/chuv-768x288.png 768w, https:\/\/wp.unil.ch\/assises-recherche-fbm\/files\/2026\/01\/chuv-1200x450.png 1200w\" sizes=\"auto, (max-width: 1280px) 100vw, 1280px\" \/><\/a><\/figure>\n\n\n\n<figure class=\"wp-block-image size-full wp-container-content-e269605d\"><a href=\"https:\/\/www.unisante.ch\/\" target=\"_blank\" rel=\" noreferrer noopener\"><img loading=\"lazy\" decoding=\"async\" width=\"1280\" height=\"480\" src=\"https:\/\/wp.unil.ch\/assises-recherche-fbm\/files\/2026\/01\/unisante-1.png\" alt=\"unisante\" class=\"wp-image-702\" srcset=\"https:\/\/wp.unil.ch\/assises-recherche-fbm\/files\/2026\/01\/unisante-1.png 1280w, https:\/\/wp.unil.ch\/assises-recherche-fbm\/files\/2026\/01\/unisante-1-300x113.png 300w, https:\/\/wp.unil.ch\/assises-recherche-fbm\/files\/2026\/01\/unisante-1-1024x384.png 1024w, https:\/\/wp.unil.ch\/assises-recherche-fbm\/files\/2026\/01\/unisante-1-768x288.png 768w, https:\/\/wp.unil.ch\/assises-recherche-fbm\/files\/2026\/01\/unisante-1-1200x450.png 1200w\" sizes=\"auto, (max-width: 1280px) 100vw, 1280px\" \/><\/a><\/figure>\n\n\n\n<figure class=\"wp-block-image size-large\"><a href=\"https:\/\/www.ophtalmique.ch\/\" target=\"_blank\" rel=\" noreferrer noopener\"><img alt=\"\" loading=\"lazy\" decoding=\"async\" width=\"1024\" height=\"384\" src=\"https:\/\/wp.unil.ch\/assises-recherche-fbm\/files\/2026\/01\/hojg-1024x384.png\" alt=\"\" class=\"wp-image-701\" srcset=\"https:\/\/wp.unil.ch\/assises-recherche-fbm\/files\/2026\/01\/hojg-1024x384.png 1024w, https:\/\/wp.unil.ch\/assises-recherche-fbm\/files\/2026\/01\/hojg-300x113.png 300w, https:\/\/wp.unil.ch\/assises-recherche-fbm\/files\/2026\/01\/hojg-768x288.png 768w, https:\/\/wp.unil.ch\/assises-recherche-fbm\/files\/2026\/01\/hojg-1200x450.png 1200w, https:\/\/wp.unil.ch\/assises-recherche-fbm\/files\/2026\/01\/hojg.png 1280w\" sizes=\"auto, (max-width: 1024px) 100vw, 1024px\" \/><\/a><\/figure>\n<\/div>\n<\/div><\/div>\n\n\n\n<div style=\"height:80px\" aria-hidden=\"true\" class=\"wp-block-spacer\"><\/div>\n<\/div><\/div>\n\n\n\n<div class=\"wp-block-group alignfull header-angle2 has-background is-content-justification-center\" style=\"background-color:#fc5673;margin-top:0;margin-bottom:0\"><div class=\"wp-block-group__inner-container is-layout-constrained wp-block-group-is-layout-constrained\">\n<div class=\"wp-block-group alignwide\"><div class=\"wp-block-group__inner-container is-layout-flow wp-block-group-is-layout-flow\">\n<div class=\"wp-block-columns alignwide are-vertically-aligned-center is-layout-flex wp-container-core-columns-is-layout-ac3ebc3b wp-block-columns-is-layout-flex\">\n<div class=\"wp-block-column is-vertically-aligned-center is-content-justification-left is-layout-constrained wp-container-core-column-is-layout-02d07192 wp-block-column-is-layout-constrained\">\n<h2 class=\"wp-block-heading has-background-color has-text-color has-link-color wp-elements-7fec5e52aa55663a2e0ae50e878dd931\">Un projet ancr\u00e9 dans la strat\u00e9gie de l\u2019UNIL et de la FBM<\/h2>\n\n\n\n<figure class=\"wp-block-image alignfull size-full after-bul-wh is-style-rounded\"><img alt=\"\" loading=\"lazy\" decoding=\"async\" width=\"533\" height=\"800\" src=\"https:\/\/wp.unil.ch\/assises-recherche-fbm\/files\/2026\/01\/projet-ancre.jpg\" alt=\"\" class=\"wp-image-365\" srcset=\"https:\/\/wp.unil.ch\/assises-recherche-fbm\/files\/2026\/01\/projet-ancre.jpg 533w, https:\/\/wp.unil.ch\/assises-recherche-fbm\/files\/2026\/01\/projet-ancre-200x300.jpg 200w\" sizes=\"auto, (max-width: 533px) 100vw, 533px\" \/><\/figure>\n<\/div>\n\n\n\n<div class=\"wp-block-column is-vertically-aligned-center txt-bloc-d has-background-color has-text-color has-link-color wp-elements-142a0a1c1d5fbf6632d60a90042c7366 is-layout-flow wp-block-column-is-layout-flow\" style=\"flex-basis:40%\">\n<p>En 2024, \u00e0 la suite d\u2019un processus d\u00e9lib\u00e9ratif conduit au sein de l\u2019Universit\u00e9, <a href=\"https:\/\/wp.unil.ch\/assemblee-transition\/\" data-type=\"link\" data-id=\"https:\/\/wp.unil.ch\/assemblee-transition\/\">l\u2019Assembl\u00e9e de la transition<\/a>, la Direction de l\u2019UNIL a mis en place la strat\u00e9gie de transition \u00e9cologique <a href=\"https:\/\/wp.unil.ch\/cap2037\/\">CAP2037<\/a>. L&rsquo;objectif : permettre \u00e0 l\u2019UNIL, d\u00e8s 2037, date de son 500\u00e8me anniversaire, d&rsquo;\u00eatre sur une trajectoire compatible avec le respect de l\u2019Accord de Paris et des limites plan\u00e9taires.<\/p>\n\n\n\n<p>Dans ce contexte, le d\u00e9canat de la Facult\u00e9 de biologie et de m\u00e9decine (FBM) souhaite prolonger la r\u00e9flexion initi\u00e9e par CAP2037 en explorant sp\u00e9cifiquement les enjeux de durabilit\u00e9 pour la recherche en biologie, en m\u00e9decine et en sant\u00e9, en partenariat avec le CHUV, Unisant\u00e9 et l\u2019H\u00f4pital ophtalmique Jules-Gonin.<\/p>\n\n\n\n<p>L\u2019organisation des Assises est assur\u00e9e conjointement par la <a href=\"https:\/\/www.unil.ch\/fbm\/fr\/home\/menuinst\/faculte\/durabilite.html\" data-type=\"link\" data-id=\"https:\/\/www.unil.ch\/fbm\/fr\/home\/menuinst\/faculte\/durabilite.html\">Plateforme durabilit\u00e9 et sant\u00e9 de la FBM<\/a> et le <a href=\"https:\/\/www.unil.ch\/unil\/fr\/home\/menuinst\/universite\/organisation-universite\/unites-et-services\/centre-de-competence-en-durabilite.html\" data-type=\"link\" data-id=\"https:\/\/www.unil.ch\/unil\/fr\/home\/menuinst\/universite\/organisation-universite\/unites-et-services\/centre-de-competence-en-durabilite.html\">Centre de comp\u00e9tences en durabilit\u00e9 de l\u2019UNIL<\/a>. La direction g\u00e9n\u00e9rale du projet est assur\u00e9e par le Vice-doyen en charge de la durabilit\u00e9 et des infrastructures de la FBM, le Professeur Nicolas Senn, et par la Directrice du Centre de comp\u00e9tences en durabilit\u00e9 de l\u2019UNIL, la Dre Nelly Niwa. Un comit\u00e9 de pilotage compos\u00e9 de repr\u00e9sentant\u00b7es de la FBM et de la direction de l\u2019UNIL accompagne l\u2019ensemble de la d\u00e9marche.<\/p>\n\n\n\n<div class=\"wp-block-buttons btn-processus is-layout-flex wp-block-buttons-is-layout-flex\">\n<div class=\"wp-block-button is-style-fill\"><a class=\"wp-block-button__link has-background-background-color has-text-color has-background has-link-color wp-element-button\" href=\"https:\/\/wp.unil.ch\/assises-recherche-fbm\/organisation\/\" style=\"border-top-left-radius:47px;border-top-right-radius:47px;border-bottom-left-radius:47px;border-bottom-right-radius:47px;color:#fc5673\">En savoir plus<\/a><\/div>\n<\/div>\n<\/div>\n<\/div>\n<\/div><\/div>\n<\/div><\/div>\n\n\n\n<div class=\"wp-block-group alignfull is-horizontal is-content-justification-center is-nowrap is-layout-flex wp-container-core-group-is-layout-0595f0ea wp-block-group-is-layout-flex\" style=\"margin-top:0;margin-bottom:0\">\n<div style=\"height:0.44rem;width:0px\" aria-hidden=\"true\" class=\"wp-block-spacer wp-container-content-4a1b9b5a\"><\/div>\n\n\n\n<div class=\"wp-block-group alignwide wp-container-content-9cfa9a5a\"><div class=\"wp-block-group__inner-container is-layout-flow wp-block-group-is-layout-flow\">\n<div style=\"height:150px\" aria-hidden=\"true\" class=\"wp-block-spacer\"><\/div>\n\n\n\n<div class=\"wp-block-columns alignfull are-vertically-aligned-top after-bul-objectif is-layout-flex wp-container-core-columns-is-layout-ac3ebc3b wp-block-columns-is-layout-flex\">\n<div class=\"wp-block-column is-vertically-aligned-top is-content-justification-left is-layout-constrained wp-container-core-column-is-layout-02d07192 wp-block-column-is-layout-constrained\">\n<h2 class=\"wp-block-heading has-text-align-right\">L&rsquo;objectif des Assises<\/h2>\n<\/div>\n\n\n\n<div class=\"wp-block-column is-vertically-aligned-top is-layout-flow wp-block-column-is-layout-flow\" style=\"flex-basis:40%\">\n<p>L\u2019objectif de ces assises est de d\u00e9velopper une vision strat\u00e9gique assortie de mesures op\u00e9rationnelles pour la recherche durable en biologie, en m\u00e9decine et en sant\u00e9 \u00e0 l\u2019horizon 2037, \u00e0 m\u00eame de positionner la FBM \u00e0 l\u2019avant-garde des institutions de recherche conjuguant rigueur acad\u00e9mique et prise en compte des contextes environnementaux et sociaux, tout en respectant de bonnes conditions de pratique de la recherche.<\/p>\n<\/div>\n<\/div>\n\n\n\n<div style=\"height:199px\" aria-hidden=\"true\" class=\"wp-block-spacer\"><\/div>\n<\/div><\/div>\n<\/div>\n\n\n\n<div class=\"wp-block-group alignfull header-angle2 has-background\" style=\"background-color:#f4f4f4\"><div class=\"wp-block-group__inner-container is-layout-flow wp-block-group-is-layout-flow\">\n<div class=\"wp-block-columns alignwide is-layout-flex wp-container-core-columns-is-layout-9d6595d7 wp-block-columns-is-layout-flex\">\n<div class=\"wp-block-column is-layout-flow wp-block-column-is-layout-flow\" style=\"flex-basis:100%\">\n<h2 class=\"wp-block-heading has-text-color has-link-color wp-elements-70455c27a08f7e59a55e2cc29ee335a7\" style=\"color:#fc5673\"><strong>Qu\u2019entend-on par \u00ab<\/strong>&nbsp;<strong>recherche durable&nbsp;\u00bb&nbsp;?<\/strong><\/h2>\n<\/div>\n<\/div>\n\n\n\n<div class=\"wp-block-columns alignwide is-layout-flex wp-container-core-columns-is-layout-9d6595d7 wp-block-columns-is-layout-flex\">\n<div class=\"wp-block-column is-vertically-aligned-bottom is-layout-flow wp-block-column-is-layout-flow\" style=\"flex-basis:100%\">\n<p><strong>La recherche durable peut se caract\u00e9riser selon les quatres \u00e9l\u00e9ments de cadrages suivants :<\/strong><\/p>\n<\/div>\n<\/div>\n\n\n\n<div style=\"height:0px\" aria-hidden=\"true\" class=\"wp-block-spacer\"><\/div>\n\n\n\n<div class=\"wp-block-columns alignwide is-layout-flex wp-container-core-columns-is-layout-9d6595d7 wp-block-columns-is-layout-flex\">\n<div class=\"wp-block-column recherche-durable-1 has-background-background-color has-background is-layout-flow wp-block-column-is-layout-flow\">\n<p class=\"has-text-color has-extra-small-font-size\" style=\"color:#000000\">Prendre en compte les polycrises environnementales, sociopolitiques, \u00e9conomiques et qui mette en place des conditions pour garantir sa robustesse&nbsp;.<\/p>\n<\/div>\n\n\n\n<div class=\"wp-block-column is-layout-flow wp-block-column-is-layout-flow\" style=\"flex-basis:10rem\"><\/div>\n\n\n\n<div class=\"wp-block-column recherche-durable-2 has-background-background-color has-background is-layout-flow wp-block-column-is-layout-flow\">\n<p class=\"has-text-color has-extra-small-font-size\" style=\"color:#000000\">Limiter l\u2019impact environnemental et social de ses pratiques en respectant les limites plan\u00e9taires.<\/p>\n<\/div>\n<\/div>\n\n\n\n<div style=\"height:0px\" aria-hidden=\"true\" class=\"wp-block-spacer\"><\/div>\n\n\n\n<div class=\"wp-block-columns alignwide is-layout-flex wp-container-core-columns-is-layout-9d6595d7 wp-block-columns-is-layout-flex\">\n<div class=\"wp-block-column recherche-durable-3 has-background-background-color has-background is-layout-flow wp-block-column-is-layout-flow\">\n<p class=\"has-text-color has-extra-small-font-size\" style=\"color:#000000\">Assurer de bonnes conditions pour la recherche (bien \u00eatre de sa communaut\u00e9).<\/p>\n<\/div>\n\n\n\n<div class=\"wp-block-column is-layout-flow wp-block-column-is-layout-flow\" style=\"flex-basis:10rem\"><\/div>\n\n\n\n<div class=\"wp-block-column recherche-durable-4 has-background-background-color has-background is-layout-flow wp-block-column-is-layout-flow\">\n<p class=\"has-text-color has-extra-small-font-size\" style=\"color:#000000\">Produire des connaissances qui peuvent contribuer \u00e0 transformer la soci\u00e9t\u00e9 afin de garantir les besoins fondamentaux et respecter les limites plan\u00e9taires.<\/p>\n<\/div>\n<\/div>\n\n\n\n<div style=\"height:0px\" aria-hidden=\"true\" class=\"wp-block-spacer\"><\/div>\n\n\n\n<div style=\"height:10px\" aria-hidden=\"true\" class=\"wp-block-spacer\"><\/div>\n<\/div><\/div>\n\n\n\n<div class=\"wp-block-group alignfull is-content-justification-center\" style=\"margin-top:0;margin-bottom:0\"><div class=\"wp-block-group__inner-container is-layout-constrained wp-block-group-is-layout-constrained\">\n<div style=\"height:80px\" aria-hidden=\"true\" class=\"wp-block-spacer\"><\/div>\n\n\n\n<div class=\"wp-block-group alignwide\"><div class=\"wp-block-group__inner-container is-layout-flow wp-block-group-is-layout-flow\">\n<div class=\"wp-block-columns alignwide are-vertically-aligned-top is-layout-flex wp-container-core-columns-is-layout-ac3ebc3b wp-block-columns-is-layout-flex\">\n<div class=\"wp-block-column is-vertically-aligned-top is-content-justification-left is-layout-constrained wp-container-core-column-is-layout-02d07192 wp-block-column-is-layout-constrained\">\n<h2 class=\"wp-block-heading\">Un processus collectif et structur\u00e9<\/h2>\n<\/div>\n\n\n\n<div class=\"wp-block-column is-vertically-aligned-top is-layout-flow wp-block-column-is-layout-flow\" style=\"flex-basis:40%\">\n<p>Les Assises mobilisent, sur plusieurs mois, un groupe refl\u00e9tant la diversit\u00e9 de la communaut\u00e9 de recherche de la FBM. Elles s\u2019appuient sur une m\u00e9thodologie rigoureuse combinant apports scientifiques, temps de r\u00e9flexion collective et d\u00e9lib\u00e9ration.<\/p>\n\n\n\n<div class=\"wp-block-buttons btn-processus is-layout-flex wp-block-buttons-is-layout-flex\">\n<div class=\"wp-block-button is-style-fill\"><a class=\"wp-block-button__link has-background wp-element-button\" href=\"https:\/\/wp.unil.ch\/assises-recherche-fbm\/organisation\/\" style=\"border-top-left-radius:47px;border-top-right-radius:47px;border-bottom-left-radius:47px;border-bottom-right-radius:47px;background-color:#fc5673\">En savoir plus sur le projet<\/a><\/div>\n<\/div>\n<\/div>\n<\/div>\n<\/div><\/div>\n\n\n\n<div style=\"height:30px\" aria-hidden=\"true\" class=\"wp-block-spacer\"><\/div>\n<\/div><\/div>\n\n\n\n<figure class=\"wp-block-image alignwide size-full is-style-default schema-assises-v2\"><img alt=\"\" loading=\"lazy\" decoding=\"async\" width=\"1476\" height=\"1200\" src=\"https:\/\/wp.unil.ch\/assises-recherche-fbm\/files\/2026\/01\/schema-assises-1.jpg\" alt=\"\" class=\"wp-image-717\" srcset=\"https:\/\/wp.unil.ch\/assises-recherche-fbm\/files\/2026\/01\/schema-assises-1.jpg 1476w, https:\/\/wp.unil.ch\/assises-recherche-fbm\/files\/2026\/01\/schema-assises-1-300x244.jpg 300w, https:\/\/wp.unil.ch\/assises-recherche-fbm\/files\/2026\/01\/schema-assises-1-1024x833.jpg 1024w, https:\/\/wp.unil.ch\/assises-recherche-fbm\/files\/2026\/01\/schema-assises-1-768x624.jpg 768w, https:\/\/wp.unil.ch\/assises-recherche-fbm\/files\/2026\/01\/schema-assises-1-1200x976.jpg 1200w\" sizes=\"auto, (max-width: 1476px) 100vw, 1476px\" \/><\/figure>\n\n\n\n<div class=\"wp-block-group alignfull header-angle2 has-background\" style=\"background-color:#f4f4f4\"><div class=\"wp-block-group__inner-container is-layout-flow wp-block-group-is-layout-flow\">\n<div class=\"wp-block-columns alignwide is-layout-flex wp-container-core-columns-is-layout-9d6595d7 wp-block-columns-is-layout-flex\">\n<div class=\"wp-block-column is-layout-flow wp-block-column-is-layout-flow\" style=\"flex-basis:100%\">\n<h2 class=\"wp-block-heading has-text-color has-link-color wp-elements-a8cf1ac07e949c78849b1afbf98f5a9b\" style=\"color:#fc5673\"><strong>Actualit\u00e9<\/strong>s<\/h2>\n<\/div>\n<\/div>\n\n\n\n<div class=\"wp-block-columns alignwide is-layout-flex wp-container-core-columns-is-layout-9d6595d7 wp-block-columns-is-layout-flex\">\n<div class=\"wp-block-column is-vertically-aligned-bottom is-layout-flow wp-block-column-is-layout-flow\" style=\"flex-basis:100%\">\n<p><strong>D\u00e9couvrez nos derni\u00e8res actualit\u00e9s :<\/strong><\/p>\n<\/div>\n<\/div>\n\n\n\n<div style=\"height:0px\" aria-hidden=\"true\" class=\"wp-block-spacer\"><\/div>\n\n\n\n<div class=\"wp-block-columns alignwide is-layout-flex wp-container-core-columns-is-layout-9d6595d7 wp-block-columns-is-layout-flex\">\n<div class=\"wp-block-column bloc-gen-articles has-background-background-color has-background is-layout-flow wp-block-column-is-layout-flow\" style=\"flex-basis:100%\"><ul class=\"wp-block-latest-posts__list is-grid columns-2 has-dates wp-block-latest-posts\"><li><div class=\"wp-block-latest-posts__featured-image\"><img loading=\"lazy\" decoding=\"async\" width=\"580\" height=\"603\" src=\"https:\/\/wp.unil.ch\/assises-recherche-fbm\/files\/2026\/02\/assisesrd_2-985x1024.jpg\" class=\"attachment-large size-large wp-post-image\" alt=\"\" style=\"max-width:512px;max-height:512px;\" srcset=\"https:\/\/wp.unil.ch\/assises-recherche-fbm\/files\/2026\/02\/assisesrd_2-985x1024.jpg 985w, https:\/\/wp.unil.ch\/assises-recherche-fbm\/files\/2026\/02\/assisesrd_2-288x300.jpg 288w, https:\/\/wp.unil.ch\/assises-recherche-fbm\/files\/2026\/02\/assisesrd_2-768x799.jpg 768w, https:\/\/wp.unil.ch\/assises-recherche-fbm\/files\/2026\/02\/assisesrd_2.jpg 1000w\" sizes=\"auto, (max-width: 580px) 100vw, 580px\" \/><\/div><a class=\"wp-block-latest-posts__post-title\" href=\"https:\/\/wp.unil.ch\/assises-recherche-fbm\/la-demarche-des-assises-de-la-recherche-durable-mises-en-lumiere-a-linternational\/\">La d\u00e9marche des Assises de la recherche durable mises en lumi\u00e8re \u00e0 l\u2019international<\/a><time datetime=\"2026-02-12T15:50:41+01:00\" class=\"wp-block-latest-posts__post-date\">12 f\u00e9vrier 2026<\/time><div class=\"wp-block-latest-posts__post-excerpt\">La d\u00e9marche des Assises de la recherche durable, port\u00e9e par la Facult\u00e9 de biologie et de m\u00e9decine de l\u2019Universit\u00e9 de Lausanne, suscite un int\u00e9r\u00eat qui d\u00e9passe le cadre national. Le quotidien Le Monde a\u2026 <a class=\"wp-block-latest-posts__read-more\" href=\"https:\/\/wp.unil.ch\/assises-recherche-fbm\/la-demarche-des-assises-de-la-recherche-durable-mises-en-lumiere-a-linternational\/\" rel=\"noopener noreferrer\">Lire la suite<span class=\"screen-reader-text\">\u00a0: La d\u00e9marche des Assises de la recherche durable mises en lumi\u00e8re \u00e0 l\u2019international<\/span><\/a><\/div><\/li>\n<li><div class=\"wp-block-latest-posts__featured-image\"><img loading=\"lazy\" decoding=\"async\" width=\"580\" height=\"435\" src=\"https:\/\/wp.unil.ch\/assises-recherche-fbm\/files\/2026\/01\/assisesrd_1.jpg\" class=\"attachment-large size-large wp-post-image\" alt=\"\" style=\"max-width:512px;max-height:512px;\" srcset=\"https:\/\/wp.unil.ch\/assises-recherche-fbm\/files\/2026\/01\/assisesrd_1.jpg 1000w, https:\/\/wp.unil.ch\/assises-recherche-fbm\/files\/2026\/01\/assisesrd_1-300x225.jpg 300w, https:\/\/wp.unil.ch\/assises-recherche-fbm\/files\/2026\/01\/assisesrd_1-768x576.jpg 768w\" sizes=\"auto, (max-width: 580px) 100vw, 580px\" \/><\/div><a class=\"wp-block-latest-posts__post-title\" href=\"https:\/\/wp.unil.ch\/assises-recherche-fbm\/symposium-sur-la-recherche-durable\/\">Symposium sur la recherche durable<\/a><time datetime=\"2026-01-23T10:08:35+01:00\" class=\"wp-block-latest-posts__post-date\">23 janvier 2026<\/time><div class=\"wp-block-latest-posts__post-excerpt\">Face \u00e0 l\u2019ampleur des crises environnementales et sociales contemporaines, la recherche scientifique se trouve \u00e0 un moment charni\u00e8re de son histoire. Si elle joue un r\u00f4le central dans la production de connaissances permettant de\u2026 <a class=\"wp-block-latest-posts__read-more\" href=\"https:\/\/wp.unil.ch\/assises-recherche-fbm\/symposium-sur-la-recherche-durable\/\" rel=\"noopener noreferrer\">Lire la suite<span class=\"screen-reader-text\">\u00a0: Symposium sur la recherche durable<\/span><\/a><\/div><\/li>\n<\/ul><\/div>\n<\/div>\n\n\n\n<div class=\"wp-block-buttons btn-processus is-content-justification-center is-layout-flex wp-container-core-buttons-is-layout-16018d1d wp-block-buttons-is-layout-flex\">\n<div class=\"wp-block-button is-style-fill\"><a class=\"wp-block-button__link has-background wp-element-button\" href=\"https:\/\/wp.unil.ch\/assises-recherche-fbm\/actualites-infos\/\" style=\"border-top-left-radius:47px;border-top-right-radius:47px;border-bottom-left-radius:47px;border-bottom-right-radius:47px;background-color:#fc5673\">Voir toutes les actualit\u00e9s<\/a><\/div>\n<\/div>\n<\/div><\/div>\n\n\n\n<div style=\"height:45px\" aria-hidden=\"true\" class=\"wp-block-spacer\"><\/div>\n\n\n\n<div class=\"wp-block-group alignfull has-background-color footer-custom-assises header-angle-footer has-white-color has-accent-background-color has-text-color has-background has-link-color wp-elements-2f031cefa852b9a4aadc54fcb2a80db3 is-vertical is-content-justification-center is-layout-flex wp-container-core-group-is-layout-8adbaf51 wp-block-group-is-layout-flex\" style=\"min-height:40vh;margin-top:0;margin-bottom:0;padding-top:var(--wp--preset--spacing--60);padding-right:var(--wp--preset--spacing--40);padding-bottom:var(--wp--preset--spacing--60);padding-left:var(--wp--preset--spacing--40)\">\n<div class=\"wp-block-columns alignwide has-small-font-size is-layout-flex wp-container-core-columns-is-layout-9d6595d7 wp-block-columns-is-layout-flex\">\n<div class=\"wp-block-column is-vertically-aligned-top is-layout-flow wp-block-column-is-layout-flow\" style=\"flex-basis:30%\">\n<figure class=\"wp-block-image size-full logo-footer\"><img alt=\"\" loading=\"lazy\" decoding=\"async\" width=\"860\" height=\"400\" src=\"https:\/\/wp.unil.ch\/assises-recherche-fbm\/files\/2026\/01\/unil-logotype-white-cmyk-250513_do-not-share.png\" alt=\"\" class=\"wp-image-983\" srcset=\"https:\/\/wp.unil.ch\/assises-recherche-fbm\/files\/2026\/01\/unil-logotype-white-cmyk-250513_do-not-share.png 860w, https:\/\/wp.unil.ch\/assises-recherche-fbm\/files\/2026\/01\/unil-logotype-white-cmyk-250513_do-not-share-300x140.png 300w, https:\/\/wp.unil.ch\/assises-recherche-fbm\/files\/2026\/01\/unil-logotype-white-cmyk-250513_do-not-share-768x357.png 768w\" sizes=\"auto, (max-width: 860px) 100vw, 860px\" \/><\/figure>\n<\/div>\n\n\n\n<div class=\"wp-block-column is-layout-flow wp-block-column-is-layout-flow\" style=\"flex-basis:70%\"><nav class=\"has-small-font-size items-justified-right is-vertical no-wrap alignwide wp-block-navigation is-content-justification-right is-nowrap is-layout-flex wp-container-core-navigation-is-layout-24ed7bd5 wp-block-navigation-is-layout-flex\" aria-label=\"Menu Fran\u00e7ais 2\"><ul class=\"wp-block-navigation__container has-small-font-size items-justified-right is-vertical no-wrap alignwide wp-block-navigation has-small-font-size\"><li class=\"has-small-font-size wp-block-navigation-item wp-block-navigation-link\"><a class=\"wp-block-navigation-item__content\"  href=\"https:\/\/wp.unil.ch\/assises-recherche-fbm\/\"><span class=\"wp-block-navigation-item__label\">Accueil<\/span><\/a><\/li><li class=\"has-small-font-size wp-block-navigation-item wp-block-navigation-link\"><a class=\"wp-block-navigation-item__content\"  href=\"https:\/\/wp.unil.ch\/assises-recherche-fbm\/les-assises\/\"><span class=\"wp-block-navigation-item__label\">Les Assises<\/span><\/a><\/li><li class=\"has-small-font-size wp-block-navigation-item wp-block-navigation-link\"><a class=\"wp-block-navigation-item__content\"  href=\"https:\/\/wp.unil.ch\/assises-recherche-fbm\/organisation\/\"><span class=\"wp-block-navigation-item__label\">L&rsquo;organisation<\/span><\/a><\/li><li class=\"has-small-font-size wp-block-navigation-item wp-block-navigation-link\"><a class=\"wp-block-navigation-item__content\"  href=\"https:\/\/wp.unil.ch\/assises-recherche-fbm\/actualites-infos\/\"><span class=\"wp-block-navigation-item__label\">Actualit\u00e9s<\/span><\/a><\/li><li class=\"has-small-font-size wp-block-navigation-item wp-block-navigation-link\"><a class=\"wp-block-navigation-item__content\"  href=\"https:\/\/wp.unil.ch\/assises-recherche-fbm\/contact\/\"><span class=\"wp-block-navigation-item__label\">Contact<\/span><\/a><\/li><\/ul><\/nav><\/div>\n<\/div>\n\n\n\n<div class=\"wp-block-group alignwide is-content-justification-center is-layout-flex wp-container-core-group-is-layout-5590e8cb wp-block-group-is-layout-flex\">\n<p class=\"has-text-align-center\" style=\"font-size:14px\">Copyrights \u00a9 2026 Tous droits r\u00e9serv\u00e9s &#8211; Les Assises de la recherche durable \u00e0 la FBM<\/p>\n<\/div>\n<\/div>\n","protected":false},"excerpt":{"rendered":"<p>La recherche scientifique joue un r\u00f4le majeur dans le diagnostic des crises environnementales et sociales, l\u2019identification de leurs causes, l\u2019analyse de leurs impacts et l\u2019exploration de pistes de transformation. En tant que terreau fertile d\u2019innovation, d\u2019exploration et d\u2019exp\u00e9rimentation, la recherche en biologie, en m\u00e9decine et en sant\u00e9 se doit \u00e9galement de contribuer plus efficacement au [&hellip;]<\/p>\n","protected":false},"author":108,"featured_media":0,"parent":0,"menu_order":0,"comment_status":"closed","ping_status":"closed","template":"templates\/template-full-width.php","meta":{"_seopress_robots_primary_cat":"","_seopress_titles_title":"","_seopress_titles_desc":"","_seopress_robots_index":"","footnotes":""},"class_list":["post-6","page","type-page","status-publish"],"_links":{"self":[{"href":"https:\/\/wp.unil.ch\/assises-recherche-fbm\/wp-json\/wp\/v2\/pages\/6","targetHints":{"allow":["GET"]}}],"collection":[{"href":"https:\/\/wp.unil.ch\/assises-recherche-fbm\/wp-json\/wp\/v2\/pages"}],"about":[{"href":"https:\/\/wp.unil.ch\/assises-recherche-fbm\/wp-json\/wp\/v2\/types\/page"}],"author":[{"embeddable":true,"href":"https:\/\/wp.unil.ch\/assises-recherche-fbm\/wp-json\/wp\/v2\/users\/108"}],"replies":[{"embeddable":true,"href":"https:\/\/wp.unil.ch\/assises-recherche-fbm\/wp-json\/wp\/v2\/comments?post=6"}],"version-history":[{"count":4,"href":"https:\/\/wp.unil.ch\/assises-recherche-fbm\/wp-json\/wp\/v2\/pages\/6\/revisions"}],"predecessor-version":[{"id":1422,"href":"https:\/\/wp.unil.ch\/assises-recherche-fbm\/wp-json\/wp\/v2\/pages\/6\/revisions\/1422"}],"wp:attachment":[{"href":"https:\/\/wp.unil.ch\/assises-recherche-fbm\/wp-json\/wp\/v2\/media?parent=6"}],"curies":[{"name":"wp","href":"https:\/\/api.w.org\/{rel}","templated":true}]}}