{"id":175,"date":"2012-03-20T11:06:56","date_gmt":"2012-03-20T10:06:56","guid":{"rendered":"http:\/\/wp.unil.ch\/archipelessais\/?page_id=175"},"modified":"2013-08-08T11:22:14","modified_gmt":"2013-08-08T09:22:14","slug":"mermoud","status":"publish","type":"page","link":"https:\/\/wp.unil.ch\/archipelessais\/mermoud\/","title":{"rendered":"Volume 7"},"content":{"rendered":"<p>&nbsp;<\/p>\n<h1>La parole magique<\/h1>\n<div><em>\u00c9tude sur performativit\u00e9<br \/>\n<\/em><\/div>\n<div>\n<div><strong>Mathieu Mermoud<br \/>\n<\/strong><\/div>\n<\/div>\n<p><strong><em><\/em><\/strong>Postface de Jean-Michel Adam, 2003.<\/p>\n<p><strong><br \/>\nA<\/strong>u d\u00e9but \u00e9tait le Verbe, proclame la tradition chr\u00e9tienne et avec elle toute cosmogonie\u00a0: <a href=\"https:\/\/wp.unil.ch\/archipelessais\/files\/2012\/01\/Essais7couv2.gif\"><img alt=\"\" loading=\"lazy\" decoding=\"async\" class=\"alignright size-medium wp-image-55\" alt=\"\" src=\"https:\/\/wp.unil.ch\/archipelessais\/files\/2012\/01\/Essais7couv2-184x300.gif\" width=\"184\" height=\"300\" srcset=\"https:\/\/wp.unil.ch\/archipelessais\/files\/2012\/01\/Essais7couv2-184x300.gif 184w, https:\/\/wp.unil.ch\/archipelessais\/files\/2012\/01\/Essais7couv2.gif 493w\" sizes=\"auto, (max-width: 184px) 100vw, 184px\" \/><\/a>toujours et partout la parole est au principe\u00a0; bien plus, elle est l&rsquo;action primordiale. Mais il est aussi \u00e9crit\u00a0: \u00ab\u00a0Au d\u00e9but \u00e9tait le Verbe, et le Verbe \u00e9tait aupr\u00e8s de Dieu, et le Verbe \u00e9tait Dieu. Il \u00e9tait au d\u00e9but aupr\u00e8s de Dieu. Toutes les choses ont \u00e9t\u00e9 faites par lui. La parole n&rsquo;est pas cette chose vaine et flottante\u00a0: c&rsquo;est le <em>logos<\/em>, institu\u00e9 pour les hommes, et nanti de sa puissance propre. C&rsquo;est ainsi du moins que sont v\u00e9cus les rapports \u00e0 la parole et au monde en un universel mythologique. Aussi, d\u00e8s lors que coexistent cette d\u00e9valuation de la parole quotidienne et la toute-puissance myst\u00e9rieuse du verbe cr\u00e9ateur, le chercheur doit tenter de comprendre comment on peut penser l&rsquo;un et vivre l&rsquo;autre\u00a0; et la question se pose avec d&rsquo;autant plus d&rsquo;acuit\u00e9 dans le cadre de nos soci\u00e9t\u00e9s post-modernes o\u00f9 se proclame le d\u00e9ni d&rsquo;une force quotidiennement manipul\u00e9e. Il s&rsquo;agit donc de remonter \u00e0 l&rsquo;origine de cette efficacit\u00e9 qu&rsquo;on pr\u00eate \u00e0 la parole et d&rsquo;en d\u00e9busquer les fondements. Plusieurs niveaux d&rsquo;analyse sont envisag\u00e9s\u00a0: au niveau des \u00e9nonc\u00e9s eux-m\u00eames tout d&rsquo;abord, gr\u00e2ce aux outils de la pragmatique\u00a0; au niveau social ensuite afin de cerner les conditions de possibilit\u00e9 d&rsquo;un discours efficace; au niveau anthropologique enfin et au contact de la parole agissante l\u00e0 o\u00f9 elle se r\u00e9alise en propre, \u00e0 savoir dans l&rsquo;acte magique.<\/p>\n<p>163 p.<\/p>\n","protected":false},"excerpt":{"rendered":"<p>&nbsp; La parole magique \u00c9tude sur performativit\u00e9 Mathieu Mermoud Postface de Jean-Michel Adam, 2003. Au d\u00e9but \u00e9tait le Verbe, proclame la tradition chr\u00e9tienne et avec elle toute cosmogonie\u00a0: toujours et &hellip; <\/p>\n","protected":false},"author":241,"featured_media":0,"parent":0,"menu_order":0,"comment_status":"closed","ping_status":"closed","template":"","meta":{"_seopress_robots_primary_cat":"","_seopress_titles_title":"","_seopress_titles_desc":"","_seopress_robots_index":"","footnotes":""},"class_list":["post-175","page","type-page","status-publish"],"_links":{"self":[{"href":"https:\/\/wp.unil.ch\/archipelessais\/wp-json\/wp\/v2\/pages\/175","targetHints":{"allow":["GET"]}}],"collection":[{"href":"https:\/\/wp.unil.ch\/archipelessais\/wp-json\/wp\/v2\/pages"}],"about":[{"href":"https:\/\/wp.unil.ch\/archipelessais\/wp-json\/wp\/v2\/types\/page"}],"author":[{"embeddable":true,"href":"https:\/\/wp.unil.ch\/archipelessais\/wp-json\/wp\/v2\/users\/241"}],"replies":[{"embeddable":true,"href":"https:\/\/wp.unil.ch\/archipelessais\/wp-json\/wp\/v2\/comments?post=175"}],"version-history":[{"count":0,"href":"https:\/\/wp.unil.ch\/archipelessais\/wp-json\/wp\/v2\/pages\/175\/revisions"}],"wp:attachment":[{"href":"https:\/\/wp.unil.ch\/archipelessais\/wp-json\/wp\/v2\/media?parent=175"}],"curies":[{"name":"wp","href":"https:\/\/api.w.org\/{rel}","templated":true}]}}