{"id":8120,"date":"2022-05-17T10:28:44","date_gmt":"2022-05-17T08:28:44","guid":{"rendered":"https:\/\/wp.unil.ch\/alumnil\/?post_type=tribe_events&#038;p=8120"},"modified":"2023-05-30T10:20:26","modified_gmt":"2023-05-30T08:20:26","slug":"transition-comment-faire-tenir-bon","status":"publish","type":"tribe_events","link":"https:\/\/wp.unil.ch\/alumnil\/event\/transition-comment-faire-tenir-bon\/","title":{"rendered":"Transition : Comment (faire) tenir bon ?"},"content":{"rendered":"\r\n<p>Echanges avec Cyril Dion, r\u00e9alisateur des films \u00ab\u00a0Demain\u00a0\u00bb et \u00ab\u00a0Animal\u00a0\u00bb. S\u2019engager pour la transition \u00e9cologique peut g\u00e9n\u00e9rer anxi\u00e9t\u00e9, col\u00e8re, d\u00e9sespoir et \u00e9puisement. Comment prendre en compte ces \u00e9motions? Comment faire face au sentiment d\u2019impuissance? Comment trouver des ressources pour mieux repartir? En tant que parent ou enseignant.e, comment aborder les crises environnementales avec les jeunes? Que faut-il dire? Comment le dire? Comment travailler sur ces questions avec eux?<\/p>\r\n\r\n\r\n\r\n\r\n\r\n\r\n\r\n\r\n\r\n\r\n","protected":false},"excerpt":{"rendered":"<p>Echanges avec Cyril Dion, r\u00e9alisateur des films \u00ab\u00a0Demain\u00a0\u00bb et \u00ab\u00a0Animal\u00a0\u00bb. S\u2019engager pour la transition \u00e9cologique peut g\u00e9n\u00e9rer anxi\u00e9t\u00e9, col\u00e8re, d\u00e9sespoir et \u00e9puisement. Comment prendre en compte ces \u00e9motions? Comment faire face au sentiment d\u2019impuissance? Comment trouver des ressources pour mieux &hellip; <\/p>\n","protected":false},"author":1001058,"featured_media":8122,"template":"","meta":{"_seopress_robots_primary_cat":"","_seopress_titles_title":"","_seopress_titles_desc":"","_seopress_robots_index":"","_tribe_events_status":"","_tribe_events_status_reason":"","footnotes":""},"tags":[],"tribe_events_cat":[],"class_list":["post-8120","tribe_events","type-tribe_events","status-publish","has-post-thumbnail"],"_links":{"self":[{"href":"https:\/\/wp.unil.ch\/alumnil\/wp-json\/wp\/v2\/tribe_events\/8120","targetHints":{"allow":["GET"]}}],"collection":[{"href":"https:\/\/wp.unil.ch\/alumnil\/wp-json\/wp\/v2\/tribe_events"}],"about":[{"href":"https:\/\/wp.unil.ch\/alumnil\/wp-json\/wp\/v2\/types\/tribe_events"}],"author":[{"embeddable":true,"href":"https:\/\/wp.unil.ch\/alumnil\/wp-json\/wp\/v2\/users\/1001058"}],"version-history":[{"count":3,"href":"https:\/\/wp.unil.ch\/alumnil\/wp-json\/wp\/v2\/tribe_events\/8120\/revisions"}],"predecessor-version":[{"id":9495,"href":"https:\/\/wp.unil.ch\/alumnil\/wp-json\/wp\/v2\/tribe_events\/8120\/revisions\/9495"}],"wp:featuredmedia":[{"embeddable":true,"href":"https:\/\/wp.unil.ch\/alumnil\/wp-json\/wp\/v2\/media\/8122"}],"wp:attachment":[{"href":"https:\/\/wp.unil.ch\/alumnil\/wp-json\/wp\/v2\/media?parent=8120"}],"wp:term":[{"taxonomy":"post_tag","embeddable":true,"href":"https:\/\/wp.unil.ch\/alumnil\/wp-json\/wp\/v2\/tags?post=8120"},{"taxonomy":"tribe_events_cat","embeddable":true,"href":"https:\/\/wp.unil.ch\/alumnil\/wp-json\/wp\/v2\/tribe_events_cat?post=8120"}],"curies":[{"name":"wp","href":"https:\/\/api.w.org\/{rel}","templated":true}]}}