{"id":17740,"date":"2026-08-27T16:49:52","date_gmt":"2026-08-27T14:49:52","guid":{"rendered":"https:\/\/wp.unil.ch\/alumnil\/?post_type=tribe_events&#038;p=17740"},"modified":"2026-08-28T10:44:10","modified_gmt":"2026-08-28T08:44:10","slug":"titiou-lecoq-les-chemins-vers-legalite-entre-luttes-et-institutions","status":"publish","type":"tribe_events","link":"https:\/\/wp.unil.ch\/alumnil\/event\/titiou-lecoq-les-chemins-vers-legalite-entre-luttes-et-institutions\/","title":{"rendered":"Titiou Lecoq &#8211; Les chemins vers l&rsquo;\u00e9galit\u00e9, entre luttes et institutions"},"content":{"rendered":"<p><strong>Depuis 2001, le Bureau de l\u2019\u00e9galit\u00e9 accompagne les transformations de l\u2019Universit\u00e9 de Lausanne. Pour c\u00e9l\u00e9brer cet anniversaire, l&rsquo;\u00e9quipe invite toutes et tous \u00e0 partager une soir\u00e9e conviviale autour d\u2019une conf\u00e9rence de Titiou Lecoq, journaliste et essayiste f\u00e9ministe. Une table ronde permettra \u00e9galement de revenir sur ces ann\u00e9es d\u2019engagement avec l\u2019ensemble des d\u00e9l\u00e9gu\u00e9es qui se sont succ\u00e9d\u00e9 \u00e0 la t\u00eate du Bureau de l\u2019\u00e9galit\u00e9.<\/strong><\/p>\n<p>Lors de cette soir\u00e9e, vous pourrez aussi d\u00e9couvrir une exposition qui retrace les grandes \u00e9tapes du Bureau de l\u2019\u00e9galit\u00e9, tout en mettant en lumi\u00e8re ses actions actuelles.\u00a0Une belle occasion de c\u00e9l\u00e9brer collectivement le chemin parcouru, d\u2019ouvrir la r\u00e9flexion sur les d\u00e9fis \u00e0 venir et de nous inspirer pour la suite!<\/p>\n<p><strong>PROGRAMME<\/strong><\/p>\n<ul>\n<li><strong>17h00 &#8211; 18h00 <\/strong>Vernissage de l\u2019exposition <em>25 ans d\u2019\u00e9galit\u00e9 \u00e0 l\u2019Unil (facultatif)<\/em><\/li>\n<li><strong>18h00 &#8211; 18h20 <\/strong>Mots de bienvenue<\/li>\n<li><strong>18h20 &#8211; 19h00 <\/strong>Titiou Lecoq &#8211;\u00a0<em>Les chemins vers l&rsquo;\u00e9galit\u00e9, entre luttes et institutions<\/em><\/li>\n<\/ul>\n<p>La lutte pour l&rsquo;\u00e9galit\u00e9 femmes\/hommes est-elle n\u00e9cessairement un engagement politique? Comment s&rsquo;articulent le travail militant et l&rsquo;institutionnalisation de ses fruits, particuli\u00e8rement dans des contextes de mont\u00e9e des mouvements r\u00e9actionnaires et masculinistes?<\/p>\n<ul>\n<li><strong>19h00 &#8211; 20h00 <\/strong><em>25 ans d\u2019\u00e9galit\u00e9: regards crois\u00e9s. Et demain? <\/em><\/li>\n<\/ul>\n<p>Table ronde en pr\u00e9sence notamment des d\u00e9l\u00e9gu\u00e9es \u00e0 l&rsquo;\u00e9galit\u00e9 qui se sont succ\u00e9d\u00e9 \u00e0 la t\u00eate du Bureau de l&rsquo;\u00e9galit\u00e9.<\/p>\n<ul>\n<li><strong>20h00 &#8211; 20h30 <\/strong>S\u00e9ance de d\u00e9dicaces des livres de Titiou Lecoq\u00a0en collaboration avec la librairie Basta!<\/li>\n<\/ul>\n<p><strong>Programme &amp; inscription sur la <a href=\"https:\/\/www.alumnil.unil.ch\/event\/event\/detail\/event-id\/1980\" target=\"_blank\" rel=\"noopener\">plateforme Alumnil<\/a>.<\/strong><\/p>\n<p><em>Vous avez oubli\u00e9 votre mot de passe pour acc\u00e9der \u00e0 la plateforme? <a href=\"https:\/\/wp.unil.ch\/alumnil\/philosophie-et-missions\/questions-frequentes\/\" target=\"_blank\" rel=\"noreferrer noopener\">Suivez le guide<\/a>. | Vous ne faites pas encore partie du r\u00e9seau Alumnil de l\u2019Unil? <a href=\"https:\/\/wp.unil.ch\/alumnil\/reseau\/adherer-au-reseau-alumnil\/\" target=\"_blank\" rel=\"noreferrer noopener\">Devenez membre<\/a>.<\/em><\/p>\n","protected":false},"excerpt":{"rendered":"<p>Depuis 2001, le Bureau de l\u2019\u00e9galit\u00e9 accompagne les transformations de l\u2019Unil. Pour c\u00e9l\u00e9brer cet anniversaire, une soir\u00e9e conviviale est organis\u00e9e autour d\u2019une conf\u00e9rence de Titiou Lecoq, journaliste et essayiste f\u00e9ministe. Une table ronde permettra \u00e9galement de revenir sur ces ann\u00e9es d\u2019engagement avec l\u2019ensemble des d\u00e9l\u00e9gu\u00e9es qui se sont succ\u00e9d\u00e9 \u00e0 la t\u00eate du Bureau de l\u2019\u00e9galit\u00e9.<\/p>\n","protected":false},"author":1001058,"featured_media":17742,"template":"","meta":{"_seopress_titles_title":"","_seopress_titles_desc":"","_seopress_robots_index":"","_seopress_robots_follow":"","_seopress_robots_imageindex":"","_seopress_robots_snippet":"","_seopress_robots_primary_cat":"","_seopress_robots_breadcrumbs":"","_seopress_robots_freeze_modified_date":"","_seopress_robots_custom_modified_date":"","_seopress_robots_canonical":"","_seopress_social_fb_title":"","_seopress_social_fb_desc":"","_seopress_social_fb_img":"","_seopress_social_fb_img_attachment_id":0,"_seopress_social_fb_img_width":0,"_seopress_social_fb_img_height":0,"_seopress_social_twitter_title":"","_seopress_social_twitter_desc":"","_seopress_social_twitter_img":"","_seopress_social_twitter_img_attachment_id":0,"_seopress_social_twitter_img_width":0,"_seopress_social_twitter_img_height":0,"_seopress_redirections_value":"","_seopress_redirections_enabled":"","_seopress_redirections_enabled_regex":"","_seopress_redirections_logged_status":"","_seopress_redirections_param":"","_seopress_redirections_type":0,"_seopress_analysis_target_kw":"","_seopress_news_disabled":"","_seopress_video_disabled":"","_seopress_video":[],"_seopress_pro_schemas_manual":[],"_seopress_pro_rich_snippets_disable_all":"","_seopress_pro_rich_snippets_disable":[],"_seopress_pro_schemas":[],"_tribe_events_status":"","_tribe_events_status_reason":"","footnotes":""},"tags":[],"tribe_events_cat":[56250],"class_list":["post-17740","tribe_events","type-tribe_events","status-publish","has-post-thumbnail","tribe_events_cat-suisse","cat_suisse"],"_links":{"self":[{"href":"https:\/\/wp.unil.ch\/alumnil\/wp-json\/wp\/v2\/tribe_events\/17740","targetHints":{"allow":["GET"]}}],"collection":[{"href":"https:\/\/wp.unil.ch\/alumnil\/wp-json\/wp\/v2\/tribe_events"}],"about":[{"href":"https:\/\/wp.unil.ch\/alumnil\/wp-json\/wp\/v2\/types\/tribe_events"}],"author":[{"embeddable":true,"href":"https:\/\/wp.unil.ch\/alumnil\/wp-json\/wp\/v2\/users\/1001058"}],"version-history":[{"count":5,"href":"https:\/\/wp.unil.ch\/alumnil\/wp-json\/wp\/v2\/tribe_events\/17740\/revisions"}],"predecessor-version":[{"id":17786,"href":"https:\/\/wp.unil.ch\/alumnil\/wp-json\/wp\/v2\/tribe_events\/17740\/revisions\/17786"}],"wp:featuredmedia":[{"embeddable":true,"href":"https:\/\/wp.unil.ch\/alumnil\/wp-json\/wp\/v2\/media\/17742"}],"wp:attachment":[{"href":"https:\/\/wp.unil.ch\/alumnil\/wp-json\/wp\/v2\/media?parent=17740"}],"wp:term":[{"taxonomy":"post_tag","embeddable":true,"href":"https:\/\/wp.unil.ch\/alumnil\/wp-json\/wp\/v2\/tags?post=17740"},{"taxonomy":"tribe_events_cat","embeddable":true,"href":"https:\/\/wp.unil.ch\/alumnil\/wp-json\/wp\/v2\/tribe_events_cat?post=17740"}],"curies":[{"name":"wp","href":"https:\/\/api.w.org\/{rel}","templated":true}]}}