{"id":14309,"date":"2025-08-04T11:52:58","date_gmt":"2025-08-04T09:52:58","guid":{"rendered":"https:\/\/wp.unil.ch\/alumnil\/?page_id=14309"},"modified":"2026-08-11T16:49:04","modified_gmt":"2026-08-11T14:49:04","slug":"evenements","status":"publish","type":"page","link":"https:\/\/wp.unil.ch\/alumnil\/evenements\/","title":{"rendered":"\u00c9v\u00e9nements"},"content":{"rendered":"\n<div class=\"wp-block-columns is-layout-flex wp-container-core-columns-is-layout-8f761849 wp-block-columns-is-layout-flex\">\n<div class=\"wp-block-column is-layout-flow wp-block-column-is-layout-flow\" style=\"flex-basis:66.66%\">\n<p class=\"wp-block-paragraph\">Tout au long de l\u2019ann\u00e9e, les membres du r\u00e9seau Alumnil sont invit\u00e9s \u00e0 participer \u00e0 de nombreux \u00e9v\u00e9nements. Ces derniers sont l\u2019opportunit\u00e9 de faire de nouvelles connaissances et de maintenir le savoir vivant au contact d\u2019expertes et experts dans leur domaine de pr\u00e9dilection.<br>&nbsp;<br>Ces rencontres sont organis\u00e9es par le Bureau des alumni, d\u2019autres en collaboration avec les facult\u00e9s et les services de l\u2019Unil, ou avec des partenaires en Suisse et \u00e0 l\u2019international.<\/p>\n\n\n\n<p class=\"wp-block-paragraph\">Afin de recevoir les invitations \u00e0 nos activit\u00e9s, il est n\u00e9cessaire de maintenir vos adresses \u00e9lectronique et postale \u00e0 jour dans <a href=\"https:\/\/www.alumnil.unil.ch\/user\/profile\" target=\"_blank\" rel=\"noreferrer noopener\">votre profil<\/a>. Les inscriptions se font g\u00e9n\u00e9ralement par le biais de la <a href=\"https:\/\/www.alumnil.unil.ch\/login-form.php\" target=\"_blank\" rel=\"noreferrer noopener\">plateforme<\/a>.<\/p>\n<\/div>\n\n\n\n<div class=\"wp-block-column is-layout-flow wp-block-column-is-layout-flow\" style=\"flex-basis:33.33%\"><\/div>\n<\/div>\n\n\n\n<h4 class=\"wp-block-heading\">En Suisse<\/h4>\n\n\n<!----- Events list Template 2.8.1 -----><div id=\"ect-events-list-content\"><div id=\"list-wrp\" class=\"ect-list-wrapper Suisse\"><div id=\"event-17535\" class=\"ect-list-post style-1 ect-simple-event future\"><div class=\"ect-list-post-left \">\n\t\t\t\t<div class=\"ect-list-img\" style=\"background-image:url(&#039;https:\/\/wp.unil.ch\/alumnil\/files\/2026\/06\/prix_europeen_essai_2026.jpg&#039;);background-size:cover;\"><a href=\"https:\/\/wp.unil.ch\/alumnil\/event\/table-ronde-du-prix-europeen-de-lessai-2026-en-collaboration-avec-luniversite-de-lausanne\/\" alt=\"Table ronde du Prix Europ\u00e9en de l\u2019Essai 2026\" rel=\"bookmark\"><div class=\"ect-list-date\"><div class=\"ect-date-area default-schedule\"><span class=\"ev-day\">02<\/span>\n\t\t\t\t\t<span class=\"ev-mo\">septembre<\/span>\n\t\t\t\t\t<span class=\"ev-yr\">2026<\/span><\/div><\/div><\/a><\/div><\/div><!-- left-post close --><div class=\"ect-list-post-right\">\n\t\t\t\t<div class=\"ect-list-post-right-table\"><div class=\"ect-list-description\" style=\"width:100%;\"><h2 class=\"ect-list-title\"><a class=\"ect-event-url\" href=\"https:\/\/wp.unil.ch\/alumnil\/event\/table-ronde-du-prix-europeen-de-lessai-2026-en-collaboration-avec-luniversite-de-lausanne\/\" rel=\"bookmark\">Table ronde du Prix Europ\u00e9en de l\u2019Essai 2026<\/a><\/h2><!-- Event Content --><div class=\"ect-event-content\"><p>Le Th\u00e9\u00e2tre Vidy-Lausanne accueille une table-ronde autour de ce que le f\u00e9minisme apporte aux luttes sociales avec la laur\u00e9ate du 48e Prix Europ\u00e9en de l\u2019Essai, Chowra Makaremi, pour son livre \"R\u00e9sistances affectives\" et des invit\u00e9\u00b7es, dont El\u00e9onore L\u00e9pinard, professeure au Centre en \u00c9tudes genre \u00e0 l'Unil.<\/p>\n<\/div><a href=\"https:\/\/wp.unil.ch\/alumnil\/event\/table-ronde-du-prix-europeen-de-lessai-2026-en-collaboration-avec-luniversite-de-lausanne\/\" class=\"ect-events-read-more\" rel=\"bookmark\">En savoir plus<\/a><\/div><\/div><\/div><!-- right-wrapper close --><\/div><!-- event-loop-end --><div id=\"event-17573\" class=\"ect-list-post style-1 ect-simple-event future\"><div class=\"ect-list-post-left \">\n\t\t\t\t<div class=\"ect-list-img\" style=\"background-image:url(&#039;https:\/\/wp.unil.ch\/alumnil\/files\/2026\/07\/cuisine_fond_reiss_web.jpg&#039;);background-size:cover;\"><a href=\"https:\/\/wp.unil.ch\/alumnil\/event\/archives-du-crime-et-folie-des-femmes\/\" alt=\"Archives du crime et folie des femmes\" rel=\"bookmark\"><div class=\"ect-list-date\"><div class=\"ect-date-area default-schedule\"><span class=\"ev-day\">03<\/span>\n\t\t\t\t\t<span class=\"ev-mo\">septembre<\/span>\n\t\t\t\t\t<span class=\"ev-yr\">2026<\/span><\/div><\/div><\/a><\/div><\/div><!-- left-post close --><div class=\"ect-list-post-right\">\n\t\t\t\t<div class=\"ect-list-post-right-table\"><div class=\"ect-list-description\" style=\"width:100%;\"><h2 class=\"ect-list-title\"><a class=\"ect-event-url\" href=\"https:\/\/wp.unil.ch\/alumnil\/event\/archives-du-crime-et-folie-des-femmes\/\" rel=\"bookmark\">Archives du crime et folie des femmes<\/a><\/h2><!-- Event Content --><div class=\"ect-event-content\"><p>Avec en toile de fond le \u00abCrime de la Caroline\u00bb et sa r\u00e9interpr\u00e9tation litt\u00e9raire contemporaine, regards crois\u00e9s entre deux autrices et une historienne sur l\u2019internement psychiatrique des femmes au d\u00e9but du XXe si\u00e8cle dans le Canton de Vaud. Quels enjeux de soci\u00e9t\u00e9 se cachent derri\u00e8re le diagnostic de folie?<\/p>\n<\/div><a href=\"https:\/\/wp.unil.ch\/alumnil\/event\/archives-du-crime-et-folie-des-femmes\/\" class=\"ect-events-read-more\" rel=\"bookmark\">En savoir plus<\/a><\/div><\/div><\/div><!-- right-wrapper close --><\/div><!-- event-loop-end --><div id=\"event-17750\" class=\"ect-list-post style-1 ect-simple-event future\"><div class=\"ect-list-post-left \">\n\t\t\t\t<div class=\"ect-list-img\" style=\"background-image:url(&#039;https:\/\/wp.unil.ch\/alumnil\/files\/2026\/08\/derborence.png&#039;);background-size:cover;\"><a href=\"https:\/\/wp.unil.ch\/alumnil\/event\/excursion-geomorphologique-a-derborence\/\" alt=\"Excursion g\u00e9omorphologique \u00e0 Derborence\" rel=\"bookmark\"><div class=\"ect-list-date\"><div class=\"ect-date-area default-schedule\"><span class=\"ev-day\">12<\/span>\n\t\t\t\t\t<span class=\"ev-mo\">septembre<\/span>\n\t\t\t\t\t<span class=\"ev-yr\">2026<\/span><\/div><\/div><\/a><\/div><\/div><!-- left-post close --><div class=\"ect-list-post-right\">\n\t\t\t\t<div class=\"ect-list-post-right-table\"><div class=\"ect-list-description\" style=\"width:100%;\"><h2 class=\"ect-list-title\"><a class=\"ect-event-url\" href=\"https:\/\/wp.unil.ch\/alumnil\/event\/excursion-geomorphologique-a-derborence\/\" rel=\"bookmark\">Excursion g\u00e9omorphologique \u00e0 Derborence<\/a><\/h2><!-- Event Content --><div class=\"ect-event-content\"><p>Au cours de cette excursion, les intervenant\u00b7es guideront les participant\u00b7es dans le paysage spectaculaire de Derborence, fa\u00e7onn\u00e9 par les \u00e9normes \u00e9boulements rocheux provenant des montagnes des Diablerets au XVIII\u1d49 si\u00e8cle. Au-del\u00e0 de sa g\u00e9omorphologie remarquable, le site d\u00e9voile \u00e9galement un riche patrimoine culturel et historique li\u00e9 aux \u00e9v\u00e9nements dramatiques qui ont transform\u00e9 la vall\u00e9e.<\/p>\n<\/div><a href=\"https:\/\/wp.unil.ch\/alumnil\/event\/excursion-geomorphologique-a-derborence\/\" class=\"ect-events-read-more\" rel=\"bookmark\">En savoir plus<\/a><\/div><\/div><\/div><!-- right-wrapper close --><\/div><!-- event-loop-end --><div id=\"event-17773\" class=\"ect-list-post style-1 ect-simple-event future\"><div class=\"ect-list-post-left \">\n\t\t\t\t<div class=\"ect-list-img\" style=\"background-image:url(&#039;https:\/\/wp.unil.ch\/alumnil\/files\/2026\/08\/tscholl_web.jpeg&#039;);background-size:cover;\"><a href=\"https:\/\/wp.unil.ch\/alumnil\/event\/le-medecin-de-la-nati\/\" alt=\"Le m\u00e9decin de la Nati\" rel=\"bookmark\"><div class=\"ect-list-date\"><div class=\"ect-date-area default-schedule\"><span class=\"ev-day\">16<\/span>\n\t\t\t\t\t<span class=\"ev-mo\">septembre<\/span>\n\t\t\t\t\t<span class=\"ev-yr\">2026<\/span><\/div><\/div><\/a><\/div><\/div><!-- left-post close --><div class=\"ect-list-post-right\">\n\t\t\t\t<div class=\"ect-list-post-right-table\"><div class=\"ect-list-description\" style=\"width:100%;\"><h2 class=\"ect-list-title\"><a class=\"ect-event-url\" href=\"https:\/\/wp.unil.ch\/alumnil\/event\/le-medecin-de-la-nati\/\" rel=\"bookmark\">Le m\u00e9decin de la Nati<\/a><\/h2><!-- Event Content --><div class=\"ect-event-content\"><p>Le Dr Philippe Tscholl, m\u00e9decin de l\u2019\u00e9quipe suisse de football, est l\u2019invit\u00e9 d\u2019honneur de la C\u00e9r\u00e9monie d\u2019ouverture de l\u2019ann\u00e9e acad\u00e9mique de la FBM. Sa conf\u00e9rence sera suivie d\u2019un \u00e9change avec le public.<\/p>\n<\/div><a href=\"https:\/\/wp.unil.ch\/alumnil\/event\/le-medecin-de-la-nati\/\" class=\"ect-events-read-more\" rel=\"bookmark\">En savoir plus<\/a><\/div><\/div><\/div><!-- right-wrapper close --><\/div><!-- event-loop-end --><div id=\"event-17621\" class=\"ect-list-post style-1 ect-simple-event future\"><div class=\"ect-list-post-left \">\n\t\t\t\t<div class=\"ect-list-img\" style=\"background-image:url(&#039;https:\/\/wp.unil.ch\/alumnil\/files\/2026\/08\/e4s_2026_web.jpg&#039;);background-size:cover;\"><a href=\"https:\/\/wp.unil.ch\/alumnil\/event\/e4s-impact-innovation-summit-2026\/\" alt=\"E4S Impact Innovation Summit 2026\" rel=\"bookmark\"><div class=\"ect-list-date\"><div class=\"ect-date-area default-schedule\"><span class=\"ev-day\">17<\/span>\n\t\t\t\t\t<span class=\"ev-mo\">septembre<\/span>\n\t\t\t\t\t<span class=\"ev-yr\">2026<\/span><\/div><\/div><\/a><\/div><\/div><!-- left-post close --><div class=\"ect-list-post-right\">\n\t\t\t\t<div class=\"ect-list-post-right-table\"><div class=\"ect-list-description\" style=\"width:100%;\"><h2 class=\"ect-list-title\"><a class=\"ect-event-url\" href=\"https:\/\/wp.unil.ch\/alumnil\/event\/e4s-impact-innovation-summit-2026\/\" rel=\"bookmark\">E4S Impact Innovation Summit 2026<\/a><\/h2><!-- Event Content --><div class=\"ect-event-content\"><p>Showcase is the E4S Impact Innovation Summit organized by the Enterprise for Society Center (E4S) that gathers leaders from academia, industry, and the public sector to develop pathways for social and economic transformation. You can expect inspiring speeches, interactive workshops, a solutions exhibition and opportunities to build the collaborations needed to scale impact.<\/p>\n<\/div><a href=\"https:\/\/wp.unil.ch\/alumnil\/event\/e4s-impact-innovation-summit-2026\/\" class=\"ect-events-read-more\" rel=\"bookmark\">En savoir plus<\/a><\/div><\/div><\/div><!-- right-wrapper close --><\/div><!-- event-loop-end --><div id=\"event-17740\" class=\"ect-list-post style-1 ect-simple-event future\"><div class=\"ect-list-post-left \">\n\t\t\t\t<div class=\"ect-list-img\" style=\"background-image:url(&#039;https:\/\/wp.unil.ch\/alumnil\/files\/2026\/08\/titiou_lecoq_web.png&#039;);background-size:cover;\"><a href=\"https:\/\/wp.unil.ch\/alumnil\/event\/titiou-lecoq-les-chemins-vers-legalite-entre-luttes-et-institutions\/\" alt=\"Titiou Lecoq &#8211; Les chemins vers l&rsquo;\u00e9galit\u00e9, entre luttes et institutions\" rel=\"bookmark\"><div class=\"ect-list-date\"><div class=\"ect-date-area default-schedule\"><span class=\"ev-day\">24<\/span>\n\t\t\t\t\t<span class=\"ev-mo\">septembre<\/span>\n\t\t\t\t\t<span class=\"ev-yr\">2026<\/span><\/div><\/div><\/a><\/div><\/div><!-- left-post close --><div class=\"ect-list-post-right\">\n\t\t\t\t<div class=\"ect-list-post-right-table\"><div class=\"ect-list-description\" style=\"width:100%;\"><h2 class=\"ect-list-title\"><a class=\"ect-event-url\" href=\"https:\/\/wp.unil.ch\/alumnil\/event\/titiou-lecoq-les-chemins-vers-legalite-entre-luttes-et-institutions\/\" rel=\"bookmark\">Titiou Lecoq &#8211; Les chemins vers l&rsquo;\u00e9galit\u00e9, entre luttes et institutions<\/a><\/h2><!-- Event Content --><div class=\"ect-event-content\"><p>Depuis 2001, le Bureau de l\u2019\u00e9galit\u00e9 accompagne les transformations de l\u2019Unil. Pour c\u00e9l\u00e9brer cet anniversaire, une soir\u00e9e conviviale est organis\u00e9e autour d\u2019une conf\u00e9rence de Titiou Lecoq, journaliste et essayiste f\u00e9ministe. Une table ronde permettra \u00e9galement de revenir sur ces ann\u00e9es d\u2019engagement avec l\u2019ensemble des d\u00e9l\u00e9gu\u00e9es qui se sont succ\u00e9d\u00e9 \u00e0 la t\u00eate du Bureau de l\u2019\u00e9galit\u00e9.<\/p>\n<\/div><a href=\"https:\/\/wp.unil.ch\/alumnil\/event\/titiou-lecoq-les-chemins-vers-legalite-entre-luttes-et-institutions\/\" class=\"ect-events-read-more\" rel=\"bookmark\">En savoir plus<\/a><\/div><\/div><\/div><!-- right-wrapper close --><\/div><!-- event-loop-end --><div id=\"event-17721\" class=\"ect-list-post style-1 ect-simple-event future\"><div class=\"ect-list-post-left \">\n\t\t\t\t<div class=\"ect-list-img\" style=\"background-image:url(&#039;https:\/\/wp.unil.ch\/alumnil\/files\/2026\/08\/dcs2026.jpg&#039;);background-size:cover;\"><a href=\"https:\/\/wp.unil.ch\/alumnil\/event\/soiree-des-alumni-dcs-2026\/\" alt=\"Soir\u00e9e des alumni DCS 2026\" rel=\"bookmark\"><div class=\"ect-list-date\"><div class=\"ect-date-area default-schedule\"><span class=\"ev-day\">24<\/span>\n\t\t\t\t\t<span class=\"ev-mo\">septembre<\/span>\n\t\t\t\t\t<span class=\"ev-yr\">2026<\/span><\/div><\/div><\/a><\/div><\/div><!-- left-post close --><div class=\"ect-list-post-right\">\n\t\t\t\t<div class=\"ect-list-post-right-table\"><div class=\"ect-list-description\" style=\"width:100%;\"><h2 class=\"ect-list-title\"><a class=\"ect-event-url\" href=\"https:\/\/wp.unil.ch\/alumnil\/event\/soiree-des-alumni-dcs-2026\/\" rel=\"bookmark\">Soir\u00e9e des alumni DCS 2026<\/a><\/h2><!-- Event Content --><div class=\"ect-event-content\"><p>Pour ses 20 ans, la Direction du Master DCS a le plaisir de convier ses dipl\u00f4m\u00e9es et dipl\u00f4m\u00e9s \u00e0 la 3e Soir\u00e9e des alumni. Un \u00e9v\u00e9nement riche en \u00e9changes avec la conf\u00e9rence de Mme C\u00e9cile Kerboas, alumna DCS.<\/p>\n<\/div><a href=\"https:\/\/wp.unil.ch\/alumnil\/event\/soiree-des-alumni-dcs-2026\/\" class=\"ect-events-read-more\" rel=\"bookmark\">En savoir plus<\/a><\/div><\/div><\/div><!-- right-wrapper close --><\/div><!-- event-loop-end --><div id=\"event-17769\" class=\"ect-list-post style-1 ect-simple-event future\"><div class=\"ect-list-post-left \">\n\t\t\t\t<div class=\"ect-list-img\" style=\"background-image:url(&#039;https:\/\/wp.unil.ch\/alumnil\/files\/2026\/08\/droit-et-extraterrestres-2026.jpeg&#039;);background-size:cover;\"><a href=\"https:\/\/wp.unil.ch\/alumnil\/event\/droit-extraterrestres\/\" alt=\"Droit &amp; Extraterrestres\" rel=\"bookmark\"><div class=\"ect-list-date\"><div class=\"ect-date-area default-schedule\"><span class=\"ev-day\">24<\/span>\n\t\t\t\t\t<span class=\"ev-mo\">septembre<\/span>\n\t\t\t\t\t<span class=\"ev-yr\">2026<\/span><\/div><\/div><\/a><\/div><\/div><!-- left-post close --><div class=\"ect-list-post-right\">\n\t\t\t\t<div class=\"ect-list-post-right-table\"><div class=\"ect-list-description\" style=\"width:100%;\"><h2 class=\"ect-list-title\"><a class=\"ect-event-url\" href=\"https:\/\/wp.unil.ch\/alumnil\/event\/droit-extraterrestres\/\" rel=\"bookmark\">Droit &amp; Extraterrestres<\/a><\/h2><!-- Event Content --><div class=\"ect-event-content\"><p>\u00ab Droit &amp; \u2026 \u00bb est une s\u00e9rie de conf\u00e9rences interdisciplinaire qui s\u2019adresse au grand public. \u00c0 travers son approche ludique et cr\u00e9ative, elle cr\u00e9e des liens surprenants entre le droit et les tendances contemporaines.<\/p>\n<\/div><a href=\"https:\/\/wp.unil.ch\/alumnil\/event\/droit-extraterrestres\/\" class=\"ect-events-read-more\" rel=\"bookmark\">En savoir plus<\/a><\/div><\/div><\/div><!-- right-wrapper close --><\/div><!-- event-loop-end --><div id=\"event-17746\" class=\"ect-list-post style-1 ect-simple-event future\"><div class=\"ect-list-post-left \">\n\t\t\t\t<div class=\"ect-list-img\" style=\"background-image:url(&#039;https:\/\/wp.unil.ch\/alumnil\/files\/2026\/08\/vision_entreprise_2026.png&#039;);background-size:cover;\"><a href=\"https:\/\/wp.unil.ch\/alumnil\/event\/vision-entreprise-2026\/\" alt=\"Vision Entreprise 2026\" rel=\"bookmark\"><div class=\"ect-list-date\"><div class=\"ect-date-area default-schedule\"><span class=\"ev-day\">08<\/span>\n\t\t\t\t\t<span class=\"ev-mo\">octobre<\/span>\n\t\t\t\t\t<span class=\"ev-yr\">2026<\/span><\/div><\/div><\/a><\/div><\/div><!-- left-post close --><div class=\"ect-list-post-right\">\n\t\t\t\t<div class=\"ect-list-post-right-table\"><div class=\"ect-list-description\" style=\"width:100%;\"><h2 class=\"ect-list-title\"><a class=\"ect-event-url\" href=\"https:\/\/wp.unil.ch\/alumnil\/event\/vision-entreprise-2026\/\" rel=\"bookmark\">Vision Entreprise 2026<\/a><\/h2><!-- Event Content --><div class=\"ect-event-content\"><p>Le nouveau rendez-vous d\u00e9di\u00e9 aux mutations du travail, de la technologie et du management en Suisse romande. Organis\u00e9 par l\u2019Unil et\u00a0HEC Lausanne, en collaboration avec\u00a0PME, cet \u00e9v\u00e9nement 100% gratuit donne aux dirigeant\u00b7es les cl\u00e9s concr\u00e8tes pour\u00a0anticiper leurs 12 prochains mois.<\/p>\n<\/div><a href=\"https:\/\/wp.unil.ch\/alumnil\/event\/vision-entreprise-2026\/\" class=\"ect-events-read-more\" rel=\"bookmark\">En savoir plus<\/a><\/div><\/div><\/div><!-- right-wrapper close --><\/div><!-- event-loop-end --><\/div><\/div>\n\n\n\n<div class=\"wp-block-columns is-layout-flex wp-container-core-columns-is-layout-8f761849 wp-block-columns-is-layout-flex\">\n<div class=\"wp-block-column is-layout-flow wp-block-column-is-layout-flow\" style=\"flex-basis:66.66%\">\n<h4 class=\"wp-block-heading\">\u00c0 l&rsquo;international<\/h4>\n\n\n\n<p class=\"wp-block-paragraph\">Pour les alumni \u00e9tablis \u00e0 l\u2019\u00e9tranger, des invitations personnalis\u00e9es vous parviendront selon votre lieu d\u2019habitation. Sur la plateforme, la communaut\u00e9 \u00ab\u00a0International\u00a0\u00bb relaie toutes les activit\u00e9s propos\u00e9es \u00e0 travers le monde.  <\/p>\n\n\n\n<p class=\"wp-block-paragraph\"><a href=\"https:\/\/www.alumnil.unil.ch\/group\/search\" target=\"_blank\" rel=\"noreferrer noopener\">S&rsquo;inscrire \u00e0 la communaut\u00e9 \u00ab\u00a0International\u00a0\u00bb<\/a> si vous habitez hors de Suisse (<a href=\"https:\/\/www.alumnil.unil.ch\/login-form.php?id=2&amp;LANG=FR\" data-type=\"link\" data-id=\"https:\/\/alumnil.unil.ch\/login-form.php\" target=\"_blank\" rel=\"noreferrer noopener\">connexion<\/a> n\u00e9cessaire) et renseigner votre adresse postale dans <a href=\"https:\/\/www.alumnil.unil.ch\/user\/profile\" data-type=\"link\" data-id=\"https:\/\/www.alumnil.unil.ch\/user\/profile\" target=\"_blank\" rel=\"noreferrer noopener\">votre profil<\/a>.<\/p>\n<\/div>\n\n\n\n<div class=\"wp-block-column is-layout-flow wp-block-column-is-layout-flow\" style=\"flex-basis:33.33%\"><\/div>\n<\/div>\n\n\n<div id=\"ect-no-events\"><p><span class=\"ect-icon\"><i class=\"ect-icon-bell\"><\/i><\/span>Il n'y pas d'\u00e9v\u00e8nement pr\u00e9vu pour le moment<\/p><\/div>\n\n\n\n<div style=\"height:12px\" aria-hidden=\"true\" class=\"wp-block-spacer\"><\/div>\n\n\n\n<h4 class=\"wp-block-heading is-style-default\" style=\"font-size:27px\">\u00c9v\u00e9nements pass\u00e9s<\/h4>\n\n\n\n<p class=\"wp-block-paragraph\"><span class=\"bleu\"><a href=\"https:\/\/wp.unil.ch\/alumnil\/evenements\/evenements-passes\/\" data-type=\"page\" data-id=\"14373\">Regard r\u00e9trospectif sur les \u00e9v\u00e9nements pass\u00e9s<\/a><\/span><\/p>\n","protected":false},"excerpt":{"rendered":"<p>Tout au long de l\u2019ann\u00e9e, les membres du r\u00e9seau Alumnil sont invit\u00e9s \u00e0 participer \u00e0 de nombreux \u00e9v\u00e9nements. Ces derniers sont l\u2019opportunit\u00e9 de faire de nouvelles connaissances et de maintenir le savoir vivant au contact d\u2019expertes et experts dans leur &hellip; <\/p>\n","protected":false},"author":1001058,"featured_media":0,"parent":0,"menu_order":3,"comment_status":"closed","ping_status":"closed","template":"","meta":{"_seopress_titles_title":"","_seopress_titles_desc":"","_seopress_robots_index":"","_seopress_robots_follow":"","_seopress_robots_imageindex":"","_seopress_robots_snippet":"","_seopress_robots_primary_cat":"","_seopress_robots_breadcrumbs":"","_seopress_robots_freeze_modified_date":"","_seopress_robots_custom_modified_date":"","_seopress_robots_canonical":"","_seopress_social_fb_title":"","_seopress_social_fb_desc":"","_seopress_social_fb_img":"","_seopress_social_fb_img_attachment_id":0,"_seopress_social_fb_img_width":0,"_seopress_social_fb_img_height":0,"_seopress_social_twitter_title":"","_seopress_social_twitter_desc":"","_seopress_social_twitter_img":"","_seopress_social_twitter_img_attachment_id":0,"_seopress_social_twitter_img_width":0,"_seopress_social_twitter_img_height":0,"_seopress_redirections_value":"","_seopress_redirections_enabled":"","_seopress_redirections_enabled_regex":"","_seopress_redirections_logged_status":"","_seopress_redirections_param":"","_seopress_redirections_type":0,"_seopress_analysis_target_kw":"","_seopress_news_disabled":"","_seopress_video_disabled":"","_seopress_video":[],"_seopress_pro_schemas_manual":[],"_seopress_pro_rich_snippets_disable_all":"","_seopress_pro_rich_snippets_disable":[],"_seopress_pro_schemas":[],"footnotes":""},"class_list":["post-14309","page","type-page","status-publish","cat_suisse"],"_links":{"self":[{"href":"https:\/\/wp.unil.ch\/alumnil\/wp-json\/wp\/v2\/pages\/14309","targetHints":{"allow":["GET"]}}],"collection":[{"href":"https:\/\/wp.unil.ch\/alumnil\/wp-json\/wp\/v2\/pages"}],"about":[{"href":"https:\/\/wp.unil.ch\/alumnil\/wp-json\/wp\/v2\/types\/page"}],"author":[{"embeddable":true,"href":"https:\/\/wp.unil.ch\/alumnil\/wp-json\/wp\/v2\/users\/1001058"}],"replies":[{"embeddable":true,"href":"https:\/\/wp.unil.ch\/alumnil\/wp-json\/wp\/v2\/comments?post=14309"}],"version-history":[{"count":5,"href":"https:\/\/wp.unil.ch\/alumnil\/wp-json\/wp\/v2\/pages\/14309\/revisions"}],"predecessor-version":[{"id":17701,"href":"https:\/\/wp.unil.ch\/alumnil\/wp-json\/wp\/v2\/pages\/14309\/revisions\/17701"}],"wp:attachment":[{"href":"https:\/\/wp.unil.ch\/alumnil\/wp-json\/wp\/v2\/media?parent=14309"}],"curies":[{"name":"wp","href":"https:\/\/api.w.org\/{rel}","templated":true}]}}