{"id":10461,"date":"2023-09-01T09:37:12","date_gmt":"2023-09-01T07:37:12","guid":{"rendered":"https:\/\/wp.unil.ch\/alumnil\/?page_id=10461"},"modified":"2026-04-16T17:41:15","modified_gmt":"2026-04-16T15:41:15","slug":"accueil","status":"publish","type":"page","link":"https:\/\/wp.unil.ch\/alumnil\/","title":{"rendered":"Accueil"},"content":{"rendered":"\n<h1 class=\"wp-block-heading\">La force du r\u00e9seau Alumnil<\/h1>\n\n\n\n<div class=\"wp-block-columns is-layout-flex wp-container-core-columns-is-layout-9d6595d7 wp-block-columns-is-layout-flex\">\n<div class=\"wp-block-column is-layout-flow wp-block-column-is-layout-flow\" style=\"flex-basis:66.66%\">\n<p class=\"has-medium-font-size\">Rejoignez une communaut\u00e9 exclusive o\u00f9 opportunit\u00e9s, avantages et connexions vous ouvrent de nouvelles perspectives. \u00c9changez avec des dipl\u00f4m\u00e9es et dipl\u00f4m\u00e9s engag\u00e9s et inspirants, d\u00e9veloppez votre carri\u00e8re et \u00e9largissez votre horizon professionnel.<\/p>\n\n\n\n<p class=\"has-medium-font-size\">D\u00e9couvrez nos <a href=\"https:\/\/wp.unil.ch\/alumnil\/philosophie-et-missions\/\" data-type=\"page\" data-id=\"2204\">missions<\/a>, nos <a href=\"https:\/\/wp.unil.ch\/alumnil\/avantages\/\" data-type=\"page\" data-id=\"3596\">services<\/a> et nos <a href=\"https:\/\/wp.unil.ch\/alumnil\/evenements\/\">\u00e9v\u00e9nements<\/a>\u2026 et connectez-vous \u00e0 un r\u00e9seau qui rayonne \u00e0 travers le monde!<\/p>\n<\/div>\n\n\n\n<div class=\"wp-block-column is-layout-flow wp-block-column-is-layout-flow\" style=\"flex-basis:33.33%\">\n<figure class=\"wp-block-image size-full\"><img loading=\"lazy\" decoding=\"async\" width=\"1200\" height=\"660\" src=\"https:\/\/wp.unil.ch\/alumnil\/files\/2025\/03\/soiree-annuelle-des-alumni-2024.gif\" alt=\"soire\u0301e annuelle des alumni 2024\" class=\"wp-image-13681\" \/><\/figure>\n<\/div>\n<\/div>\n\n\n\n<hr class=\"wp-block-separator aligncenter has-alpha-channel-opacity is-style-wide\" \/>\n\n\n\n<div class=\"wp-block-group\"><div class=\"wp-block-group__inner-container is-layout-constrained wp-block-group-is-layout-constrained\">\n<h2 class=\"wp-block-heading\">Prochainement<\/h2>\n\n\n<!=========Events list Template 2.6.2=========><div id=\"ect-events-list-content\"><div id=\"list-wrp\" class=\"ect-list-wrapper all\"><div id=\"event-17195\" class=\"ect-list-post style-1 ect-simple-event future\"><div class=\"ect-list-post-left \">\n\t\t\t\t<div class=\"ect-list-img\" style=\"background-image:url(&#039;https:\/\/wp.unil.ch\/alumnil\/files\/2026\/02\/forum-innovation.png&#039;);background-size:cover;\"><a href=\"https:\/\/wp.unil.ch\/alumnil\/event\/forum-innovation-societale-se-transformer-pour-transformer-du-changement-personnel-au-mouvement-collectif\/\" alt=\"Forum Innovation Soci\u00e9tale | Se transformer pour transformer, du changement personnel au mouvement collectif\" rel=\"bookmark\"><div class=\"ect-list-date\"><div class=\"ect-date-area default-schedule\"><span class=\"ev-day\">29<\/span>\n\t\t\t\t\t<span class=\"ev-mo\">avril<\/span>\n\t\t\t\t\t<span class=\"ev-yr\">2026<\/span><\/div><\/div><\/a><\/div><\/div><!-- left-post close --><div class=\"ect-list-post-right\">\n\t\t\t\t<div class=\"ect-list-post-right-table\"><div class=\"ect-list-description\" style=\"width:100%;\"><h2 class=\"ect-list-title\"><a class=\"ect-event-url\" href=\"https:\/\/wp.unil.ch\/alumnil\/event\/forum-innovation-societale-se-transformer-pour-transformer-du-changement-personnel-au-mouvement-collectif\/\" rel=\"bookmark\">Forum Innovation Soci\u00e9tale | Se transformer pour transformer, du changement personnel au mouvement collectif<\/a><\/h2><!-- Event Content --><div class=\"ect-event-content\"><p>Nous sommes nombreuses et nombreux \u00e0 vouloir transformer la soci\u00e9t\u00e9, r\u00e9parer ce qui se fragilise, inventer des r\u00e9ponses nouvelles aux urgences sociales et environnementales. Mais une question essentielle est souvent \u00e9lud\u00e9e, sommes-nous pr\u00eat\u00b7es \u00e0 incarner le changement que nous souhaitons?\u00a0\u00a0<\/p>\n<\/div><a href=\"https:\/\/wp.unil.ch\/alumnil\/event\/forum-innovation-societale-se-transformer-pour-transformer-du-changement-personnel-au-mouvement-collectif\/\" class=\"ect-events-read-more\" rel=\"bookmark\">En savoir plus<\/a><\/div><\/div><\/div><!-- right-wrapper close --><\/div><!-- event-loop-end --><div id=\"event-17364\" class=\"ect-list-post style-1 ect-simple-event future\"><div class=\"ect-list-post-left \">\n\t\t\t\t<div class=\"ect-list-img\" style=\"background-image:url(&#039;https:\/\/wp.unil.ch\/alumnil\/files\/2026\/04\/outlander.jpg&#039;);background-size:cover;\"><a href=\"https:\/\/wp.unil.ch\/alumnil\/event\/outlander-regards-croises-sur-la-medecine-du-xviii%e1%b5%89-siecle\/\" alt=\"Outlander: regards crois\u00e9s sur la m\u00e9decine du XVIII\u1d49 si\u00e8cle\" rel=\"bookmark\"><div class=\"ect-list-date\"><div class=\"ect-date-area default-schedule\"><span class=\"ev-day\">29<\/span>\n\t\t\t\t\t<span class=\"ev-mo\">avril<\/span>\n\t\t\t\t\t<span class=\"ev-yr\">2026<\/span><\/div><\/div><\/a><\/div><\/div><!-- left-post close --><div class=\"ect-list-post-right\">\n\t\t\t\t<div class=\"ect-list-post-right-table\"><div class=\"ect-list-description\" style=\"width:100%;\"><h2 class=\"ect-list-title\"><a class=\"ect-event-url\" href=\"https:\/\/wp.unil.ch\/alumnil\/event\/outlander-regards-croises-sur-la-medecine-du-xviii%e1%b5%89-siecle\/\" rel=\"bookmark\">Outlander: regards crois\u00e9s sur la m\u00e9decine du XVIII\u1d49 si\u00e8cle<\/a><\/h2><!-- Event Content --><div class=\"ect-event-content\"><p>\u00c0 travers la s\u00e9rie Outlander, cette rencontre d\u00e9cryptera la repr\u00e9sentation de la m\u00e9decine au XVIII\u1d49 si\u00e8cle, guid\u00e9e par le regard d\u2019une infirmi\u00e8re du XX\u1d49 si\u00e8cle projet\u00e9e dans le pass\u00e9. Intervention de Madline Favre, charg\u00e9e de cours \u00e0 la section d'histoire de l'Unil.<\/p>\n<\/div><a href=\"https:\/\/wp.unil.ch\/alumnil\/event\/outlander-regards-croises-sur-la-medecine-du-xviii%e1%b5%89-siecle\/\" class=\"ect-events-read-more\" rel=\"bookmark\">En savoir plus<\/a><\/div><\/div><\/div><!-- right-wrapper close --><\/div><!-- event-loop-end --><\/div><\/div>\n\n\n<div class=\"wp-block-buttons is-layout-flex wp-block-buttons-is-layout-flex\">\n<div class=\"wp-block-button is-style-outline is-style-outline--1\"><a class=\"wp-block-button__link has-black-color has-white-background-color has-text-color has-background has-link-color wp-element-button\" href=\"https:\/\/wp.unil.ch\/alumnil\/evenements\/\">Tous les \u00e9v\u00e9nements en Suisse et \u00e0 l\u2019\u00e9tranger<\/a><\/div>\n<\/div>\n<\/div><\/div>\n\n\n\n<div style=\"height:3em\" aria-hidden=\"true\" class=\"wp-block-spacer\"><\/div>\n\n\n\n<hr class=\"wp-block-separator aligncenter has-alpha-channel-opacity is-style-wide\" \/>\n\n\n\n<div style=\"height:3em\" aria-hidden=\"true\" class=\"wp-block-spacer\"><\/div>\n\n\n\n<div class=\"wp-block-group\"><div class=\"wp-block-group__inner-container is-layout-constrained wp-block-group-is-layout-constrained\">\n<div class=\"wp-block-group\"><div class=\"wp-block-group__inner-container is-layout-constrained wp-block-group-is-layout-constrained\">\n<div class=\"wp-block-columns is-layout-flex wp-container-core-columns-is-layout-9d6595d7 wp-block-columns-is-layout-flex\">\n<div class=\"wp-block-column is-layout-flow wp-block-column-is-layout-flow\">\n<div class=\"wp-block-group marges-avantages has-background\" style=\"background-color:#ebebeb\"><div class=\"wp-block-group__inner-container is-layout-constrained wp-block-group-is-layout-constrained\">\n<figure class=\"wp-block-image size-large is-style-default\"><img alt=\"\" loading=\"lazy\" decoding=\"async\" width=\"1024\" height=\"576\" src=\"https:\/\/wp.unil.ch\/alumnil\/files\/2026\/04\/andres_pinilla_marin_1920x1080-1024x576.jpg\" alt=\"\" class=\"wp-image-17400\" srcset=\"https:\/\/wp.unil.ch\/alumnil\/files\/2026\/04\/andres_pinilla_marin_1920x1080-1024x576.jpg 1024w, https:\/\/wp.unil.ch\/alumnil\/files\/2026\/04\/andres_pinilla_marin_1920x1080-300x169.jpg 300w, https:\/\/wp.unil.ch\/alumnil\/files\/2026\/04\/andres_pinilla_marin_1920x1080-250x141.jpg 250w, https:\/\/wp.unil.ch\/alumnil\/files\/2026\/04\/andres_pinilla_marin_1920x1080-768x432.jpg 768w, https:\/\/wp.unil.ch\/alumnil\/files\/2026\/04\/andres_pinilla_marin_1920x1080-1536x864.jpg 1536w, https:\/\/wp.unil.ch\/alumnil\/files\/2026\/04\/andres_pinilla_marin_1920x1080.jpg 1920w\" sizes=\"auto, (max-width: 1024px) 100vw, 1024px\" \/><\/figure>\n\n\n\n<h2 class=\"wp-block-heading\">Portrait d&rsquo;Andre\u0300s Pinilla Marin<\/h2>\n\n\n\n<p>D\u00e9couvrez chaque mois le parcours d&rsquo;une alumna ou d&rsquo;un alumnus, et comment elle ou il a r\u00e9alis\u00e9 ses projets.<\/p>\n\n\n\n<div class=\"wp-block-buttons is-layout-flex wp-block-buttons-is-layout-flex\">\n<div class=\"wp-block-button is-style-outline is-style-outline--2\"><a class=\"wp-block-button__link has-black-color has-text-color has-background has-link-color wp-element-button\" href=\"https:\/\/wp.unil.ch\/alumnil\/reseau\/portraits-dalumni\/\" style=\"background-color:#ebebeb\">Tous les portraits<\/a><\/div>\n<\/div>\n<\/div><\/div>\n<\/div>\n\n\n\n<div class=\"wp-block-column is-layout-flow wp-block-column-is-layout-flow\">\n<div class=\"wp-block-group marges-avantages has-background\" style=\"background-color:#ebebeb\"><div class=\"wp-block-group__inner-container is-layout-constrained wp-block-group-is-layout-constrained\"><div class=\"wp-block-image is-style-default\">\n<figure class=\"aligncenter size-large\"><img alt=\"\" loading=\"lazy\" decoding=\"async\" width=\"1024\" height=\"576\" src=\"https:\/\/wp.unil.ch\/alumnil\/files\/2023\/10\/christina-wocintechchat-com-LQ1t-8Ms5PY-unsplashTandempro-1024x576.jpg\" alt=\"\" class=\"wp-image-10902\" style=\"object-fit:cover\" srcset=\"https:\/\/wp.unil.ch\/alumnil\/files\/2023\/10\/christina-wocintechchat-com-LQ1t-8Ms5PY-unsplashTandempro-1024x576.jpg 1024w, https:\/\/wp.unil.ch\/alumnil\/files\/2023\/10\/christina-wocintechchat-com-LQ1t-8Ms5PY-unsplashTandempro-250x141.jpg 250w, https:\/\/wp.unil.ch\/alumnil\/files\/2023\/10\/christina-wocintechchat-com-LQ1t-8Ms5PY-unsplashTandempro-300x169.jpg 300w, https:\/\/wp.unil.ch\/alumnil\/files\/2023\/10\/christina-wocintechchat-com-LQ1t-8Ms5PY-unsplashTandempro-768x432.jpg 768w, https:\/\/wp.unil.ch\/alumnil\/files\/2023\/10\/christina-wocintechchat-com-LQ1t-8Ms5PY-unsplashTandempro-1536x864.jpg 1536w, https:\/\/wp.unil.ch\/alumnil\/files\/2023\/10\/christina-wocintechchat-com-LQ1t-8Ms5PY-unsplashTandempro.jpg 1920w\" sizes=\"auto, (max-width: 1024px) 100vw, 1024px\" \/><\/figure>\n<\/div>\n\n\n<h2 class=\"wp-block-heading\">Conseils carri\u00e8re &#8211; TandemPRO<\/h2>\n\n\n\n<p>Une offre pour vous entretenir avec un alumi exer\u00e7ant une activit\u00e9 dans le domaine auquel vous aspirez.<\/p>\n\n\n\n<div class=\"wp-block-buttons is-layout-flex wp-block-buttons-is-layout-flex\">\n<div class=\"wp-block-button is-style-outline is-style-outline--3\"><a class=\"wp-block-button__link has-black-color has-text-color has-link-color wp-element-button\" href=\"https:\/\/wp.unil.ch\/alumnil\/carriere\/tandempro\/\">Plus d&rsquo;infos<\/a><\/div>\n<\/div>\n<\/div><\/div>\n<\/div>\n<\/div>\n\n\n\n<div class=\"wp-block-columns is-layout-flex wp-container-core-columns-is-layout-9d6595d7 wp-block-columns-is-layout-flex\">\n<div class=\"wp-block-column is-layout-flow wp-block-column-is-layout-flow\">\n<div class=\"wp-block-group marges-avantages has-background\" style=\"background-color:#ebebeb\"><div class=\"wp-block-group__inner-container is-layout-constrained wp-block-group-is-layout-constrained\"><div class=\"wp-block-image is-style-default\">\n<figure class=\"aligncenter size-full\"><img alt=\"\" loading=\"lazy\" decoding=\"async\" width=\"960\" height=\"540\" src=\"https:\/\/wp.unil.ch\/alumnil\/files\/2023\/10\/adherer_home.png\" alt=\"\" class=\"wp-image-10912\" style=\"object-fit:cover\" srcset=\"https:\/\/wp.unil.ch\/alumnil\/files\/2023\/10\/adherer_home.png 960w, https:\/\/wp.unil.ch\/alumnil\/files\/2023\/10\/adherer_home-250x141.png 250w, https:\/\/wp.unil.ch\/alumnil\/files\/2023\/10\/adherer_home-300x169.png 300w, https:\/\/wp.unil.ch\/alumnil\/files\/2023\/10\/adherer_home-768x432.png 768w\" sizes=\"auto, (max-width: 960px) 100vw, 960px\" \/><\/figure>\n<\/div>\n\n\n<h2 class=\"wp-block-heading\">Adh\u00e9rer<\/h2>\n\n\n\n<p>Rejoignez-nous d\u00e8s aujourd&rsquo;hui en devenant membre du r\u00e9seau Alumnil et acc\u00e9dez \u00e0 de nombreux avantages.<\/p>\n\n\n\n<div class=\"wp-block-buttons is-layout-flex wp-block-buttons-is-layout-flex\">\n<div class=\"wp-block-button is-style-outline is-style-outline--4\"><a class=\"wp-block-button__link has-black-color has-text-color has-background has-link-color wp-element-button\" href=\"https:\/\/wp.unil.ch\/alumnil\/reseau\/adherer-au-reseau-alumnil\/\" style=\"background-color:#ebebeb\">Plus d&rsquo;infos<\/a><\/div>\n<\/div>\n<\/div><\/div>\n<\/div>\n\n\n\n<div class=\"wp-block-column is-layout-flow wp-block-column-is-layout-flow\">\n<div class=\"wp-block-group marges-avantages has-background\" style=\"background-color:#ebebeb\"><div class=\"wp-block-group__inner-container is-layout-constrained wp-block-group-is-layout-constrained\"><div class=\"wp-block-image is-style-default\">\n<figure class=\"aligncenter size-full\"><img alt=\"\" loading=\"lazy\" decoding=\"async\" width=\"1920\" height=\"1080\" src=\"https:\/\/wp.unil.ch\/alumnil\/files\/2025\/11\/formation_english_alumni.jpg\" alt=\"\" class=\"wp-image-16772\" style=\"object-fit:cover\" srcset=\"https:\/\/wp.unil.ch\/alumnil\/files\/2025\/11\/formation_english_alumni.jpg 1920w, https:\/\/wp.unil.ch\/alumnil\/files\/2025\/11\/formation_english_alumni-300x169.jpg 300w, https:\/\/wp.unil.ch\/alumnil\/files\/2025\/11\/formation_english_alumni-1024x576.jpg 1024w, https:\/\/wp.unil.ch\/alumnil\/files\/2025\/11\/formation_english_alumni-250x141.jpg 250w, https:\/\/wp.unil.ch\/alumnil\/files\/2025\/11\/formation_english_alumni-768x432.jpg 768w, https:\/\/wp.unil.ch\/alumnil\/files\/2025\/11\/formation_english_alumni-1536x864.jpg 1536w\" sizes=\"auto, (max-width: 1920px) 100vw, 1920px\" \/><\/figure>\n<\/div>\n\n\n<h2 class=\"wp-block-heading\">Cours au Centre de langues<\/h2>\n\n\n\n<p>Deux cours d&rsquo;anglais r\u00e9serv\u00e9s aux membres du r\u00e9seau Alumnil d\u00e9buteront en avril 2026.<\/p>\n\n\n\n<div class=\"wp-block-buttons is-layout-flex wp-block-buttons-is-layout-flex\">\n<div class=\"wp-block-button is-style-outline is-style-outline--5\"><a class=\"wp-block-button__link has-black-color has-text-color has-background has-link-color wp-element-button\" href=\"https:\/\/wp.unil.ch\/alumnil\/cours-danglais-pour-les-membres-du-reseau-alumnil\/\" style=\"background-color:#ebebeb\" target=\"_blank\" rel=\"noreferrer noopener\">Plus d&rsquo;infos<\/a><\/div>\n<\/div>\n<\/div><\/div>\n<\/div>\n<\/div>\n\n\n\n<div class=\"wp-block-columns is-layout-flex wp-container-core-columns-is-layout-9d6595d7 wp-block-columns-is-layout-flex\">\n<div class=\"wp-block-column is-layout-flow wp-block-column-is-layout-flow\">\n<div class=\"wp-block-group marges-avantages has-background\" style=\"background-color:#ebebeb\"><div class=\"wp-block-group__inner-container is-layout-constrained wp-block-group-is-layout-constrained\"><div class=\"wp-block-image is-style-default\">\n<figure class=\"aligncenter size-large\"><img alt=\"\" loading=\"lazy\" decoding=\"async\" width=\"1024\" height=\"565\" src=\"https:\/\/wp.unil.ch\/alumnil\/files\/2025\/03\/Carte_personnes-relais_2025-1024x565.jpg\" alt=\"\" class=\"wp-image-13639\" style=\"object-fit:cover\" srcset=\"https:\/\/wp.unil.ch\/alumnil\/files\/2025\/03\/Carte_personnes-relais_2025-1024x565.jpg 1024w, https:\/\/wp.unil.ch\/alumnil\/files\/2025\/03\/Carte_personnes-relais_2025-300x166.jpg 300w, https:\/\/wp.unil.ch\/alumnil\/files\/2025\/03\/Carte_personnes-relais_2025-250x138.jpg 250w, https:\/\/wp.unil.ch\/alumnil\/files\/2025\/03\/Carte_personnes-relais_2025-768x424.jpg 768w, https:\/\/wp.unil.ch\/alumnil\/files\/2025\/03\/Carte_personnes-relais_2025-1536x848.jpg 1536w, https:\/\/wp.unil.ch\/alumnil\/files\/2025\/03\/Carte_personnes-relais_2025.jpg 1920w\" sizes=\"auto, (max-width: 1024px) 100vw, 1024px\" \/><\/figure>\n<\/div>\n\n\n<h2 class=\"wp-block-heading\">Dans le monde<\/h2>\n\n\n\n<p>Notre r\u00e9seau s&rsquo;\u00e9tend dans de nombreux pays \u00e0 travers le monde, r\u00e9unissant des membres d&rsquo;horizons divers.<\/p>\n\n\n\n<div class=\"wp-block-buttons is-layout-flex wp-block-buttons-is-layout-flex\">\n<div class=\"wp-block-button is-style-outline is-style-outline--6\"><a class=\"wp-block-button__link has-black-color has-text-color has-background has-link-color wp-element-button\" href=\"https:\/\/wp.unil.ch\/alumnil\/reseau\/alumni-dans-le-monde\/\" style=\"background-color:#ebebeb\">Plus d&rsquo;infos<\/a><\/div>\n<\/div>\n<\/div><\/div>\n<\/div>\n\n\n\n<div class=\"wp-block-column is-layout-flow wp-block-column-is-layout-flow\">\n<div class=\"wp-block-group marges-avantages has-background\" style=\"background-color:#ebebeb\"><div class=\"wp-block-group__inner-container is-layout-constrained wp-block-group-is-layout-constrained\"><div class=\"wp-block-image is-style-default\">\n<figure class=\"aligncenter size-large\"><img alt=\"\" loading=\"lazy\" decoding=\"async\" width=\"1024\" height=\"576\" src=\"https:\/\/wp.unil.ch\/alumnil\/files\/2023\/10\/christin-hume-Hcfwew744z4-unsplash_recrutrer-1024x576.png\" alt=\"\" class=\"wp-image-10917\" style=\"object-fit:cover\" srcset=\"https:\/\/wp.unil.ch\/alumnil\/files\/2023\/10\/christin-hume-Hcfwew744z4-unsplash_recrutrer-1024x576.png 1024w, https:\/\/wp.unil.ch\/alumnil\/files\/2023\/10\/christin-hume-Hcfwew744z4-unsplash_recrutrer-250x141.png 250w, https:\/\/wp.unil.ch\/alumnil\/files\/2023\/10\/christin-hume-Hcfwew744z4-unsplash_recrutrer-300x169.png 300w, https:\/\/wp.unil.ch\/alumnil\/files\/2023\/10\/christin-hume-Hcfwew744z4-unsplash_recrutrer-768x432.png 768w, https:\/\/wp.unil.ch\/alumnil\/files\/2023\/10\/christin-hume-Hcfwew744z4-unsplash_recrutrer-1536x864.png 1536w, https:\/\/wp.unil.ch\/alumnil\/files\/2023\/10\/christin-hume-Hcfwew744z4-unsplash_recrutrer.png 1920w\" sizes=\"auto, (max-width: 1024px) 100vw, 1024px\" \/><\/figure>\n<\/div>\n\n\n<h2 class=\"wp-block-heading\">Recruter<\/h2>\n\n\n\n<p>Vous \u00eates \u00e0 la recherche d&rsquo;un\u00b7e talent dipl\u00f4m\u00e9\u00b7e de l&rsquo;Unil? Publiez vos offres d\u2019emploi gratuitement.<\/p>\n\n\n\n<div class=\"wp-block-buttons is-layout-flex wp-block-buttons-is-layout-flex\">\n<div class=\"wp-block-button is-style-outline is-style-outline--7\"><a class=\"wp-block-button__link has-black-color has-text-color has-background has-link-color wp-element-button\" href=\"https:\/\/wp.unil.ch\/alumnil\/carriere\/proposer-une-offre-demploi\/\" style=\"background-color:#ebebeb\">Plus d&rsquo;infos<\/a><\/div>\n<\/div>\n<\/div><\/div>\n<\/div>\n<\/div>\n<\/div><\/div>\n<\/div><\/div>\n","protected":false},"excerpt":{"rendered":"<p>La force du r\u00e9seau Alumnil Rejoignez une communaut\u00e9 exclusive o\u00f9 opportunit\u00e9s, avantages et connexions vous ouvrent de nouvelles perspectives. \u00c9changez avec des dipl\u00f4m\u00e9es et dipl\u00f4m\u00e9s engag\u00e9s et inspirants, d\u00e9veloppez votre carri\u00e8re et \u00e9largissez votre horizon professionnel. D\u00e9couvrez nos missions, nos &hellip; <\/p>\n","protected":false},"author":1001058,"featured_media":0,"parent":0,"menu_order":0,"comment_status":"closed","ping_status":"closed","template":"template-builder.php","meta":{"_seopress_robots_primary_cat":"","_seopress_titles_title":"","_seopress_titles_desc":"","_seopress_robots_index":"","footnotes":""},"class_list":["post-10461","page","type-page","status-publish","cat_suisse"],"_links":{"self":[{"href":"https:\/\/wp.unil.ch\/alumnil\/wp-json\/wp\/v2\/pages\/10461","targetHints":{"allow":["GET"]}}],"collection":[{"href":"https:\/\/wp.unil.ch\/alumnil\/wp-json\/wp\/v2\/pages"}],"about":[{"href":"https:\/\/wp.unil.ch\/alumnil\/wp-json\/wp\/v2\/types\/page"}],"author":[{"embeddable":true,"href":"https:\/\/wp.unil.ch\/alumnil\/wp-json\/wp\/v2\/users\/1001058"}],"replies":[{"embeddable":true,"href":"https:\/\/wp.unil.ch\/alumnil\/wp-json\/wp\/v2\/comments?post=10461"}],"version-history":[{"count":5,"href":"https:\/\/wp.unil.ch\/alumnil\/wp-json\/wp\/v2\/pages\/10461\/revisions"}],"predecessor-version":[{"id":17259,"href":"https:\/\/wp.unil.ch\/alumnil\/wp-json\/wp\/v2\/pages\/10461\/revisions\/17259"}],"wp:attachment":[{"href":"https:\/\/wp.unil.ch\/alumnil\/wp-json\/wp\/v2\/media?parent=10461"}],"curies":[{"name":"wp","href":"https:\/\/api.w.org\/{rel}","templated":true}]}}