{"id":3672,"date":"2016-10-24T17:43:13","date_gmt":"2016-10-24T15:43:13","guid":{"rendered":"http:\/\/wp.unil.ch\/aessp\/?page_id=3672"},"modified":"2024-09-11T01:36:00","modified_gmt":"2024-09-10T23:36:00","slug":"amphitryon","status":"publish","type":"page","link":"https:\/\/wp.unil.ch\/aessp\/amphitryon\/","title":{"rendered":"Amphitryon"},"content":{"rendered":"\n<figure class=\"wp-block-image alignfull size-full is-style-default\"><img alt=\"\" loading=\"lazy\" decoding=\"async\" width=\"1920\" height=\"373\" src=\"https:\/\/wp.unil.ch\/aessp\/files\/2020\/10\/Amphitryon-copie.png\" alt=\"\" class=\"wp-image-5367\" srcset=\"https:\/\/wp.unil.ch\/aessp\/files\/2020\/10\/Amphitryon-copie.png 1920w, https:\/\/wp.unil.ch\/aessp\/files\/2020\/10\/Amphitryon-copie-600x117.png 600w, https:\/\/wp.unil.ch\/aessp\/files\/2020\/10\/Amphitryon-copie-1024x199.png 1024w, https:\/\/wp.unil.ch\/aessp\/files\/2020\/10\/Amphitryon-copie-768x149.png 768w, https:\/\/wp.unil.ch\/aessp\/files\/2020\/10\/Amphitryon-copie-1536x298.png 1536w, https:\/\/wp.unil.ch\/aessp\/files\/2020\/10\/Amphitryon-copie-1200x233.png 1200w, https:\/\/wp.unil.ch\/aessp\/files\/2020\/10\/Amphitryon-copie-1320x256.png 1320w\" sizes=\"auto, (max-width: 1920px) 100vw, 1920px\" \/><\/figure>\n\n\n\n<div style=\"height:32px\" aria-hidden=\"true\" class=\"wp-block-spacer\"><\/div>\n\n\n\n<div class=\"wp-block-columns alignwide are-vertically-aligned-top is-layout-flex wp-container-core-columns-is-layout-28f84493 wp-block-columns-is-layout-flex\">\n<div class=\"wp-block-column is-vertically-aligned-top is-layout-flow wp-block-column-is-layout-flow\" style=\"flex-basis:66.66%\">\n<p class=\"has-text-align-left\">Le journal Amphitryon est un p\u00f4le au sein de l&rsquo;AESSP. Il&nbsp;a pour t\u00e2che principale la r\u00e9daction d&rsquo;articles et, dans un second temps, l&rsquo;organisation de conf\u00e9rences. Ce p\u00f4le est une section importante pour toutes et tous les \u00e9tudiant-e-s en SSP. Ceci dans la mesure o\u00f9 il apporte des approches, des pens\u00e9es, des id\u00e9es et des discussions qui ne sont pas forc\u00e9ment abord\u00e9es dans le cadre des cours universitaires. En lisant nos articles, nous souhaitons pousser les \u00e9tudiant-e-s en sciences sociales, science politique, psychologie et science du sport au d\u00e9bat ainsi qu&rsquo;\u00e0 la r\u00e9flexion.<\/p>\n\n\n\n<figure class=\"wp-block-image size-full is-style-default\"><img alt=\"\" loading=\"lazy\" decoding=\"async\" width=\"848\" height=\"1200\" src=\"https:\/\/wp.unil.ch\/aessp\/files\/2020\/10\/amphitryon-newspaper-2.png\" alt=\"\" class=\"wp-image-5372\" srcset=\"https:\/\/wp.unil.ch\/aessp\/files\/2020\/10\/amphitryon-newspaper-2.png 848w, https:\/\/wp.unil.ch\/aessp\/files\/2020\/10\/amphitryon-newspaper-2-424x600.png 424w, https:\/\/wp.unil.ch\/aessp\/files\/2020\/10\/amphitryon-newspaper-2-724x1024.png 724w, https:\/\/wp.unil.ch\/aessp\/files\/2020\/10\/amphitryon-newspaper-2-768x1087.png 768w\" sizes=\"auto, (max-width: 848px) 100vw, 848px\" \/><\/figure>\n\n\n\n<p><\/p>\n<\/div>\n\n\n\n<div class=\"wp-block-column is-vertically-aligned-top is-layout-flow wp-block-column-is-layout-flow\" style=\"flex-basis:33.33%\">\n<h2 class=\"wp-block-heading has-text-align-center\">Charte du journal:<\/h2>\n\n\n\n<ul id=\"block-973c28bf-dfd8-4c67-bbd7-5079ca992da4\" class=\"wp-block-list\">\n<li>Nous publions au nom de l\u2019Association des Etudiant.e.s de Sciences Sociales et Politique et non pas \u00e0 notre nom et nous veillons \u00e0 ne pas utiliser l\u2019association comme faire-valoir.<\/li>\n\n\n\n<li>Chaque information utilis\u00e9e doit pouvoir \u00eatre retrouv\u00e9e par le lecteur.<\/li>\n\n\n\n<li>Chaque article doit pouvoir \u00eatre source de discussions.<\/li>\n\n\n\n<li>Nous repr\u00e9sentons la vie du campus et les envies de chaque r\u00e9dacteur.<\/li>\n\n\n\n<li>Nous veillons \u00e0 respecter l\u2019\u00e9galit\u00e9 entre les membres et celle du lecteur en lui laissant un droit de r\u00e9ponse \u00e0 tout article.<\/li>\n\n\n\n<li>Nous veillons \u00e0 nous d\u00e9tacher des penchants sensibles vis-\u00e0-vis d\u2019un sujet afin d\u2019\u00e9viter une confusion des propos.<\/li>\n\n\n\n<li>Nous veillons \u00e0 \u00e9viter des propos trop orient\u00e9s mais informons que le style n\u2019engage que l\u2019auteur.<\/li>\n\n\n\n<li>Si un article pose de gros probl\u00e8mes, ce dernier sera mis dans l\u2019ordre du jour du comit\u00e9 de l&rsquo;AESSP et sera vot\u00e9 pour \u00eatre retir\u00e9 ou non.<\/li>\n\n\n\n<li>Dans la mesure o\u00f9 il y aurait des oppositions formelles suite \u00e0 la publication d\u2019un article de la part de quiconque, un droit de rencontre est pr\u00e9vu sur rendez-vous dans une d\u00e9marche construite les vendredis \u00e0 midi durant les s\u00e9ances officielles du p\u00f4le Journalisme (bureau G\u00e9opolis 2216).<\/li>\n<\/ul>\n<\/div>\n<\/div>\n\n\n<ul class=\"wp-block-latest-posts__list is-grid columns-2 has-dates alignwide wp-block-latest-posts\"><li><div class=\"wp-block-latest-posts__featured-image aligncenter\"><a href=\"https:\/\/wp.unil.ch\/aessp\/2026\/03\/dans-quelle-mesure-peut-on-vraiment-dire-ce-quon-pense\/\" aria-label=\"Dans quelle mesure peut-on vraiment dire ce qu\u2019on pense ?\"><img loading=\"lazy\" decoding=\"async\" width=\"1020\" height=\"573\" src=\"https:\/\/wp.unil.ch\/aessp\/files\/2026\/03\/5f96ef49ec8d91b82b8b4682.jpg\" class=\"attachment-mailpoet_newsletter_max size-mailpoet_newsletter_max wp-post-image\" alt=\"5f96ef49ec8d91b82b8b4682\" style=\"\" srcset=\"https:\/\/wp.unil.ch\/aessp\/files\/2026\/03\/5f96ef49ec8d91b82b8b4682.jpg 1020w, https:\/\/wp.unil.ch\/aessp\/files\/2026\/03\/5f96ef49ec8d91b82b8b4682-600x337.jpg 600w, https:\/\/wp.unil.ch\/aessp\/files\/2026\/03\/5f96ef49ec8d91b82b8b4682-768x431.jpg 768w\" sizes=\"auto, (max-width: 1020px) 100vw, 1020px\" \/><\/a><\/div><a class=\"wp-block-latest-posts__post-title\" href=\"https:\/\/wp.unil.ch\/aessp\/2026\/03\/dans-quelle-mesure-peut-on-vraiment-dire-ce-quon-pense\/\">Dans quelle mesure peut-on vraiment dire ce qu\u2019on pense ?<\/a><time datetime=\"2026-03-23T22:17:36+01:00\" class=\"wp-block-latest-posts__post-date\">23 mars 2026<\/time><div class=\"wp-block-latest-posts__post-excerpt\">R\u00e9dig\u00e9 par : Hugo Weyermann Il y a quelques ann\u00e9es, le chanteur d\u2019un groupe de musique que j\u2019aime beaucoup a \u00e9t\u00e9 attaqu\u00e9 par la justice polonaise. Le motif&nbsp;? Blasph\u00e8me. Je me souviens m\u2019\u00eatre alors \u00e9tonn\u00e9&nbsp;: \u00ab&nbsp;Mais c\u2019est quoi cette histoire&nbsp;? On ne fait plus ce genre de proc\u00e8s pour \u00e7a en occident.&nbsp;\u00bb Le fait que\u2026 <a class=\"wp-block-latest-posts__read-more\" href=\"https:\/\/wp.unil.ch\/aessp\/2026\/03\/dans-quelle-mesure-peut-on-vraiment-dire-ce-quon-pense\/\" rel=\"noopener noreferrer\">Read more<span class=\"screen-reader-text\">: Dans quelle mesure peut-on vraiment dire ce qu\u2019on pense ?<\/span><\/a><\/div><\/li>\n<li><a class=\"wp-block-latest-posts__post-title\" href=\"https:\/\/wp.unil.ch\/aessp\/2025\/10\/les-freres-coen-5-films-pour-simmerger-dans-leur-monde\/\">Les fr\u00e8res Coen : 5 films pour s\u2019immerger dans leur monde<\/a><time datetime=\"2025-10-31T11:12:08+01:00\" class=\"wp-block-latest-posts__post-date\">31 octobre 2025<\/time><div class=\"wp-block-latest-posts__post-excerpt\">R\u00e9dig\u00e9 par : Rebecca Xenakis Il n\u2019est pas toujours chose facile de s\u2019approprier la filmographie d\u2019un r\u00e9alisateur.trice, d\u2019autant plus quand les succ\u00e8s cin\u00e9matographiques semblent \u00eatre nombreux\u00a0; on se jette bien trop souvent sur le film le plus acclam\u00e9 sans prendre le temps de d\u00e9cortiquer les th\u00e8mes des autres \u0153uvres, celles qui pourraient nous plaire bien\u2026 <a class=\"wp-block-latest-posts__read-more\" href=\"https:\/\/wp.unil.ch\/aessp\/2025\/10\/les-freres-coen-5-films-pour-simmerger-dans-leur-monde\/\" rel=\"noopener noreferrer\">Read more<span class=\"screen-reader-text\">: Les fr\u00e8res Coen : 5 films pour s\u2019immerger dans leur monde<\/span><\/a><\/div><\/li>\n<li><div class=\"wp-block-latest-posts__featured-image aligncenter\"><a href=\"https:\/\/wp.unil.ch\/aessp\/2025\/05\/two-spirited\/\" aria-label=\"Two-Spirited\"><img loading=\"lazy\" decoding=\"async\" width=\"627\" height=\"448\" src=\"https:\/\/wp.unil.ch\/aessp\/files\/2025\/05\/two-spirited.jpg\" class=\"attachment-mailpoet_newsletter_max size-mailpoet_newsletter_max wp-post-image\" alt=\"two spirited\" style=\"\" srcset=\"https:\/\/wp.unil.ch\/aessp\/files\/2025\/05\/two-spirited.jpg 627w, https:\/\/wp.unil.ch\/aessp\/files\/2025\/05\/two-spirited-600x429.jpg 600w\" sizes=\"auto, (max-width: 627px) 100vw, 627px\" \/><\/a><\/div><a class=\"wp-block-latest-posts__post-title\" href=\"https:\/\/wp.unil.ch\/aessp\/2025\/05\/two-spirited\/\">Two-Spirited<\/a><time datetime=\"2025-05-08T15:10:26+02:00\" class=\"wp-block-latest-posts__post-date\">8 mai 2025<\/time><div class=\"wp-block-latest-posts__post-excerpt\">L\u2019\u00e9quilibre des \u00e9nergies homme-femme ; Partager le savoir des personnes Indig\u00e8nes d\u2019Am\u00e9rique du Nord R\u00e9dig\u00e9 par : C\u00e9line Rosat Avant tout, il est important que je me pr\u00e9sente et que je partage les raisons qui me poussent \u00e0 r\u00e9diger cet article. Je m\u2019appelle C\u00e9line, je suis n\u00e9e et ai grandi en Suisse. J\u2019ai eu la\u2026 <a class=\"wp-block-latest-posts__read-more\" href=\"https:\/\/wp.unil.ch\/aessp\/2025\/05\/two-spirited\/\" rel=\"noopener noreferrer\">Read more<span class=\"screen-reader-text\">: Two-Spirited<\/span><\/a><\/div><\/li>\n<li><div class=\"wp-block-latest-posts__featured-image aligncenter\"><a href=\"https:\/\/wp.unil.ch\/aessp\/2025\/04\/hedy-lamarr-une-inventrice-au-coeur-de-notre-present\/\" aria-label=\"Hedy Lamarr: une inventrice au coeur de notre pr\u00e9sent\"><img loading=\"lazy\" decoding=\"async\" width=\"1320\" height=\"598\" src=\"https:\/\/wp.unil.ch\/aessp\/files\/2025\/04\/hedy-lamarr-1320x598.jpg\" class=\"attachment-mailpoet_newsletter_max size-mailpoet_newsletter_max wp-post-image\" alt=\"hedy lamarr\" style=\"\" srcset=\"https:\/\/wp.unil.ch\/aessp\/files\/2025\/04\/hedy-lamarr-1320x598.jpg 1320w, https:\/\/wp.unil.ch\/aessp\/files\/2025\/04\/hedy-lamarr-600x272.jpg 600w, https:\/\/wp.unil.ch\/aessp\/files\/2025\/04\/hedy-lamarr-1024x464.jpg 1024w, https:\/\/wp.unil.ch\/aessp\/files\/2025\/04\/hedy-lamarr-768x348.jpg 768w, https:\/\/wp.unil.ch\/aessp\/files\/2025\/04\/hedy-lamarr.jpg 1500w\" sizes=\"auto, (max-width: 1320px) 100vw, 1320px\" \/><\/a><\/div><a class=\"wp-block-latest-posts__post-title\" href=\"https:\/\/wp.unil.ch\/aessp\/2025\/04\/hedy-lamarr-une-inventrice-au-coeur-de-notre-present\/\">Hedy Lamarr: une inventrice au coeur de notre pr\u00e9sent<\/a><time datetime=\"2025-04-17T10:53:58+02:00\" class=\"wp-block-latest-posts__post-date\">17 avril 2025<\/time><div class=\"wp-block-latest-posts__post-excerpt\">R\u00e9dig\u00e9 par : Eloane B\u00e4hni, Anahita Hensch et Rebecca Xenakis Nous sommes aujourd\u2019hui dans une \u00e8re berc\u00e9e par le progr\u00e8s technologique bien qu\u2019on oublie trop souvent les grandes figures du pass\u00e9 ayant contribu\u00e9 \u00e0 ce savoir actuel. Nombreux certes, mais nombreuses \u00e9galement ont \u00e9t\u00e9 les inventeurs et inventrices ayant r\u00e9volutionn\u00e9 leur temps pour faire na\u00eetre\u2026 <a class=\"wp-block-latest-posts__read-more\" href=\"https:\/\/wp.unil.ch\/aessp\/2025\/04\/hedy-lamarr-une-inventrice-au-coeur-de-notre-present\/\" rel=\"noopener noreferrer\">Read more<span class=\"screen-reader-text\">: Hedy Lamarr: une inventrice au coeur de notre pr\u00e9sent<\/span><\/a><\/div><\/li>\n<li><div class=\"wp-block-latest-posts__featured-image aligncenter\"><a href=\"https:\/\/wp.unil.ch\/aessp\/2025\/04\/anti-kriegs-metal-ou-comment-kanonenfieber-delivre-un-message-de-paix-en-temps-de-troubles\/\" aria-label=\"Anti-kriegs-metal, ou comment Kanonenfieber d\u00e9livre un message de paix en temps de troubles\"><img loading=\"lazy\" decoding=\"async\" width=\"1320\" height=\"832\" src=\"https:\/\/wp.unil.ch\/aessp\/files\/2025\/04\/kanonfiber-e1743680822209-1320x832.jpg\" class=\"attachment-mailpoet_newsletter_max size-mailpoet_newsletter_max wp-post-image\" alt=\"kanonfiber\" style=\"\" srcset=\"https:\/\/wp.unil.ch\/aessp\/files\/2025\/04\/kanonfiber-e1743680822209-1320x832.jpg 1320w, https:\/\/wp.unil.ch\/aessp\/files\/2025\/04\/kanonfiber-e1743680822209-600x378.jpg 600w, https:\/\/wp.unil.ch\/aessp\/files\/2025\/04\/kanonfiber-e1743680822209-1024x645.jpg 1024w, https:\/\/wp.unil.ch\/aessp\/files\/2025\/04\/kanonfiber-e1743680822209-768x484.jpg 768w, https:\/\/wp.unil.ch\/aessp\/files\/2025\/04\/kanonfiber-e1743680822209.jpg 1390w\" sizes=\"auto, (max-width: 1320px) 100vw, 1320px\" \/><\/a><\/div><a class=\"wp-block-latest-posts__post-title\" href=\"https:\/\/wp.unil.ch\/aessp\/2025\/04\/anti-kriegs-metal-ou-comment-kanonenfieber-delivre-un-message-de-paix-en-temps-de-troubles\/\">Anti-kriegs-metal, ou comment Kanonenfieber d\u00e9livre un message de paix en temps de troubles<\/a><time datetime=\"2025-04-10T10:00:00+02:00\" class=\"wp-block-latest-posts__post-date\">10 avril 2025<\/time><div class=\"wp-block-latest-posts__post-excerpt\">R\u00e9dig\u00e9 par : Hugo Weyermann Fin 2024, Kanonenfieber, un groupe de melodic black\/death metal, originaire de Bamberg (en Allemagne) sillonnait les routes d\u2019Europe pour promouvoir son dernier album Die Urkatastrophe (la catastrophe originelle) sorti le 20 septembre 2024. Ils sont notamment pass\u00e9s le 28 novembre dans la mythique salle du Z7 \u00e0 Pratteln (BL), une\u2026 <a class=\"wp-block-latest-posts__read-more\" href=\"https:\/\/wp.unil.ch\/aessp\/2025\/04\/anti-kriegs-metal-ou-comment-kanonenfieber-delivre-un-message-de-paix-en-temps-de-troubles\/\" rel=\"noopener noreferrer\">Read more<span class=\"screen-reader-text\">: Anti-kriegs-metal, ou comment Kanonenfieber d\u00e9livre un message de paix en temps de troubles<\/span><\/a><\/div><\/li>\n<li><div class=\"wp-block-latest-posts__featured-image aligncenter\"><a href=\"https:\/\/wp.unil.ch\/aessp\/2024\/04\/dune-un-recit-intemporel\/\" aria-label=\"DUNE: UN R\u00c9CIT INTEMPOREL\"><img loading=\"lazy\" decoding=\"async\" width=\"1280\" height=\"626\" src=\"https:\/\/wp.unil.ch\/aessp\/files\/2024\/04\/DUNE-UN-RECIT-INTEMPOREL.jpg\" class=\"attachment-mailpoet_newsletter_max size-mailpoet_newsletter_max wp-post-image\" alt=\"\" style=\"\" srcset=\"https:\/\/wp.unil.ch\/aessp\/files\/2024\/04\/DUNE-UN-RECIT-INTEMPOREL.jpg 1280w, https:\/\/wp.unil.ch\/aessp\/files\/2024\/04\/DUNE-UN-RECIT-INTEMPOREL-600x293.jpg 600w, https:\/\/wp.unil.ch\/aessp\/files\/2024\/04\/DUNE-UN-RECIT-INTEMPOREL-1024x501.jpg 1024w, https:\/\/wp.unil.ch\/aessp\/files\/2024\/04\/DUNE-UN-RECIT-INTEMPOREL-768x376.jpg 768w\" sizes=\"auto, (max-width: 1280px) 100vw, 1280px\" \/><\/a><\/div><a class=\"wp-block-latest-posts__post-title\" href=\"https:\/\/wp.unil.ch\/aessp\/2024\/04\/dune-un-recit-intemporel\/\">DUNE: UN R\u00c9CIT INTEMPOREL<\/a><time datetime=\"2024-04-30T12:05:23+02:00\" class=\"wp-block-latest-posts__post-date\">30 avril 2024<\/time><div class=\"wp-block-latest-posts__post-excerpt\">R\u00e9dig\u00e9 par : Rebecca Xenakis Il ne faut \u00eatre ni grand.e.x lecteur.trice.x ni cin\u00e9phile incontest\u00e9.e.x pour avoir d\u00e9j\u00e0 entendu parler de l\u2019oeuvre Dune. N\u00e9e comme un roman de science-fiction, celle-ci se r\u00e9affirme ensuite aupr\u00e8s du grand public sous la forme d\u2019adaptations cin\u00e9matographiques diverses et vari\u00e9es. Son univers, dystopique et complexe, conquiert encore aujourd\u2019hui nos coeurs\u2026 <a class=\"wp-block-latest-posts__read-more\" href=\"https:\/\/wp.unil.ch\/aessp\/2024\/04\/dune-un-recit-intemporel\/\" rel=\"noopener noreferrer\">Read more<span class=\"screen-reader-text\">: DUNE: UN R\u00c9CIT INTEMPOREL<\/span><\/a><\/div><\/li>\n<li><div class=\"wp-block-latest-posts__featured-image aligncenter\"><a href=\"https:\/\/wp.unil.ch\/aessp\/2024\/03\/alienor-daquitainefeministe-avant-lheure\/\" aria-label=\"Ali\u00e9nor d\u2019Aquitaine F\u00e9ministe avant l\u2019heure\"><img loading=\"lazy\" decoding=\"async\" width=\"639\" height=\"427\" src=\"https:\/\/wp.unil.ch\/aessp\/files\/2024\/03\/Alienor-Article-e1711640134203.jpg\" class=\"attachment-mailpoet_newsletter_max size-mailpoet_newsletter_max wp-post-image\" alt=\"\" style=\"\" srcset=\"https:\/\/wp.unil.ch\/aessp\/files\/2024\/03\/Alienor-Article-e1711640134203.jpg 639w, https:\/\/wp.unil.ch\/aessp\/files\/2024\/03\/Alienor-Article-e1711640134203-600x401.jpg 600w\" sizes=\"auto, (max-width: 639px) 100vw, 639px\" \/><\/a><\/div><a class=\"wp-block-latest-posts__post-title\" href=\"https:\/\/wp.unil.ch\/aessp\/2024\/03\/alienor-daquitainefeministe-avant-lheure\/\">Ali\u00e9nor d\u2019Aquitaine F\u00e9ministe avant l\u2019heure<\/a><time datetime=\"2024-03-25T02:29:33+01:00\" class=\"wp-block-latest-posts__post-date\">25 mars 2024<\/time><div class=\"wp-block-latest-posts__post-excerpt\">Autrice : C\u00e9line Rosat L\u2019histoire est cont\u00e9e par les vainqueurs&#8230; et par les hommes. Nombreuses sont ces figures de l\u2019ombre, que leur f\u00e9minit\u00e9 efface et qui peinent encore aujourd\u2019hui \u00e0 se faire une place dans nos livres d\u2019histoire. Ali\u00e9nor d\u2019Aquitaine gagne en notori\u00e9t\u00e9, mais son destin exceptionnel est encore loin d\u2019\u00eatre appr\u00e9ci\u00e9 \u00e0 sa juste\u2026 <a class=\"wp-block-latest-posts__read-more\" href=\"https:\/\/wp.unil.ch\/aessp\/2024\/03\/alienor-daquitainefeministe-avant-lheure\/\" rel=\"noopener noreferrer\">Read more<span class=\"screen-reader-text\">: Ali\u00e9nor d\u2019Aquitaine F\u00e9ministe avant l\u2019heure<\/span><\/a><\/div><\/li>\n<li><div class=\"wp-block-latest-posts__featured-image aligncenter\"><a href=\"https:\/\/wp.unil.ch\/aessp\/2022\/04\/attraper-froid-un-mythe-tenace\/\" aria-label=\"Attraper froid : un mythe tenace\"><img loading=\"lazy\" decoding=\"async\" width=\"640\" height=\"427\" src=\"https:\/\/wp.unil.ch\/aessp\/files\/2022\/04\/article_celine.jpeg\" class=\"attachment-mailpoet_newsletter_max size-mailpoet_newsletter_max wp-post-image\" alt=\"\" style=\"\" srcset=\"https:\/\/wp.unil.ch\/aessp\/files\/2022\/04\/article_celine.jpeg 640w, https:\/\/wp.unil.ch\/aessp\/files\/2022\/04\/article_celine-600x400.jpeg 600w\" sizes=\"auto, (max-width: 640px) 100vw, 640px\" \/><\/a><\/div><a class=\"wp-block-latest-posts__post-title\" href=\"https:\/\/wp.unil.ch\/aessp\/2022\/04\/attraper-froid-un-mythe-tenace\/\">Attraper froid : un mythe tenace<\/a><time datetime=\"2022-04-05T12:30:56+02:00\" class=\"wp-block-latest-posts__post-date\">5 avril 2022<\/time><div class=\"wp-block-latest-posts__post-excerpt\">Autrice : C\u00e9line Rosat Chaque ann\u00e9e lorsque l\u2019hiver pointe le bout de son nez, on se r\u00e9jouit de la neige, du ski et des f\u00eates de fin d\u2019ann\u00e9e. La magie de No\u00ebl brille dans les yeux des enfants. Les arbres se mettent \u00e0 nu et les flocons qui recouvrent le sol plongent le monde dans\u2026 <a class=\"wp-block-latest-posts__read-more\" href=\"https:\/\/wp.unil.ch\/aessp\/2022\/04\/attraper-froid-un-mythe-tenace\/\" rel=\"noopener noreferrer\">Read more<span class=\"screen-reader-text\">: Attraper froid : un mythe tenace<\/span><\/a><\/div><\/li>\n<li><div class=\"wp-block-latest-posts__featured-image aligncenter\"><a href=\"https:\/\/wp.unil.ch\/aessp\/2021\/12\/protections-hygieniques-gratuites-dans-les-ecoles-et-a-lunil\/\" aria-label=\"Protections hygi\u00e9niques gratuites dans les \u00e9coles et \u00e0 l\u2019UNIL\"><img loading=\"lazy\" decoding=\"async\" width=\"640\" height=\"426\" src=\"https:\/\/wp.unil.ch\/aessp\/files\/2021\/12\/Protections_hygieniques-e1711641157979.jpeg\" class=\"attachment-mailpoet_newsletter_max size-mailpoet_newsletter_max wp-post-image\" alt=\"\" style=\"\" srcset=\"https:\/\/wp.unil.ch\/aessp\/files\/2021\/12\/Protections_hygieniques-e1711641157979.jpeg 640w, https:\/\/wp.unil.ch\/aessp\/files\/2021\/12\/Protections_hygieniques-e1711641157979-600x399.jpeg 600w\" sizes=\"auto, (max-width: 640px) 100vw, 640px\" \/><\/a><\/div><a class=\"wp-block-latest-posts__post-title\" href=\"https:\/\/wp.unil.ch\/aessp\/2021\/12\/protections-hygieniques-gratuites-dans-les-ecoles-et-a-lunil\/\">Protections hygi\u00e9niques gratuites dans les \u00e9coles et \u00e0 l\u2019UNIL<\/a><time datetime=\"2021-12-23T13:13:39+01:00\" class=\"wp-block-latest-posts__post-date\">23 d\u00e9cembre 2021<\/time><div class=\"wp-block-latest-posts__post-excerpt\">Autrice: C\u00e9line Rosat &nbsp; Le 9 mars 2021, le Grand Conseil vaudois a accept\u00e9 le postulat Thalmann visant \u00e0 mettre \u00e0 disposition gratuitement des protections hygi\u00e9niques dans les \u00e9coles.&nbsp; \u00a0L\u2019OMS et l\u2019UNICEF estiment qu\u2019au moins 500 millions de personnes dans le monde vivent dans la pr\u00e9carit\u00e9 menstruelle. Dans les milieux o\u00f9 les tabous autour des\u2026 <a class=\"wp-block-latest-posts__read-more\" href=\"https:\/\/wp.unil.ch\/aessp\/2021\/12\/protections-hygieniques-gratuites-dans-les-ecoles-et-a-lunil\/\" rel=\"noopener noreferrer\">Read more<span class=\"screen-reader-text\">: Protections hygi\u00e9niques gratuites dans les \u00e9coles et \u00e0 l\u2019UNIL<\/span><\/a><\/div><\/li>\n<li><div class=\"wp-block-latest-posts__featured-image aligncenter\"><a href=\"https:\/\/wp.unil.ch\/aessp\/2021\/02\/la-preparation-que-demande-un-combat-en-boxe-anglaise\/\" aria-label=\"La pr\u00e9paration que demande un combat en boxe anglaise\"><img loading=\"lazy\" decoding=\"async\" width=\"642\" height=\"428\" src=\"https:\/\/wp.unil.ch\/aessp\/files\/2021\/02\/Joe-Frazier-knocks-down-Muhammad-Ali-e1711640639192.jpeg\" class=\"attachment-mailpoet_newsletter_max size-mailpoet_newsletter_max wp-post-image\" alt=\"\" style=\"\" srcset=\"https:\/\/wp.unil.ch\/aessp\/files\/2021\/02\/Joe-Frazier-knocks-down-Muhammad-Ali-e1711640639192.jpeg 642w, https:\/\/wp.unil.ch\/aessp\/files\/2021\/02\/Joe-Frazier-knocks-down-Muhammad-Ali-e1711640639192-600x400.jpeg 600w\" sizes=\"auto, (max-width: 642px) 100vw, 642px\" \/><\/a><\/div><a class=\"wp-block-latest-posts__post-title\" href=\"https:\/\/wp.unil.ch\/aessp\/2021\/02\/la-preparation-que-demande-un-combat-en-boxe-anglaise\/\">La pr\u00e9paration que demande un combat en boxe anglaise<\/a><time datetime=\"2021-02-21T11:50:50+01:00\" class=\"wp-block-latest-posts__post-date\">21 f\u00e9vrier 2021<\/time><div class=\"wp-block-latest-posts__post-excerpt\">Manon Andreatta, F\u00e9vrier 2021 La boxe est un sport de combat pratiqu\u00e9 \u00e0 un contre un. Elle repr\u00e9sente de nombreuses disciplines comme la boxe am\u00e9ricaine, le kickboxing, la savate boxe, la boxe fran\u00e7aise ou encore la boxe tha\u00ef. Nous allons nous int\u00e9resser plus particuli\u00e8rement \u00e0 la boxe anglaise. La boxe anglaise est un style qui\u2026 <a class=\"wp-block-latest-posts__read-more\" href=\"https:\/\/wp.unil.ch\/aessp\/2021\/02\/la-preparation-que-demande-un-combat-en-boxe-anglaise\/\" rel=\"noopener noreferrer\">Read more<span class=\"screen-reader-text\">: La pr\u00e9paration que demande un combat en boxe anglaise<\/span><\/a><\/div><\/li>\n<li><div class=\"wp-block-latest-posts__featured-image aligncenter\"><a href=\"https:\/\/wp.unil.ch\/aessp\/2020\/12\/consentante-jusqua-preuve-du-contraire\/\" aria-label=\"Consentante jusqu&rsquo;\u00e0 preuve du contraire\"><img loading=\"lazy\" decoding=\"async\" width=\"956\" height=\"544\" src=\"https:\/\/wp.unil.ch\/aessp\/files\/2020\/12\/ww_you_wearing-600x340-1-e1711641469795.png\" class=\"attachment-mailpoet_newsletter_max size-mailpoet_newsletter_max wp-post-image\" alt=\"\" style=\"\" srcset=\"https:\/\/wp.unil.ch\/aessp\/files\/2020\/12\/ww_you_wearing-600x340-1-e1711641469795.png 956w, https:\/\/wp.unil.ch\/aessp\/files\/2020\/12\/ww_you_wearing-600x340-1-e1711641469795-600x341.png 600w, https:\/\/wp.unil.ch\/aessp\/files\/2020\/12\/ww_you_wearing-600x340-1-e1711641469795-768x437.png 768w\" sizes=\"auto, (max-width: 956px) 100vw, 956px\" \/><\/a><\/div><a class=\"wp-block-latest-posts__post-title\" href=\"https:\/\/wp.unil.ch\/aessp\/2020\/12\/consentante-jusqua-preuve-du-contraire\/\">Consentante jusqu&rsquo;\u00e0 preuve du contraire<\/a><time datetime=\"2020-12-07T11:47:09+01:00\" class=\"wp-block-latest-posts__post-date\">7 d\u00e9cembre 2020<\/time><div class=\"wp-block-latest-posts__post-excerpt\">Flavia von Xylander Tout d\u2019abord, parlons de mythes, les mythes sur le viol C\u2019est l\u2019histoire d\u2019une femme qui marche dans la rue. Elle est seule et normalement v\u00eatue. C\u2019est l\u2019histoire d\u2019un homme qui marche dans la rue, il est seul mais on ne se demande pas comment il est v\u00eatu. Cet homme rencontre cette femme\u2026 <a class=\"wp-block-latest-posts__read-more\" href=\"https:\/\/wp.unil.ch\/aessp\/2020\/12\/consentante-jusqua-preuve-du-contraire\/\" rel=\"noopener noreferrer\">Read more<span class=\"screen-reader-text\">: Consentante jusqu&rsquo;\u00e0 preuve du contraire<\/span><\/a><\/div><\/li>\n<li><div class=\"wp-block-latest-posts__featured-image aligncenter\"><a href=\"https:\/\/wp.unil.ch\/aessp\/2019\/12\/abus-sexuels-on-en-parle\/\" aria-label=\"Abus sexuels : on en parle ?\"><img loading=\"lazy\" decoding=\"async\" width=\"639\" height=\"427\" src=\"https:\/\/wp.unil.ch\/aessp\/files\/2019\/12\/Sans-titre-e1711641652497.png\" class=\"attachment-mailpoet_newsletter_max size-mailpoet_newsletter_max wp-post-image\" alt=\"\" style=\"\" srcset=\"https:\/\/wp.unil.ch\/aessp\/files\/2019\/12\/Sans-titre-e1711641652497.png 639w, https:\/\/wp.unil.ch\/aessp\/files\/2019\/12\/Sans-titre-e1711641652497-600x401.png 600w\" sizes=\"auto, (max-width: 639px) 100vw, 639px\" \/><\/a><\/div><a class=\"wp-block-latest-posts__post-title\" href=\"https:\/\/wp.unil.ch\/aessp\/2019\/12\/abus-sexuels-on-en-parle\/\">Abus sexuels : on en parle ?<\/a><time datetime=\"2019-12-18T13:03:09+01:00\" class=\"wp-block-latest-posts__post-date\">18 d\u00e9cembre 2019<\/time><div class=\"wp-block-latest-posts__post-excerpt\">Dans le cadre de mon master en Ethique, j\u2019ai r\u00e9dig\u00e9 un m\u00e9moire sur \u00ab&nbsp;Les r\u00e9percussions de la communication sur les victimes d\u2019abus sexuels&nbsp;\u00bb. J\u2019ai donc travaill\u00e9 durant deux ans sur ce m\u00e9moire, ai lu de nombreux t\u00e9moignages de victimes, analys\u00e9 diff\u00e9rents documentaires sur ce sujet, et rencontr\u00e9 plusieurs victimes d\u2019abus sexuels. Les victimes que j\u2019ai\u2026 <a class=\"wp-block-latest-posts__read-more\" href=\"https:\/\/wp.unil.ch\/aessp\/2019\/12\/abus-sexuels-on-en-parle\/\" rel=\"noopener noreferrer\">Read more<span class=\"screen-reader-text\">: Abus sexuels : on en parle ?<\/span><\/a><\/div><\/li>\n<li><a class=\"wp-block-latest-posts__post-title\" href=\"https:\/\/wp.unil.ch\/aessp\/2019\/12\/t-es-cap-ou-pas-cap\/\">T&rsquo;es cap ou pas cap ?<\/a><time datetime=\"2019-12-03T16:27:30+01:00\" class=\"wp-block-latest-posts__post-date\">3 d\u00e9cembre 2019<\/time><div class=\"wp-block-latest-posts__post-excerpt\">Le syst\u00e8me de fili\u00e8res \u00e0 l&rsquo;\u00e9cole obligatoire cr\u00e9ateur d&rsquo;in\u00e9galit\u00e9s Dans le domaine de la sociologie de l&rsquo;\u00e9ducation, nombreux sont les \u00e9crits qui \u00e9voquent l&rsquo;\u00e9cole comme vecteur important d&rsquo;in\u00e9galit\u00e9s. De par son organisation et son fonctionnement, cette derni\u00e8re jouerait en effet un r\u00f4le crucial \u00e0 la fois dans la perp\u00e9tuation d&rsquo;in\u00e9galit\u00e9s pr\u00e9existantes mais \u00e9galement dans la\u2026 <a class=\"wp-block-latest-posts__read-more\" href=\"https:\/\/wp.unil.ch\/aessp\/2019\/12\/t-es-cap-ou-pas-cap\/\" rel=\"noopener noreferrer\">Read more<span class=\"screen-reader-text\">: T&rsquo;es cap ou pas cap ?<\/span><\/a><\/div><\/li>\n<li><div class=\"wp-block-latest-posts__featured-image aligncenter\"><a href=\"https:\/\/wp.unil.ch\/aessp\/2019\/06\/pourquoi-se-moque-t-on-des-roux\/\" aria-label=\"Pourquoi se moque-t-on des roux?\"><img loading=\"lazy\" decoding=\"async\" width=\"639\" height=\"427\" src=\"https:\/\/wp.unil.ch\/aessp\/files\/2019\/06\/roux-e1711641737493.png\" class=\"attachment-mailpoet_newsletter_max size-mailpoet_newsletter_max wp-post-image\" alt=\"\" style=\"\" srcset=\"https:\/\/wp.unil.ch\/aessp\/files\/2019\/06\/roux-e1711641737493.png 639w, https:\/\/wp.unil.ch\/aessp\/files\/2019\/06\/roux-e1711641737493-600x401.png 600w\" sizes=\"auto, (max-width: 639px) 100vw, 639px\" \/><\/a><\/div><a class=\"wp-block-latest-posts__post-title\" href=\"https:\/\/wp.unil.ch\/aessp\/2019\/06\/pourquoi-se-moque-t-on-des-roux\/\">Pourquoi se moque-t-on des roux?<\/a><time datetime=\"2019-06-05T08:42:56+02:00\" class=\"wp-block-latest-posts__post-date\">5 juin 2019<\/time><div class=\"wp-block-latest-posts__post-excerpt\">&nbsp; Le roux, de par sa raret\u00e9, est diff\u00e9rent. Comme beaucoup de minorit\u00e9s, les roux sont soumis \u00e0 une discrimination plus ou moins bonne enfant. Pourquoi ? L\u2019Histoire nous l\u2019apprend. Dans notre soci\u00e9t\u00e9 occidentale actuelle, o\u00f9 (presque) tout le monde sait que la couleur des cheveux ne d\u00e9finit pas la personnalit\u00e9, le roux reste tout\u2026 <a class=\"wp-block-latest-posts__read-more\" href=\"https:\/\/wp.unil.ch\/aessp\/2019\/06\/pourquoi-se-moque-t-on-des-roux\/\" rel=\"noopener noreferrer\">Read more<span class=\"screen-reader-text\">: Pourquoi se moque-t-on des roux?<\/span><\/a><\/div><\/li>\n<li><a class=\"wp-block-latest-posts__post-title\" href=\"https:\/\/wp.unil.ch\/aessp\/2019\/04\/interview-avec-laea\/\">Interview avec l\u2019AEA<\/a><time datetime=\"2019-04-15T20:46:37+02:00\" class=\"wp-block-latest-posts__post-date\">15 avril 2019<\/time><div class=\"wp-block-latest-posts__post-excerpt\">Interview avec l\u2019AEA Avant de commencer cet interview, je tiens \u00e0 remercier l\u2019AEA et plus sp\u00e9cifiquement Wilfried et Jorel pour le temps qu\u2019ils m\u2019ont accord\u00e9 afin de r\u00e9pondre \u00e0 toutes ces questions. \u00ab Je pense que le but premier \u00e9tait de pouvoir f\u00e9d\u00e9rer la communaut\u00e9 afro au sein de l\u2019universit\u00e9. On a r\u00e9alis\u00e9 que lorsque\u2026 <a class=\"wp-block-latest-posts__read-more\" href=\"https:\/\/wp.unil.ch\/aessp\/2019\/04\/interview-avec-laea\/\" rel=\"noopener noreferrer\">Read more<span class=\"screen-reader-text\">: Interview avec l\u2019AEA<\/span><\/a><\/div><\/li>\n<li><a class=\"wp-block-latest-posts__post-title\" href=\"https:\/\/wp.unil.ch\/aessp\/2019\/04\/manana-en-el-abasto\/\">Ma\u00f1ana en el Abasto<\/a><time datetime=\"2019-04-15T20:44:00+02:00\" class=\"wp-block-latest-posts__post-date\">15 avril 2019<\/time><div class=\"wp-block-latest-posts__post-excerpt\">Ma\u00f1ana en el Abasto est une chanson \u00e9crite et enregistr\u00e9e par Luca Prodan et son groupe Sumo. Malgr\u00e9 son statut d\u2019hymne du rock argentin, Ma\u00f1ana en el Abasto est une chanson encore mal connue en dehors de ce pays. Pourtant, elle poss\u00e8de toutes les qualit\u00e9s pour en faire un v\u00e9ritable mythe musical. Il s\u2019agit d\u2019ailleurs\u2026 <a class=\"wp-block-latest-posts__read-more\" href=\"https:\/\/wp.unil.ch\/aessp\/2019\/04\/manana-en-el-abasto\/\" rel=\"noopener noreferrer\">Read more<span class=\"screen-reader-text\">: Ma\u00f1ana en el Abasto<\/span><\/a><\/div><\/li>\n<li><a class=\"wp-block-latest-posts__post-title\" href=\"https:\/\/wp.unil.ch\/aessp\/2018\/12\/nina-simone-3-3\/\">Nina Simone (3\/3)<\/a><time datetime=\"2018-12-18T23:19:16+01:00\" class=\"wp-block-latest-posts__post-date\">18 d\u00e9cembre 2018<\/time><div class=\"wp-block-latest-posts__post-excerpt\">\u00ab\u00a0All I want is equality\u00a0\u00bb Quand Nina Simone chante contre les discriminations (1959-1970) [3\/3] Par No\u00e9 Rouget 3.\u00a0\u00a0\u00a0\u00a0 R\u00e9agir aux \u00e9v\u00e9nements et d\u00e9noncer les attaques contre le mouvement L\u2019exemple le plus flagrant de l\u2019attention que peuvent porter ces chanteuses au mouvement se trouve dans les reprises que Nina Simone fait de la chanson de Bob\u2026 <a class=\"wp-block-latest-posts__read-more\" href=\"https:\/\/wp.unil.ch\/aessp\/2018\/12\/nina-simone-3-3\/\" rel=\"noopener noreferrer\">Read more<span class=\"screen-reader-text\">: Nina Simone (3\/3)<\/span><\/a><\/div><\/li>\n<li><a class=\"wp-block-latest-posts__post-title\" href=\"https:\/\/wp.unil.ch\/aessp\/2018\/12\/nina-simone-2-3\/\">Nina Simone (2\/3)<\/a><time datetime=\"2018-12-13T15:25:49+01:00\" class=\"wp-block-latest-posts__post-date\">13 d\u00e9cembre 2018<\/time><div class=\"wp-block-latest-posts__post-excerpt\">\u00ab\u00a0All I want is equality\u00a0\u00bb Quand Nina Simone chante contre les discriminations (1959-1970) [2\/3] Par No\u00e9 Rouget 2.\u00a0\u00a0\u00a0\u00a0 Des appels \u00e0 la libert\u00e9 et \u00e0 la r\u00e9volution Le premier \u00e9l\u00e9ment d\u2019appel au changement est celui de la libert\u00e9. Les esclaves, comme les Africain.e.s-Am\u00e9ricain.e.s dans les ann\u00e9es 1960, veulent \u00eatre affranchi.e.s du joug de l\u2019esclavage comme\u2026 <a class=\"wp-block-latest-posts__read-more\" href=\"https:\/\/wp.unil.ch\/aessp\/2018\/12\/nina-simone-2-3\/\" rel=\"noopener noreferrer\">Read more<span class=\"screen-reader-text\">: Nina Simone (2\/3)<\/span><\/a><\/div><\/li>\n<li><a class=\"wp-block-latest-posts__post-title\" href=\"https:\/\/wp.unil.ch\/aessp\/2018\/12\/nina-simone-1-2\/\">Nina Simone (1\/3)<\/a><time datetime=\"2018-12-13T15:19:38+01:00\" class=\"wp-block-latest-posts__post-date\">13 d\u00e9cembre 2018<\/time><div class=\"wp-block-latest-posts__post-excerpt\">\u00ab\u00a0All I want is equality\u00a0\u00bb[1] Quand Nina Simone chante contre les discriminations (1959-1970) [1\/3] Par No\u00e9 Rouget De la lutte des Africain.e.s-Am\u00e9ricain.e.s, on retient souvent les mouvements non-violent de Martin Luther King, que l\u2019on oppose g\u00e9n\u00e9ralement \u00e0 la violence incarn\u00e9e par Malcolm X et, apr\u00e8s sa mort, au Black Panther Party for Self-Defense. Mais toujours\u2026 <a class=\"wp-block-latest-posts__read-more\" href=\"https:\/\/wp.unil.ch\/aessp\/2018\/12\/nina-simone-1-2\/\" rel=\"noopener noreferrer\">Read more<span class=\"screen-reader-text\">: Nina Simone (1\/3)<\/span><\/a><\/div><\/li>\n<li><a class=\"wp-block-latest-posts__post-title\" href=\"https:\/\/wp.unil.ch\/aessp\/2018\/11\/operation-gilets-jaunes\/\">Op\u00e9ration gilets jaunes<\/a><time datetime=\"2018-11-21T15:23:00+01:00\" class=\"wp-block-latest-posts__post-date\">21 novembre 2018<\/time><div class=\"wp-block-latest-posts__post-excerpt\">Par Chiara Caccivio Samedi 17 novembre ravive les \u00e9mois r\u00e9volutionnaires historiques fran\u00e7ais. Effectivement, plusieurs manifestations se pr\u00e9parent, instaurant une atmosph\u00e8re d\u2019inqui\u00e9tude passablement prononc\u00e9e au sein des autorit\u00e9s qui redoutent avant tout une ampleur bien plus grande qu\u2019initialement escompt\u00e9e. Mais qui sont les gilets jaunes\u00a0?<\/div><\/li>\n<li><a class=\"wp-block-latest-posts__post-title\" href=\"https:\/\/wp.unil.ch\/aessp\/2018\/11\/laffaire-maudet\/\">L&rsquo;Affaire Maudet<\/a><time datetime=\"2018-11-14T14:04:28+01:00\" class=\"wp-block-latest-posts__post-date\">14 novembre 2018<\/time><div class=\"wp-block-latest-posts__post-excerpt\">&nbsp; Le feuilleton Pierre Maudet \u00e0 Abu Dhabi est dans tous les m\u00e9dias Suisses, avec chaque semaine ou presque un nouvel \u00e9pisode. Membre du parti lib\u00e9ral-radical, il avait \u00e9t\u00e9 le seul candidat \u00e9lu directement apr\u00e8s le 1er tour des \u00e9lections au gouvernement genevois le 15 avril 2018. Depuis le 11 mai dernier et les r\u00e9v\u00e9lations\u2026 <a class=\"wp-block-latest-posts__read-more\" href=\"https:\/\/wp.unil.ch\/aessp\/2018\/11\/laffaire-maudet\/\" rel=\"noopener noreferrer\">Read more<span class=\"screen-reader-text\">: L&rsquo;Affaire Maudet<\/span><\/a><\/div><\/li>\n<li><a class=\"wp-block-latest-posts__post-title\" href=\"https:\/\/wp.unil.ch\/aessp\/2018\/10\/trouver-un-logement-en-suisse-les-etudiants-etrangers-racontent-leurs-experiences\/\">Trouver un logement en Suisse : Les \u00e9tudiants \u00e9trangers racontent leurs exp\u00e9riences<\/a><time datetime=\"2018-10-30T20:06:11+01:00\" class=\"wp-block-latest-posts__post-date\">30 octobre 2018<\/time><div class=\"wp-block-latest-posts__post-excerpt\">Trouver un logement en Suisse : Les \u00e9tudiants \u00e9trangers racontent leurs exp\u00e9riences Par Michelle Olguin &nbsp; La crise du logement n\u2019est pas un nouveau concept, c\u2019est un probl\u00e8me qui affecte les citadins de la Suisse au quotidien mais ce sont sans doute les \u00e9tudiants qui sont le plus touch\u00e9s.\u00a0 \u00c0 chaque rentr\u00e9e, toutes les r\u00e9sidences\u2026 <a class=\"wp-block-latest-posts__read-more\" href=\"https:\/\/wp.unil.ch\/aessp\/2018\/10\/trouver-un-logement-en-suisse-les-etudiants-etrangers-racontent-leurs-experiences\/\" rel=\"noopener noreferrer\">Read more<span class=\"screen-reader-text\">: Trouver un logement en Suisse : Les \u00e9tudiants \u00e9trangers racontent leurs exp\u00e9riences<\/span><\/a><\/div><\/li>\n<li><a class=\"wp-block-latest-posts__post-title\" href=\"https:\/\/wp.unil.ch\/aessp\/2018\/05\/heraclite-dans-la-jungle-des-opinions\/\">H\u00e9raclite dans la jungle des opinions<\/a><time datetime=\"2018-05-19T15:31:03+02:00\" class=\"wp-block-latest-posts__post-date\">19 mai 2018<\/time><div class=\"wp-block-latest-posts__post-excerpt\">A l\u2019heure o\u00f9 plus que jamais, l\u2019importance de la pluralit\u00e9 des opinions est sacralis\u00e9e sur l\u2019autel des dites d\u00e9mocraties occidentales modernes, dans une \u00e9poque du je pense donc je suis et o\u00f9 le moi je narcissique et non g\u00e9n\u00e9rique est exacerb\u00e9 \u00e0 tort et \u00e0 travers, o\u00f9 le savoir est noy\u00e9, broy\u00e9 et mis sous\u2026 <a class=\"wp-block-latest-posts__read-more\" href=\"https:\/\/wp.unil.ch\/aessp\/2018\/05\/heraclite-dans-la-jungle-des-opinions\/\" rel=\"noopener noreferrer\">Read more<span class=\"screen-reader-text\">: H\u00e9raclite dans la jungle des opinions<\/span><\/a><\/div><\/li>\n<li><a class=\"wp-block-latest-posts__post-title\" href=\"https:\/\/wp.unil.ch\/aessp\/2018\/05\/j-r-r-tolkien-lenracine-3-3\/\">J.R.R. Tolkien, l\u2019enracin\u00e9 (3\/3)<\/a><time datetime=\"2018-05-19T15:21:47+02:00\" class=\"wp-block-latest-posts__post-date\">19 mai 2018<\/time><div class=\"wp-block-latest-posts__post-excerpt\">Voici la derni\u00e8re partie de l\u2019article sur Tolkien et son oeuvre! bonne lecture \u00e0 toutes et \u00e0 tous! S\u00e9dentarisme et \u00e9cologie Enfin, pour clore ce segment politique, il nous faut aborder la question de l\u2019\u00e9cologie et de l\u2019enracinement qui m\u00e9ritent leur propre partie. Pour commencer, le respect de la nature et l\u2019amour des arbres sont\u2026 <a class=\"wp-block-latest-posts__read-more\" href=\"https:\/\/wp.unil.ch\/aessp\/2018\/05\/j-r-r-tolkien-lenracine-3-3\/\" rel=\"noopener noreferrer\">Read more<span class=\"screen-reader-text\">: J.R.R. Tolkien, l\u2019enracin\u00e9 (3\/3)<\/span><\/a><\/div><\/li>\n<li><a class=\"wp-block-latest-posts__post-title\" href=\"https:\/\/wp.unil.ch\/aessp\/2018\/04\/duel-de-table-i\/\">Duel de table (I)<\/a><time datetime=\"2018-04-30T14:54:41+02:00\" class=\"wp-block-latest-posts__post-date\">30 avril 2018<\/time><div class=\"wp-block-latest-posts__post-excerpt\">\u00ab\u00a0Patriarcat ou Matriarcat\u00a0?\u00a0\u00bb Le duel de table veut, en son principe, mettre en dialogue le travail de deux auteurs dans le but d\u2019\u00e9lever le degr\u00e9 de conscience du lecteur et, plus g\u00e9n\u00e9ralement, de faire monter le niveau. Deux penseurs s\u00e9lectionn\u00e9s pour leur travail sur plus ou moins le m\u00eame sujet mais avec une m\u00e9thodologie diff\u00e9rente\u2026 <a class=\"wp-block-latest-posts__read-more\" href=\"https:\/\/wp.unil.ch\/aessp\/2018\/04\/duel-de-table-i\/\" rel=\"noopener noreferrer\">Read more<span class=\"screen-reader-text\">: Duel de table (I)<\/span><\/a><\/div><\/li>\n<li><a class=\"wp-block-latest-posts__post-title\" href=\"https:\/\/wp.unil.ch\/aessp\/2018\/04\/j-r-r-tolkien-lenracine-2-3\/\">J.R.R Tolkien, l\u2019enracin\u00e9 (2\/3)<\/a><time datetime=\"2018-04-26T11:31:22+02:00\" class=\"wp-block-latest-posts__post-date\">26 avril 2018<\/time><div class=\"wp-block-latest-posts__post-excerpt\">Voici la seconde partie de l\u2019article portant sur Tolkien et son \u0153uvre. Bonne lecture \u00e0 tous\u00a0! Un Mal absolu corrompt absolument C\u2019est au niveau de la menace grandissante qu\u2019il faut d\u00e9finir et ensuite combattre, de la tentation du pouvoir et de son effet corrupteur, que se trouve un dernier niveau d\u2019analyse de cette forme de\u2026 <a class=\"wp-block-latest-posts__read-more\" href=\"https:\/\/wp.unil.ch\/aessp\/2018\/04\/j-r-r-tolkien-lenracine-2-3\/\" rel=\"noopener noreferrer\">Read more<span class=\"screen-reader-text\">: J.R.R Tolkien, l\u2019enracin\u00e9 (2\/3)<\/span><\/a><\/div><\/li>\n<li><a class=\"wp-block-latest-posts__post-title\" href=\"https:\/\/wp.unil.ch\/aessp\/2018\/04\/j-r-r-tolkien-lenracine-1-3\/\">J.R.R. Tolkien, l\u2019enracin\u00e9 (1\/3)<\/a><time datetime=\"2018-04-24T12:40:53+02:00\" class=\"wp-block-latest-posts__post-date\">24 avril 2018<\/time><div class=\"wp-block-latest-posts__post-excerpt\">J.R.R. Tolkien, l\u2019enracin\u00e9 (1\/3) Cet article sur l\u2019oeuvre incontournable de Tolkien sera publi\u00e9 en trois parties \u00e0 raison d\u2019une partie par semaine. Bonne lecture! Ash nazg durbatul\u00fbk, ash nazg gimbatul, Ash nazg thrakatul\u00fbk agh burzum-ishi krimpatul. Est-il possible de rendre compte d\u2019une \u0153uvre aussi profonde, complexe, fournie et marquante que Le Seigneur des Anneaux ?\u2026 <a class=\"wp-block-latest-posts__read-more\" href=\"https:\/\/wp.unil.ch\/aessp\/2018\/04\/j-r-r-tolkien-lenracine-1-3\/\" rel=\"noopener noreferrer\">Read more<span class=\"screen-reader-text\">: J.R.R. Tolkien, l\u2019enracin\u00e9 (1\/3)<\/span><\/a><\/div><\/li>\n<li><a class=\"wp-block-latest-posts__post-title\" href=\"https:\/\/wp.unil.ch\/aessp\/2018\/04\/la-forge-de-vulcain\/\">La forge de Vulcain<\/a><time datetime=\"2018-04-24T12:39:02+02:00\" class=\"wp-block-latest-posts__post-date\">24 avril 2018<\/time><div class=\"wp-block-latest-posts__post-excerpt\">La forge de Vulcain \u00a0 \u00ab On devrait fonder une chaire pour l\u2019enseignement de la lecture entre les lignes. \u00bb L\u00e9on Bloy Ex\u00e9g\u00e8se des lieux communs De tous les \u00e9crivains de langue fran\u00e7aise, Honor\u00e9 de Balzac est sans doute l\u2019une de ses plus grandes gloires. Au-del\u00e0 d\u2019\u00e9crire des romans, des contes ou des piges dans\u2026 <a class=\"wp-block-latest-posts__read-more\" href=\"https:\/\/wp.unil.ch\/aessp\/2018\/04\/la-forge-de-vulcain\/\" rel=\"noopener noreferrer\">Read more<span class=\"screen-reader-text\">: La forge de Vulcain<\/span><\/a><\/div><\/li>\n<li><a class=\"wp-block-latest-posts__post-title\" href=\"https:\/\/wp.unil.ch\/aessp\/2018\/04\/muhammad-najem-une-voix-dans-le-fracas-des-bombes\/\">Muhammad Najem, une voix dans le fracas des bombes<\/a><time datetime=\"2018-04-16T20:46:54+02:00\" class=\"wp-block-latest-posts__post-date\">16 avril 2018<\/time><div class=\"wp-block-latest-posts__post-excerpt\">Muhammad Najem, une voix dans le fracas des bombes A travers Twitter, un jeune gar\u00e7on appelle \u00e0 l\u2019aide dans cette r\u00e9gion o\u00f9 ce sont les civils qui sont vis\u00e9s par les bombardements. Depuis 7 ans, des conflits arm\u00e9s ont lieu en Syrie. Ce n\u2019est pourtant que depuis le mois pass\u00e9 que nous entendons parler de\u2026 <a class=\"wp-block-latest-posts__read-more\" href=\"https:\/\/wp.unil.ch\/aessp\/2018\/04\/muhammad-najem-une-voix-dans-le-fracas-des-bombes\/\" rel=\"noopener noreferrer\">Read more<span class=\"screen-reader-text\">: Muhammad Najem, une voix dans le fracas des bombes<\/span><\/a><\/div><\/li>\n<li><a class=\"wp-block-latest-posts__post-title\" href=\"https:\/\/wp.unil.ch\/aessp\/2018\/04\/dominus-det-vobis-pacem\/\">Dominus det vobis pacem<\/a><time datetime=\"2018-04-16T20:39:36+02:00\" class=\"wp-block-latest-posts__post-date\">16 avril 2018<\/time><div class=\"wp-block-latest-posts__post-excerpt\">Dominus det vobis pacem \u00a0 \u00ab J\u2019aurai aim\u00e9 avoir dans les veines une goutte du sang de Fran\u00e7ois d\u2019Assise \u00bb George Clemenceau \u00ab J\u2019ai commis une erreur. Sans aucun doute, une multitude oppress\u00e9e devait \u00eatre lib\u00e9r\u00e9e. Mais notre m\u00e9thode a seulement eu pour effet de nouvelles oppressions et d\u2019atroces massacres. C\u2019est mon cauchemar \u00e9veill\u00e9 que\u2026 <a class=\"wp-block-latest-posts__read-more\" href=\"https:\/\/wp.unil.ch\/aessp\/2018\/04\/dominus-det-vobis-pacem\/\" rel=\"noopener noreferrer\">Read more<span class=\"screen-reader-text\">: Dominus det vobis pacem<\/span><\/a><\/div><\/li>\n<li><a class=\"wp-block-latest-posts__post-title\" href=\"https:\/\/wp.unil.ch\/aessp\/2018\/03\/le-comptable-et-le-soldat\/\">Le comptable et le soldat<\/a><time datetime=\"2018-03-20T20:34:43+01:00\" class=\"wp-block-latest-posts__post-date\">20 mars 2018<\/time><div class=\"wp-block-latest-posts__post-excerpt\">Le comptable et le soldat \u00a0 \u00a0 \u00ab Ainsi l\u2019imp\u00e9rialisme, tel le chasseur de la pr\u00e9histoire, tue d\u2019abord spirituellement et culturellement l\u2019\u00eatre, avant de chercher \u00e0 l\u2019\u00e9liminer physiquement. La n\u00e9gation de l\u2019histoire et des r\u00e9alisations intellectuelles des peuples africains noirs est le meurtre culturel, mental, qui a d\u00e9j\u00e0 pr\u00e9c\u00e9d\u00e9 et pr\u00e9par\u00e9 le g\u00e9nocide ici et\u2026 <a class=\"wp-block-latest-posts__read-more\" href=\"https:\/\/wp.unil.ch\/aessp\/2018\/03\/le-comptable-et-le-soldat\/\" rel=\"noopener noreferrer\">Read more<span class=\"screen-reader-text\">: Le comptable et le soldat<\/span><\/a><\/div><\/li>\n<li><a class=\"wp-block-latest-posts__post-title\" href=\"https:\/\/wp.unil.ch\/aessp\/2018\/03\/table-ronde-science-po-lausanne-et-apres-compte-rendu\/\">Table ronde \u00ab\u00a0Science Po Lausanne, et apr\u00e8s\u00a0\u00bb, compte rendu<\/a><time datetime=\"2018-03-16T13:50:25+01:00\" class=\"wp-block-latest-posts__post-date\">16 mars 2018<\/time><div class=\"wp-block-latest-posts__post-excerpt\">Suite \u00e0 la table ronde sur \u00ab\u00a0Science Po Lausanne, et apr\u00e8s?\u00a0\u00bb, en voici le compte rendu. Ce compte rendu a \u00e9t\u00e9 fait en collaboration avec COSPOL. Contrairement aux formations au sein desquelles comp\u00e9tences et dipl\u00f4mes acquis permettent l\u2019exercice d\u2019une profession bien pr\u00e9cise, celle en science politique ouvre la porte \u00e0 de nombreuses perspectives professionnelles. Ces\u2026 <a class=\"wp-block-latest-posts__read-more\" href=\"https:\/\/wp.unil.ch\/aessp\/2018\/03\/table-ronde-science-po-lausanne-et-apres-compte-rendu\/\" rel=\"noopener noreferrer\">Read more<span class=\"screen-reader-text\">: Table ronde \u00ab\u00a0Science Po Lausanne, et apr\u00e8s\u00a0\u00bb, compte rendu<\/span><\/a><\/div><\/li>\n<li><a class=\"wp-block-latest-posts__post-title\" href=\"https:\/\/wp.unil.ch\/aessp\/2017\/12\/une-lettre-pour-les-gouverner-tou%c2%b7te%c2%b7s\/\">Une lettre pour les gouverner tou\u00b7te\u00b7s<\/a><time datetime=\"2017-12-19T20:37:32+01:00\" class=\"wp-block-latest-posts__post-date\">19 d\u00e9cembre 2017<\/time><div class=\"wp-block-latest-posts__post-excerpt\">\u00ab\u00a0A une \u00e9poque de supercherie universelle, dire la v\u00e9rit\u00e9 est un acte r\u00e9volutionnaire.\u00a0\u00bb \u2014 George Orwell \u00a0Le neutre, \u00e7a n\u2019existe pas \u00a0\u00ab\u00a0Ecrire \u00e9tait facile. Tout ce qu\u2019il avait \u00e0 faire, c\u2019\u00e9tait transcrire l\u2019interminable monologue ininterrompu qui, litt\u00e9ralement depuis des ann\u00e9es, se poursuivait dans son cerveau.\u00bb Qu\u2019est-ce que l\u2019\u00e9criture inclusive\u00a0? Pour r\u00e9pondre \u00e0 cette question, nous\u2026 <a class=\"wp-block-latest-posts__read-more\" href=\"https:\/\/wp.unil.ch\/aessp\/2017\/12\/une-lettre-pour-les-gouverner-tou%c2%b7te%c2%b7s\/\" rel=\"noopener noreferrer\">Read more<span class=\"screen-reader-text\">: Une lettre pour les gouverner tou\u00b7te\u00b7s<\/span><\/a><\/div><\/li>\n<li><a class=\"wp-block-latest-posts__post-title\" href=\"https:\/\/wp.unil.ch\/aessp\/2017\/11\/avs-la-solution-qui-cache-une-montagne-de-probleme\/\">AVS, la solution qui cache une montagne de probl\u00e8me\u2026<\/a><time datetime=\"2017-11-29T09:18:27+01:00\" class=\"wp-block-latest-posts__post-date\">29 novembre 2017<\/time><div class=\"wp-block-latest-posts__post-excerpt\">Depuis 1948, le premier pilier, celui de l\u2019AVS, est devenu l\u2019une des bases fondamentales de la s\u00e9curit\u00e9 sociale en Suisse. Le syst\u00e8me des trois piliers, unique dans le monde, couvre les retraites et implique l\u2019Etat f\u00e9d\u00e9ral dans la gestion de la survie financi\u00e8re \u00e0 proprement parler des personnes du 3\u00e8me \u00e2ge en Suisse. Mais nombreuses\u2026 <a class=\"wp-block-latest-posts__read-more\" href=\"https:\/\/wp.unil.ch\/aessp\/2017\/11\/avs-la-solution-qui-cache-une-montagne-de-probleme\/\" rel=\"noopener noreferrer\">Read more<span class=\"screen-reader-text\">: AVS, la solution qui cache une montagne de probl\u00e8me\u2026<\/span><\/a><\/div><\/li>\n<li><a class=\"wp-block-latest-posts__post-title\" href=\"https:\/\/wp.unil.ch\/aessp\/2017\/11\/la-peur-au-service-de-la-liberte\/\">La peur au service de la libert\u00e9<\/a><time datetime=\"2017-11-22T17:42:55+01:00\" class=\"wp-block-latest-posts__post-date\">22 novembre 2017<\/time><div class=\"wp-block-latest-posts__post-excerpt\">Il y a bient\u00f4t deux mois, les Etats-Unis connaissaient l\u2019un des pires massacres de leur histoire. Cette tuerie, comme \u00e0 chaque fois, a relanc\u00e9 le d\u00e9bat sur les armes Le 1er octobre 2017, \u00e0 Las Vegas, dans le Nevada, un homme lourdement arm\u00e9 a d\u00e9cid\u00e9 de tirer dans la foule depuis la chambre de son\u2026 <a class=\"wp-block-latest-posts__read-more\" href=\"https:\/\/wp.unil.ch\/aessp\/2017\/11\/la-peur-au-service-de-la-liberte\/\" rel=\"noopener noreferrer\">Read more<span class=\"screen-reader-text\">: La peur au service de la libert\u00e9<\/span><\/a><\/div><\/li>\n<li><a class=\"wp-block-latest-posts__post-title\" href=\"https:\/\/wp.unil.ch\/aessp\/2017\/11\/la-grande-deportation\/\">La grande d\u00e9portation<\/a><time datetime=\"2017-11-21T16:46:39+01:00\" class=\"wp-block-latest-posts__post-date\">21 novembre 2017<\/time><div class=\"wp-block-latest-posts__post-excerpt\">\u00ab Que de souffrance et d\u2019\u00e9garements ont \u00e9t\u00e9 caus\u00e9s par les erreurs et illusions tout au long de l\u2019histoire humaine et, de fa\u00e7on terrifiante, au XXe si\u00e8cle ! Aussi le probl\u00e8me cognitif est-il d\u2019importance anthropologique, politique, sociale et historique, S\u2019il peut y avoir un progr\u00e8s de base au XXIe si\u00e8cle, ce serait que les hommes\u2026 <a class=\"wp-block-latest-posts__read-more\" href=\"https:\/\/wp.unil.ch\/aessp\/2017\/11\/la-grande-deportation\/\" rel=\"noopener noreferrer\">Read more<span class=\"screen-reader-text\">: La grande d\u00e9portation<\/span><\/a><\/div><\/li>\n<li><a class=\"wp-block-latest-posts__post-title\" href=\"https:\/\/wp.unil.ch\/aessp\/2017\/11\/la-baie-des-anges-ou-le-pouvoir-du-hasard\/\">La Baie des anges ou le pouvoir du hasard<\/a><time datetime=\"2017-11-09T20:00:49+01:00\" class=\"wp-block-latest-posts__post-date\">9 novembre 2017<\/time><div class=\"wp-block-latest-posts__post-excerpt\">Remettre en jeu son avenir quitte \u00e0 perdre tout ce qui nous entoure. Vivre de cette adr\u00e9naline qui peut nous d\u00e9truire et nous reconstruire par le biais d\u2019une s\u00e9rie de num\u00e9ros, de jetons et de cartes.\u00a0 Voici dans quel syst\u00e8me certains individus se retrouvent plong\u00e9s. Voici ce dont cet article va parler. A travers ce\u2026 <a class=\"wp-block-latest-posts__read-more\" href=\"https:\/\/wp.unil.ch\/aessp\/2017\/11\/la-baie-des-anges-ou-le-pouvoir-du-hasard\/\" rel=\"noopener noreferrer\">Read more<span class=\"screen-reader-text\">: La Baie des anges ou le pouvoir du hasard<\/span><\/a><\/div><\/li>\n<li><a class=\"wp-block-latest-posts__post-title\" href=\"https:\/\/wp.unil.ch\/aessp\/2017\/11\/la-chute-de-raqqa-ou-la-fin-du-reve-de-daesh\/\">La chute de Raqqa ou la fin du r\u00eave de Daesh ?<\/a><time datetime=\"2017-11-07T10:50:03+01:00\" class=\"wp-block-latest-posts__post-date\">7 novembre 2017<\/time><div class=\"wp-block-latest-posts__post-excerpt\">En octobre dernier, l\u2019organisation Etat Islamique a vu la perte de sa capitale Raqqa. Cette d\u00e9faite est, sur plusieurs points, un coup dur pour le califat. Non seulement pour le moral de ses derni\u00e8res troupes, par la port\u00e9e symbolique de la d\u00e9faite, et de part l\u2019importance g\u00e9ographique de cette ville maintenant \u00ab\u00a0fant\u00f4me\u00a0\u00bb dans la r\u00e9gion\u2026 <a class=\"wp-block-latest-posts__read-more\" href=\"https:\/\/wp.unil.ch\/aessp\/2017\/11\/la-chute-de-raqqa-ou-la-fin-du-reve-de-daesh\/\" rel=\"noopener noreferrer\">Read more<span class=\"screen-reader-text\">: La chute de Raqqa ou la fin du r\u00eave de Daesh ?<\/span><\/a><\/div><\/li>\n<li><a class=\"wp-block-latest-posts__post-title\" href=\"https:\/\/wp.unil.ch\/aessp\/2017\/11\/un-porc-dans-un-jeu-de-quilles\/\">Un porc dans un jeu de quilles<\/a><time datetime=\"2017-11-01T09:47:44+01:00\" class=\"wp-block-latest-posts__post-date\">1 novembre 2017<\/time><div class=\"wp-block-latest-posts__post-excerpt\">Si certaines doivent coucher pour r\u00e9ussir, d\u2019autres doivent r\u00e9ussir pour coucher. Pour bien comprendre l\u2019affaire Weinstein, essayez de vous repr\u00e9senter la sc\u00e8ne suivante\u00a0: vous \u00eates un homme bedonnant avec un d\u00e9but de calvitie, la soixantaine, pas franchement s\u00e9duisant, mais \u00e9galement l\u2019un des plus gros \u2013 sans mauvais jeu de mot \u2013 producteur hollywoodien. Vous avez\u2026 <a class=\"wp-block-latest-posts__read-more\" href=\"https:\/\/wp.unil.ch\/aessp\/2017\/11\/un-porc-dans-un-jeu-de-quilles\/\" rel=\"noopener noreferrer\">Read more<span class=\"screen-reader-text\">: Un porc dans un jeu de quilles<\/span><\/a><\/div><\/li>\n<li><a class=\"wp-block-latest-posts__post-title\" href=\"https:\/\/wp.unil.ch\/aessp\/2017\/10\/la-politique-etrangere-de-donald-trump\/\">La politique \u00e9trang\u00e8re de Donald Trump<\/a><time datetime=\"2017-10-24T14:17:11+02:00\" class=\"wp-block-latest-posts__post-date\">24 octobre 2017<\/time><div class=\"wp-block-latest-posts__post-excerpt\">Suite \u00e0 la sortie des USA et d&rsquo;Isra\u00ebl de l&rsquo;UNESCO, le GT journalisme vous propose un article pour vous immerger dans cette histoire rocambolesque. Lire l&rsquo;article<\/div><\/li>\n<li><a class=\"wp-block-latest-posts__post-title\" href=\"https:\/\/wp.unil.ch\/aessp\/2017\/10\/4140\/\">Ada Marra ou la m\u00e9nag\u00e8re apprivois\u00e9e<\/a><time datetime=\"2017-10-12T14:52:59+02:00\" class=\"wp-block-latest-posts__post-date\">12 octobre 2017<\/time><div class=\"wp-block-latest-posts__post-excerpt\">Bonjour ! Ci-joint, vous trouverez un article analysant les fameux propos tenus par Ada Marra lors de la derni\u00e8re f\u00eate nationale. Nous vous souhaitons une excellente lecture et une tr\u00e8s bonne journ\u00e9e.Lire l&rsquo;article<\/div><\/li>\n<li><a class=\"wp-block-latest-posts__post-title\" href=\"https:\/\/wp.unil.ch\/aessp\/2017\/10\/de-la-musique-consideree-comme-lun-des-beaux-arts\/\">De la musique conside\u0301re\u0301e comme l\u2019un des beaux-arts<\/a><time datetime=\"2017-10-06T18:54:43+02:00\" class=\"wp-block-latest-posts__post-date\">6 octobre 2017<\/time><div class=\"wp-block-latest-posts__post-excerpt\">Bonjour \u00e0 tous, le GT Journalisme revient pour un nouveau semestre d&rsquo;automne. Avec ce premier article, c&rsquo;est la musique, ses styles et certains points int\u00e9ressants de cet art magnifique qui sont mis en \u00e9vidence. En esp\u00e9rant que vous prendrez du plaisir dans cette premi\u00e8re lecture, nous vous souhaitons une tr\u00e8s agr\u00e9able journ\u00e9e. Lire notre article<\/div><\/li>\n<li><a class=\"wp-block-latest-posts__post-title\" href=\"https:\/\/wp.unil.ch\/aessp\/2017\/05\/nouvel-article-laffaire-fillon-ou-le-bal-des-faux-culs\/\">Nouvel article: \u00ab\u00a0L&rsquo;affaire Fillon ou le bal des faux-culs\u00a0\u00bb<\/a><time datetime=\"2017-05-22T08:05:31+02:00\" class=\"wp-block-latest-posts__post-date\">22 mai 2017<\/time><div class=\"wp-block-latest-posts__post-excerpt\">Voil\u00e0 plusieurs semaines que le malheureux candidat \u00e0 l\u2019\u00e9lection pr\u00e9sidentielle fran\u00e7aise, Fran\u00e7ois Fillon, est torpill\u00e9 dans la presse, principalement en raison du fait qu&rsquo;il est suspect\u00e9 d&rsquo;avoir embauch\u00e9 fictivement sa femme, P\u00e9n\u00e9lope Fillon, en tant qu&rsquo;assistante parlementaire, mais aussi ses enfants alors qu&rsquo;ils n&rsquo;\u00e9taient encore que des \u00e9tudiants universitaires, et puis aussi , car jamais\u2026 <a class=\"wp-block-latest-posts__read-more\" href=\"https:\/\/wp.unil.ch\/aessp\/2017\/05\/nouvel-article-laffaire-fillon-ou-le-bal-des-faux-culs\/\" rel=\"noopener noreferrer\">Read more<span class=\"screen-reader-text\">: Nouvel article: \u00ab\u00a0L&rsquo;affaire Fillon ou le bal des faux-culs\u00a0\u00bb<\/span><\/a><\/div><\/li>\n<li><a class=\"wp-block-latest-posts__post-title\" href=\"https:\/\/wp.unil.ch\/aessp\/2017\/05\/vision-davenir\/\">Vision d&rsquo;avenir<\/a><time datetime=\"2017-05-07T11:16:04+02:00\" class=\"wp-block-latest-posts__post-date\">7 mai 2017<\/time><div class=\"wp-block-latest-posts__post-excerpt\">Suite \u00e0 la\u00a0projection et au d\u00e9bat interfacultaire portant sur le film \u00ab\u00a0En qu\u00eate de sens\u00a0\u00bb, notre journaliste Luca Crausaz prend la plume. Cela fait quelques ann\u00e9es que le comportement humain, vis-\u00e0-vis de son environnement, tend \u00e0 changer. Gr\u00e2ce, notamment, au 7\u00e8me art, chaque individu peut prendre conscience des changements et des probl\u00e8mes que connait notre\u2026 <a class=\"wp-block-latest-posts__read-more\" href=\"https:\/\/wp.unil.ch\/aessp\/2017\/05\/vision-davenir\/\" rel=\"noopener noreferrer\">Read more<span class=\"screen-reader-text\">: Vision d&rsquo;avenir<\/span><\/a><\/div><\/li>\n<li><a class=\"wp-block-latest-posts__post-title\" href=\"https:\/\/wp.unil.ch\/aessp\/2017\/04\/nouvel-article-de-notre-gt-journalisme-2\/\">Nouvel article : \u00e9lections cantonales vaudoises<\/a><time datetime=\"2017-04-28T13:21:43+02:00\" class=\"wp-block-latest-posts__post-date\">28 avril 2017<\/time><div class=\"wp-block-latest-posts__post-excerpt\">D\u00e9couvrez notre nouvel article pour mieux saisir les enjeux des \u00e9lections cantonales vaudoises. Article complet R\u00e9dig\u00e9 par Michelle Olguin 27 avril 2017<\/div><\/li>\n<li><a class=\"wp-block-latest-posts__post-title\" href=\"https:\/\/wp.unil.ch\/aessp\/2017\/04\/moi-candidat-a-la-presidentielle\/\">\u00ab\u00a0Moi, candidat \u00e0 la pr\u00e9sidentielle\u00a0\u00bb<\/a><time datetime=\"2017-04-20T17:40:37+02:00\" class=\"wp-block-latest-posts__post-date\">20 avril 2017<\/time><div class=\"wp-block-latest-posts__post-excerpt\">Voici un nouvel article de notre GT Journalisme qui s&rsquo;int\u00e9resse aux \u00ab\u00a0petits candidats\u00a0\u00bb de la pr\u00e9sidentielle. \u00ab\u00a0Lors du premier tour de l\u2019\u00e9lection pr\u00e9sidentielle, le 23 avril prochain, les Fran\u00e7ais auront le choix entre onze candidats. Parmi ces pr\u00e9tendants, cinq ne d\u00e9passent pas les 1% d\u2019intention de vote (sondage POP2017 du 25 mars 2017). N\u2019ayant aucune\u2026 <a class=\"wp-block-latest-posts__read-more\" href=\"https:\/\/wp.unil.ch\/aessp\/2017\/04\/moi-candidat-a-la-presidentielle\/\" rel=\"noopener noreferrer\">Read more<span class=\"screen-reader-text\">: \u00ab\u00a0Moi, candidat \u00e0 la pr\u00e9sidentielle\u00a0\u00bb<\/span><\/a><\/div><\/li>\n<li><a class=\"wp-block-latest-posts__post-title\" href=\"https:\/\/wp.unil.ch\/aessp\/2017\/04\/un-parti-cest-quoi-un-mouvement-cest-quoi-quelle-difference\/\">Un parti c&rsquo;est quoi? Un mouvement c&rsquo;est quoi? Quelle diff\u00e9rence?<\/a><time datetime=\"2017-04-17T14:52:29+02:00\" class=\"wp-block-latest-posts__post-date\">17 avril 2017<\/time><div class=\"wp-block-latest-posts__post-excerpt\">\u00c0 l&rsquo;approche du premier tour de la pr\u00e9sidentielle fran\u00e7aise, notre \u00e9quipe journalistique s&rsquo;est pench\u00e9e sur la\u00a0distinction entre parti et mouvement. \u00ab\u00a0Les \u00e9lections pr\u00e9sidentielles fran\u00e7aises se rapprochant \u00e0 grands pas (&#8230;) nous voyons pour la premi\u00e8re fois deux types d\u2019organisations s\u2019affronter. D\u2019un c\u00f4t\u00e9, il y a les partis politiques traditionnels. De l\u2019autre, une nouvelle forme appara\u00eet.\u00a0\u00bb\u2026 <a class=\"wp-block-latest-posts__read-more\" href=\"https:\/\/wp.unil.ch\/aessp\/2017\/04\/un-parti-cest-quoi-un-mouvement-cest-quoi-quelle-difference\/\" rel=\"noopener noreferrer\">Read more<span class=\"screen-reader-text\">: Un parti c&rsquo;est quoi? Un mouvement c&rsquo;est quoi? Quelle diff\u00e9rence?<\/span><\/a><\/div><\/li>\n<li><a class=\"wp-block-latest-posts__post-title\" href=\"https:\/\/wp.unil.ch\/aessp\/2017\/04\/presidentielle-2017-part-iv\/\">Pr\u00e9sidentielle 2017: part. IV<\/a><time datetime=\"2017-04-15T12:03:30+02:00\" class=\"wp-block-latest-posts__post-date\">15 avril 2017<\/time><div class=\"wp-block-latest-posts__post-excerpt\">Pour clore cette s\u00e9rie sp\u00e9ciale de pr\u00e9sentation, voici les candidats ind\u00e9pendants. Retrouvez l&rsquo;int\u00e9gralit\u00e9 de la pr\u00e9sentation des candidat-e-s, de m\u00eame que nos autres articles, sous la rubrique journalistique de l&rsquo;AESSP. Bon week-end !<\/div><\/li>\n<li><a class=\"wp-block-latest-posts__post-title\" href=\"https:\/\/wp.unil.ch\/aessp\/2017\/04\/presidentielle-2017-part-iii\/\">Pr\u00e9sidentielle 2017: part. III<\/a><time datetime=\"2017-04-13T08:53:57+02:00\" class=\"wp-block-latest-posts__post-date\">13 avril 2017<\/time><div class=\"wp-block-latest-posts__post-excerpt\">Avant dernier update\u00a0sur la pr\u00e9sidentielle fran\u00e7aise avec, aujourd&rsquo;hui, les candidats de droite. Nous nous retrouvons samedi pour conclure cette s\u00e9rie avec les candidats ind\u00e9pendants. Bonne lecture ? &nbsp;<\/div><\/li>\n<li><a class=\"wp-block-latest-posts__post-title\" href=\"https:\/\/wp.unil.ch\/aessp\/2017\/04\/presidentielle-2017-part-ii\/\">Pr\u00e9sidentielle 2017: part. II<\/a><time datetime=\"2017-04-11T10:06:27+02:00\" class=\"wp-block-latest-posts__post-date\">11 avril 2017<\/time><div class=\"wp-block-latest-posts__post-excerpt\">Aujourd&rsquo;hui, nous vous proposons un portrait du centre. Bonne lecture \ud83d\ude42<\/div><\/li>\n<li><a class=\"wp-block-latest-posts__post-title\" href=\"https:\/\/wp.unil.ch\/aessp\/2017\/04\/special-presidentielle-2017-presentation-des-candidat-e-s-par-notre-gt-journalisme\/\">Sp\u00e9cial pr\u00e9sidentielle 2017: pr\u00e9sentation des candidat-e-s par notre GT Journalisme<\/a><time datetime=\"2017-04-09T22:55:53+02:00\" class=\"wp-block-latest-posts__post-date\">9 avril 2017<\/time><div class=\"wp-block-latest-posts__post-excerpt\">Pour suivre les pr\u00e9sidentielles fran\u00e7aises, le GT Journalisme vous propose un tour d&rsquo;horizon des candidat-e-s. Nous commen\u00e7ons avec la gauche. Pr\u00e9sentation ici<\/div><\/li>\n<li><a class=\"wp-block-latest-posts__post-title\" href=\"https:\/\/wp.unil.ch\/aessp\/2017\/03\/nouvel-article-de-notre-gt-journalisme\/\">Nouvel article de notre GT journalisme<\/a><time datetime=\"2017-03-01T16:41:53+01:00\" class=\"wp-block-latest-posts__post-date\">1 mars 2017<\/time><div class=\"wp-block-latest-posts__post-excerpt\">Quelle place et quelle int\u00e9gration pour les requ\u00e9rants d\u2019asile du canton de Vaud ? La condition des requ\u00e9rants d\u2019asile est au c\u0153ur de l\u2019actualit\u00e9, que ce soit \u00e0 cause des probl\u00e8mes politiques en Syrie et des accords internationaux ou de la campagne de sensibilisation engag\u00e9e par Amnesty International, mais savons-nous r\u00e9ellement ce qu\u2019il se passe\u2026 <a class=\"wp-block-latest-posts__read-more\" href=\"https:\/\/wp.unil.ch\/aessp\/2017\/03\/nouvel-article-de-notre-gt-journalisme\/\" rel=\"noopener noreferrer\">Read more<span class=\"screen-reader-text\">: Nouvel article de notre GT journalisme<\/span><\/a><\/div><\/li>\n<li><a class=\"wp-block-latest-posts__post-title\" href=\"https:\/\/wp.unil.ch\/aessp\/2016\/12\/la-bourse-ou-la-vie\/\">La bourse ou la vie ?<\/a><time datetime=\"2016-12-14T18:33:42+01:00\" class=\"wp-block-latest-posts__post-date\">14 d\u00e9cembre 2016<\/time><div class=\"wp-block-latest-posts__post-excerpt\">La rentr\u00e9e acad\u00e9mique 2016\u00a0d&rsquo;un nombre cons\u00e9quent d&rsquo;\u00e9tudiant-e-s vaudois-e-s a \u00e9t\u00e9 ponctu\u00e9e par des probl\u00e8mes importants au niveau du traitement de leur demande de bourse d&rsquo;\u00e9tude. Les retards engendr\u00e9s pr\u00e9carisent lesdit-e-s \u00e9tudiant-e-s. \u00ab\u00a0(&#8230;)\u00a0face au retard dans les versements (des bourses ndlr), une coalition pour les bourses d\u2019\u00e9tudes compos\u00e9e d\u2019une douzaine d\u2019associations \u00e9tudiantes a \u00e9t\u00e9 mise en\u2026 <a class=\"wp-block-latest-posts__read-more\" href=\"https:\/\/wp.unil.ch\/aessp\/2016\/12\/la-bourse-ou-la-vie\/\" rel=\"noopener noreferrer\">Read more<span class=\"screen-reader-text\">: La bourse ou la vie ?<\/span><\/a><\/div><\/li>\n<li><a class=\"wp-block-latest-posts__post-title\" href=\"https:\/\/wp.unil.ch\/aessp\/2016\/12\/cuba-sans-castro-sous-loeil-de-notre-gt-journalisme\/\">\u00ab\u00a0Cuba sans Castro\u00a0\u00bb sous l&rsquo;oeil de notre GT journalisme<\/a><time datetime=\"2016-12-11T17:33:16+01:00\" class=\"wp-block-latest-posts__post-date\">11 d\u00e9cembre 2016<\/time><div class=\"wp-block-latest-posts__post-excerpt\">\u00ab\u00a0Toutefois, malgr\u00e9 une facette d\u2019un Castro autoritaire expos\u00e9e dans les champs acad\u00e9miques et intellectuels, l\u2019histoire se rappellera d\u2019un Castro r\u00e9volutionnaire, une\u00a0l\u00e9gende nationale et un exemple de r\u00e9sistance.\u00a0\u00bb\u00a0 Article complet R\u00e9dig\u00e9 par Zahra Alsagban 10 d\u00e9cembre 2016<\/div><\/li>\n<li><a class=\"wp-block-latest-posts__post-title\" href=\"https:\/\/wp.unil.ch\/aessp\/2016\/11\/genocide-silencieux-a-lest-du-congo\/\">Nouvel article de notre GT journalisme : G\u00e9nocide silencieux \u00e0 l&rsquo;Est du Congo<\/a><time datetime=\"2016-11-12T13:36:12+01:00\" class=\"wp-block-latest-posts__post-date\">12 novembre 2016<\/time><div class=\"wp-block-latest-posts__post-excerpt\">Extrait : La R\u00e9publique d\u00e9mocratique du Congo (RDC) est une nation au c\u0153ur de l&rsquo;Afrique centrale, d&rsquo;une superficie de 2&rsquo;345\u2019409 km\u00b2. Cette terre fertile, dont le sous-sol est l&rsquo;un des plus riches du monde en termes de mati\u00e8res premi\u00e8res, contient pr\u00e8s de 80% de la r\u00e9serve mondiale en coltan. C\u2019est un \u00e9l\u00e9ment indispensable \u00e0 la\u2026 <a class=\"wp-block-latest-posts__read-more\" href=\"https:\/\/wp.unil.ch\/aessp\/2016\/11\/genocide-silencieux-a-lest-du-congo\/\" rel=\"noopener noreferrer\">Read more<span class=\"screen-reader-text\">: Nouvel article de notre GT journalisme : G\u00e9nocide silencieux \u00e0 l&rsquo;Est du Congo<\/span><\/a><\/div><\/li>\n<\/ul>","protected":false},"excerpt":{"rendered":"<p>Le journal Amphitryon est un p\u00f4le au sein de l&rsquo;AESSP. Il&nbsp;a pour t\u00e2che principale la r\u00e9daction d&rsquo;articles et, dans un second temps, l&rsquo;organisation de conf\u00e9rences. Ce p\u00f4le est une section importante pour toutes et tous les \u00e9tudiant-e-s en SSP. Ceci dans la mesure o\u00f9 il apporte des approches, des pens\u00e9es, des id\u00e9es et des discussions [&hellip;]<\/p>\n","protected":false},"author":1001661,"featured_media":0,"parent":0,"menu_order":0,"comment_status":"closed","ping_status":"closed","template":"","meta":{"_seopress_robots_primary_cat":"","_seopress_titles_title":"","_seopress_titles_desc":"","_seopress_robots_index":"","_uag_custom_page_level_css":"","footnotes":""},"class_list":["post-3672","page","type-page","status-publish"],"uagb_featured_image_src":{"full":false,"thumbnail":false,"medium":false,"medium_large":false,"large":false,"1536x1536":false,"2048x2048":false,"mailpoet_newsletter_max":false},"uagb_author_info":{"display_name":"","author_link":"https:\/\/wp.unil.ch\/aessp\/author\/"},"uagb_comment_info":0,"uagb_excerpt":"Le journal Amphitryon est un p\u00f4le au sein de l&rsquo;AESSP. Il&nbsp;a pour t\u00e2che principale la r\u00e9daction d&rsquo;articles et, dans un second temps, l&rsquo;organisation de conf\u00e9rences. Ce p\u00f4le est une section importante pour toutes et tous les \u00e9tudiant-e-s en SSP. Ceci dans la mesure o\u00f9 il apporte des approches, des pens\u00e9es, des id\u00e9es et des discussions&hellip;","_links":{"self":[{"href":"https:\/\/wp.unil.ch\/aessp\/wp-json\/wp\/v2\/pages\/3672","targetHints":{"allow":["GET"]}}],"collection":[{"href":"https:\/\/wp.unil.ch\/aessp\/wp-json\/wp\/v2\/pages"}],"about":[{"href":"https:\/\/wp.unil.ch\/aessp\/wp-json\/wp\/v2\/types\/page"}],"author":[{"embeddable":true,"href":"https:\/\/wp.unil.ch\/aessp\/wp-json\/wp\/v2\/users\/1001661"}],"replies":[{"embeddable":true,"href":"https:\/\/wp.unil.ch\/aessp\/wp-json\/wp\/v2\/comments?post=3672"}],"version-history":[{"count":4,"href":"https:\/\/wp.unil.ch\/aessp\/wp-json\/wp\/v2\/pages\/3672\/revisions"}],"predecessor-version":[{"id":7130,"href":"https:\/\/wp.unil.ch\/aessp\/wp-json\/wp\/v2\/pages\/3672\/revisions\/7130"}],"wp:attachment":[{"href":"https:\/\/wp.unil.ch\/aessp\/wp-json\/wp\/v2\/media?parent=3672"}],"curies":[{"name":"wp","href":"https:\/\/api.w.org\/{rel}","templated":true}]}}