{"id":247,"date":"2010-09-10T10:12:13","date_gmt":"2010-09-10T08:12:13","guid":{"rendered":"http:\/\/wp.unil.ch\/acil\/"},"modified":"2021-08-27T09:17:58","modified_gmt":"2021-08-27T07:17:58","slug":"cahiers-des-charges-des-assistant-e-s","status":"publish","type":"page","link":"https:\/\/wp.unil.ch\/acil\/cahiers-des-charges-des-assistant-e-s\/","title":{"rendered":"2009-2010 : Assistant-e-s et enseignement"},"content":{"rendered":"<p>En 2009, les recommandations du D\u00e9canat faites aux assistant-e-s de se cantonner au r\u00f4le d&rsquo;expert-e-s lors des examens soul\u00e8vent des questions quant \u00e0 certaines pratiques d&rsquo;enseignement du corps interm\u00e9diaire inf\u00e9rieur et aux responsabilit\u00e9s qui l&rsquo;accompagnent. Un-e assistant-e peut-il \u00eatre responsable d&rsquo;un s\u00e9minaire? Cette interrogation en appelle d&rsquo;autres, plus g\u00e9n\u00e9rales: est-il bon qu&rsquo;un-e assistant-e enseigne? Dans quelles proportions l&rsquo;assistant-e est-il-elle un-e enseignant-e ou un-e doctorant-e?<\/p>\n<p><strong>Enqu\u00eate sur les pratiques d&rsquo;enseignement des assistant-e-s<\/strong><\/p>\n<p>Nous nous rendons compte alors que les pratiques enseignantes au sein du corps sont mal connues. Un questionnaire est r\u00e9dig\u00e9 et distribu\u00e9 par l\u2019ACIL durant la premi\u00e8re moiti\u00e9 de d\u00e9cembre 2009 et rempli par 45 assistant-e-s et un 1<sup>er<\/sup> assistant. Selon les chiffres fournis par l\u2019ACIDUL, le nombre d\u2019assistant-e-s de la Facult\u00e9 \u00e9tait, en 2009, de 86 (et le nb de 1ers asst. de 7). En regard de ces chiffres, le taux de r\u00e9ponse s&rsquo;av\u00e8re satisfaisant et significatif\u00a0: environ 50%.<\/p>\n<p><strong><em>Extraits du rapport d&rsquo;enqu\u00eate (mars 2010)<\/em><\/strong><\/p>\n<ul>\n<li>\u00ab\u00a0Il appara\u00eet en premier lieu que la grande majorit\u00e9 des r\u00e9pondants enseignent, ou auront enseign\u00e9 durant leur mandat\u00a0: environ 78% (36\/45, question 4). Parmi eux, 64% (23\/36, q. 7.1) d\u00e9clarent \u00eatre seuls \u00e0 enseigner, et 95% (34\/36) d\u00e9clarent \u00eatre enti\u00e8rement responsables (45%, 16\/36) ou coresponsables (50%, 18\/36, q. 8.1) de cet enseignement.\u00a0\u00bb<\/li>\n<\/ul>\n<ul>\n<li>\u00ab\u00a0Ces chiffres jettent une lumi\u00e8re nouvelle sur les pratiques d\u2019enseignement des assistants. Contrairement \u00e0 ce que semble pr\u00e9voir le r\u00e8glement (notamment l\u2019article 61 de la LUL, selon lequel la t\u00e2che de l\u2019assistant, en termes d\u2019enseignement, est de \u00ab\u00a0seconder le professeur \u00bb), ceux-ci participent de mani\u00e8re \u00e9vidente \u00e0 la mission d\u2019enseignement des lettres \u00e0 l\u2019Universit\u00e9\u00a0: il appara\u00eet clairement que certaines unit\u00e9s ne pourraient pas se passer de leur corps interm\u00e9diaire \u00ab\u00a0inf\u00e9rieur\u00a0\u00bb pour assurer leur simple fonctionnement, en termes d\u2019offres de cours.\u00a0\u00bb<\/li>\n<\/ul>\n<ul>\n<li>\u00ab\u00a0Dans le d\u00e9tail, 86% des assistants enseignant (31\/36) <em>conseillent<\/em> les \u00e9tudiants auxquels ils enseignent; 50% (18\/36) participent \u00e0 la <em>pr\u00e9paration<\/em> des examens; 75% (27\/36, q. 7.3) participent \u00e0 la <em>correction <\/em>et \u00e0 la <em>notation<\/em> des examens. Enfin, une proportion non n\u00e9gligeable de 44,5% (16\/36, q. 7.2) des sond\u00e9s d\u00e9clare pr\u00e9parer seule son enseignement.\u00a0\u00bb<\/li>\n<\/ul>\n<h5><strong> Recommandations de l&rsquo;ACIL<\/strong><\/h5>\n<p>A l&rsquo;issue de cette enqu\u00eate, l&rsquo;ACIL souhaite que soit reconnue l\u2019implication r\u00e9elle et concr\u00e8te des assistant-e-s au niveau de l\u2019enseignement (et pas seulement au niveau administratif), soit l\u2019importance des assistant-e-s dans le bon fonctionnement de l\u2019enseignement, ce qui r\u00e9pond par ailleurs au d\u00e9sir des assistant-e-s d\u2019enseigner. Cette reconnaissance de l&rsquo;enseignement peut se faire en trois points\u00a0:<\/p>\n<p>? par la constitution d&rsquo;un <strong>portfolio<\/strong> (certificat de travail d\u00e9taill\u00e9 et la reconnaissance par le HEP des comp\u00e9tences p\u00e9dagogiques que les assistant-e-s d\u00e9veloppent durant leur mandat de 5 ans)\u00a0;<\/p>\n<p>? <strong>reconnaissance de l\u2019enseignement au niveau des r\u00e8glements<\/strong>, qui doivent correspondre \u00e0 la r\u00e9alit\u00e9 (le fait de \u00ab\u00a0seconder\u00a0\u00bb un professeur n\u2019est pas clair, ni valorisant)\u00a0;<\/p>\n<p>? <strong>valorisation de l\u2019enseignement et respect de la recommandation de l\u2019ACIL au niveau du cahier des charges<\/strong> (la moiti\u00e9 des sond\u00e9s d\u00e9clarent que les 40% d\u00e9volus \u00e0 l\u2019encadrement d\u2019un s\u00e9minaire ne sont pas respect\u00e9s ou sont sous-\u00e9valu\u00e9s).<\/p>\n<p>? Enfin, l\u2019ACIL propose d\u2019instaurer un <strong>semestre <\/strong>(au minimum) <strong>d\u2019enseignement<\/strong> au sein du mandat de 5 ans des assistant-e-s, li\u00e9 au sujet de sa th\u00e8se et d\u00e9bouchant sur une validation ou sur un examen.<\/p>\n<p><a href=\"https:\/\/wp.unil.ch\/acil\/files\/2012\/11\/Synthese-questionnaires-assistants-2010.pdf\">Rapport complet sur les r\u00e9sultats du questionnaire 2010<\/a><\/p>\n<p>\u00a0<\/p>\n<p>Suite aux demandes de l&rsquo;ACIL, le D\u00e9canat a formul\u00e9 une liste de recommandations concernant l&rsquo;implication des assistant-e-s dans l&rsquo;enseignement. Ces recommandations ont \u00e9t\u00e9 transmises aux pr\u00e9sidents de section en avril 2010:<\/p>\n<h5><strong>Recommandations du D\u00e9canat aux pr\u00e9sidents de section et directeurs de centre (12.04.2010) suite \u00e0 l&rsquo;enqu\u00eate de l&rsquo;ACIL<\/strong><\/h5>\n<p>\u00ab\u00a0(&#8230;) Il ressort (&#8230;) d&rsquo;une enqu\u00eate men\u00e9e par l&rsquo;ACIL que les assistants souhaitent &#8211; dans leur tr\u00e8s grande majorit\u00e9 &#8211; pouvoir b\u00e9n\u00e9ficier d&rsquo;une exp\u00e9rience d&rsquo;enseignement pendant leurs ann\u00e9es d&rsquo;assistanat. Par exp\u00e9rience d&rsquo;enseignement, on entend la responsabilit\u00e9 d&rsquo;un enseignement\u00a0 et des examens qui lui sont li\u00e9s.<\/p>\n<p>Des pourparlers en cours entre le D\u00e9canat, la Commission pour la formation des enseignants en langues et culture (COFELEC-Lettres) et la HEP-Lausanne visent d&rsquo;ailleurs \u00e0 proposer aux assistants de Lettres une formation certifiante organis\u00e9e par le Centre de soutien \u00e0 l&rsquo;enseignement\/UNIL, une formation fond\u00e9e en partie sur l&rsquo;exp\u00e9rience d&rsquo;enseignement des assistants et qui leur serait reconnue \u00e0 hauteur de 5C \u00e0 l&rsquo;entr\u00e9e \u00e0 la HEP-Lausanne (formation pour l&rsquo;enseignement au Secondaire 2).<\/p>\n<p>De fa\u00e7on g\u00e9n\u00e9rale, une pratique de l&rsquo;enseignement universitaire est ressentie par les assistants comme une comp\u00e9tence tr\u00e8s utile pour leur carri\u00e8re professionnelle ult\u00e9rieure, quelle que soit cette carri\u00e8re.<br \/>Toutefois, l&rsquo;objectif principal de l&rsquo;assistanat demeure de permettre aux assistants de commencer une th\u00e8se de doctorat et dans toute la mesure du possible de la terminer dans ce d\u00e9lai de 5 ans. Il est d&rsquo;ailleurs obligatoire de r\u00e9server au moins 50% du temps d&rsquo;assistanat \u00e0 la pr\u00e9paration de la th\u00e8se, mais ce % peut \u00eatre augment\u00e9.<\/p>\n<p>Le D\u00e9canat souhaite qu\u2019une solution conciliant les int\u00e9r\u00eats des uns et des autres soit trouv\u00e9e. Dans ce but, il recommande :<\/p>\n<p>a)\u00a0\u00a0\u00a0 que les sections offrent \u00e0 tout assistant qui en \u00e9mettra le d\u00e9sir la possibilit\u00e9 d\u2019assurer un enseignement en responsabilit\u00e9 (= seul) d\u2019au moins 2h\/1 semestre sur l\u2019ensemble de son mandat de 5 ans;<br \/>b)\u00a0\u00a0 que les sections autorisent tout assistant qui en \u00e9mettra le d\u00e9sir \u00e0 suivre la formation certifiante qui sera mise sur pied d\u00e8s 2010\/11 par le CSE ;<br \/>c)\u00a0\u00a0\u00a0\u00a0 que les sections ne confient pas plus de 2h\/ann\u00e9e d\u2019enseignement en responsabilit\u00e9 \u00e0\u00a0 chacun de leurs assistants ;<br \/>d)\u00a0\u00a0\u00a0 que les sections qui impliquent fortement leurs assistants dans l\u2019enseignement (2h\/ann\u00e9e) garantissent \u00e0 chacun d\u2019eux au moins une ann\u00e9e sans charge d\u2019enseignement sur l\u2019ensemble du mandat de 5 ans (si possible dans la 4e ou la 5e ann\u00e9e du mandat).<\/p>\n<p>Les responsables d&rsquo;une unit\u00e9 dans laquelle l&rsquo;application des recommandations c) et d) poserait de gros probl\u00e8mes d&rsquo;organisation et de gestion du plan d&rsquo;\u00e9tudes sont pri\u00e9s de prendre contact avec le D\u00e9canat pour que nous envisagions ensemble des solutions.\u00a0\u00bb<\/p>\n\n\n<p><strong><a href=\"https:\/\/wp.unil.ch\/acil\/files\/2010\/09\/explications_CC_type_assistants.pdf\">Explications et commentaires sur le cahier des charges-type pour les assistants en Lettres<\/a><\/strong> (remplac\u00e9 d\u00e8s 2013 par \u00ab\u00a0Recommandations du D\u00e9canat sur l&rsquo;\u00e9laboration et l&rsquo;application du cahier des charges)<\/p>\n","protected":false},"excerpt":{"rendered":"<p>En 2009, les recommandations du D\u00e9canat faites aux assistant-e-s de se cantonner au r\u00f4le d&rsquo;expert-e-s lors des examens soul\u00e8vent des questions quant \u00e0 certaines pratiques d&rsquo;enseignement du corps interm\u00e9diaire inf\u00e9rieur et aux responsabilit\u00e9s qui l&rsquo;accompagnent. Un-e assistant-e peut-il \u00eatre responsable d&rsquo;un s\u00e9minaire? Cette interrogation en appelle d&rsquo;autres, plus g\u00e9n\u00e9rales: est-il bon qu&rsquo;un-e assistant-e enseigne? Dans &hellip; <\/p>\n<p class=\"link-more\"><a href=\"https:\/\/wp.unil.ch\/acil\/cahiers-des-charges-des-assistant-e-s\/\" class=\"more-link\">Continuer la lecture<span class=\"screen-reader-text\"> de &laquo;&nbsp;2009-2010 : Assistant-e-s et enseignement&nbsp;&raquo;<\/span><\/a><\/p>\n","protected":false},"author":241,"featured_media":0,"parent":0,"menu_order":0,"comment_status":"closed","ping_status":"closed","template":"","meta":{"_seopress_robots_primary_cat":"","_seopress_titles_title":"","_seopress_titles_desc":"","_seopress_robots_index":"","footnotes":""},"class_list":["post-247","page","type-page","status-publish"],"_links":{"self":[{"href":"https:\/\/wp.unil.ch\/acil\/wp-json\/wp\/v2\/pages\/247","targetHints":{"allow":["GET"]}}],"collection":[{"href":"https:\/\/wp.unil.ch\/acil\/wp-json\/wp\/v2\/pages"}],"about":[{"href":"https:\/\/wp.unil.ch\/acil\/wp-json\/wp\/v2\/types\/page"}],"author":[{"embeddable":true,"href":"https:\/\/wp.unil.ch\/acil\/wp-json\/wp\/v2\/users\/241"}],"replies":[{"embeddable":true,"href":"https:\/\/wp.unil.ch\/acil\/wp-json\/wp\/v2\/comments?post=247"}],"version-history":[{"count":0,"href":"https:\/\/wp.unil.ch\/acil\/wp-json\/wp\/v2\/pages\/247\/revisions"}],"wp:attachment":[{"href":"https:\/\/wp.unil.ch\/acil\/wp-json\/wp\/v2\/media?parent=247"}],"curies":[{"name":"wp","href":"https:\/\/api.w.org\/{rel}","templated":true}]}}