{"id":200,"date":"2023-05-09T09:10:11","date_gmt":"2023-05-09T07:10:11","guid":{"rendered":"https:\/\/wp.unil.ch\/20ans-fbm\/?page_id=200"},"modified":"2023-05-09T09:10:11","modified_gmt":"2023-05-09T07:10:11","slug":"galerie-photos","status":"publish","type":"page","link":"https:\/\/wp.unil.ch\/20ans-fbm\/galerie-photos\/","title":{"rendered":"Galerie photos"},"content":{"rendered":"\n<div style=\"height:100px\" aria-hidden=\"true\" class=\"wp-block-spacer\"><\/div>\n\n\n<p>Institut des humanit\u00e9s en m\u00e9decine<\/p>\n\n\n<figure class=\"wp-block-gallery has-nested-images columns-default is-cropped wp-block-gallery-1 is-layout-flex wp-block-gallery-is-layout-flex\">\n<figure class=\"wp-block-image size-large\"><a href=\"https:\/\/wp.unil.ch\/20ans-fbm\/files\/2023\/05\/1_MCM_IHM_CHUV-9052.jpg\"><img loading=\"lazy\" decoding=\"async\" width=\"1024\" height=\"681\" data-id=\"208\" src=\"https:\/\/wp.unil.ch\/20ans-fbm\/files\/2023\/05\/1_MCM_IHM_CHUV-9052-1024x681.jpg\" alt=\"La BIHM conserve des milliers de livres, d\u2019imprim\u00e9s et d\u2019objets m\u00e9dicaux anciens.\" class=\"wp-image-208\" srcset=\"https:\/\/wp.unil.ch\/20ans-fbm\/files\/2023\/05\/1_MCM_IHM_CHUV-9052-1024x681.jpg 1024w, https:\/\/wp.unil.ch\/20ans-fbm\/files\/2023\/05\/1_MCM_IHM_CHUV-9052-300x200.jpg 300w, https:\/\/wp.unil.ch\/20ans-fbm\/files\/2023\/05\/1_MCM_IHM_CHUV-9052-768x511.jpg 768w, https:\/\/wp.unil.ch\/20ans-fbm\/files\/2023\/05\/1_MCM_IHM_CHUV-9052-540x359.jpg 540w, https:\/\/wp.unil.ch\/20ans-fbm\/files\/2023\/05\/1_MCM_IHM_CHUV-9052-1080x719.jpg 1080w, https:\/\/wp.unil.ch\/20ans-fbm\/files\/2023\/05\/1_MCM_IHM_CHUV-9052.jpg 1163w\" sizes=\"auto, (max-width: 1024px) 100vw, 1024px\" \/><\/a><figcaption class=\"wp-element-caption\">La BIHM conserve des milliers de livres, d\u2019imprim\u00e9s et d\u2019objets m\u00e9dicaux anciens.<\/figcaption><\/figure>\n\n\n\n<figure class=\"wp-block-image size-large\"><a href=\"https:\/\/wp.unil.ch\/20ans-fbm\/files\/2023\/05\/2_Anatomisch_planche_01-M.jpg\"><img loading=\"lazy\" decoding=\"async\" width=\"874\" height=\"1024\" data-id=\"209\" src=\"https:\/\/wp.unil.ch\/20ans-fbm\/files\/2023\/05\/2_Anatomisch_planche_01-M-874x1024.jpg\" alt=\"Une planche du Thesaurus anatomicus de Frederik Ruysch (1701).\" class=\"wp-image-209\" srcset=\"https:\/\/wp.unil.ch\/20ans-fbm\/files\/2023\/05\/2_Anatomisch_planche_01-M-874x1024.jpg 874w, https:\/\/wp.unil.ch\/20ans-fbm\/files\/2023\/05\/2_Anatomisch_planche_01-M-256x300.jpg 256w, https:\/\/wp.unil.ch\/20ans-fbm\/files\/2023\/05\/2_Anatomisch_planche_01-M-768x900.jpg 768w, https:\/\/wp.unil.ch\/20ans-fbm\/files\/2023\/05\/2_Anatomisch_planche_01-M-540x633.jpg 540w, https:\/\/wp.unil.ch\/20ans-fbm\/files\/2023\/05\/2_Anatomisch_planche_01-M.jpg 1024w\" sizes=\"auto, (max-width: 874px) 100vw, 874px\" \/><\/a><figcaption class=\"wp-element-caption\">Une planche du <em>Thesaurus anatomicus<\/em> de Frederik Ruysch (1701).<\/figcaption><\/figure>\n\n\n\n<figure class=\"wp-block-image size-large\"><a href=\"https:\/\/wp.unil.ch\/20ans-fbm\/files\/2023\/05\/3_Globeol.png\"><img loading=\"lazy\" decoding=\"async\" width=\"680\" height=\"875\" data-id=\"210\" src=\"https:\/\/wp.unil.ch\/20ans-fbm\/files\/2023\/05\/3_Globeol.png\" alt=\"Publicit\u00e9 pour l\u2019Urodonal, 1910-1915.\" class=\"wp-image-210\" srcset=\"https:\/\/wp.unil.ch\/20ans-fbm\/files\/2023\/05\/3_Globeol.png 680w, https:\/\/wp.unil.ch\/20ans-fbm\/files\/2023\/05\/3_Globeol-233x300.png 233w, https:\/\/wp.unil.ch\/20ans-fbm\/files\/2023\/05\/3_Globeol-540x695.png 540w\" sizes=\"auto, (max-width: 680px) 100vw, 680px\" \/><\/a><figcaption class=\"wp-element-caption\">Publicit\u00e9 pour l\u2019Urodonal, 1910-1915.<\/figcaption><\/figure>\n\n\n\n<figure class=\"wp-block-image size-large\"><a href=\"https:\/\/wp.unil.ch\/20ans-fbm\/files\/2023\/05\/4_Urodonal.png\"><img loading=\"lazy\" decoding=\"async\" width=\"679\" height=\"878\" data-id=\"211\" src=\"https:\/\/wp.unil.ch\/20ans-fbm\/files\/2023\/05\/4_Urodonal.png\" alt=\"Publicit\u00e9 pour le Glob\u00e9ol, 1019-1915.\" class=\"wp-image-211\" srcset=\"https:\/\/wp.unil.ch\/20ans-fbm\/files\/2023\/05\/4_Urodonal.png 679w, https:\/\/wp.unil.ch\/20ans-fbm\/files\/2023\/05\/4_Urodonal-232x300.png 232w, https:\/\/wp.unil.ch\/20ans-fbm\/files\/2023\/05\/4_Urodonal-540x698.png 540w\" sizes=\"auto, (max-width: 679px) 100vw, 679px\" \/><\/a><figcaption class=\"wp-element-caption\">Publicit\u00e9 pour le Glob\u00e9ol, 1019-1915.<\/figcaption><\/figure>\n\n\n\n<figure class=\"wp-block-image size-large\"><a href=\"https:\/\/wp.unil.ch\/20ans-fbm\/files\/2023\/05\/5_MCM_IHM_CHUV-8907.jpg\"><img loading=\"lazy\" decoding=\"async\" width=\"1024\" height=\"681\" data-id=\"212\" src=\"https:\/\/wp.unil.ch\/20ans-fbm\/files\/2023\/05\/5_MCM_IHM_CHUV-8907-1024x681.jpg\" alt=\"\u00ab\u00a0Fant\u00f4me\u00a0\u00bb pour accouchements. Mod\u00e8le anatomique, vers 1875-1900.\" class=\"wp-image-212\" srcset=\"https:\/\/wp.unil.ch\/20ans-fbm\/files\/2023\/05\/5_MCM_IHM_CHUV-8907-1024x681.jpg 1024w, https:\/\/wp.unil.ch\/20ans-fbm\/files\/2023\/05\/5_MCM_IHM_CHUV-8907-300x200.jpg 300w, https:\/\/wp.unil.ch\/20ans-fbm\/files\/2023\/05\/5_MCM_IHM_CHUV-8907-768x511.jpg 768w, https:\/\/wp.unil.ch\/20ans-fbm\/files\/2023\/05\/5_MCM_IHM_CHUV-8907-540x359.jpg 540w, https:\/\/wp.unil.ch\/20ans-fbm\/files\/2023\/05\/5_MCM_IHM_CHUV-8907-1080x718.jpg 1080w, https:\/\/wp.unil.ch\/20ans-fbm\/files\/2023\/05\/5_MCM_IHM_CHUV-8907.jpg 1183w\" sizes=\"auto, (max-width: 1024px) 100vw, 1024px\" \/><\/a><figcaption class=\"wp-element-caption\">\u00ab&nbsp;Fant\u00f4me&nbsp;\u00bb pour accouchements. Mod\u00e8le anatomique, vers 1875-1900.<\/figcaption><\/figure>\n\n\n\n<figure class=\"wp-block-image size-large\"><a href=\"https:\/\/wp.unil.ch\/20ans-fbm\/files\/2023\/05\/6_MCM_IHM_CHUV-8903.jpg\"><img loading=\"lazy\" decoding=\"async\" width=\"1024\" height=\"681\" data-id=\"213\" src=\"https:\/\/wp.unil.ch\/20ans-fbm\/files\/2023\/05\/6_MCM_IHM_CHUV-8903-1024x681.jpg\" alt=\"\u00ab\u00a0Fant\u00f4me\u00a0\u00bb pour accouchements, d\u00e9tail.\" class=\"wp-image-213\" srcset=\"https:\/\/wp.unil.ch\/20ans-fbm\/files\/2023\/05\/6_MCM_IHM_CHUV-8903-1024x681.jpg 1024w, https:\/\/wp.unil.ch\/20ans-fbm\/files\/2023\/05\/6_MCM_IHM_CHUV-8903-300x200.jpg 300w, https:\/\/wp.unil.ch\/20ans-fbm\/files\/2023\/05\/6_MCM_IHM_CHUV-8903-768x511.jpg 768w, https:\/\/wp.unil.ch\/20ans-fbm\/files\/2023\/05\/6_MCM_IHM_CHUV-8903-540x359.jpg 540w, https:\/\/wp.unil.ch\/20ans-fbm\/files\/2023\/05\/6_MCM_IHM_CHUV-8903-1080x718.jpg 1080w, https:\/\/wp.unil.ch\/20ans-fbm\/files\/2023\/05\/6_MCM_IHM_CHUV-8903.jpg 1183w\" sizes=\"auto, (max-width: 1024px) 100vw, 1024px\" \/><\/a><figcaption class=\"wp-element-caption\">\u00ab&nbsp;Fant\u00f4me&nbsp;\u00bb pour accouchements, d\u00e9tail.<\/figcaption><\/figure>\n\n\n\n<figure class=\"wp-block-image size-large\"><a href=\"https:\/\/wp.unil.ch\/20ans-fbm\/files\/2023\/05\/7_MCM_IHM_CHUV-9021.jpg\"><img loading=\"lazy\" decoding=\"async\" width=\"1024\" height=\"681\" data-id=\"214\" src=\"https:\/\/wp.unil.ch\/20ans-fbm\/files\/2023\/05\/7_MCM_IHM_CHUV-9021-1024x681.jpg\" alt=\"Miroir frontal et miroirs laryngiens, 1900-1950.\" class=\"wp-image-214\" srcset=\"https:\/\/wp.unil.ch\/20ans-fbm\/files\/2023\/05\/7_MCM_IHM_CHUV-9021-1024x681.jpg 1024w, https:\/\/wp.unil.ch\/20ans-fbm\/files\/2023\/05\/7_MCM_IHM_CHUV-9021-300x199.jpg 300w, https:\/\/wp.unil.ch\/20ans-fbm\/files\/2023\/05\/7_MCM_IHM_CHUV-9021-768x511.jpg 768w, https:\/\/wp.unil.ch\/20ans-fbm\/files\/2023\/05\/7_MCM_IHM_CHUV-9021-540x359.jpg 540w, https:\/\/wp.unil.ch\/20ans-fbm\/files\/2023\/05\/7_MCM_IHM_CHUV-9021-1080x718.jpg 1080w, https:\/\/wp.unil.ch\/20ans-fbm\/files\/2023\/05\/7_MCM_IHM_CHUV-9021.jpg 1116w\" sizes=\"auto, (max-width: 1024px) 100vw, 1024px\" \/><\/a><figcaption class=\"wp-element-caption\">Miroir frontal et miroirs laryngiens, 1900-1950.<\/figcaption><\/figure>\n\n\n\n<figure class=\"wp-block-image size-large\"><a href=\"https:\/\/wp.unil.ch\/20ans-fbm\/files\/2023\/05\/8_MCM_IHM_CHUV-8979.jpg\"><img loading=\"lazy\" decoding=\"async\" width=\"1024\" height=\"681\" data-id=\"215\" src=\"https:\/\/wp.unil.ch\/20ans-fbm\/files\/2023\/05\/8_MCM_IHM_CHUV-8979-1024x681.jpg\" alt=\"Glossite syphilitique. Cire dermatologique (moulage), entre 1881-1925. Auteur\u00a0: Jules Baretta.\" class=\"wp-image-215\" srcset=\"https:\/\/wp.unil.ch\/20ans-fbm\/files\/2023\/05\/8_MCM_IHM_CHUV-8979-1024x681.jpg 1024w, https:\/\/wp.unil.ch\/20ans-fbm\/files\/2023\/05\/8_MCM_IHM_CHUV-8979-300x200.jpg 300w, https:\/\/wp.unil.ch\/20ans-fbm\/files\/2023\/05\/8_MCM_IHM_CHUV-8979-768x511.jpg 768w, https:\/\/wp.unil.ch\/20ans-fbm\/files\/2023\/05\/8_MCM_IHM_CHUV-8979-540x359.jpg 540w, https:\/\/wp.unil.ch\/20ans-fbm\/files\/2023\/05\/8_MCM_IHM_CHUV-8979-1080x718.jpg 1080w, https:\/\/wp.unil.ch\/20ans-fbm\/files\/2023\/05\/8_MCM_IHM_CHUV-8979.jpg 1183w\" sizes=\"auto, (max-width: 1024px) 100vw, 1024px\" \/><\/a><figcaption class=\"wp-element-caption\">Glossite syphilitique. Cire dermatologique (moulage), entre 1881-1925. Auteur&nbsp;: Jules Baretta.<\/figcaption><\/figure>\n\n\n\n<figure class=\"wp-block-image size-large\"><a href=\"https:\/\/wp.unil.ch\/20ans-fbm\/files\/2023\/05\/9_MCM_IHM_CHUV-8977.jpg\"><img loading=\"lazy\" decoding=\"async\" width=\"682\" height=\"1024\" data-id=\"216\" src=\"https:\/\/wp.unil.ch\/20ans-fbm\/files\/2023\/05\/9_MCM_IHM_CHUV-8977-682x1024.jpg\" alt=\"Glossite syphilitique. Cire dermatologique, d\u00e9tail.\" class=\"wp-image-216\" srcset=\"https:\/\/wp.unil.ch\/20ans-fbm\/files\/2023\/05\/9_MCM_IHM_CHUV-8977-682x1024.jpg 682w, https:\/\/wp.unil.ch\/20ans-fbm\/files\/2023\/05\/9_MCM_IHM_CHUV-8977-200x300.jpg 200w, https:\/\/wp.unil.ch\/20ans-fbm\/files\/2023\/05\/9_MCM_IHM_CHUV-8977-540x811.jpg 540w, https:\/\/wp.unil.ch\/20ans-fbm\/files\/2023\/05\/9_MCM_IHM_CHUV-8977.jpg 700w\" sizes=\"auto, (max-width: 682px) 100vw, 682px\" \/><\/a><figcaption class=\"wp-element-caption\">Glossite syphilitique. Cire dermatologique, d\u00e9tail.<\/figcaption><\/figure>\n\n\n\n<figure class=\"wp-block-image size-large\"><a href=\"https:\/\/wp.unil.ch\/20ans-fbm\/files\/2023\/05\/10_MCM_IHM_CHUV-8928.jpg\"><img loading=\"lazy\" decoding=\"async\" width=\"1024\" height=\"681\" data-id=\"217\" src=\"https:\/\/wp.unil.ch\/20ans-fbm\/files\/2023\/05\/10_MCM_IHM_CHUV-8928-1024x681.jpg\" alt=\"M\u00e2choire inf\u00e9rieure. Mod\u00e8le anatomique, vers 1890-1920. Fabricant\u00a0: Dr. Benninghoven &amp; Sommer, Berlin.\" class=\"wp-image-217\" srcset=\"https:\/\/wp.unil.ch\/20ans-fbm\/files\/2023\/05\/10_MCM_IHM_CHUV-8928-1024x681.jpg 1024w, https:\/\/wp.unil.ch\/20ans-fbm\/files\/2023\/05\/10_MCM_IHM_CHUV-8928-300x200.jpg 300w, https:\/\/wp.unil.ch\/20ans-fbm\/files\/2023\/05\/10_MCM_IHM_CHUV-8928-768x511.jpg 768w, https:\/\/wp.unil.ch\/20ans-fbm\/files\/2023\/05\/10_MCM_IHM_CHUV-8928-540x359.jpg 540w, https:\/\/wp.unil.ch\/20ans-fbm\/files\/2023\/05\/10_MCM_IHM_CHUV-8928-1080x718.jpg 1080w, https:\/\/wp.unil.ch\/20ans-fbm\/files\/2023\/05\/10_MCM_IHM_CHUV-8928.jpg 1183w\" sizes=\"auto, (max-width: 1024px) 100vw, 1024px\" \/><\/a><figcaption class=\"wp-element-caption\">M\u00e2choire inf\u00e9rieure. Mod\u00e8le anatomique, vers 1890-1920. Fabricant&nbsp;: Dr. Benninghoven &amp; Sommer, Berlin.<\/figcaption><\/figure>\n\n\n\n<figure class=\"wp-block-image size-large\"><a href=\"https:\/\/wp.unil.ch\/20ans-fbm\/files\/2023\/05\/11_MCM_IHM_CHUV-8910.jpg\"><img loading=\"lazy\" decoding=\"async\" width=\"1024\" height=\"681\" data-id=\"218\" src=\"https:\/\/wp.unil.ch\/20ans-fbm\/files\/2023\/05\/11_MCM_IHM_CHUV-8910-1024x681.jpg\" alt=\"Oreille. Mod\u00e8le anatomique, vers 1890-1920. Fabricant\u00a0: Dr. Benninghoven &amp; Sommer, Berlin.\" class=\"wp-image-218\" srcset=\"https:\/\/wp.unil.ch\/20ans-fbm\/files\/2023\/05\/11_MCM_IHM_CHUV-8910-1024x681.jpg 1024w, https:\/\/wp.unil.ch\/20ans-fbm\/files\/2023\/05\/11_MCM_IHM_CHUV-8910-300x199.jpg 300w, https:\/\/wp.unil.ch\/20ans-fbm\/files\/2023\/05\/11_MCM_IHM_CHUV-8910-768x511.jpg 768w, https:\/\/wp.unil.ch\/20ans-fbm\/files\/2023\/05\/11_MCM_IHM_CHUV-8910-540x359.jpg 540w, https:\/\/wp.unil.ch\/20ans-fbm\/files\/2023\/05\/11_MCM_IHM_CHUV-8910-1080x718.jpg 1080w, https:\/\/wp.unil.ch\/20ans-fbm\/files\/2023\/05\/11_MCM_IHM_CHUV-8910.jpg 1116w\" sizes=\"auto, (max-width: 1024px) 100vw, 1024px\" \/><\/a><figcaption class=\"wp-element-caption\">Oreille. Mod\u00e8le anatomique, vers 1890-1920. Fabricant&nbsp;: Dr. Benninghoven &amp; Sommer, Berlin.<\/figcaption><\/figure>\n<\/figure>\n","protected":false},"excerpt":{"rendered":"<p>Institut des humanit\u00e9s en m\u00e9decine<\/p>\n","protected":false},"author":855,"featured_media":0,"parent":0,"menu_order":0,"comment_status":"closed","ping_status":"closed","template":"template-full-width-only-content.php","meta":{"_seopress_robots_primary_cat":"","_seopress_titles_title":"","_seopress_titles_desc":"","_seopress_robots_index":"","footnotes":""},"class_list":["post-200","page","type-page","status-publish","has-post-thumbnail"],"_links":{"self":[{"href":"https:\/\/wp.unil.ch\/20ans-fbm\/wp-json\/wp\/v2\/pages\/200","targetHints":{"allow":["GET"]}}],"collection":[{"href":"https:\/\/wp.unil.ch\/20ans-fbm\/wp-json\/wp\/v2\/pages"}],"about":[{"href":"https:\/\/wp.unil.ch\/20ans-fbm\/wp-json\/wp\/v2\/types\/page"}],"author":[{"embeddable":true,"href":"https:\/\/wp.unil.ch\/20ans-fbm\/wp-json\/wp\/v2\/users\/855"}],"replies":[{"embeddable":true,"href":"https:\/\/wp.unil.ch\/20ans-fbm\/wp-json\/wp\/v2\/comments?post=200"}],"version-history":[{"count":0,"href":"https:\/\/wp.unil.ch\/20ans-fbm\/wp-json\/wp\/v2\/pages\/200\/revisions"}],"wp:attachment":[{"href":"https:\/\/wp.unil.ch\/20ans-fbm\/wp-json\/wp\/v2\/media?parent=200"}],"curies":[{"name":"wp","href":"https:\/\/api.w.org\/{rel}","templated":true}]}}